{"id":20125,"date":"2023-07-25T16:12:31","date_gmt":"2023-07-25T14:12:31","guid":{"rendered":"https:\/\/www.jes-stuttgart.de\/person\/lina-hoehne\/"},"modified":"2026-01-12T14:00:45","modified_gmt":"2026-01-12T13:00:45","slug":"lina-hoehne","status":"publish","type":"person","link":"https:\/\/www.jes-stuttgart.de\/en\/person\/lina-hoehne\/","title":{"rendered":"Lina H\u00f6hne"},"content":{"rendered":"\n<figure class=\"wp-block-image size-large\"><img loading=\"lazy\" decoding=\"async\" width=\"2560\" height=\"1709\" src=\"https:\/\/www.jes-stuttgart.de\/wp-content\/uploads\/lina-hoehne-v-andreas-c-meyer-2560x1709.jpg\" alt=\"\" class=\"wp-image-12754\" srcset=\"https:\/\/www.jes-stuttgart.de\/wp-content\/uploads\/lina-hoehne-v-andreas-c-meyer-2560x1709.jpg 2560w, https:\/\/www.jes-stuttgart.de\/wp-content\/uploads\/lina-hoehne-v-andreas-c-meyer-1280x854.jpg 1280w, https:\/\/www.jes-stuttgart.de\/wp-content\/uploads\/lina-hoehne-v-andreas-c-meyer-200x134.jpg 200w, https:\/\/www.jes-stuttgart.de\/wp-content\/uploads\/lina-hoehne-v-andreas-c-meyer-768x513.jpg 768w, https:\/\/www.jes-stuttgart.de\/wp-content\/uploads\/lina-hoehne-v-andreas-c-meyer-1536x1025.jpg 1536w, https:\/\/www.jes-stuttgart.de\/wp-content\/uploads\/lina-hoehne-v-andreas-c-meyer-2048x1367.jpg 2048w, https:\/\/www.jes-stuttgart.de\/wp-content\/uploads\/lina-hoehne-v-andreas-c-meyer-1920x1282.jpg 1920w, https:\/\/www.jes-stuttgart.de\/wp-content\/uploads\/lina-hoehne-v-andreas-c-meyer-1440x961.jpg 1440w, https:\/\/www.jes-stuttgart.de\/wp-content\/uploads\/lina-hoehne-v-andreas-c-meyer-1024x684.jpg 1024w, https:\/\/www.jes-stuttgart.de\/wp-content\/uploads\/lina-hoehne-v-andreas-c-meyer-640x427.jpg 640w, https:\/\/www.jes-stuttgart.de\/wp-content\/uploads\/lina-hoehne-v-andreas-c-meyer-320x214.jpg 320w\" sizes=\"auto, (max-width: 2560px) 100vw, 2560px\" \/><figcaption class=\"wp-element-caption\">Foto: Andreas C. Meyer<\/figcaption><\/figure>\n\n\n\n<p class=\"has-medium-font-size\">Lina H\u00f6hne is a dance mediator and choreographer specialising in dance for young audiences. She studied contemporary dance education, movement studies and performance studies in Vienna, Jerusalem and Hamburg. She brings her expertise to numerous formats, both in excluded social spaces and in professional and university settings. She also conducts research at the interface of social realities and dance. She understands dance as an activist and socially critical practice, which is subject to the constant updating and questioning of contemporary body images and her own work. Over the years of her work in an international, intercultural, socially critical and cross-generational context, she has acquired an artistic language and methodology that focuses on its intended audience and is therefore able to respond sensitively to diverse people and their backgrounds in order to reach them through the medium of contemporary dance.<\/p>\n\n\n\n<p class=\"has-medium-font-size\"><a href=\"http:\/\/www.linahoehne.com\"><br>www.linahoehne.com<\/a><br><br>KONTAKT<\/p>\n\n\n\n<p class=\"has-medium-font-size\"><br>lina.hoehne@jes-stuttgart.de<br>0711 \/ 218 480 23<\/p>\n\n\n\n<p><\/p>\n","protected":false},"template":"","position":[160,157],"class_list":["post-20125","person","type-person","status-publish","hentry","position-jes-employees","position-theater-pedagogy"],"acf":{"person_sort":"H\u00f6hne","person_pronoun":"","relation_posts":[{"ID":12696,"post_author":"13","post_date":"2023-07-24 11:14:10","post_date_gmt":"2023-07-24 09:14:10","post_content":"<!-- wp:acf\/subtitle {\"name\":\"acf\/subtitle\",\"data\":{\"subtitle\":\"Multigenerational Dance Theatre\",\"_subtitle\":\"field_62fbf1f7c4e58\"},\"mode\":\"edit\"} \/-->\n\n<!-- wp:paragraph {\"className\":\"wp-embed-aspect-16-9 wp-has-aspect-ratio\",\"textColor\":\"primary3\",\"fontSize\":\"medium\"} -->\n<p class=\"wp-embed-aspect-16-9 wp-has-aspect-ratio has-primary-3-color has-text-color has-medium-font-size\">PREMIERE: June 2024<\/p>\n<!-- \/wp:paragraph -->\n\n<!-- wp:spacer {\"height\":\"20px\",\"className\":\"wp-embed-aspect-16-9 wp-has-aspect-ratio\"} -->\n<div style=\"height:20px\" aria-hidden=\"true\" class=\"wp-block-spacer wp-embed-aspect-16-9 wp-has-aspect-ratio\"><\/div>\n<!-- \/wp:spacer -->\n\n<!-- wp:acf\/gallery {\"name\":\"acf\/gallery\",\"mode\":\"preview\"} -->\n<!-- wp:acf\/slide {\"name\":\"acf\/slide\",\"mode\":\"preview\"} -->\n<!-- wp:image {\"id\":22220,\"sizeSlug\":\"full\",\"linkDestination\":\"none\"} -->\n<figure class=\"wp-block-image size-full\"><img src=\"https:\/\/www.jes-stuttgart.de\/wp-content\/uploads\/08-dsc4849-lo-res-klein.jpg\" alt=\"\" class=\"wp-image-22220\"\/><figcaption class=\"wp-element-caption\">Foto: Jonas Fischer<\/figcaption><\/figure>\n<!-- \/wp:image -->\n<!-- \/wp:acf\/slide -->\n\n<!-- wp:acf\/slide {\"name\":\"acf\/slide\",\"align\":\"full\",\"mode\":\"preview\"} -->\n<!-- wp:image {\"id\":22230,\"sizeSlug\":\"full\",\"linkDestination\":\"none\"} -->\n<figure class=\"wp-block-image size-full\"><img src=\"https:\/\/www.jes-stuttgart.de\/wp-content\/uploads\/12-dsc4912-lo-res-klein.jpg\" alt=\"\" class=\"wp-image-22230\"\/><figcaption class=\"wp-element-caption\">Foto: Jonas Fischer<\/figcaption><\/figure>\n<!-- \/wp:image -->\n<!-- \/wp:acf\/slide -->\n\n<!-- wp:acf\/slide {\"name\":\"acf\/slide\",\"align\":\"full\",\"mode\":\"preview\"} -->\n<!-- wp:image {\"id\":22226,\"sizeSlug\":\"full\",\"linkDestination\":\"none\"} -->\n<figure class=\"wp-block-image size-full\"><img src=\"https:\/\/www.jes-stuttgart.de\/wp-content\/uploads\/13-dsc4982-lo-res-klein.jpg\" alt=\"\" class=\"wp-image-22226\"\/><figcaption class=\"wp-element-caption\">Foto: Jonas Fischer<\/figcaption><\/figure>\n<!-- \/wp:image -->\n<!-- \/wp:acf\/slide -->\n\n<!-- wp:acf\/slide {\"name\":\"acf\/slide\",\"align\":\"full\",\"mode\":\"preview\"} -->\n<!-- wp:image {\"id\":22241,\"sizeSlug\":\"full\",\"linkDestination\":\"none\"} -->\n<figure class=\"wp-block-image size-full\"><img src=\"https:\/\/www.jes-stuttgart.de\/wp-content\/uploads\/14-dsc5007-lo-res-klein-1.jpg\" alt=\"\" class=\"wp-image-22241\"\/><figcaption class=\"wp-element-caption\">Foto: Jonas Fischer<\/figcaption><\/figure>\n<!-- \/wp:image -->\n<!-- \/wp:acf\/slide -->\n\n<!-- wp:acf\/slide {\"name\":\"acf\/slide\",\"align\":\"full\",\"mode\":\"preview\"} -->\n<!-- wp:image {\"id\":22243,\"sizeSlug\":\"full\",\"linkDestination\":\"none\"} -->\n<figure class=\"wp-block-image size-full\"><img src=\"https:\/\/www.jes-stuttgart.de\/wp-content\/uploads\/28-dsc5505-lo-res-klein-1.jpg\" alt=\"\" class=\"wp-image-22243\"\/><figcaption class=\"wp-element-caption\">Foto: Jonas Fischer<\/figcaption><\/figure>\n<!-- \/wp:image -->\n<!-- \/wp:acf\/slide -->\n<!-- \/wp:acf\/gallery -->\n\n<!-- wp:pb\/accordion-item {\"uuid\":126960,\"className\":\"is-style-default\"} -->\n<div class=\"wp-block-pb-accordion-item c-accordion__item js-accordion-item no-js is-style-default\" data-initially-open=\"false\" data-click-to-close=\"true\" data-auto-close=\"true\" data-scroll=\"false\" data-scroll-offset=\"0\"><h2 id=\"at-126960\" class=\"c-accordion__title js-accordion-controller\" role=\"button\"><strong>Content<\/strong><\/h2><div id=\"ac-126960\" class=\"c-accordion__content\"><!-- wp:paragraph {\"fontSize\":\"medium\"} -->\n<p class=\"has-medium-font-size\">The dancers on stage range from young to old, with and without disabilities. Some of them are on stage for the first time. They open the luggage of their pasts. There are vastly different parcels: heavy, light, barely manageable, comfortable to carry, stuffed, new, previously unpacked. Their hands and bodies become surfaces that pick up the weight of these found objects, pass them on, put them down and whirl them around. They carry and are carried, they fall and they catch. This blurs the boundaries of their pasts and the individual's parcels become the parcels of others.<br><br>A play about wanting to run away and returning. About paying attention, even if someone keeps their door closed. About hope and hands that form a net to carry someone.<br><br>The dance theatre production takes place in collaboration with FUNDUS Theater, Hamburg and is a co-production with h\u00f6hne\/hoffmann.<br><br>Supported by the Hamburg Ministry of Culture and Media and by the Fonds Darstellende K\u00fcnste in the Production Support Programme (Programm Produktionsf\u00f6rderung) with funds from the Federal Government Commissioner for Culture and Media.<\/p>\n<!-- \/wp:paragraph --><\/div><\/div>\n<!-- \/wp:pb\/accordion-item -->\n\n<!-- wp:pb\/accordion-item {\"uuid\":126961,\"className\":\"is-style-default\"} -->\n<div class=\"wp-block-pb-accordion-item c-accordion__item js-accordion-item no-js is-style-default\" data-initially-open=\"false\" data-click-to-close=\"true\" data-auto-close=\"true\" data-scroll=\"false\" data-scroll-offset=\"0\"><h2 id=\"at-126961\" class=\"c-accordion__title js-accordion-controller\" role=\"button\"><strong>Notes on sensory stimuli<\/strong><\/h2><div id=\"ac-126961\" class=\"c-accordion__content\"><!-- wp:paragraph {\"fontSize\":\"medium\"} -->\n<p class=\"has-medium-font-size\">Sensory impressions such as bright light, loud noises or sudden events can be overstimulating or overwhelming for some people. That's why you'll find a list of sensory stimuli in \"We carry\" here. They may be good to be aware of for you or someone who is attending the performance with you.<br><br>- There are vocals and loud music that one of the musicians plays live on stage. The musician uses a microphone and a loop station. This means that sounds and noises are played repeatedly. There are high-pitched sounds and noises such as rustling, humming and hissing.<br><br>- A few minutes into the piece, the musician suddenly loudly claps a rhythm into a microphone. Several people then emerge from behind a wall.<br><br>- There are rapid changes between light, dim light and darkness. There is a scene in which colourful points of light circle across the stage.<br><br>- There are various boxes on the stage. The boxes are moved, thrown, carried and stacked into high towers.<br><br>- There are brightly coloured LED boxes. Sometimes it is dark on stage and only these boxes light up.<\/p>\n<!-- \/wp:paragraph --><\/div><\/div>\n<!-- \/wp:pb\/accordion-item -->\n\n<!-- wp:spacer {\"height\":\"50px\",\"className\":\"wp-embed-aspect-16-9 wp-has-aspect-ratio\"} -->\n<div style=\"height:50px\" aria-hidden=\"true\" class=\"wp-block-spacer wp-embed-aspect-16-9 wp-has-aspect-ratio\"><\/div>\n<!-- \/wp:spacer -->\n\n<!-- wp:paragraph {\"className\":\"wp-embed-aspect-16-9 wp-has-aspect-ratio\",\"textColor\":\"black\",\"fontSize\":\"medium\"} -->\n<p class=\"wp-embed-aspect-16-9 wp-has-aspect-ratio has-black-color has-text-color has-medium-font-size\">Ages 7 and up, grades 2 and up<br>Duration: 50 minutes<br>Prices: Children\/young adults \u20ac7.00, adults \u20ac12.00<br>Venue: Hall (Seating Capacity: 180)<\/p>\n<!-- \/wp:paragraph -->","post_title":"We carry","post_excerpt":"","post_status":"publish","comment_status":"closed","ping_status":"closed","post_password":"","post_name":"we-carry","to_ping":"","pinged":"","post_modified":"2024-07-22 14:19:04","post_modified_gmt":"2024-07-22 12:19:04","post_content_filtered":"","post_parent":0,"guid":"https:\/\/www.jes-stuttgart.de\/?p=12696","menu_order":0,"post_type":"post","post_mime_type":"","comment_count":"0","filter":"raw"},{"ID":16830,"post_author":"5","post_date":"2024-01-24 17:50:40","post_date_gmt":"2024-01-24 16:50:40","post_content":"<!-- wp:acf\/subtitle {\"name\":\"acf\/subtitle\",\"data\":{\"subtitle\":\"\",\"_subtitle\":\"field_62d65515609a6\"},\"mode\":\"edit\"} \/-->\n\n<!-- wp:image {\"id\":17348,\"sizeSlug\":\"full\",\"linkDestination\":\"none\"} -->\n<figure class=\"wp-block-image size-full\"><img src=\"https:\/\/www.jes-stuttgart.de\/wp-content\/uploads\/we-carry-tanztraining.jpg\" alt=\"\" class=\"wp-image-17348\"\/><\/figure>\n<!-- \/wp:image -->\n\n<!-- wp:spacer {\"height\":\"50px\"} -->\n<div style=\"height:50px\" aria-hidden=\"true\" class=\"wp-block-spacer\"><\/div>\n<!-- \/wp:spacer -->\n\n<!-- wp:paragraph {\"fontSize\":\"medium\"} -->\n<p class=\"has-medium-font-size\">Wie k\u00f6nnen Menschen allen Alters gemeinsam in Bewegung kommen und sich gegenseitig inspirieren, \u00fcberraschen, anstecken und herausfordern? Wie kann ein Miteinander aussehen, bei dem Alter, Voraussetzungen, Pr\u00e4gungen und Interessen in den Hintergrund r\u00fccken, zugunsten einer gemeinsamen Erfahrung?\u00a0<br><br>Die Choreografin und Tanzvermittlerin Lina H\u00f6hne l\u00e4dt auch in dieser Spielzeit zu offenen und inklusiven Tanzangeboten ein. Alle Menschen, die ein Interesse an Tanz, Bewegung, k\u00fcnstlerischem Ausdruck und Musik haben, sind herzlich willkommen.\u00a0<br><br>\u00dcber angeleitete \u00dcbungen und Improvisationsaufgaben aus dem zeitgen\u00f6ssischen Tanz und der Kontaktimprovisation wird der Rahmen f\u00fcr einen gemeinsamen kreativen Prozess geschaffen. \u00a0<br><br>Es ist keine Vorerfahrung n\u00f6tig und ein Einstieg ist zu jedem Termin m\u00f6glich. Gerne k\u00f6nnen sich Eltern gemeinsam mit ihren Kindern anmelden. Das \"Tanztraining 1\" ist ab drei Jahren, zum \"Tanztraining 2\" sind alle ab acht Jahren eingeladen.<br><br>Bitte bequeme Kleidung mitbringen, wir tanzen barfu\u00df.<br><br>Mit: <a href=\"https:\/\/www.jes-stuttgart.de\/personen\/#lina-hoehne\">Lina H\u00f6hne<\/a><br><br>Du kannst dich ab sofort pro Termin anmelden, indem du hier im Webshop ein (kostenfreies) Ticket reservierst oder indem du uns eine Mail schreibst: <a href=\"mailto:ticket@jes-stuttgart.de\">ticket@jes-stuttgart.de<\/a>.<br><br><br>Ab 3 Jahren (Kinder bis 6 Jahre bitte in Begleitung einer erwachsenen Person kommen) und <br>Ab 8 Jahren <br><br>Kostenfreies Angebot<\/p>\n<!-- \/wp:paragraph -->\n\n<!-- wp:paragraph -->\n<p><\/p>\n<!-- \/wp:paragraph -->","post_title":"Generations\u00fcbergreifendes Tanztraining","post_excerpt":"","post_status":"publish","comment_status":"closed","ping_status":"closed","post_password":"","post_name":"generationsuebergreifendes-tanztraining","to_ping":"","pinged":"","post_modified":"2025-11-10 09:24:12","post_modified_gmt":"2025-11-10 08:24:12","post_content_filtered":"","post_parent":0,"guid":"https:\/\/www.jes-stuttgart.de\/?p=16830","menu_order":0,"post_type":"post","post_mime_type":"","comment_count":"0","filter":"raw"},{"ID":28760,"post_author":"13","post_date":"2025-07-30 10:36:00","post_date_gmt":"2025-07-30 08:36:00","post_content":"<!-- wp:acf\/subtitle {\"name\":\"acf\/subtitle\",\"data\":{\"subtitle\":\"Solo with audience\",\"_subtitle\":\"field_66166790ba20b\"},\"mode\":\"edit\"} \/-->\n\n<!-- wp:spacer {\"height\":\"20px\"} -->\n<div style=\"height:20px\" aria-hidden=\"true\" class=\"wp-block-spacer\"><\/div>\n<!-- \/wp:spacer -->\n\n<!-- wp:paragraph {\"style\":{\"elements\":{\"link\":{\"color\":{\"text\":\"var:preset|color|primary3\"}}}},\"textColor\":\"primary3\",\"fontSize\":\"medium\"} -->\n<p class=\"has-primary-3-color has-text-color has-link-color has-medium-font-size\">PREMIERE: 31.01.2026<\/p>\n<!-- \/wp:paragraph -->\n\n<!-- wp:spacer {\"height\":\"20px\"} -->\n<div style=\"height:20px\" aria-hidden=\"true\" class=\"wp-block-spacer\"><\/div>\n<!-- \/wp:spacer -->\n\n<!-- wp:pb\/accordion-item {\"uuid\":287600,\"className\":\"is-style-colored-bg-primary2\"} -->\n<div class=\"wp-block-pb-accordion-item c-accordion__item js-accordion-item no-js is-style-colored-bg-primary2\" data-initially-open=\"false\" data-click-to-close=\"true\" data-auto-close=\"true\" data-scroll=\"false\" data-scroll-offset=\"0\"><h2 id=\"at-287600\" class=\"c-accordion__title js-accordion-controller\" role=\"button\"><strong>Content<\/strong><\/h2><div id=\"ac-287600\" class=\"c-accordion__content\"><!-- wp:paragraph {\"fontSize\":\"medium\"} -->\n<p class=\"has-medium-font-size\">It starts with a construction plan and a kit of 1,000 pieces. Instructions to build a machine, perhaps? Which is piece is the first? Which is the best connecting piece? What do we do if the most important piece is missing? And how does it end?\u00a0A performer forms a partnership with the children in the audience. Together, they try to decipher the blueprint and set things in motion. All the while they ask themselves: Who can contribute what knowledge, who can come up with a solution, and how do we cope when everything collapses? A play with little dialogue about self-efficacy, dealing with failure, and the question of whether and how everything could be completely different.<\/p>\n<!-- \/wp:paragraph -->\n\n<!-- wp:separator -->\n<hr class=\"wp-block-separator has-alpha-channel-opacity\"\/>\n<!-- \/wp:separator -->\n\n<!-- wp:paragraph -->\n<p><a id=\"_msocom_1\"><\/a><\/p>\n<!-- \/wp:paragraph -->\n\n<!-- wp:paragraph {\"fontSize\":\"medium\"} -->\n<p class=\"has-medium-font-size\">\u00a0<\/p>\n<!-- \/wp:paragraph --><\/div><\/div>\n<!-- \/wp:pb\/accordion-item -->\n\n<!-- wp:spacer {\"height\":\"20px\"} -->\n<div style=\"height:20px\" aria-hidden=\"true\" class=\"wp-block-spacer\"><\/div>\n<!-- \/wp:spacer -->\n\n<!-- wp:paragraph {\"fontSize\":\"medium\"} -->\n<p class=\"has-medium-font-size\">3+, daycare<br>Prices: Children\/young people \u20ac5.50, adults \u20ac8.00<br>Venue: Upper Foyer (Seating Capacity: 60)<\/p>\n<!-- \/wp:paragraph -->\n\n<!-- wp:paragraph -->\n<p><\/p>\n<!-- \/wp:paragraph -->","post_title":"Der Lauf der Dinge","post_excerpt":"","post_status":"publish","comment_status":"closed","ping_status":"closed","post_password":"","post_name":"derlaufderdinge","to_ping":"","pinged":"","post_modified":"2025-09-26 14:49:43","post_modified_gmt":"2025-09-26 12:49:43","post_content_filtered":"","post_parent":0,"guid":"https:\/\/www.jes-stuttgart.de\/?p=28760","menu_order":0,"post_type":"post","post_mime_type":"","comment_count":"0","filter":"raw"},{"ID":28767,"post_author":"13","post_date":"2025-07-30 10:26:05","post_date_gmt":"2025-07-30 08:26:05","post_content":"<!-- wp:acf\/subtitle {\"name\":\"acf\/subtitle\",\"data\":{\"subtitle\":\"A Dance Theater\",\"_subtitle\":\"field_66166790ba20b\"},\"mode\":\"edit\"} \/-->\n\n<!-- wp:spacer {\"height\":\"20px\"} -->\n<div style=\"height:20px\" aria-hidden=\"true\" class=\"wp-block-spacer\"><\/div>\n<!-- \/wp:spacer -->\n\n<!-- wp:paragraph {\"style\":{\"elements\":{\"link\":{\"color\":{\"text\":\"var:preset|color|primary3\"}}}},\"textColor\":\"primary3\",\"fontSize\":\"medium\"} -->\n<p class=\"has-primary-3-color has-text-color has-link-color has-medium-font-size\">PREMIERE: 13.06.2026<\/p>\n<!-- \/wp:paragraph -->\n\n<!-- wp:spacer {\"height\":\"20px\"} -->\n<div style=\"height:20px\" aria-hidden=\"true\" class=\"wp-block-spacer\"><\/div>\n<!-- \/wp:spacer -->\n\n<!-- wp:pb\/accordion-item {\"uuid\":287670,\"className\":\"is-style-colored-bg-primary2\"} -->\n<div class=\"wp-block-pb-accordion-item c-accordion__item js-accordion-item no-js is-style-colored-bg-primary2\" data-initially-open=\"false\" data-click-to-close=\"true\" data-auto-close=\"true\" data-scroll=\"false\" data-scroll-offset=\"0\"><h2 id=\"at-287670\" class=\"c-accordion__title js-accordion-controller\" role=\"button\"><strong>Content<\/strong><\/h2><div id=\"ac-287670\" class=\"c-accordion__content\"><!-- wp:paragraph {\"fontSize\":\"medium\"} -->\n<p class=\"has-medium-font-size\">Loneliness is a widespread feeling, even if hardly anyone likes to talk about it. Experts have found out that one in three people in industrialised countries is affected by loneliness. Neither age, money, gender nor ethnicity can protect us from loneliness. The condition is even supposedly contagious.<\/p>\n<!-- \/wp:paragraph -->\n\n<!-- wp:paragraph {\"fontSize\":\"medium\"} -->\n<p class=\"has-medium-font-size\">This season, JES is working with Tabea Martin for the first time. Martin is an established choreographer who has created groundbreaking works for both evening performances and dance for young audiences. She explores big themes in a courageous, unconventional and extremely accessible way, like in the new dance theatre piece at JES: loneliness. In this dance theatre piece, three performers dare to confront this topic, not to be afraid to address it and free it from shame.<\/p>\n<!-- \/wp:paragraph -->\n\n<!-- wp:paragraph {\"fontSize\":\"medium\"} -->\n<p class=\"has-medium-font-size\">A sparse use of spoken language encounters strong and expressive imagery. This makes the piece highly accessible even for audiences unfamiliar with dance.<\/p>\n<!-- \/wp:paragraph -->\n\n<!-- wp:separator -->\n<hr class=\"wp-block-separator has-alpha-channel-opacity\"\/>\n<!-- \/wp:separator --><\/div><\/div>\n<!-- \/wp:pb\/accordion-item -->\n\n<!-- wp:spacer {\"height\":\"20px\"} -->\n<div style=\"height:20px\" aria-hidden=\"true\" class=\"wp-block-spacer\"><\/div>\n<!-- \/wp:spacer -->\n\n<!-- wp:paragraph {\"fontSize\":\"medium\"} -->\n<p class=\"has-medium-font-size\">12+, grades 7 and up<br>Prices: Children\/young people \u20ac7.00, adults \u20ac12.00<br>Venue: Theatre hall (capacity 180 seats)<\/p>\n<!-- \/wp:paragraph -->\n\n<!-- wp:paragraph -->\n<p><\/p>\n<!-- \/wp:paragraph -->","post_title":"Dance Theater","post_excerpt":"","post_status":"publish","comment_status":"closed","ping_status":"closed","post_password":"","post_name":"dancetheater","to_ping":"","pinged":"","post_modified":"2025-09-26 15:16:00","post_modified_gmt":"2025-09-26 13:16:00","post_content_filtered":"","post_parent":0,"guid":"https:\/\/www.jes-stuttgart.de\/?p=28767","menu_order":0,"post_type":"post","post_mime_type":"","comment_count":"0","filter":"raw"}]},"_links":{"self":[{"href":"https:\/\/www.jes-stuttgart.de\/en\/wp-json\/wp\/v2\/person\/20125","targetHints":{"allow":["GET"]}}],"collection":[{"href":"https:\/\/www.jes-stuttgart.de\/en\/wp-json\/wp\/v2\/person"}],"about":[{"href":"https:\/\/www.jes-stuttgart.de\/en\/wp-json\/wp\/v2\/types\/person"}],"wp:attachment":[{"href":"https:\/\/www.jes-stuttgart.de\/en\/wp-json\/wp\/v2\/media?parent=20125"}],"wp:term":[{"taxonomy":"position","embeddable":true,"href":"https:\/\/www.jes-stuttgart.de\/en\/wp-json\/wp\/v2\/position?post=20125"}],"curies":[{"name":"wp","href":"https:\/\/api.w.org\/{rel}","templated":true}]}}