{"id":20162,"date":"2022-09-22T12:50:38","date_gmt":"2022-09-22T10:50:38","guid":{"rendered":"https:\/\/www.jes-stuttgart.de\/person\/caroline-stauch\/"},"modified":"2024-10-29T12:17:28","modified_gmt":"2024-10-29T11:17:28","slug":"caroline-stauch","status":"publish","type":"person","link":"https:\/\/www.jes-stuttgart.de\/en\/person\/caroline-stauch\/","title":{"rendered":"Caroline Stauch"},"content":{"rendered":"\n<figure class=\"wp-block-image size-full is-resized\"><img loading=\"lazy\" decoding=\"async\" width=\"1654\" height=\"2205\" src=\"https:\/\/www.jes-stuttgart.de\/wp-content\/uploads\/foto-caroline-stauch.jpeg\" alt=\"\" class=\"wp-image-11337\" style=\"width:827px;height:1103px\" srcset=\"https:\/\/www.jes-stuttgart.de\/wp-content\/uploads\/foto-caroline-stauch.jpeg 1654w, https:\/\/www.jes-stuttgart.de\/wp-content\/uploads\/foto-caroline-stauch-960x1280.jpeg 960w, https:\/\/www.jes-stuttgart.de\/wp-content\/uploads\/foto-caroline-stauch-150x200.jpeg 150w, https:\/\/www.jes-stuttgart.de\/wp-content\/uploads\/foto-caroline-stauch-768x1024.jpeg 768w, https:\/\/www.jes-stuttgart.de\/wp-content\/uploads\/foto-caroline-stauch-1152x1536.jpeg 1152w, https:\/\/www.jes-stuttgart.de\/wp-content\/uploads\/foto-caroline-stauch-1536x2048.jpeg 1536w, https:\/\/www.jes-stuttgart.de\/wp-content\/uploads\/foto-caroline-stauch-1440x1920.jpeg 1440w, https:\/\/www.jes-stuttgart.de\/wp-content\/uploads\/foto-caroline-stauch-1024x1365.jpeg 1024w, https:\/\/www.jes-stuttgart.de\/wp-content\/uploads\/foto-caroline-stauch-640x853.jpeg 640w, https:\/\/www.jes-stuttgart.de\/wp-content\/uploads\/foto-caroline-stauch-320x427.jpeg 320w\" sizes=\"auto, (max-width: 1654px) 100vw, 1654px\" \/><\/figure>\n\n\n\n<p class=\"has-medium-font-size\">Caroline Stauch studied stage and costume design with Prof. Rosalie. During her studies, she was involved as a stage and costume designer in various productions, including at Schlossfestspiele Heidelberg and the H\u00e4ndelfestspiele Karlsruhe. During a stay abroad in Tallinn, she created the performance \u2018Department of Desire\u2019 in collaboration with Prof Lilja Blumenfeld&#8217;s class at the Tallinn Academy of Arts, which was shown at the POT Festival Tallinn and at the \u2018Prague quadrennial of performance design and space.\u2019<\/p>\n\n\n\n<p class=\"has-medium-font-size\">After graduating, she worked as an assistant at Theater Freiburg and the Stuttgart State Theatres. Since 2017, she has been working as a freelance stage and costume designer at the theatres in Freiburg, Detmold, Heidelberg and Bremerhaven, Landesb\u00fchne T\u00fcbingen and Reutlingen, as well as with the theatre company \u2018Physical Monkey\u2019, which most recently performed at Pumpenhaus M\u00fcnster and Ruhrfestspiele Recklinghausen.<\/p>\n","protected":false},"template":"","position":[162,161],"class_list":["post-20162","person","type-person","status-publish","hentry","position-costume","position-stage-design"],"acf":{"person_sort":"Strauch","relation_posts":[{"ID":17105,"post_author":"2","post_date":"2022-06-29 17:33:41","post_date_gmt":"2022-06-29 15:33:41","post_content":"<!-- wp:acf\/subtitle {\"name\":\"acf\/subtitle\",\"data\":{\"subtitle\":\"A family play based on the fairy tale by the Brothers Grimm\\r\\nWith audio description and tactile tour\",\"_subtitle\":\"field_66166790ba20b\"},\"mode\":\"preview\"} \/-->\n\n<!-- wp:spacer {\"height\":\"20px\"} -->\n<div style=\"height:20px\" aria-hidden=\"true\" class=\"wp-block-spacer\"><\/div>\n<!-- \/wp:spacer -->\n\n<!-- wp:acf\/gallery {\"name\":\"acf\/gallery\",\"mode\":\"preview\"} -->\n<!-- wp:acf\/slide {\"name\":\"acf\/slide\",\"mode\":\"preview\"} -->\n<!-- wp:image {\"id\":10130,\"sizeSlug\":\"full\",\"linkDestination\":\"none\"} -->\n<figure class=\"wp-block-image size-full\"><img src=\"https:\/\/www.jes-stuttgart.de\/wp-content\/uploads\/jes-die-bremer-stadtmusiktiere-foto-andreas-etter-01-1.jpg\" alt=\"\" class=\"wp-image-10130\"\/><figcaption class=\"wp-element-caption\">Photo: Andreas Etter<\/figcaption><\/figure>\n<!-- \/wp:image -->\n<!-- \/wp:acf\/slide -->\n\n<!-- wp:acf\/slide {\"name\":\"acf\/slide\",\"mode\":\"preview\"} -->\n<!-- wp:image {\"id\":10132,\"sizeSlug\":\"full\",\"linkDestination\":\"none\"} -->\n<figure class=\"wp-block-image size-full\"><img src=\"https:\/\/www.jes-stuttgart.de\/wp-content\/uploads\/jes-die-bremer-stadtmusiktiere-foto-andreas-etter-02.jpg\" alt=\"\" class=\"wp-image-10132\"\/><figcaption class=\"wp-element-caption\">Photo: Andreas Etter<\/figcaption><\/figure>\n<!-- \/wp:image -->\n<!-- \/wp:acf\/slide -->\n\n<!-- wp:acf\/slide {\"name\":\"acf\/slide\",\"mode\":\"preview\"} -->\n<!-- wp:image {\"id\":10134,\"sizeSlug\":\"full\",\"linkDestination\":\"none\"} -->\n<figure class=\"wp-block-image size-full\"><img src=\"https:\/\/www.jes-stuttgart.de\/wp-content\/uploads\/jes-die-bremer-stadtmusiktiere-foto-andreas-etter-03.jpg\" alt=\"\" class=\"wp-image-10134\"\/><figcaption class=\"wp-element-caption\">Photo: Andreas Etter<\/figcaption><\/figure>\n<!-- \/wp:image -->\n<!-- \/wp:acf\/slide -->\n\n<!-- wp:acf\/slide {\"name\":\"acf\/slide\",\"mode\":\"preview\"} -->\n<!-- wp:image {\"id\":10136,\"sizeSlug\":\"full\",\"linkDestination\":\"none\"} -->\n<figure class=\"wp-block-image size-full\"><img src=\"https:\/\/www.jes-stuttgart.de\/wp-content\/uploads\/jes-die-bremer-stadtmusiktiere-foto-andreas-etter-16.jpg\" alt=\"\" class=\"wp-image-10136\"\/><figcaption class=\"wp-element-caption\">Photo: Andreas Etter<\/figcaption><\/figure>\n<!-- \/wp:image -->\n<!-- \/wp:acf\/slide -->\n\n<!-- wp:acf\/slide {\"name\":\"acf\/slide\",\"mode\":\"preview\"} -->\n<!-- wp:image {\"id\":10138,\"sizeSlug\":\"full\",\"linkDestination\":\"none\"} -->\n<figure class=\"wp-block-image size-full\"><img src=\"https:\/\/www.jes-stuttgart.de\/wp-content\/uploads\/jes-die-bremer-stadtmusiktiere-foto-andreas-etter-43.jpg\" alt=\"\" class=\"wp-image-10138\"\/><figcaption class=\"wp-element-caption\">Photo: Andreas Etter<\/figcaption><\/figure>\n<!-- \/wp:image -->\n<!-- \/wp:acf\/slide -->\n\n<!-- wp:acf\/slide {\"name\":\"acf\/slide\",\"mode\":\"preview\"} -->\n<!-- wp:image {\"id\":10140,\"sizeSlug\":\"full\",\"linkDestination\":\"none\"} -->\n<figure class=\"wp-block-image size-full\"><img src=\"https:\/\/www.jes-stuttgart.de\/wp-content\/uploads\/jes-die-bremer-stadtmusiktiere-foto-andreas-etter-56.jpg\" alt=\"\" class=\"wp-image-10140\"\/><figcaption class=\"wp-element-caption\">Photo: Andreas Etter<\/figcaption><\/figure>\n<!-- \/wp:image -->\n<!-- \/wp:acf\/slide -->\n<!-- \/wp:acf\/gallery -->\n\n<!-- wp:spacer {\"height\":\"20px\"} -->\n<div style=\"height:20px\" aria-hidden=\"true\" class=\"wp-block-spacer\"><\/div>\n<!-- \/wp:spacer -->\n\n<!-- wp:pb\/accordion-item {\"uuid\":171050,\"className\":\"is-style-default\"} -->\n<div class=\"wp-block-pb-accordion-item c-accordion__item js-accordion-item no-js is-style-default\" data-initially-open=\"false\" data-click-to-close=\"true\" data-auto-close=\"true\" data-scroll=\"false\" data-scroll-offset=\"0\"><h2 id=\"at-171050\" class=\"c-accordion__title js-accordion-controller\" role=\"button\"><strong>Content<\/strong><\/h2><div id=\"ac-171050\" class=\"c-accordion__content\"><!-- wp:paragraph {\"align\":\"left\",\"textColor\":\"black\",\"fontSize\":\"medium\"} -->\n<p class=\"has-text-align-left has-black-color has-text-color has-medium-font-size\">They agreed on one thing from the beginning: they would definitely find something better than death. But what did the donkey, the dog, the cat and the rooster actually find after they chased the robbers out of their hut? Just a protective roof over their heads? Or a new home? Or community? How do you live together when you are so different and have different needs?<br><br>Because music almost always helps, the four \"city music animals\" take Donkey by their word and grab microphones and instruments. The stories are their own, but what kind of music is appropriate? And does it rather take a good choreography, a fresh band name or simply lots of practice to actually make a name for oneself?<br><br>The JES Ensemble tells the Brothers Grimm fairy tale from a special perspective, with lots of live music.<\/p>\n<!-- \/wp:paragraph --><\/div><\/div>\n<!-- \/wp:pb\/accordion-item -->\n\n<!-- wp:pb\/accordion-item {\"uuid\":171051,\"className\":\"is-style-default\"} -->\n<div class=\"wp-block-pb-accordion-item c-accordion__item js-accordion-item no-js is-style-default\" data-initially-open=\"false\" data-click-to-close=\"true\" data-auto-close=\"true\" data-scroll=\"false\" data-scroll-offset=\"0\"><h2 id=\"at-171051\" class=\"c-accordion__title js-accordion-controller\" role=\"button\"><strong>Notes on accessibility<\/strong><\/h2><div id=\"ac-171051\" class=\"c-accordion__content\"><!-- wp:paragraph {\"align\":\"left\",\"textColor\":\"black\",\"fontSize\":\"medium\"} -->\n<p class=\"has-text-align-left has-black-color has-text-color has-medium-font-size\">In the <strong>audio description<\/strong> the stage set, the costumes and the visible course of the action are described for people with visual impairments. The descriptions are spoken live during the performance and can be heard by the audience via transmitters with headphones.<br><br>For people with visual impairments, we regularly offer screenings with <strong>tactile guidance and audio description <\/strong>an.<br><br>The <strong>tactile tour<\/strong> takes place in the stage area approximately one hour before the performance begins. Here you can feel parts of the stage set, props and costume pieces. The actors introduce themselves and describe themselves. In addition, particularly visual scenes of the production are described.<br><br>A number of tickets is available for people who require audio description. Even if the performance is sold out in the webshop, you can still reserve tickets by e-mail: <a href=\"mailto:ticket@jes-stuttgart.de\"><strong>ticket@jes-stuttgart.de<\/strong><\/a><br><br>For better planning, please register for the <strong>audio description and\/or tactile tour. <\/strong>By mail to <a href=\"mailto:ticket@jes-stuttgart.de\"><strong>ticket@jes-stuttgart.d<\/strong>e<\/a>.<\/p>\n<!-- \/wp:paragraph --><\/div><\/div>\n<!-- \/wp:pb\/accordion-item -->\n\n<!-- wp:pb\/accordion-item {\"uuid\":171052,\"className\":\"is-style-default\"} -->\n<div class=\"wp-block-pb-accordion-item c-accordion__item js-accordion-item no-js is-style-default\" data-initially-open=\"false\" data-click-to-close=\"true\" data-auto-close=\"true\" data-scroll=\"false\" data-scroll-offset=\"0\"><h2 id=\"at-171052\" class=\"c-accordion__title js-accordion-controller\" role=\"button\"><strong>Notes on sensory stimuli<\/strong><\/h2><div id=\"ac-171052\" class=\"c-accordion__content\"><!-- wp:paragraph {\"fontSize\":\"medium\"} -->\n<p class=\"has-medium-font-size\">Sensory impressions such as bright light, loud noises or sudden events can be overstimulating or overwhelming for some people. That's why you'll find a list of sensory stimuli in \"Die Bremer Stadtmusiktiere\" here. They may be good to be aware of for you or someone who is attending the performance with you.<br><br>- At the beginning of the performance, the actors suddenly appear, shouting loudly.<br><br>- The actors stand on raised platforms and on a suspended ladder.<br>- Music with amplified instruments (guitar, bass, drums, keyboard and microphone) and everyday objects such as pots and tin cans.<br><br>- Short flickering of neon tubes as well as weak light, darkness and rapid light changes.<br><br>- At some points, the actors wear masks and helmets that cover their faces for a brief moment.<br><br>- Use of fog and shadow theater towards the end of the performance.<br><br>If you have any concerns or questions, please contact us at <a href=\"mailto:ticket@jes-stuttgart.de\"><strong>ticket@jes-stuttgart.de<\/strong><\/a>. We will be happy to advise you and work out together how we can help you.<\/p>\n<!-- \/wp:paragraph --><\/div><\/div>\n<!-- \/wp:pb\/accordion-item -->\n\n<!-- wp:spacer {\"height\":\"50px\"} -->\n<div style=\"height:50px\" aria-hidden=\"true\" class=\"wp-block-spacer\"><\/div>\n<!-- \/wp:spacer -->\n\n<!-- wp:paragraph {\"textColor\":\"black\",\"fontSize\":\"medium\"} -->\n<p class=\"has-black-color has-text-color has-medium-font-size\">Ages 6 and up, Daycare, grades 1\u20134<br>Duration: 70 minutes<br>Prices: Children\/young people \u20ac5.50, adults \u20ac8.00<br>Venue: Hall (Seating Capacity: 180)<\/p>\n<!-- \/wp:paragraph -->\n\n<!-- wp:spacer {\"height\":\"50px\"} -->\n<div style=\"height:50px\" aria-hidden=\"true\" class=\"wp-block-spacer\"><\/div>\n<!-- \/wp:spacer -->\n\n<!-- wp:embed {\"url\":\"https:\/\/soundcloud.com\/user-127403425\/die-bremer-stadtmusiktiere-hortrailer?si=0aa6cd74dbed4be38b28341dbbaaa2ff\\u0026utm_source=clipboard\\u0026utm_medium=text\\u0026utm_campaign=social_sharing\",\"type\":\"rich\",\"providerNameSlug\":\"soundcloud\",\"responsive\":true} -->\n<figure class=\"wp-block-embed is-type-rich is-provider-soundcloud wp-block-embed-soundcloud\"><div class=\"wp-block-embed__wrapper\">\nhttps:\/\/soundcloud.com\/user-127403425\/die-bremer-stadtmusiktiere-hortrailer?si=0aa6cd74dbed4be38b28341dbbaaa2ff&amp;utm_source=clipboard&amp;utm_medium=text&amp;utm_campaign=social_sharing\n<\/div><\/figure>\n<!-- \/wp:embed -->\n\n<!-- wp:spacer {\"height\":\"20px\"} -->\n<div style=\"height:20px\" aria-hidden=\"true\" class=\"wp-block-spacer\"><\/div>\n<!-- \/wp:spacer -->\n\n<!-- wp:embed {\"url\":\"https:\/\/www.youtube.com\/watch?v=VuubzS7BH0A\",\"type\":\"video\",\"providerNameSlug\":\"youtube\",\"responsive\":true,\"className\":\"wp-embed-aspect-16-9 wp-has-aspect-ratio\"} -->\n<figure class=\"wp-block-embed is-type-video is-provider-youtube wp-block-embed-youtube wp-embed-aspect-16-9 wp-has-aspect-ratio\"><div class=\"wp-block-embed__wrapper\">\nhttps:\/\/www.youtube.com\/watch?v=VuubzS7BH0A\n<\/div><\/figure>\n<!-- \/wp:embed -->","post_title":"Die Bremer Stadtmusiktiere","post_excerpt":"","post_status":"publish","comment_status":"closed","ping_status":"closed","post_password":"","post_name":"die-bremer-stadtmusiktiere-2","to_ping":"","pinged":"","post_modified":"2024-07-22 14:18:31","post_modified_gmt":"2024-07-22 12:18:31","post_content_filtered":"","post_parent":0,"guid":"https:\/\/www.jes-stuttgart.de\/die-bremer-stadtmusiktiere\/","menu_order":0,"post_type":"post","post_mime_type":"","comment_count":"0","filter":"raw"},{"ID":12832,"post_author":"13","post_date":"2023-07-24 11:13:29","post_date_gmt":"2023-07-24 09:13:29","post_content":"<!-- wp:acf\/subtitle {\"name\":\"acf\/subtitle\",\"data\":{\"subtitle\":\"by Kirsten Fuchs and David Pagan\\r\\nWith audio description and tactile tour\",\"_subtitle\":\"field_66166790ba20b\"},\"mode\":\"edit\"} \/-->\n\n<!-- wp:paragraph {\"className\":\"wp-embed-aspect-16-9 wp-has-aspect-ratio\",\"textColor\":\"primary3\",\"fontSize\":\"medium\"} -->\n<p class=\"wp-embed-aspect-16-9 wp-has-aspect-ratio has-primary-3-color has-text-color has-medium-font-size\">PREMIERE: 24.02.2024<\/p>\n<!-- \/wp:paragraph -->\n\n<!-- wp:spacer {\"height\":\"20px\",\"className\":\"wp-embed-aspect-16-9 wp-has-aspect-ratio\"} -->\n<div style=\"height:20px\" aria-hidden=\"true\" class=\"wp-block-spacer wp-embed-aspect-16-9 wp-has-aspect-ratio\"><\/div>\n<!-- \/wp:spacer -->\n\n<!-- wp:acf\/gallery {\"name\":\"acf\/gallery\",\"mode\":\"preview\"} -->\n<!-- wp:acf\/slide {\"name\":\"acf\/slide\",\"mode\":\"preview\"} -->\n<!-- wp:image {\"id\":17482,\"sizeSlug\":\"full\",\"linkDestination\":\"none\"} -->\n<figure class=\"wp-block-image size-full\"><img src=\"https:\/\/www.jes-stuttgart.de\/wp-content\/uploads\/shame-21022024-2005.jpg\" alt=\"\" class=\"wp-image-17482\"\/><\/figure>\n<!-- \/wp:image -->\n<!-- \/wp:acf\/slide -->\n\n<!-- wp:acf\/slide {\"name\":\"acf\/slide\",\"mode\":\"preview\"} -->\n<!-- wp:image {\"id\":17464,\"sizeSlug\":\"full\",\"linkDestination\":\"none\"} -->\n<figure class=\"wp-block-image size-full\"><img src=\"https:\/\/www.jes-stuttgart.de\/wp-content\/uploads\/shame-21022024-0225.jpg\" alt=\"\" class=\"wp-image-17464\"\/><\/figure>\n<!-- \/wp:image -->\n<!-- \/wp:acf\/slide -->\n\n<!-- wp:acf\/slide {\"name\":\"acf\/slide\",\"mode\":\"preview\"} -->\n<!-- wp:image {\"id\":17466,\"sizeSlug\":\"full\",\"linkDestination\":\"none\"} -->\n<figure class=\"wp-block-image size-full\"><img src=\"https:\/\/www.jes-stuttgart.de\/wp-content\/uploads\/shame-21022024-0245.jpg\" alt=\"\" class=\"wp-image-17466\"\/><\/figure>\n<!-- \/wp:image -->\n<!-- \/wp:acf\/slide -->\n\n<!-- wp:acf\/slide {\"name\":\"acf\/slide\",\"mode\":\"preview\"} -->\n<!-- wp:image {\"id\":17468,\"sizeSlug\":\"full\",\"linkDestination\":\"none\"} -->\n<figure class=\"wp-block-image size-full\"><img src=\"https:\/\/www.jes-stuttgart.de\/wp-content\/uploads\/shame-21022024-0494.jpg\" alt=\"\" class=\"wp-image-17468\"\/><\/figure>\n<!-- \/wp:image -->\n<!-- \/wp:acf\/slide -->\n\n<!-- wp:acf\/slide {\"name\":\"acf\/slide\",\"mode\":\"preview\"} -->\n<!-- wp:image {\"id\":17470,\"sizeSlug\":\"full\",\"linkDestination\":\"none\"} -->\n<figure class=\"wp-block-image size-full\"><img src=\"https:\/\/www.jes-stuttgart.de\/wp-content\/uploads\/shame-21022024-0719.jpg\" alt=\"\" class=\"wp-image-17470\"\/><\/figure>\n<!-- \/wp:image -->\n<!-- \/wp:acf\/slide -->\n\n<!-- wp:acf\/slide {\"name\":\"acf\/slide\",\"mode\":\"preview\"} -->\n<!-- wp:image {\"id\":17474,\"sizeSlug\":\"full\",\"linkDestination\":\"none\"} -->\n<figure class=\"wp-block-image size-full\"><img src=\"https:\/\/www.jes-stuttgart.de\/wp-content\/uploads\/shame-21022024-0782.jpg\" alt=\"\" class=\"wp-image-17474\"\/><\/figure>\n<!-- \/wp:image -->\n<!-- \/wp:acf\/slide -->\n\n<!-- wp:acf\/slide {\"name\":\"acf\/slide\",\"mode\":\"preview\"} -->\n<!-- wp:image {\"id\":17476,\"sizeSlug\":\"full\",\"linkDestination\":\"none\"} -->\n<figure class=\"wp-block-image size-full\"><img src=\"https:\/\/www.jes-stuttgart.de\/wp-content\/uploads\/shame-21022024-1304.jpg\" alt=\"\" class=\"wp-image-17476\"\/><\/figure>\n<!-- \/wp:image -->\n<!-- \/wp:acf\/slide -->\n\n<!-- wp:acf\/slide {\"name\":\"acf\/slide\",\"mode\":\"preview\"} -->\n<!-- wp:image {\"id\":17478,\"sizeSlug\":\"full\",\"linkDestination\":\"none\"} -->\n<figure class=\"wp-block-image size-full\"><img src=\"https:\/\/www.jes-stuttgart.de\/wp-content\/uploads\/shame-21022024-1478.jpg\" alt=\"\" class=\"wp-image-17478\"\/><\/figure>\n<!-- \/wp:image -->\n<!-- \/wp:acf\/slide -->\n\n<!-- wp:acf\/slide {\"name\":\"acf\/slide\",\"mode\":\"preview\"} -->\n<!-- wp:image {\"id\":17480,\"sizeSlug\":\"full\",\"linkDestination\":\"none\"} -->\n<figure class=\"wp-block-image size-full\"><img src=\"https:\/\/www.jes-stuttgart.de\/wp-content\/uploads\/shame-21022024-1522.jpg\" alt=\"\" class=\"wp-image-17480\"\/><\/figure>\n<!-- \/wp:image -->\n<!-- \/wp:acf\/slide -->\n<!-- \/wp:acf\/gallery -->\n\n<!-- wp:spacer {\"height\":\"20px\"} -->\n<div style=\"height:20px\" aria-hidden=\"true\" class=\"wp-block-spacer\"><\/div>\n<!-- \/wp:spacer -->\n\n<!-- wp:pb\/accordion-item {\"uuid\":128320,\"className\":\"is-style-default\"} -->\n<div class=\"wp-block-pb-accordion-item c-accordion__item js-accordion-item no-js is-style-default\" data-initially-open=\"false\" data-click-to-close=\"true\" data-auto-close=\"true\" data-scroll=\"false\" data-scroll-offset=\"0\"><h2 id=\"at-128320\" class=\"c-accordion__title js-accordion-controller\" role=\"button\"><strong>Content<\/strong><\/h2><div id=\"ac-128320\" class=\"c-accordion__content\"><!-- wp:paragraph {\"fontSize\":\"medium\"} -->\n<p class=\"has-medium-font-size\">For this performance, JES will be loud, colourful, emotional - and embarrassing. Because shame is the theme of the first musical in JES history. With everything that goes with it: emotional songs, a pop band, a large cast, dance choreography and a love story.<br><br>Even if it's not talked about much, shame is a defining issue in many people's everyday lives. To find out more about it, we send four young characters to an art museum. Their task, set by the school, is to enter into a dialogue with a work of art. By attempting this (more or less seriously), they not only encounter very different perspectives on ways of life and boundaries of shame. Above all, they are confronted with themselves and then also with the shamefully hidden secrets of their classmates.<br><br>In cooperation with the Popakademie Mannheim, which has put together a pop band consisting its students, and the PH Ludwigsburg, whose students are in charge of developing this educational programme.<br><br>Supported by Fonds Jupiter Fund of the German Federal Cultural Foundation<\/p>\n<!-- \/wp:paragraph --><\/div><\/div>\n<!-- \/wp:pb\/accordion-item -->\n\n<!-- wp:pb\/accordion-item {\"uuid\":128321,\"className\":\"is-style-default\"} -->\n<div class=\"wp-block-pb-accordion-item c-accordion__item js-accordion-item no-js is-style-default\" data-initially-open=\"false\" data-click-to-close=\"true\" data-auto-close=\"true\" data-scroll=\"false\" data-scroll-offset=\"0\"><h2 id=\"at-128321\" class=\"c-accordion__title js-accordion-controller\" role=\"button\"><strong>Notes on accessability<\/strong><\/h2><div id=\"ac-128321\" class=\"c-accordion__content\"><!-- wp:paragraph {\"fontSize\":\"medium\"} -->\n<p class=\"has-medium-font-size\"><strong>With audio description and tactile tours<\/strong><br><br>With audio description, the stage set, costumes and the visible course of the action are made accessible to people with visual impairments via live description. The explanations and descriptions are spoken live during the performance. The commentaries are received via transmitters with headphones. The audio description will be in german.<br><br>The tactile tour takes place in the stage area approximately one hour before the performance begins. Here you can feel parts of the stage set, props and costume pieces. There is a tactile model in which the stage set is modelled. In addition, particularly visual scenes of the production are described.<br><br>Tickets are always available for people who require audio description. Even if the performance is sold out in the webshop, you can still reserve tickets by e-mail: <a href=\"mailto:ticket@jes-stuttgart.de\"><strong>ticket@jes-stuttgart.de<\/strong><\/a>.<br><br>For better planning, please register for the audio description and\/or the tactile tour. By mail to <a href=\"mailto:ticket@jes-stuttgart.de\">ticket@jes-stuttgart.de<\/a>.<\/p>\n<!-- \/wp:paragraph --><\/div><\/div>\n<!-- \/wp:pb\/accordion-item -->\n\n<!-- wp:pb\/accordion-item {\"uuid\":128322,\"className\":\"is-style-default\"} -->\n<div class=\"wp-block-pb-accordion-item c-accordion__item js-accordion-item no-js is-style-default\" data-initially-open=\"false\" data-click-to-close=\"true\" data-auto-close=\"true\" data-scroll=\"false\" data-scroll-offset=\"0\"><h2 id=\"at-128322\" class=\"c-accordion__title js-accordion-controller\" role=\"button\"><strong>Notes on sensory stimuli<\/strong><\/h2><div id=\"ac-128322\" class=\"c-accordion__content\"><!-- wp:paragraph {\"fontSize\":\"medium\"} -->\n<p class=\"has-medium-font-size\">Sensory impressions such as bright light, loud noises or sudden events can be overstimulating or overwhelming for some people. That's why you'll find a list of sensory stimuli in \"SHAME \u2013 The Musical\" here. They may be good to be aware of for you or someone who is attending the performance with you.<br><br>- There is live music. A band plays on stage. There are sudden changes in the music.<br><br>- There are bright, colourful lights. There are strobe lights. This means there are very fast, bright flashes of light. There are moments when it is partially or completely dark.<br><br>- The actors enter and leave the stage through the set. They go to the gallery. The gallery is above the stage and looks like a balcony. The actors disappear and appear through doors at the back of the stage.<br><br>- One of the actors enters and leaves the stage through a folding door in the set.<br><br>- At one point, an actress walks towards the audience.<br><br>- An actress steps out of a painting.<br><br>- There are strong feelings of shame and escalating emotions on stage.<br><br>- There is fog.<br><br>- The audience should be able to sit quietly during the performance in order to follow the play well.<br><br>If you have any concerns or questions, please contact us at <a href=\"mailto:ticket@jes-stuttgart.de\">ticket@jes-stuttgart.de<\/a>. We are happy to work out how we can help together with you.<\/p>\n<!-- \/wp:paragraph --><\/div><\/div>\n<!-- \/wp:pb\/accordion-item -->\n\n<!-- wp:spacer {\"height\":\"20px\",\"className\":\"wp-embed-aspect-16-9 wp-has-aspect-ratio\"} -->\n<div style=\"height:20px\" aria-hidden=\"true\" class=\"wp-block-spacer wp-embed-aspect-16-9 wp-has-aspect-ratio\"><\/div>\n<!-- \/wp:spacer -->\n\n<!-- wp:columns -->\n<div class=\"wp-block-columns\"><!-- wp:column -->\n<div class=\"wp-block-column\"><!-- wp:image {\"id\":13712,\"width\":\"393px\",\"height\":\"auto\",\"sizeSlug\":\"full\",\"linkDestination\":\"none\"} -->\n<figure class=\"wp-block-image size-full is-resized\"><img src=\"https:\/\/www.jes-stuttgart.de\/wp-content\/uploads\/07-logo-ksb-jupiter-digital-black.png\" alt=\"\" class=\"wp-image-13712\" style=\"width:393px;height:auto\"\/><\/figure>\n<!-- \/wp:image --><\/div>\n<!-- \/wp:column -->\n\n<!-- wp:column -->\n<div class=\"wp-block-column\"><!-- wp:image {\"id\":16790,\"width\":\"393px\",\"height\":\"auto\",\"sizeSlug\":\"full\",\"linkDestination\":\"none\",\"align\":\"center\"} -->\n<figure class=\"wp-block-image aligncenter size-full is-resized\"><img src=\"https:\/\/www.jes-stuttgart.de\/wp-content\/uploads\/bkm-2017-office-farbe-de.png\" alt=\"\" class=\"wp-image-16790\" style=\"width:393px;height:auto\"\/><\/figure>\n<!-- \/wp:image --><\/div>\n<!-- \/wp:column -->\n\n<!-- wp:column -->\n<div class=\"wp-block-column\"><!-- wp:image {\"id\":16792,\"sizeSlug\":\"full\",\"linkDestination\":\"none\",\"align\":\"center\"} -->\n<figure class=\"wp-block-image aligncenter size-full\"><img src=\"https:\/\/www.jes-stuttgart.de\/wp-content\/uploads\/pabw-logo-rgb-1.jpg\" alt=\"\" class=\"wp-image-16792\"\/><\/figure>\n<!-- \/wp:image --><\/div>\n<!-- \/wp:column --><\/div>\n<!-- \/wp:columns -->\n\n<!-- wp:spacer {\"height\":\"20px\",\"className\":\"wp-embed-aspect-16-9 wp-has-aspect-ratio\"} -->\n<div style=\"height:20px\" aria-hidden=\"true\" class=\"wp-block-spacer wp-embed-aspect-16-9 wp-has-aspect-ratio\"><\/div>\n<!-- \/wp:spacer -->\n\n<!-- wp:paragraph {\"style\":{\"elements\":{\"link\":{\"color\":{\"text\":\"var:preset|color|black\"}}}},\"textColor\":\"black\",\"fontSize\":\"medium\"} -->\n<p class=\"has-black-color has-text-color has-link-color has-medium-font-size\">Ages 12 and up, grades 6 and up<br>Duration: 60 minutes<br>Prices: Children\/young adults \u20ac7.00, adults \u20ac12.00<br>Venue: Hall (Seating Capacity: 165)<\/p>\n<!-- \/wp:paragraph -->\n\n<!-- wp:spacer {\"height\":\"20px\",\"className\":\"wp-embed-aspect-16-9 wp-has-aspect-ratio\"} -->\n<div style=\"height:20px\" aria-hidden=\"true\" class=\"wp-block-spacer wp-embed-aspect-16-9 wp-has-aspect-ratio\"><\/div>\n<!-- \/wp:spacer -->\n\n<!-- wp:embed {\"url\":\"https:\/\/youtu.be\/4qzZA654eWU?si=dDciBCnO\\u002d\\u002drie33p\",\"type\":\"video\",\"providerNameSlug\":\"youtube\",\"responsive\":true,\"className\":\"wp-embed-aspect-16-9 wp-has-aspect-ratio\"} -->\n<figure class=\"wp-block-embed is-type-video is-provider-youtube wp-block-embed-youtube wp-embed-aspect-16-9 wp-has-aspect-ratio\"><div class=\"wp-block-embed__wrapper\">\nhttps:\/\/youtu.be\/4qzZA654eWU?si=dDciBCnO--rie33p\n<\/div><figcaption class=\"wp-element-caption\">Video: Adrian Schmidt<\/figcaption><\/figure>\n<!-- \/wp:embed -->\n\n<!-- wp:spacer {\"height\":\"50px\",\"className\":\"wp-embed-aspect-16-9 wp-has-aspect-ratio\"} -->\n<div style=\"height:50px\" aria-hidden=\"true\" class=\"wp-block-spacer wp-embed-aspect-16-9 wp-has-aspect-ratio\"><\/div>\n<!-- \/wp:spacer -->\n\n<!-- wp:embed {\"url\":\"https:\/\/soundcloud.com\/user-127403425\/hortrailer-shame-the-musical?si=adf36700173c4b78a39161051a25dc0a\\u0026utm_source=clipboard\\u0026utm_medium=text\\u0026utm_campaign=social_sharing\",\"type\":\"rich\",\"providerNameSlug\":\"soundcloud\",\"responsive\":true} -->\n<figure class=\"wp-block-embed is-type-rich is-provider-soundcloud wp-block-embed-soundcloud\"><div class=\"wp-block-embed__wrapper\">\nhttps:\/\/soundcloud.com\/user-127403425\/hortrailer-shame-the-musical?si=adf36700173c4b78a39161051a25dc0a&amp;utm_source=clipboard&amp;utm_medium=text&amp;utm_campaign=social_sharing\n<\/div><\/figure>\n<!-- \/wp:embed -->","post_title":"SHAME \u2013 The Musical","post_excerpt":"","post_status":"publish","comment_status":"closed","ping_status":"closed","post_password":"","post_name":"shame-the-musical","to_ping":"","pinged":"","post_modified":"2024-07-22 14:23:06","post_modified_gmt":"2024-07-22 12:23:06","post_content_filtered":"","post_parent":0,"guid":"https:\/\/www.jes-stuttgart.de\/?p=12832","menu_order":0,"post_type":"post","post_mime_type":"","comment_count":"0","filter":"raw"},{"ID":16413,"post_author":"5","post_date":"2024-01-12 14:00:16","post_date_gmt":"2024-01-12 13:00:16","post_content":"<!-- wp:acf\/subtitle {\"name\":\"acf\/subtitle\",\"data\":{\"subtitle\":\"\u00f6ffentliche Hauptprobe\",\"_subtitle\":\"field_62d65515609a6\"},\"mode\":\"edit\"} \/-->\n\n<!-- wp:spacer {\"height\":\"20px\",\"className\":\"wp-embed-aspect-16-9 wp-has-aspect-ratio\"} -->\n<div style=\"height:20px\" aria-hidden=\"true\" class=\"wp-block-spacer wp-embed-aspect-16-9 wp-has-aspect-ratio\"><\/div>\n<!-- \/wp:spacer -->\n\n<!-- wp:paragraph {\"fontSize\":\"medium\"} -->\n<p class=\"has-medium-font-size\">Erhaltet noch vor der Premiere Einblicke in unsere Neuproduktionen. Besucht kostenlos die Hauptprobe, die in der Regel zwei Tage vor der Premiere stattfindet. <\/p>\n<!-- \/wp:paragraph -->\n\n<!-- wp:paragraph {\"style\":{\"elements\":{\"link\":{\"color\":{\"text\":\"var:preset|color|primary\"}}}},\"textColor\":\"primary\",\"fontSize\":\"medium\"} -->\n<p class=\"has-primary-color has-text-color has-link-color has-medium-font-size\">Der Besuch der Hauptprobe ist kostenfrei.<\/p>\n<!-- \/wp:paragraph -->\n\n<!-- wp:spacer {\"height\":\"34px\"} -->\n<div style=\"height:34px\" aria-hidden=\"true\" class=\"wp-block-spacer\"><\/div>\n<!-- \/wp:spacer -->\n\n<!-- wp:paragraph {\"align\":\"center\",\"backgroundColor\":\"primary\",\"className\":\"wp-embed-aspect-16-9 wp-has-aspect-ratio\",\"fontSize\":\"normal\"} -->\n<p class=\"has-text-align-center wp-embed-aspect-16-9 wp-has-aspect-ratio has-primary-background-color has-background has-normal-font-size\"><a href=\"https:\/\/www.jes-stuttgart.de\/shame-the-musical\">SHAME - The Musical<\/a> PREMIERE: 24. Februar 2024<\/p>\n<!-- \/wp:paragraph -->\n\n<!-- wp:spacer {\"height\":\"20px\",\"className\":\"wp-embed-aspect-16-9 wp-has-aspect-ratio\"} -->\n<div style=\"height:20px\" aria-hidden=\"true\" class=\"wp-block-spacer wp-embed-aspect-16-9 wp-has-aspect-ratio\"><\/div>\n<!-- \/wp:spacer -->\n\n<!-- wp:paragraph {\"fontSize\":\"medium\"} -->\n<p class=\"has-medium-font-size\">Es wird laut im JES, bunt, gef\u00fchlvoll \u2013 und peinlich. Denn Scham ist das Thema des ersten Musicals der JES-Geschichte. Mit allem, was dazu geh\u00f6rt: gef\u00fchlvollen Songs, einer Pop-Band, einer gro\u00dfen Besetzung und Tanzchoreografien.<br><br>Auch wenn wenig dr\u00fcber gesprochen wird, ist Scham ein pr\u00e4gendes Thema im Alltag vieler (junger) Menschen. Wie beeinflusst das gesellschaftliche Konstrukt von Scham unsere Pers\u00f6nlichkeitsentwicklung? Welche Auswirkungen hat Scham auf den Umgang mit K\u00f6rper und Sexualit\u00e4t?<br><br>Um das herauszufinden, schicken wir vier junge Figuren in ein KI*-gesteuertes Museum. Ihre von der Schule hinterlegte Aufgabe ist, mit einem Kunstwerk in Dialog zu treten. Indem sie dies (mehr oder weniger ernsthaft) versuchen, begegnen sie nicht nur sehr unterschiedlichen Sichtweisen auf Lebensformen und Schamgrenzen. Sie werden vor allem mit sich selbst konfrontiert und dann auch noch mit den schamhaft verborgenen Geheimnissen ihrer Mitsch\u00fcler*innen. Schwierig genug, aber noch einigerma\u00dfen zu bew\u00e4ltigen, solange es im gesch\u00fctzten Rahmen ausgetestet und ausgelebt wird. Aber dann droht die Ver\u00f6ffentlichung der eigentlich privaten Erkenntnisse durch eine interaktive Video-Installation.<br><br>In Kooperation mit der Popakademie Mannheim, die aus ihren Studierenden eine Pop-Band zusammengestellt hat, und der PH Ludwigsburg, deren Studierende das Vermittlungsprogramm entwickeln.<br><br>Gef\u00f6rdert werden St\u00fcckauftrag, Komposition und Inszenierung durch den Fonds Jupiter der Kulturstiftung des Bundes.<br><br>*KI: K\u00fcnstliche Intelligenz<\/p>\n<!-- \/wp:paragraph -->\n\n<!-- wp:image {\"id\":13712,\"sizeSlug\":\"full\",\"linkDestination\":\"none\"} -->\n<figure class=\"wp-block-image size-full\"><img src=\"https:\/\/www.jes-stuttgart.de\/wp-content\/uploads\/07-logo-ksb-jupiter-digital-black.png\" alt=\"\" class=\"wp-image-13712\"\/><\/figure>\n<!-- \/wp:image -->\n\n<!-- wp:spacer {\"height\":\"20px\",\"className\":\"wp-embed-aspect-16-9 wp-has-aspect-ratio\"} -->\n<div style=\"height:20px\" aria-hidden=\"true\" class=\"wp-block-spacer wp-embed-aspect-16-9 wp-has-aspect-ratio\"><\/div>\n<!-- \/wp:spacer -->\n\n<!-- wp:pb\/accordion-item {\"uuid\":164130,\"className\":\"is-style-colored-bg-priamry3\"} -->\n<div class=\"wp-block-pb-accordion-item c-accordion__item js-accordion-item no-js is-style-colored-bg-priamry3\" data-initially-open=\"false\" data-click-to-close=\"true\" data-auto-close=\"true\" data-scroll=\"false\" data-scroll-offset=\"0\"><h2 id=\"at-164130\" class=\"c-accordion__title js-accordion-controller\" role=\"button\">Zug\u00e4nglichkeit f\u00fcr Menschen mit Sehbehinderung<\/h2><div id=\"ac-164130\" class=\"c-accordion__content\"><!-- wp:paragraph {\"align\":\"center\",\"fontSize\":\"medium\"} -->\n<p class=\"has-text-align-center has-medium-font-size\">F\u00fcr Menschen mit Sehbehinderung bieten wir bei \"SHAME - The Musical\" regelm\u00e4\u00dfig Vorstellungstermine mit <strong>Tastf\u00fchrung und Audiosdeskription <\/strong>an.<br><br>Etwa eine Stunde vor Vorstellungsbeginn findet die <strong>Tastf\u00fchrung<\/strong> im B\u00fchnenraum statt. Hier k\u00f6nnen Teile des B\u00fchnenbildes, Requisiten und Kost\u00fcmteile ertastet werden. Die Schauspieler*innen stellen sich vor und beschreiben sich. Au\u00dferdem werden besonders visuelle Szenen der Inszenierung beschrieben.<br><br>Bei der <strong>Audiodeskription<\/strong> werden u.a. das B\u00fchnenbild, die Kost\u00fcme und der sichtbare Handlungsverlauf f\u00fcr Menschen mit Sehbehinderung per Live-Beschreibung zug\u00e4nglich. Die Erl\u00e4uterungen und Beschreibungen werden w\u00e4hrend der Vorstellung live gesprochen. Die Kommentare werden \u00fcber Sender mit Kopfh\u00f6rern empfangen.<br><br>Vorstellungstermine mit Audiodeskription:<strong><br>Freitag, 01.03.24 \u2013 11:00 Uhr<br>Samstag, 02.03.24 \u2013 19:00 Uhr<\/strong><br><br>F\u00fcr Menschen, die Audiodeskription ben\u00f6tigen, werden immer Karten bereit gehalten. Auch wenn die Vorstellung im Webshop ausverkauft ist, k\u00f6nnt ihr Karten per E-Mail reservieren: <a href=\"mailto:ticket@jes-stuttgart.de\"><strong>ticket@jes-stuttgart.de<\/strong><\/a><br><br>Zur besseren Planung bitten wir um <strong>Anmeldung f\u00fcr die Audiodeskription und\/oder die Tastf\u00fchrung<\/strong>. Per Mail an <a href=\"mailto:ticket@jes-stuttgart.de\">ticket@jes-stuttgart.de<\/a>.<\/p>\n<!-- \/wp:paragraph --><\/div><\/div>\n<!-- \/wp:pb\/accordion-item -->\n\n<!-- wp:spacer {\"height\":\"50px\",\"className\":\"wp-embed-aspect-16-9 wp-has-aspect-ratio\"} -->\n<div style=\"height:50px\" aria-hidden=\"true\" class=\"wp-block-spacer wp-embed-aspect-16-9 wp-has-aspect-ratio\"><\/div>\n<!-- \/wp:spacer -->","post_title":"Probelauf: SHAME - The Musical","post_excerpt":"","post_status":"publish","comment_status":"closed","ping_status":"closed","post_password":"","post_name":"probelauf-shame-the-musical","to_ping":"","pinged":"","post_modified":"2024-02-19 11:35:25","post_modified_gmt":"2024-02-19 10:35:25","post_content_filtered":"","post_parent":0,"guid":"https:\/\/www.jes-stuttgart.de\/?p=16413","menu_order":0,"post_type":"post","post_mime_type":"","comment_count":"0","filter":"raw"}]},"_links":{"self":[{"href":"https:\/\/www.jes-stuttgart.de\/en\/wp-json\/wp\/v2\/person\/20162","targetHints":{"allow":["GET"]}}],"collection":[{"href":"https:\/\/www.jes-stuttgart.de\/en\/wp-json\/wp\/v2\/person"}],"about":[{"href":"https:\/\/www.jes-stuttgart.de\/en\/wp-json\/wp\/v2\/types\/person"}],"wp:attachment":[{"href":"https:\/\/www.jes-stuttgart.de\/en\/wp-json\/wp\/v2\/media?parent=20162"}],"wp:term":[{"taxonomy":"position","embeddable":true,"href":"https:\/\/www.jes-stuttgart.de\/en\/wp-json\/wp\/v2\/position?post=20162"}],"curies":[{"name":"wp","href":"https:\/\/api.w.org\/{rel}","templated":true}]}}