{"id":24577,"date":"2024-09-13T13:17:35","date_gmt":"2024-09-13T11:17:35","guid":{"rendered":"https:\/\/www.jes-stuttgart.de\/person\/katharina-felde-sie-ihr\/"},"modified":"2026-02-13T12:56:17","modified_gmt":"2026-02-13T11:56:17","slug":"katharina-felde-sie-ihr","status":"publish","type":"person","link":"https:\/\/www.jes-stuttgart.de\/en\/person\/katharina-felde-sie-ihr\/","title":{"rendered":"Katharina Felde (sie\/ihr)"},"content":{"rendered":"\n<figure class=\"wp-block-image size-full\"><img loading=\"lazy\" decoding=\"async\" width=\"2048\" height=\"1365\" src=\"https:\/\/www.jes-stuttgart.de\/wp-content\/uploads\/dsc00502.jpg\" alt=\"\" class=\"wp-image-25497\" srcset=\"https:\/\/www.jes-stuttgart.de\/wp-content\/uploads\/dsc00502.jpg 2048w, https:\/\/www.jes-stuttgart.de\/wp-content\/uploads\/dsc00502-1280x853.jpg 1280w, https:\/\/www.jes-stuttgart.de\/wp-content\/uploads\/dsc00502-200x133.jpg 200w, https:\/\/www.jes-stuttgart.de\/wp-content\/uploads\/dsc00502-768x512.jpg 768w, https:\/\/www.jes-stuttgart.de\/wp-content\/uploads\/dsc00502-1536x1024.jpg 1536w, https:\/\/www.jes-stuttgart.de\/wp-content\/uploads\/dsc00502-1920x1280.jpg 1920w, https:\/\/www.jes-stuttgart.de\/wp-content\/uploads\/dsc00502-1440x960.jpg 1440w, https:\/\/www.jes-stuttgart.de\/wp-content\/uploads\/dsc00502-1024x683.jpg 1024w, https:\/\/www.jes-stuttgart.de\/wp-content\/uploads\/dsc00502-640x427.jpg 640w, https:\/\/www.jes-stuttgart.de\/wp-content\/uploads\/dsc00502-320x213.jpg 320w\" sizes=\"auto, (max-width: 2048px) 100vw, 2048px\" \/><figcaption class=\"wp-element-caption\">Foto: Alicia Hoffmann<\/figcaption><\/figure>\n\n\n\n<p class=\"has-medium-font-size\">AUSBILDUNG<\/p>\n\n\n\n<p class=\"has-medium-font-size\">Ich wurde 1995 in Gie\u00dfen geboren. Nach einem FSJ-Kultur am tjg. theater junge generation Dresden studierte ich Theater- und Kulturwissenschaften an der Universit\u00e4t Leipzig und anschlie\u00dfend Kulturvermittlung an der Universit\u00e4t Hildesheim.<\/p>\n\n\n\n<div style=\"height:20px\" aria-hidden=\"true\" class=\"wp-block-spacer\"><\/div>\n\n\n\n<p class=\"has-medium-font-size\">AN ANDEREN ORTEN<\/p>\n\n\n\n<p class=\"has-medium-font-size\">W\u00e4hrend meines Studiums war ich als Regieassistentin und freie Kunst- und Theatervermittlerin in unterschiedlichen Projekten und Kultureinrichtungen t\u00e4tig- u.a. am Schauspiel Leipzig, bei FLIPPO, die Kinderzeitung der GfZK Leipzig, an den Cammerspielen Leipzig sowie am Schauspiel Hannover. Nebenbei arbeitete ich als politische Bildnerin f\u00fcr ein Schulaufkl\u00e4rungs- und Antidiskriminierungsprojekt. Dabei gab ich Workshops zu geschlechtlicher und sexueller Vielfalt f\u00fcr Schulklassen unterschiedlicher Jahrgangsstufen.<br>Meine Arbeitsschwerpunkte liegen auf der Verbindung zwischen Kultureller und Politischer Bildung und der performativ-experimentellen Theaterarbeit mit jungen Personen.<\/p>\n\n\n\n<div style=\"height:20px\" aria-hidden=\"true\" class=\"wp-block-spacer\"><\/div>\n\n\n\n<p class=\"has-medium-font-size\">JES UND ICH<\/p>\n\n\n\n<p class=\"has-medium-font-size\">Ab der Spielzeit 2024\/25 arbeite ich fest als Theaterp\u00e4dagogin am JES und leite u.a. den Spielclub \u201eDas Labor der \u00c4ngste\u201c und das Ferienprojekt \u201eQueer*Town.\u201c<\/p>\n\n\n\n<div style=\"height:20px\" aria-hidden=\"true\" class=\"wp-block-spacer\"><\/div>\n\n\n\n<p class=\"has-medium-font-size\">KONTAKT<\/p>\n\n\n\n<p class=\"has-medium-font-size\"><a href=\"mailto:katharina.felde@jes-stuttgart.de\">katharina.felde@jes-stuttgart.de<\/a><br>0711 \/ 218 480 22<\/p>\n","protected":false},"template":"","position":[160,157],"class_list":["post-24577","person","type-person","status-publish","hentry","position-jes-employees","position-theater-pedagogy"],"acf":{"person_sort":"Felde","relation_posts":[{"ID":23962,"post_author":"13","post_date":"2024-07-18 10:04:34","post_date_gmt":"2024-07-18 08:04:34","post_content":"<!-- wp:acf\/subtitle {\"name\":\"acf\/subtitle\",\"data\":{\"subtitle\":\"Play development by Milan Gather and ensemble\",\"_subtitle\":\"field_66166790ba20b\"},\"mode\":\"edit\"} \/-->\n\n<!-- wp:spacer {\"height\":\"20px\"} -->\n<div style=\"height:20px\" aria-hidden=\"true\" class=\"wp-block-spacer\"><\/div>\n<!-- \/wp:spacer -->\n\n<!-- wp:paragraph {\"style\":{\"elements\":{\"link\":{\"color\":{\"text\":\"var:preset|color|primary\"}}}},\"textColor\":\"primary\",\"fontSize\":\"medium\"} -->\n<p class=\"has-primary-color has-text-color has-link-color has-medium-font-size\">PREMIERE: 25.01.2025<\/p>\n<!-- \/wp:paragraph -->\n\n<!-- wp:spacer {\"height\":\"27px\"} -->\n<div style=\"height:27px\" aria-hidden=\"true\" class=\"wp-block-spacer\"><\/div>\n<!-- \/wp:spacer -->\n\n<!-- wp:acf\/gallery {\"name\":\"acf\/gallery\",\"mode\":\"preview\"} -->\n<!-- wp:acf\/slide {\"name\":\"acf\/slide\",\"mode\":\"preview\"} -->\n<!-- wp:image {\"id\":26339,\"sizeSlug\":\"full\",\"linkDestination\":\"none\"} -->\n<figure class=\"wp-block-image size-full\"><img src=\"https:\/\/www.jes-stuttgart.de\/wp-content\/uploads\/un-fair-foto-brummer-223.jpg\" alt=\"\" class=\"wp-image-26339\"\/><figcaption class=\"wp-element-caption\">Foto: Sebastian Brummer<\/figcaption><\/figure>\n<!-- \/wp:image -->\n<!-- \/wp:acf\/slide -->\n\n<!-- wp:acf\/slide {\"name\":\"acf\/slide\",\"mode\":\"preview\"} -->\n<!-- wp:image {\"id\":26325,\"sizeSlug\":\"full\",\"linkDestination\":\"none\"} -->\n<figure class=\"wp-block-image size-full\"><img src=\"https:\/\/www.jes-stuttgart.de\/wp-content\/uploads\/un-fair-foto-brummer-6.jpg\" alt=\"\" class=\"wp-image-26325\"\/><figcaption class=\"wp-element-caption\">Foto: Sebastian Brummer<\/figcaption><\/figure>\n<!-- \/wp:image -->\n<!-- \/wp:acf\/slide -->\n\n<!-- wp:acf\/slide {\"name\":\"acf\/slide\",\"mode\":\"preview\"} -->\n<!-- wp:image {\"id\":26327,\"sizeSlug\":\"large\",\"linkDestination\":\"none\"} -->\n<figure class=\"wp-block-image size-large\"><img src=\"https:\/\/www.jes-stuttgart.de\/wp-content\/uploads\/un-fair-foto-brummer-27-1707x2560.jpg\" alt=\"\" class=\"wp-image-26327\"\/><figcaption class=\"wp-element-caption\">Foto: Sebastian Brummer<\/figcaption><\/figure>\n<!-- \/wp:image -->\n<!-- \/wp:acf\/slide -->\n\n<!-- wp:acf\/slide {\"name\":\"acf\/slide\",\"mode\":\"preview\"} -->\n<!-- wp:image {\"id\":26329,\"sizeSlug\":\"full\",\"linkDestination\":\"none\"} -->\n<figure class=\"wp-block-image size-full\"><img src=\"https:\/\/www.jes-stuttgart.de\/wp-content\/uploads\/un-fair-foto-brummer-56.jpg\" alt=\"\" class=\"wp-image-26329\"\/><figcaption class=\"wp-element-caption\">Foto: Sebastian Brummer<\/figcaption><\/figure>\n<!-- \/wp:image -->\n<!-- \/wp:acf\/slide -->\n\n<!-- wp:acf\/slide {\"name\":\"acf\/slide\",\"mode\":\"preview\"} -->\n<!-- wp:image {\"id\":26331,\"sizeSlug\":\"full\",\"linkDestination\":\"none\"} -->\n<figure class=\"wp-block-image size-full\"><img src=\"https:\/\/www.jes-stuttgart.de\/wp-content\/uploads\/un-fair-foto-brummer-68.jpg\" alt=\"\" class=\"wp-image-26331\"\/><figcaption class=\"wp-element-caption\">Foto: Sebastian Brummer<\/figcaption><\/figure>\n<!-- \/wp:image -->\n<!-- \/wp:acf\/slide -->\n\n<!-- wp:acf\/slide {\"name\":\"acf\/slide\",\"mode\":\"preview\"} -->\n<!-- wp:image {\"id\":26333,\"sizeSlug\":\"full\",\"linkDestination\":\"none\"} -->\n<figure class=\"wp-block-image size-full\"><img src=\"https:\/\/www.jes-stuttgart.de\/wp-content\/uploads\/un-fair-foto-brummer-137.jpg\" alt=\"\" class=\"wp-image-26333\"\/><figcaption class=\"wp-element-caption\">Foto: Sebastian Brummer<\/figcaption><\/figure>\n<!-- \/wp:image -->\n<!-- \/wp:acf\/slide -->\n\n<!-- wp:acf\/slide {\"name\":\"acf\/slide\",\"mode\":\"preview\"} -->\n<!-- wp:image {\"id\":26335,\"sizeSlug\":\"full\",\"linkDestination\":\"none\"} -->\n<figure class=\"wp-block-image size-full\"><img src=\"https:\/\/www.jes-stuttgart.de\/wp-content\/uploads\/un-fair-foto-brummer-195.jpg\" alt=\"\" class=\"wp-image-26335\"\/><figcaption class=\"wp-element-caption\">Foto: Sebastian Brummer<\/figcaption><\/figure>\n<!-- \/wp:image -->\n<!-- \/wp:acf\/slide -->\n\n<!-- wp:acf\/slide {\"name\":\"acf\/slide\",\"mode\":\"preview\"} -->\n<!-- wp:image {\"id\":26337,\"sizeSlug\":\"full\",\"linkDestination\":\"none\"} -->\n<figure class=\"wp-block-image size-full\"><img src=\"https:\/\/www.jes-stuttgart.de\/wp-content\/uploads\/un-fair-foto-brummer-204.jpg\" alt=\"\" class=\"wp-image-26337\"\/><figcaption class=\"wp-element-caption\">Foto: Sebastian Brummer<\/figcaption><\/figure>\n<!-- \/wp:image -->\n<!-- \/wp:acf\/slide -->\n<!-- \/wp:acf\/gallery -->\n\n<!-- wp:pb\/accordion-item {\"uuid\":239620,\"className\":\"is-style-colored-bg-primary2\"} -->\n<div class=\"wp-block-pb-accordion-item c-accordion__item js-accordion-item no-js is-style-colored-bg-primary2\" data-initially-open=\"false\" data-click-to-close=\"true\" data-auto-close=\"true\" data-scroll=\"false\" data-scroll-offset=\"0\"><h2 id=\"at-239620\" class=\"c-accordion__title js-accordion-controller\" role=\"button\"><strong>Content<\/strong><\/h2><div id=\"ac-239620\" class=\"c-accordion__content\"><!-- wp:paragraph {\"fontSize\":\"medium\"} -->\n<p class=\"has-medium-font-size\">Life is not fair. Some people are allowed to stay up late, others can already reach the shelf with the sweets. It's usually the majority who decide which game to play. If just a few group members misbehave, is nobody allowed to have ice cream? And of course: Who is allowed to play with which toy?<br><br>The list could go on and on, as could the list of attempts to make everyone equal. How do you get someone to be fair and give up something when so many others give up nothing?<br><br>To develop the play, author and director Milan Gather and the JES ensemble first go on a research trip to schools and daycare centres to find out: When do we perceive something as unfair? How do we deal with unequal conditions? And how willing are we ourselves to compromise and show solidarity?<\/p>\n<!-- \/wp:paragraph --><\/div><\/div>\n<!-- \/wp:pb\/accordion-item -->\n\n<!-- wp:spacer {\"height\":\"20px\"} -->\n<div style=\"height:20px\" aria-hidden=\"true\" class=\"wp-block-spacer\"><\/div>\n<!-- \/wp:spacer -->\n\n<!-- wp:paragraph {\"fontSize\":\"medium\"} -->\n<p class=\"has-medium-font-size\">Ages 5 and up, daycare centre and primary school<br>Duration: approx. 50 minutes<br>Prices: Children\/young people \u20ac7.00, adults \u20ac14.00<br>Venue: Theatre hall (capacity 180 seats)<\/p>\n<!-- \/wp:paragraph -->","post_title":"un\/fair","post_excerpt":"","post_status":"publish","comment_status":"closed","ping_status":"closed","post_password":"","post_name":"un-fair","to_ping":"","pinged":"","post_modified":"2025-01-31 16:36:56","post_modified_gmt":"2025-01-31 15:36:56","post_content_filtered":"","post_parent":0,"guid":"https:\/\/www.jes-stuttgart.de\/?p=23962","menu_order":0,"post_type":"post","post_mime_type":"","comment_count":"0","filter":"raw"},{"ID":27914,"post_author":"5","post_date":"2025-05-08 12:05:31","post_date_gmt":"2025-05-08 10:05:31","post_content":"<!-- wp:acf\/subtitle {\"name\":\"acf\/subtitle\",\"data\":{\"subtitle\":\"CLUBTOPIA 2025 - Junges Theaterfestival \/\/ Das Labor der \u00c4ngste\",\"_subtitle\":\"field_62d65515609a6\"},\"mode\":\"edit\"} \/-->\n\n<!-- wp:spacer {\"height\":\"34px\"} -->\n<div style=\"height:34px\" aria-hidden=\"true\" class=\"wp-block-spacer\"><\/div>\n<!-- \/wp:spacer -->\n\n<!-- wp:acf\/gallery {\"name\":\"acf\/gallery\",\"data\":[],\"mode\":\"preview\"} -->\n<!-- wp:acf\/slide {\"name\":\"acf\/slide\",\"mode\":\"preview\"} -->\n<!-- wp:image {\"id\":28609,\"sizeSlug\":\"full\",\"linkDestination\":\"none\"} -->\n<figure class=\"wp-block-image size-full\"><img src=\"https:\/\/www.jes-stuttgart.de\/wp-content\/uploads\/img-1461-3-scaled.jpg\" alt=\"\" class=\"wp-image-28609\"\/><figcaption class=\"wp-element-caption\">Foto: Krisztina Figge<\/figcaption><\/figure>\n<!-- \/wp:image -->\n<!-- \/wp:acf\/slide -->\n\n<!-- wp:acf\/slide {\"name\":\"acf\/slide\",\"mode\":\"preview\"} -->\n<!-- wp:image {\"id\":28611,\"sizeSlug\":\"full\",\"linkDestination\":\"none\"} -->\n<figure class=\"wp-block-image size-full\"><img src=\"https:\/\/www.jes-stuttgart.de\/wp-content\/uploads\/img-1471-scaled.jpg\" alt=\"\" class=\"wp-image-28611\"\/><figcaption class=\"wp-element-caption\">Foto: Krisztina Figge<\/figcaption><\/figure>\n<!-- \/wp:image -->\n<!-- \/wp:acf\/slide -->\n\n<!-- wp:acf\/slide {\"name\":\"acf\/slide\",\"mode\":\"preview\"} -->\n<!-- wp:image {\"id\":28613,\"sizeSlug\":\"full\",\"linkDestination\":\"none\"} -->\n<figure class=\"wp-block-image size-full\"><img src=\"https:\/\/www.jes-stuttgart.de\/wp-content\/uploads\/img-1586-scaled.jpg\" alt=\"\" class=\"wp-image-28613\"\/><figcaption class=\"wp-element-caption\">Foto: Krisztina Figge<\/figcaption><\/figure>\n<!-- \/wp:image -->\n<!-- \/wp:acf\/slide -->\n\n<!-- wp:acf\/slide {\"name\":\"acf\/slide\",\"data\":[],\"mode\":\"preview\"} -->\n<!-- wp:image {\"id\":28625,\"sizeSlug\":\"full\",\"linkDestination\":\"none\"} -->\n<figure class=\"wp-block-image size-full\"><img src=\"https:\/\/www.jes-stuttgart.de\/wp-content\/uploads\/img-1622-1-scaled.jpg\" alt=\"\" class=\"wp-image-28625\"\/><figcaption class=\"wp-element-caption\">Foto: Krisztina Figge<\/figcaption><\/figure>\n<!-- \/wp:image -->\n<!-- \/wp:acf\/slide -->\n\n<!-- wp:acf\/slide {\"name\":\"acf\/slide\",\"mode\":\"preview\"} -->\n<!-- wp:image {\"id\":28627,\"sizeSlug\":\"full\",\"linkDestination\":\"none\"} -->\n<figure class=\"wp-block-image size-full\"><img src=\"https:\/\/www.jes-stuttgart.de\/wp-content\/uploads\/img-1664-1-scaled.jpg\" alt=\"\" class=\"wp-image-28627\"\/><figcaption class=\"wp-element-caption\">Foto: Krisztina Figge<\/figcaption><\/figure>\n<!-- \/wp:image -->\n<!-- \/wp:acf\/slide -->\n\n<!-- wp:acf\/slide {\"name\":\"acf\/slide\",\"mode\":\"preview\"} -->\n<!-- wp:image {\"id\":28629,\"sizeSlug\":\"full\",\"linkDestination\":\"none\"} -->\n<figure class=\"wp-block-image size-full\"><img src=\"https:\/\/www.jes-stuttgart.de\/wp-content\/uploads\/img-1687-1-scaled.jpg\" alt=\"\" class=\"wp-image-28629\"\/><figcaption class=\"wp-element-caption\">Foto: Krisztina Figge<\/figcaption><\/figure>\n<!-- \/wp:image -->\n<!-- \/wp:acf\/slide -->\n\n<!-- wp:acf\/slide {\"name\":\"acf\/slide\",\"mode\":\"preview\"} -->\n<!-- wp:image {\"id\":28631,\"sizeSlug\":\"full\",\"linkDestination\":\"none\"} -->\n<figure class=\"wp-block-image size-full\"><img src=\"https:\/\/www.jes-stuttgart.de\/wp-content\/uploads\/img-1728-1-scaled.jpg\" alt=\"\" class=\"wp-image-28631\"\/><figcaption class=\"wp-element-caption\">Foto: Krisztina Figge<\/figcaption><\/figure>\n<!-- \/wp:image -->\n<!-- \/wp:acf\/slide -->\n\n<!-- wp:acf\/slide {\"name\":\"acf\/slide\",\"data\":[],\"mode\":\"preview\"} -->\n<!-- wp:image {\"id\":28623,\"width\":\"1741px\",\"height\":\"auto\",\"sizeSlug\":\"full\",\"linkDestination\":\"none\"} -->\n<figure class=\"wp-block-image size-full is-resized\"><img src=\"https:\/\/www.jes-stuttgart.de\/wp-content\/uploads\/img-1747-scaled.jpg\" alt=\"\" class=\"wp-image-28623\" style=\"width:1741px;height:auto\"\/><figcaption class=\"wp-element-caption\">Foto: Krisztina Figge<\/figcaption><\/figure>\n<!-- \/wp:image -->\n<!-- \/wp:acf\/slide -->\n\n<!-- wp:acf\/slide {\"name\":\"acf\/slide\",\"data\":[],\"mode\":\"preview\"} -->\n<!-- wp:image {\"id\":28633,\"sizeSlug\":\"full\",\"linkDestination\":\"none\"} -->\n<figure class=\"wp-block-image size-full\"><img src=\"https:\/\/www.jes-stuttgart.de\/wp-content\/uploads\/img-1785-scaled.jpg\" alt=\"\" class=\"wp-image-28633\"\/><figcaption class=\"wp-element-caption\">Foto: Krisztina Figge<\/figcaption><\/figure>\n<!-- \/wp:image -->\n<!-- \/wp:acf\/slide -->\n\n<!-- wp:acf\/slide {\"name\":\"acf\/slide\",\"data\":[],\"mode\":\"preview\"} -->\n<!-- wp:image {\"id\":28635,\"width\":\"1708px\",\"height\":\"auto\",\"sizeSlug\":\"full\",\"linkDestination\":\"none\"} -->\n<figure class=\"wp-block-image size-full is-resized\"><img src=\"https:\/\/www.jes-stuttgart.de\/wp-content\/uploads\/img-1814-scaled.jpg\" alt=\"\" class=\"wp-image-28635\" style=\"width:1708px;height:auto\"\/><figcaption class=\"wp-element-caption\">Foto: Krisztina Figge<\/figcaption><\/figure>\n<!-- \/wp:image -->\n<!-- \/wp:acf\/slide -->\n<!-- \/wp:acf\/gallery -->\n\n<!-- wp:pb\/accordion-item {\"uuid\":279146} -->\n<div class=\"wp-block-pb-accordion-item c-accordion__item js-accordion-item no-js\" data-initially-open=\"false\" data-click-to-close=\"true\" data-auto-close=\"true\" data-scroll=\"false\" data-scroll-offset=\"0\"><h2 id=\"at-279146\" class=\"c-accordion__title js-accordion-controller\" role=\"button\">Infos zum St\u00fcck<\/h2><div id=\"ac-279146\" class=\"c-accordion__content\"><!-- wp:paragraph {\"fontSize\":\"medium\"} -->\n<p class=\"has-medium-font-size\">Ein Raum voller \u00c4ngste: sie liegen, stehen, h\u00e4ngen, nehmen Raum ein. Mal klitzeklein, fast unscheinbar, mal ganz gro\u00df.<br>Das Publikum wird in \u201eDie Angst ist ein abstrakter Popel\u201c eingeladen, sich gemeinsam mit den Angst-Fachexpert*innen den \u00c4ngsten im Raum zu stellen und mutig zu sein. Es wird sortiert, geschoben, gesucht, ausgemessen, genau hingeh\u00f6rt und \u00fcber den eigenen Schatten gesprungen.<br>Dabei tauchen wichtige Fragen auf: Wann gruselt uns die Angst? Wann hilft sie uns und wann kann Angst auch Spa\u00df machen? Erscheint uns die Angst manchmal sogar gr\u00f6\u00dfer, als sie in Wirklichkeit ist? Wie ein abstrakter Popel?<\/p>\n<!-- \/wp:paragraph --><\/div><\/div>\n<!-- \/wp:pb\/accordion-item -->\n\n<!-- wp:pb\/accordion-item {\"uuid\":279147} -->\n<div class=\"wp-block-pb-accordion-item c-accordion__item js-accordion-item no-js\" data-initially-open=\"false\" data-click-to-close=\"true\" data-auto-close=\"true\" data-scroll=\"false\" data-scroll-offset=\"0\"><h2 id=\"at-279147\" class=\"c-accordion__title js-accordion-controller\" role=\"button\">Infos zu sensorischen Reizen<\/h2><div id=\"ac-279147\" class=\"c-accordion__content\"><!-- wp:paragraph {\"fontSize\":\"medium\"} -->\n<p class=\"has-medium-font-size\">\u2013 An einigen Stellen im St\u00fcck ist dunkles Licht.<br>\u2013 Laute Bassmusik wird abgespielt.<br>\u2013 Es tropft an einer Stelle des St\u00fccks Wasser von der Decke.<br>\u2013 An einer Stelle wird ein ferngesteuertes Auto im B\u00fchnenraum rumfahren. Das Auto sieht aus wie eine Spinne.<br>\u2013 Die Hosen und das Kreppband auf der B\u00fchne leuchten im Dunkeln.<br>\u2013 Eine Toilette wird mit einem Seilzug ge\u00f6ffnet. Die Toilette wird blau angeleuchtet und am Klodeckel h\u00e4ngt eine Spielzeugratte.<br>\u2013 Das Publikum wird an manchen Stellen angesprochen.<br>\u2013 Es werden Audiospuren abgespielt.<br>\u2013 An einer Stelle schreit ein Kind kurz, da es einen w\u00fctenden Lehrer spielt.<\/p>\n<!-- \/wp:paragraph --><\/div><\/div>\n<!-- \/wp:pb\/accordion-item -->\n\n<!-- wp:pb\/accordion-item {\"uuid\":279148} -->\n<div class=\"wp-block-pb-accordion-item c-accordion__item js-accordion-item no-js\" data-initially-open=\"false\" data-click-to-close=\"true\" data-auto-close=\"true\" data-scroll=\"false\" data-scroll-offset=\"0\"><h2 id=\"at-279148\" class=\"c-accordion__title js-accordion-controller\" role=\"button\">Content Notes<\/h2><div id=\"ac-279148\" class=\"c-accordion__content\"><!-- wp:paragraph {\"fontSize\":\"medium\"} -->\n<p class=\"has-medium-font-size\">Folgende \u00c4ngste werden thematisiert:<br><br>\u2013 H\u00f6henangst<br>\u2013 Angst vor Spinnen<br>\u2013 Angst vor der Einsamkeit<br>\u2013 Angst vor der Toilette<br>\u2013 Angst vor der Schule<br>\u2013 Angst vor Orten<\/p>\n<!-- \/wp:paragraph --><\/div><\/div>\n<!-- \/wp:pb\/accordion-item -->\n\n<!-- wp:paragraph {\"fontSize\":\"medium\"} -->\n<p class=\"has-medium-font-size\"><br>Ab 8 Jahren<br>Dauer: 40 min<br>Um Anmeldung wird gebeten.<\/p>\n<!-- \/wp:paragraph -->","post_title":"DIE ANGST IST EIN ABSTRAKTER POPEL","post_excerpt":"","post_status":"publish","comment_status":"closed","ping_status":"closed","post_password":"","post_name":"die-angst-ist-ein-abstrakter-popel","to_ping":"","pinged":"","post_modified":"2025-06-24 12:17:29","post_modified_gmt":"2025-06-24 10:17:29","post_content_filtered":"","post_parent":0,"guid":"https:\/\/www.jes-stuttgart.de\/?p=27914","menu_order":0,"post_type":"post","post_mime_type":"","comment_count":"0","filter":"raw"},{"ID":23960,"post_author":"13","post_date":"2024-07-18 14:04:08","post_date_gmt":"2024-07-18 12:04:08","post_content":"<!-- wp:acf\/subtitle {\"name\":\"acf\/subtitle\",\"data\":{\"subtitle\":\"Based on the novel by Kim de l'Horizon\",\"_subtitle\":\"field_66166790ba20b\"},\"mode\":\"edit\"} \/-->\n\n<!-- wp:spacer {\"height\":\"20px\"} -->\n<div style=\"height:20px\" aria-hidden=\"true\" class=\"wp-block-spacer\"><\/div>\n<!-- \/wp:spacer -->\n\n<!-- wp:paragraph {\"style\":{\"elements\":{\"link\":{\"color\":{\"text\":\"var:preset|color|primary3\"}}}},\"textColor\":\"primary3\",\"fontSize\":\"medium\"} -->\n<p class=\"has-primary-3-color has-text-color has-link-color has-medium-font-size\">PREMIERE: 23.05.2025<\/p>\n<!-- \/wp:paragraph -->\n\n<!-- wp:spacer {\"height\":\"20px\"} -->\n<div style=\"height:20px\" aria-hidden=\"true\" class=\"wp-block-spacer\"><\/div>\n<!-- \/wp:spacer -->\n\n<!-- wp:pb\/accordion-item {\"uuid\":239600,\"className\":\"is-style-colored-bg-primary2\"} -->\n<div class=\"wp-block-pb-accordion-item c-accordion__item js-accordion-item no-js is-style-colored-bg-primary2\" data-initially-open=\"false\" data-click-to-close=\"true\" data-auto-close=\"true\" data-scroll=\"false\" data-scroll-offset=\"0\"><h2 id=\"at-239600\" class=\"c-accordion__title js-accordion-controller\" role=\"button\"><strong>Content<\/strong><\/h2><div id=\"ac-239600\" class=\"c-accordion__content\"><!-- wp:paragraph {\"fontSize\":\"medium\"} -->\n<p class=\"has-medium-font-size\">Kim de l'Horizon's multi-award-winning debut novel is the starting point for this theatre piece. \u2018Blutbuch\u2019 is a collection of memories of things that seemed important to our ancestors, an honest struggle with a binary present and a tender dream of a place where everything could be different. This JES production invites you into a garden. The kind of garden we dream of: a place where we actually meet, where we can listen to each other honestly, argue relentlessly and rewrite stories.<br><br>The novel serves as a source of inspiration, a collection of texts and a centre for our own search about imprinting, anger, queerness and family.<br><br>schaefersphilippen\u2122, Theater und Medien GbR, K\u00f6ln.<\/p>\n<!-- \/wp:paragraph --><\/div><\/div>\n<!-- \/wp:pb\/accordion-item -->\n\n<!-- wp:spacer {\"height\":\"20px\"} -->\n<div style=\"height:20px\" aria-hidden=\"true\" class=\"wp-block-spacer\"><\/div>\n<!-- \/wp:spacer -->\n\n<!-- wp:paragraph {\"fontSize\":\"medium\"} -->\n<p class=\"has-medium-font-size\">15+, grades 10 and up<br>Prices: Children\/young people \u20ac7.00, adults \u20ac14.00<br>Venue: Rehearsal stage (capacity 60 seats)<\/p>\n<!-- \/wp:paragraph -->\n\n<!-- wp:paragraph -->\n<p><\/p>\n<!-- \/wp:paragraph -->","post_title":"Blutbuch","post_excerpt":"","post_status":"publish","comment_status":"closed","ping_status":"closed","post_password":"","post_name":"blutbuch","to_ping":"","pinged":"","post_modified":"2025-02-21 11:34:46","post_modified_gmt":"2025-02-21 10:34:46","post_content_filtered":"","post_parent":0,"guid":"https:\/\/www.jes-stuttgart.de\/?p=23960","menu_order":0,"post_type":"post","post_mime_type":"","comment_count":"0","filter":"raw"},{"ID":28757,"post_author":"13","post_date":"2025-07-30 10:32:20","post_date_gmt":"2025-07-30 08:32:20","post_content":"<!-- wp:acf\/subtitle {\"name\":\"acf\/subtitle\",\"data\":{\"subtitle\":\"based on a novel by Lena Hach\",\"_subtitle\":\"field_66166790ba20b\"},\"mode\":\"edit\"} \/-->\n\n<!-- wp:spacer {\"height\":\"20px\"} -->\n<div style=\"height:20px\" aria-hidden=\"true\" class=\"wp-block-spacer\"><\/div>\n<!-- \/wp:spacer -->\n\n<!-- wp:paragraph {\"style\":{\"elements\":{\"link\":{\"color\":{\"text\":\"var:preset|color|primary3\"}}}},\"textColor\":\"primary3\",\"fontSize\":\"medium\"} -->\n<p class=\"has-primary-3-color has-text-color has-link-color has-medium-font-size\">PREMIERE: April 2026<\/p>\n<!-- \/wp:paragraph -->\n\n<!-- wp:spacer {\"height\":\"20px\"} -->\n<div style=\"height:20px\" aria-hidden=\"true\" class=\"wp-block-spacer\"><\/div>\n<!-- \/wp:spacer -->\n\n<!-- wp:acf\/gallery {\"name\":\"acf\/gallery\",\"data\":[],\"mode\":\"preview\"} -->\n<!-- wp:acf\/slide {\"name\":\"acf\/slide\",\"data\":[],\"mode\":\"preview\"} -->\n<!-- wp:image {\"id\":31273,\"sizeSlug\":\"full\",\"linkDestination\":\"none\"} -->\n<figure class=\"wp-block-image size-full\"><img src=\"https:\/\/www.jes-stuttgart.de\/wp-content\/uploads\/img-4313-klein.jpg\" alt=\"\" class=\"wp-image-31273\"\/><figcaption class=\"wp-element-caption\">Foto: Krisztina Figge<\/figcaption><\/figure>\n<!-- \/wp:image -->\n<!-- \/wp:acf\/slide -->\n\n<!-- wp:acf\/slide {\"name\":\"acf\/slide\",\"data\":[],\"mode\":\"preview\"} -->\n<!-- wp:image {\"id\":31281,\"sizeSlug\":\"full\",\"linkDestination\":\"none\"} -->\n<figure class=\"wp-block-image size-full\"><img src=\"https:\/\/www.jes-stuttgart.de\/wp-content\/uploads\/img-4183-klein.jpg\" alt=\"\" class=\"wp-image-31281\"\/><figcaption class=\"wp-element-caption\">Foto: Krisztina Figge<\/figcaption><\/figure>\n<!-- \/wp:image -->\n<!-- \/wp:acf\/slide -->\n\n<!-- wp:acf\/slide {\"name\":\"acf\/slide\",\"data\":[],\"mode\":\"preview\"} -->\n<!-- wp:image {\"id\":31279,\"sizeSlug\":\"full\",\"linkDestination\":\"none\"} -->\n<figure class=\"wp-block-image size-full\"><img src=\"https:\/\/www.jes-stuttgart.de\/wp-content\/uploads\/img-4621-klein.jpg\" alt=\"\" class=\"wp-image-31279\"\/><figcaption class=\"wp-element-caption\">Foto: Krisztina Figge<\/figcaption><\/figure>\n<!-- \/wp:image -->\n<!-- \/wp:acf\/slide -->\n\n<!-- wp:acf\/slide {\"name\":\"acf\/slide\",\"data\":[],\"mode\":\"preview\"} -->\n<!-- wp:image {\"id\":31277,\"sizeSlug\":\"full\",\"linkDestination\":\"none\"} -->\n<figure class=\"wp-block-image size-full\"><img src=\"https:\/\/www.jes-stuttgart.de\/wp-content\/uploads\/img-4328-klein.jpg\" alt=\"\" class=\"wp-image-31277\"\/><figcaption class=\"wp-element-caption\">Foto: Krisztina Figge<\/figcaption><\/figure>\n<!-- \/wp:image -->\n<!-- \/wp:acf\/slide -->\n<!-- \/wp:acf\/gallery -->\n\n<!-- wp:paragraph {\"fontSize\":\"medium\"} -->\n<p class=\"has-medium-font-size\"><\/p>\n<!-- \/wp:paragraph -->\n\n<!-- wp:pb\/accordion-item {\"uuid\":287570,\"className\":\"is-style-colored-bg-primary2\"} -->\n<div class=\"wp-block-pb-accordion-item c-accordion__item js-accordion-item no-js is-style-colored-bg-primary2\" data-initially-open=\"false\" data-click-to-close=\"true\" data-auto-close=\"true\" data-scroll=\"false\" data-scroll-offset=\"0\"><h2 id=\"at-287570\" class=\"c-accordion__title js-accordion-controller\" role=\"button\"><strong>Content<\/strong><\/h2><div id=\"ac-287570\" class=\"c-accordion__content\"><!-- wp:paragraph {\"fontSize\":\"medium\"} -->\n<p class=\"has-medium-font-size\">It's only one short week, but one that Anni will never forget. She first notices Frede in a caf\u00e9. Shortly afterwards, she meets him again during her morning swim in the freezing cold lake, which she does to try and harden herself. They get to know each other, including their respective fears and sometimes sad secrets, and cautiously grow closer. When Anni realises that Fred is trans, she needs to find new words, because the old ones can be wrong or hurtful.<\/p>\n<!-- \/wp:paragraph -->\n\n<!-- wp:paragraph {\"fontSize\":\"medium\"} -->\n<p class=\"has-medium-font-size\">Lena Hach's story about the happiness of first love is the basis for our new mobile production for middle school students. The JES premiere will take place in the lower foyer in spring, with preview performances in classrooms possible from mid-December.<\/p>\n<!-- \/wp:paragraph --><\/div><\/div>\n<!-- \/wp:pb\/accordion-item -->\n\n<!-- wp:spacer {\"height\":\"20px\"} -->\n<div style=\"height:20px\" aria-hidden=\"true\" class=\"wp-block-spacer\"><\/div>\n<!-- \/wp:spacer -->\n\n<!-- wp:paragraph {\"fontSize\":\"medium\"} -->\n<p class=\"has-medium-font-size\">11 and up, grades 5\u20137<br>Prices: Children\/young people \u20ac5.50, adults \u20ac8.00<br>Venue: mobile and foyer<\/p>\n<!-- \/wp:paragraph -->\n\n<!-- wp:embed {\"url\":\"https:\/\/youtu.be\/YeTzZRktHEY\",\"type\":\"video\",\"providerNameSlug\":\"youtube\",\"responsive\":true,\"className\":\"wp-embed-aspect-16-9 wp-has-aspect-ratio\"} -->\n<figure class=\"wp-block-embed is-type-video is-provider-youtube wp-block-embed-youtube wp-embed-aspect-16-9 wp-has-aspect-ratio\"><div class=\"wp-block-embed__wrapper\">\nhttps:\/\/youtu.be\/YeTzZRktHEY\n<\/div><\/figure>\n<!-- \/wp:embed -->","post_title":"Fred und ich","post_excerpt":"","post_status":"publish","comment_status":"closed","ping_status":"closed","post_password":"","post_name":"fredundich","to_ping":"","pinged":"","post_modified":"2025-12-17 10:50:23","post_modified_gmt":"2025-12-17 09:50:23","post_content_filtered":"","post_parent":0,"guid":"https:\/\/www.jes-stuttgart.de\/?p=28757","menu_order":0,"post_type":"post","post_mime_type":"","comment_count":"0","filter":"raw"}]},"_links":{"self":[{"href":"https:\/\/www.jes-stuttgart.de\/en\/wp-json\/wp\/v2\/person\/24577","targetHints":{"allow":["GET"]}}],"collection":[{"href":"https:\/\/www.jes-stuttgart.de\/en\/wp-json\/wp\/v2\/person"}],"about":[{"href":"https:\/\/www.jes-stuttgart.de\/en\/wp-json\/wp\/v2\/types\/person"}],"wp:attachment":[{"href":"https:\/\/www.jes-stuttgart.de\/en\/wp-json\/wp\/v2\/media?parent=24577"}],"wp:term":[{"taxonomy":"position","embeddable":true,"href":"https:\/\/www.jes-stuttgart.de\/en\/wp-json\/wp\/v2\/position?post=24577"}],"curies":[{"name":"wp","href":"https:\/\/api.w.org\/{rel}","templated":true}]}}