{"id":26451,"date":"2024-09-23T14:45:10","date_gmt":"2024-09-23T12:45:10","guid":{"rendered":"https:\/\/www.jes-stuttgart.de\/?post_type=person&#038;p=26451"},"modified":"2025-01-31T11:36:18","modified_gmt":"2025-01-31T10:36:18","slug":"marie-herholt-she-her","status":"publish","type":"person","link":"https:\/\/www.jes-stuttgart.de\/en\/person\/marie-herholt-she-her\/","title":{"rendered":"Marie Herholt (she\/her)"},"content":{"rendered":"\n\n\n<p class=\"has-medium-font-size\">EDUCATION<br>I completed my bachelor&#8217;s degree in cultural and media education in Ludwigsburg and then studied cultural mediation with focus on theater in Hildesheim.<br><br>OTHER PLACES<br>I spent a year in Bochum between my Abitur and my studies and did internships at the KJTZ in Frankfurt am Main and at Schauspiel Stuttgart during my studies.<br><br>JES! AND ME<br>I&#8217;ve already worked at the bar and box office at JES Theater, I&#8217;ve done an internship in theater education, assisted with productions and helped organize the festival &#8220;Sch\u00f6ne Aussicht 2024&#8221;. I got to know JES Theater in 2017 through the &#8220;Club der Schaulustigen&#8221;, which I&#8217;m managing from this season! Full circle moment!<\/p>\n\n\n\n<p><\/p>\n","protected":false},"template":"","position":[160,157],"class_list":["post-26451","person","type-person","status-publish","hentry","position-jes-employees","position-theater-pedagogy"],"acf":{"person_sort":"Herholz","relation_posts":[{"ID":23964,"post_author":"13","post_date":"2024-07-18 10:06:04","post_date_gmt":"2024-07-18 08:06:04","post_content":"<!-- wp:acf\/subtitle {\"name\":\"acf\/subtitle\",\"data\":{\"subtitle\":\"Mobile production for schools\",\"_subtitle\":\"field_66166790ba20b\"},\"mode\":\"edit\"} \/-->\n\n<!-- wp:spacer {\"height\":\"20px\"} -->\n<div style=\"height:20px\" aria-hidden=\"true\" class=\"wp-block-spacer\"><\/div>\n<!-- \/wp:spacer -->\n\n<!-- wp:acf\/gallery {\"name\":\"acf\/gallery\",\"data\":[],\"mode\":\"preview\"} -->\n<!-- wp:acf\/slide {\"name\":\"acf\/slide\",\"data\":[],\"mode\":\"preview\"} -->\n<!-- wp:image {\"id\":26639,\"sizeSlug\":\"large\",\"linkDestination\":\"none\"} -->\n<figure class=\"wp-block-image size-large\"><img src=\"https:\/\/www.jes-stuttgart.de\/wp-content\/uploads\/fywoyzeck-foto-brummer-100-1-2560x1707.jpg\" alt=\"\" class=\"wp-image-26639\"\/><figcaption class=\"wp-element-caption\">Foto: Sebastian Brummer<\/figcaption><\/figure>\n<!-- \/wp:image -->\n<!-- \/wp:acf\/slide -->\n\n<!-- wp:acf\/slide {\"name\":\"acf\/slide\",\"data\":[],\"mode\":\"preview\"} -->\n<!-- wp:image {\"id\":26615,\"sizeSlug\":\"large\",\"linkDestination\":\"none\"} -->\n<figure class=\"wp-block-image size-large\"><img src=\"https:\/\/www.jes-stuttgart.de\/wp-content\/uploads\/fywoyzeck-foto-brummer-134-1707x2560.jpg\" alt=\"\" class=\"wp-image-26615\"\/><figcaption class=\"wp-element-caption\">Foto: Sebastian Brummer<\/figcaption><\/figure>\n<!-- \/wp:image -->\n<!-- \/wp:acf\/slide -->\n\n<!-- wp:acf\/slide {\"name\":\"acf\/slide\",\"data\":[],\"mode\":\"preview\"} -->\n<!-- wp:image {\"id\":26609,\"sizeSlug\":\"large\",\"linkDestination\":\"none\"} -->\n<figure class=\"wp-block-image size-large\"><img src=\"https:\/\/www.jes-stuttgart.de\/wp-content\/uploads\/fywoyzeck-foto-brummer-31-2560x1707.jpg\" alt=\"\" class=\"wp-image-26609\"\/><figcaption class=\"wp-element-caption\">Foto: Sebastian Brummer<\/figcaption><\/figure>\n<!-- \/wp:image -->\n<!-- \/wp:acf\/slide -->\n<!-- \/wp:acf\/gallery -->\n\n<!-- wp:paragraph {\"style\":{\"elements\":{\"link\":{\"color\":{\"text\":\"var:preset|color|primary3\"}}}},\"textColor\":\"primary3\",\"fontSize\":\"medium\"} -->\n<p class=\"has-primary-3-color has-text-color has-link-color has-medium-font-size\"><\/p>\n<!-- \/wp:paragraph -->\n\n<!-- wp:spacer {\"height\":\"20px\"} -->\n<div style=\"height:20px\" aria-hidden=\"true\" class=\"wp-block-spacer\"><\/div>\n<!-- \/wp:spacer -->\n\n<!-- wp:pb\/accordion-item {\"uuid\":239640,\"className\":\"is-style-colored-bg-primary2\"} -->\n<div class=\"wp-block-pb-accordion-item c-accordion__item js-accordion-item no-js is-style-colored-bg-primary2\" data-initially-open=\"false\" data-click-to-close=\"true\" data-auto-close=\"true\" data-scroll=\"false\" data-scroll-offset=\"0\"><h2 id=\"at-239640\" class=\"c-accordion__title js-accordion-controller\" role=\"button\"><strong>Content<\/strong><\/h2><div id=\"ac-239640\" class=\"c-accordion__content\"><!-- wp:paragraph {\"fontSize\":\"medium\"} -->\n<p class=\"has-medium-font-size\">\u2018A good murder, a real murder, a beautiful murder?\u2019<br><br>Marie, Louise, Ophelia, Juliet, Desdemona: classical theatre literature is full of female murder victims. Their common cause of death: patriarchal violence. These texts, mostly written by men, centre perpetrators. Following an inner logic of social pressure and emotional despair, their deeds seem inevitable or even romantic. This is a pattern that is still reflected in reporting on gender-based violence today: Violent acts are labelled \u2018family tragedies\u2019, \u2018jealousy dramas\u2019 or \u2018acts of desperation\u2019 instead of calling them by their name: Femicides, murders of women* because of their gender or gender identity.<br><br>JES sets out to develop a theatrical counter-narrative. Director Pina Bergemann used to work in play clubs at JES, then made a career as an actress and was most recently seen at the Theaterhaus Jena in the multi-award-winning performance \u2018Die Hundekot-Attacke\u2019. After two solo evenings, which she also helped develop, she is now taking on the role of director.<\/p>\n<!-- \/wp:paragraph --><\/div><\/div>\n<!-- \/wp:pb\/accordion-item -->\n\n<!-- wp:spacer {\"height\":\"20px\"} -->\n<div style=\"height:20px\" aria-hidden=\"true\" class=\"wp-block-spacer\"><\/div>\n<!-- \/wp:spacer -->\n\n<!-- wp:paragraph {\"fontSize\":\"medium\"} -->\n<p class=\"has-medium-font-size\">Grades 10 and up<br>Prices: Children\/young people \u20ac7.50, JES-Partner \u20ac6.50<br>Venue: mobile<\/p>\n<!-- \/wp:paragraph -->","post_title":"F*** you, Woyzeck","post_excerpt":"","post_status":"publish","comment_status":"closed","ping_status":"closed","post_password":"","post_name":"f-you-woyzeck","to_ping":"","pinged":"","post_modified":"2025-02-13 15:06:35","post_modified_gmt":"2025-02-13 14:06:35","post_content_filtered":"","post_parent":0,"guid":"https:\/\/www.jes-stuttgart.de\/?p=23964","menu_order":0,"post_type":"post","post_mime_type":"","comment_count":"0","filter":"raw"},{"ID":27811,"post_author":"13","post_date":"2025-04-30 12:57:42","post_date_gmt":"2025-04-30 10:57:42","post_content":"<!-- wp:acf\/subtitle {\"name\":\"acf\/subtitle\",\"data\":{\"subtitle\":\"CLUBTOPIA 2025 - Junges Theaterfestival \/\/ Blue Zones\",\"_subtitle\":\"field_62d65515609a6\"},\"mode\":\"edit\"} \/-->\n\n<!-- wp:spacer {\"height\":\"33px\"} -->\n<div style=\"height:33px\" aria-hidden=\"true\" class=\"wp-block-spacer\"><\/div>\n<!-- \/wp:spacer -->\n\n<!-- wp:pb\/accordion-item {\"uuid\":278110} -->\n<div class=\"wp-block-pb-accordion-item c-accordion__item js-accordion-item no-js\" data-initially-open=\"false\" data-click-to-close=\"true\" data-auto-close=\"true\" data-scroll=\"false\" data-scroll-offset=\"0\"><h2 id=\"at-278110\" class=\"c-accordion__title js-accordion-controller\" role=\"button\">Infos zum St\u00fcck<\/h2><div id=\"ac-278110\" class=\"c-accordion__content\"><!-- wp:paragraph {\"fontSize\":\"medium\"} -->\n<p class=\"has-medium-font-size\">Ein Schwarm, das ist eine gr\u00f6\u00dfere Anzahl sich zusammen fortbewegender, gleichartiger Tiere. Manchmal auch durcheinanderwimmelnd, manchmal ungeordnet. Viele Fische bilden einen Schwarm. Sie sind eine Gemeinschaft, schwimmen zusammen und leben zusammen. Wir sind stark, weil wir viele sind. Aber wie gehe ich nicht unter im Gleichsein? Im Einssein? Die Versuche des gemeinsamen Seins werden in \u201eSchw\u00e4rmen\u201c immer wieder unterbrochen. Finden wir uns wieder oder bleibt jede*r f\u00fcr sich? Finden wir einen Weg, auch im st\u00e4ndigen Scheitern zusammenzubleiben und das Zusammensein zu feiern?<br>Es wird sich gek\u00fcmmert und gestritten, getanzt, versteckt und gesungen. Der Spielclub verhandelt, wie wir in Schw\u00e4rmen f\u00fcreinander da sind und als Gemeinschaft zusammen alt werden.<\/p>\n<!-- \/wp:paragraph --><\/div><\/div>\n<!-- \/wp:pb\/accordion-item -->\n\n<!-- wp:pb\/accordion-item {\"uuid\":278111} -->\n<div class=\"wp-block-pb-accordion-item c-accordion__item js-accordion-item no-js\" data-initially-open=\"false\" data-click-to-close=\"true\" data-auto-close=\"true\" data-scroll=\"false\" data-scroll-offset=\"0\"><h2 id=\"at-278111\" class=\"c-accordion__title js-accordion-controller\" role=\"button\">Infos zu sensorischen Reizen<\/h2><div id=\"ac-278111\" class=\"c-accordion__content\"><!-- wp:paragraph {\"fontSize\":\"medium\"} -->\n<p class=\"has-medium-font-size\">\u2013 Es gibt laute Musik.<br>\u2013 Es gibt pl\u00f6tzliche \u00c4nderungen der Musik.<br>\u2013 Es gibt helle, bunte Lichter und eine Discokugel. Durch die Discokugel entstehen viele Lichtpunkte \u00fcberall im Raum.<br>\u2013 Es gibt Streit in dem St\u00fcck.<br>\u2013 Es gibt einen Vorhang. In manchen Szenen sind Menschen hinter dem Vorhang. Sie sind nicht immer gut zu sehen. Einmal wird das Tuch von hinten angeleuchtet. Dann wird es fast durchsichtig.<\/p>\n<!-- \/wp:paragraph --><\/div><\/div>\n<!-- \/wp:pb\/accordion-item -->\n\n<!-- wp:paragraph {\"fontSize\":\"medium\"} -->\n<p class=\"has-medium-font-size\"><br>Ab 14 Jahren<br>Dauer: 45 min<br>Um Anmeldung wird gebeten.<\/p>\n<!-- \/wp:paragraph -->","post_title":"SCHW\u00c4RMEN","post_excerpt":"","post_status":"publish","comment_status":"closed","ping_status":"closed","post_password":"","post_name":"schwaermen","to_ping":"","pinged":"","post_modified":"2025-06-24 11:33:38","post_modified_gmt":"2025-06-24 09:33:38","post_content_filtered":"","post_parent":0,"guid":"https:\/\/www.jes-stuttgart.de\/?p=27811","menu_order":0,"post_type":"post","post_mime_type":"","comment_count":"0","filter":"raw"},{"ID":29070,"post_author":"13","post_date":"2025-07-30 10:33:21","post_date_gmt":"2025-07-30 08:33:21","post_content":"<!-- wp:acf\/subtitle {\"name\":\"acf\/subtitle\",\"data\":{\"subtitle\":\"A crime play\",\"_subtitle\":\"field_66166790ba20b\"},\"mode\":\"edit\"} \/-->\n\n<!-- wp:paragraph {\"style\":{\"elements\":{\"link\":{\"color\":{\"text\":\"var:preset|color|primary3\"}}}},\"textColor\":\"primary3\",\"fontSize\":\"medium\"} -->\n<p class=\"has-primary-3-color has-text-color has-link-color has-medium-font-size\">PREMIERE: 28.03.2026<\/p>\n<!-- \/wp:paragraph -->\n\n<!-- wp:pb\/accordion-item {\"uuid\":290700,\"className\":\"is-style-colored-bg-primary2\"} -->\n<div class=\"wp-block-pb-accordion-item c-accordion__item js-accordion-item no-js is-style-colored-bg-primary2\" data-initially-open=\"false\" data-click-to-close=\"true\" data-auto-close=\"true\" data-scroll=\"false\" data-scroll-offset=\"0\"><h2 id=\"at-290700\" class=\"c-accordion__title js-accordion-controller\" role=\"button\">Content<\/h2><div id=\"ac-290700\" class=\"c-accordion__content\"><!-- wp:paragraph {\"backgroundColor\":\"primary2\",\"fontSize\":\"medium\"} -->\n<p class=\"has-primary-2-background-color has-background has-medium-font-size\">The door is shut, and all questions remain unanswered. An abandoned stage and many clues behind the door provide a space for wild speculation and hair-raising fantasies about what might have happened before or what could happen next, together with the question of whether whatever happens should be prevented. Puzzles upon puzzles arise for the four performers. This crime-like play is a plea for more mutual trust and playful freedom.Roads, kitchens, forests, playgrounds: dangers for children lurk everywhere, and the potential risk is enormous. Places where children can play unsupervised are becoming fewer and fewer, and children's range of movement is getting smaller and smaller. With both of these factors combined, the opportunity to learn how to deal with dangers in a playful way and to experience self-efficacy is disappearing. But what do children actually do when they play freely and unsupervised? How dangerous is it really? Or: What do adults think children do when they play alone, and what dangers do they imagine?<\/p>\n<!-- \/wp:paragraph --><\/div><\/div>\n<!-- \/wp:pb\/accordion-item -->\n\n<!-- wp:paragraph -->\n<p><\/p>\n<!-- \/wp:paragraph -->","post_title":"Eintritt auf eigene Gefahr","post_excerpt":"","post_status":"publish","comment_status":"closed","ping_status":"closed","post_password":"","post_name":"eintritt-auf-eigene-gefahr","to_ping":"","pinged":"","post_modified":"2025-09-29 16:22:12","post_modified_gmt":"2025-09-29 14:22:12","post_content_filtered":"","post_parent":0,"guid":"https:\/\/www.jes-stuttgart.de\/?p=29070","menu_order":0,"post_type":"post","post_mime_type":"","comment_count":"0","filter":"raw"},{"ID":28754,"post_author":"13","post_date":"2025-07-30 10:25:20","post_date_gmt":"2025-07-30 08:25:20","post_content":"<!-- wp:spacer {\"height\":\"20px\"} -->\n<div style=\"height:20px\" aria-hidden=\"true\" class=\"wp-block-spacer\"><\/div>\n<!-- \/wp:spacer -->\n\n<!-- wp:columns -->\n<div class=\"wp-block-columns\"><!-- wp:column {\"width\":\"70%\"} -->\n<div class=\"wp-block-column\" style=\"flex-basis:70%\"><!-- wp:paragraph {\"style\":{\"elements\":{\"link\":{\"color\":{\"text\":\"var:preset|color|black\"}}}},\"textColor\":\"black\",\"fontSize\":\"medium\"} -->\n<p class=\"has-black-color has-text-color has-link-color has-medium-font-size\">A deviced play<br>in German spoken language and German sign language<br>with audio description<\/p>\n<!-- \/wp:paragraph --><\/div>\n<!-- \/wp:column -->\n\n<!-- wp:column {\"width\":\"33.33%\"} -->\n<div class=\"wp-block-column\" style=\"flex-basis:33.33%\"><!-- wp:image {\"id\":34110,\"width\":\"200px\",\"sizeSlug\":\"full\",\"linkDestination\":\"none\"} -->\n<figure class=\"wp-block-image size-full is-resized\"><img src=\"https:\/\/www.jes-stuttgart.de\/wp-content\/uploads\/symbole-beide.png\" alt=\"\" class=\"wp-image-34110\" style=\"width:200px\"\/><\/figure>\n<!-- \/wp:image --><\/div>\n<!-- \/wp:column --><\/div>\n<!-- \/wp:columns -->\n\n<!-- wp:acf\/gallery {\"name\":\"acf\/gallery\",\"mode\":\"preview\"} -->\n<!-- wp:acf\/slide {\"name\":\"acf\/slide\",\"mode\":\"preview\"} -->\n<!-- wp:image {\"id\":30082,\"sizeSlug\":\"full\",\"linkDestination\":\"none\"} -->\n<figure class=\"wp-block-image size-full\"><img src=\"https:\/\/www.jes-stuttgart.de\/wp-content\/uploads\/klein-jes-wow-foto-brummer-20-korr.jpg\" alt=\"\" class=\"wp-image-30082\"\/><figcaption class=\"wp-element-caption\">Photo: Sebastian Brummer<\/figcaption><\/figure>\n<!-- \/wp:image -->\n<!-- \/wp:acf\/slide -->\n\n<!-- wp:acf\/slide {\"name\":\"acf\/slide\",\"mode\":\"preview\"} -->\n<!-- wp:image {\"id\":30089,\"sizeSlug\":\"full\",\"linkDestination\":\"none\"} -->\n<figure class=\"wp-block-image size-full\"><img src=\"https:\/\/www.jes-stuttgart.de\/wp-content\/uploads\/klein-jes-wow-foto-brummer-48-scaled.jpg\" alt=\"\" class=\"wp-image-30089\"\/><figcaption class=\"wp-element-caption\">Photo: Sebastian Brummer<\/figcaption><\/figure>\n<!-- \/wp:image -->\n<!-- \/wp:acf\/slide -->\n\n<!-- wp:acf\/slide {\"name\":\"acf\/slide\",\"mode\":\"preview\"} -->\n<!-- wp:image {\"id\":30087,\"sizeSlug\":\"full\",\"linkDestination\":\"none\"} -->\n<figure class=\"wp-block-image size-full\"><img src=\"https:\/\/www.jes-stuttgart.de\/wp-content\/uploads\/jes-wow-foto-brummer-20.jpg\" alt=\"\" class=\"wp-image-30087\"\/><figcaption class=\"wp-element-caption\">Photo: Sebastian Brummer<\/figcaption><\/figure>\n<!-- \/wp:image -->\n<!-- \/wp:acf\/slide -->\n\n<!-- wp:acf\/slide {\"name\":\"acf\/slide\",\"mode\":\"preview\"} -->\n<!-- wp:image {\"id\":30099,\"sizeSlug\":\"full\",\"linkDestination\":\"none\"} -->\n<figure class=\"wp-block-image size-full\"><img src=\"https:\/\/www.jes-stuttgart.de\/wp-content\/uploads\/klein-jes-wow-foto-brummer-43-korr.jpg\" alt=\"\" class=\"wp-image-30099\"\/><figcaption class=\"wp-element-caption\">Photo: Sebastian Brummer<\/figcaption><\/figure>\n<!-- \/wp:image -->\n<!-- \/wp:acf\/slide -->\n\n<!-- wp:acf\/slide {\"name\":\"acf\/slide\",\"mode\":\"preview\"} -->\n<!-- wp:image {\"id\":30091,\"sizeSlug\":\"full\",\"linkDestination\":\"none\"} -->\n<figure class=\"wp-block-image size-full\"><img src=\"https:\/\/www.jes-stuttgart.de\/wp-content\/uploads\/klein-jes-wow-foto-brummer-72.jpg\" alt=\"\" class=\"wp-image-30091\"\/><figcaption class=\"wp-element-caption\">Photo: Sebastian Brummer<\/figcaption><\/figure>\n<!-- \/wp:image -->\n<!-- \/wp:acf\/slide -->\n<!-- \/wp:acf\/gallery -->\n\n<!-- wp:spacer {\"height\":\"20px\"} -->\n<div style=\"height:20px\" aria-hidden=\"true\" class=\"wp-block-spacer\"><\/div>\n<!-- \/wp:spacer -->\n\n<!-- wp:pb\/accordion-item {\"uuid\":287540,\"className\":\"is-style-colored-bg-primary2\"} -->\n<div class=\"wp-block-pb-accordion-item c-accordion__item js-accordion-item no-js is-style-colored-bg-primary2\" data-initially-open=\"false\" data-click-to-close=\"true\" data-auto-close=\"true\" data-scroll=\"false\" data-scroll-offset=\"0\"><h2 id=\"at-287540\" class=\"c-accordion__title js-accordion-controller\" role=\"button\"><strong>Content<\/strong><\/h2><div id=\"ac-287540\" class=\"c-accordion__content\"><!-- wp:paragraph {\"fontSize\":\"medium\"} -->\n<p class=\"has-medium-font-size\">A crack runs through the stage. Did it just suddenly appear? Or has it always been there? Is it getting bigger? How deep is it, and can we overcome it? One thing is for certain: it\u2019s here now, and it challenges us to deal with the new circumstances. While some mourn the time before the crack emerged, others are already eagerly embracing the opportunities it offers. And what if other things in the space change while we are still getting used to what\u2019s new?<\/p>\n<!-- \/wp:paragraph -->\n\n<!-- wp:paragraph {\"fontSize\":\"medium\"} -->\n<p class=\"has-medium-font-size\">Director Josie Dale-Jones is developing this play together with the ensemble. With lots of movement, they will jointly explore the themes of fear and change. For this production, the JES ensemble is joined on and above the stage by two aerial acrobats.<\/p>\n<!-- \/wp:paragraph --><\/div><\/div>\n<!-- \/wp:pb\/accordion-item -->\n\n<!-- wp:pb\/accordion-item {\"uuid\":287541,\"className\":\"is-style-colored-bg-primary2\"} -->\n<div class=\"wp-block-pb-accordion-item c-accordion__item js-accordion-item no-js is-style-colored-bg-primary2\" data-initially-open=\"false\" data-click-to-close=\"true\" data-auto-close=\"true\" data-scroll=\"false\" data-scroll-offset=\"0\"><h2 id=\"at-287541\" class=\"c-accordion__title js-accordion-controller\" role=\"button\">Notes on accessibility<\/h2><div id=\"ac-287541\" class=\"c-accordion__content\"><!-- wp:paragraph {\"fontSize\":\"medium\"} -->\n<p class=\"has-medium-font-size\">\u2022&nbsp;&nbsp;&nbsp; There are several wheelchair spaces available in the theatre auditorium.<\/p>\n<!-- \/wp:paragraph -->\n\n<!-- wp:paragraph {\"fontSize\":\"medium\"} -->\n<p class=\"has-medium-font-size\">\u2022&nbsp;&nbsp;&nbsp; There is also an accessible toilet in front of the JES studios (entrance C, 1st floor), which can be reached via lift.<\/p>\n<!-- \/wp:paragraph -->\n\n<!-- wp:paragraph {\"fontSize\":\"medium\"} -->\n<p class=\"has-medium-font-size\">\u2022&nbsp;&nbsp;&nbsp; The nearest disabled parking spaces are located on Eberhardstra\u00dfe, Breite Stra\u00dfe and Christophstra\u00dfe.<\/p>\n<!-- \/wp:paragraph -->\n\n<!-- wp:paragraph {\"fontSize\":\"medium\"} -->\n<p class=\"has-medium-font-size\">\u2022&nbsp;&nbsp;&nbsp; We are happy to pick you up at the nearest bus or train stop.<\/p>\n<!-- \/wp:paragraph -->\n\n<!-- wp:paragraph {\"fontSize\":\"medium\"} -->\n<p class=\"has-medium-font-size\">\u2022&nbsp;&nbsp;&nbsp; Your assistance dog is welcome.<\/p>\n<!-- \/wp:paragraph -->\n\n<!-- wp:paragraph {\"fontSize\":\"medium\"} -->\n<p class=\"has-medium-font-size\">\u2022&nbsp;&nbsp;&nbsp; There is free seating during the performance. Please let us know if you would benefit from early boarding.<\/p>\n<!-- \/wp:paragraph -->\n\n<!-- wp:paragraph {\"fontSize\":\"medium\"} -->\n<p class=\"has-medium-font-size\">Detailed information on accessibility and inclusion at JES can be found <a href=\"https:\/\/www.jes-stuttgart.de\/en\/accessibility-inclusive-offers\/\" target=\"_blank\" rel=\"noreferrer noopener\"><strong>here<\/strong><\/a>!<\/p>\n<!-- \/wp:paragraph --><\/div><\/div>\n<!-- \/wp:pb\/accordion-item -->\n\n<!-- wp:spacer {\"height\":\"20px\"} -->\n<div style=\"height:20px\" aria-hidden=\"true\" class=\"wp-block-spacer\"><\/div>\n<!-- \/wp:spacer -->\n\n<!-- wp:paragraph {\"fontSize\":\"medium\"} -->\n<p class=\"has-medium-font-size\">10+, grades 5 and up<br>Prices: Children\/young people \u20ac7.00, adults \u20ac14.00<br>Venue: theatre hall (capacity 180 seats)<\/p>\n<!-- \/wp:paragraph -->\n\n<!-- wp:paragraph -->\n<p><\/p>\n<!-- \/wp:paragraph -->\n\n<!-- wp:spacer {\"height\":\"20px\"} -->\n<div style=\"height:20px\" aria-hidden=\"true\" class=\"wp-block-spacer\"><\/div>\n<!-- \/wp:spacer -->\n\n<!-- wp:embed {\"url\":\"https:\/\/www.youtube.com\/watch?v=z0_0wG32lEg\",\"type\":\"video\",\"providerNameSlug\":\"youtube\",\"responsive\":true,\"className\":\"wp-embed-aspect-16-9 wp-has-aspect-ratio\"} -->\n<figure class=\"wp-block-embed is-type-video is-provider-youtube wp-block-embed-youtube wp-embed-aspect-16-9 wp-has-aspect-ratio\"><div class=\"wp-block-embed__wrapper\">\nhttps:\/\/www.youtube.com\/watch?v=z0_0wG32lEg\n<\/div><\/figure>\n<!-- \/wp:embed -->","post_title":"WOW?!","post_excerpt":"","post_status":"publish","comment_status":"closed","ping_status":"closed","post_password":"","post_name":"__trashed-3","to_ping":"","pinged":"","post_modified":"2026-03-26 17:06:04","post_modified_gmt":"2026-03-26 16:06:04","post_content_filtered":"","post_parent":0,"guid":"https:\/\/www.jes-stuttgart.de\/?p=28754","menu_order":0,"post_type":"post","post_mime_type":"","comment_count":"0","filter":"raw"},{"ID":4946,"post_author":"3","post_date":"2022-07-29 14:32:30","post_date_gmt":"2022-07-29 12:32:30","post_content":"<!-- wp:acf\/subtitle {\"name\":\"acf\/subtitle\",\"data\":{\"subtitle\":\"16\u201325 Jahre\",\"_subtitle\":\"field_62d65515609a6\"},\"mode\":\"edit\"} \/-->\n\n<!-- wp:spacer {\"height\":\"20px\"} -->\n<div style=\"height:20px\" aria-hidden=\"true\" class=\"wp-block-spacer\"><\/div>\n<!-- \/wp:spacer -->\n\n<!-- wp:paragraph {\"backgroundColor\":\"primary\",\"fontSize\":\"medium\"} -->\n<p class=\"has-primary-background-color has-background has-medium-font-size\"><strong>Donnerstags von 19\u201321 Uhr im JES (und in anderen Theatern Stuttgarts)<\/strong><br><br><strong>W\u00f6chentlich November 2025 \u2013 Juli 2026, au\u00dfer w\u00e4hrend der Schulferien<br><br>Start: 13. November 2025<\/strong><br><br>Hast du Lust neue Menschen kennenzulernen und Stuttgarts Theaterlandschaft zu entdecken? Wir nehmen uns Zeit, um Theater zu schauen, neue Orte zu entdecken und gemeinsam \u00fcber Theater zu sprechen. Wir schauen Oper, Schauspiel, Performance, Tanz, Puppenspiel und alles, was die darstellenden K\u00fcnste in Stuttgart sonst noch so zu bieten haben. Wir entscheiden gemeinsam welche Orte und Auff\u00fchrungen wir besuchen wollen. Wir treffen uns jede Woche. Immer abwechselnd wird etwas geschaut und dann gesprochen. Wir probieren verschiedene Formate aus, wie wir miteinander in den Austausch \u00fcber die erlebten Auff\u00fchrungen kommen k\u00f6nnen.<br><br><strong>Auftakttreffen: 13.11.2025 im JES<\/strong><br><br>Erster gemeinsamer Auff\u00fchrungsbesuch: 20.11.2025 \u201e<a href=\"https:\/\/www.jes-stuttgart.de\/f-you-woyzeck\/\">F*** you, Woyzeck<\/a>\u201c im JES<br><br>Mit: Marie Herholz und Jonas Feller<br><br><strong>Anmeldung ab September 2025 unter: <\/strong><br><a href=\"mailto:\"><strong>clubs@jes-stuttgart.de<\/strong><\/a><br><br>Teilnahmegeb\u00fchr: 80,00 Euro* (inkl. JES-Clubausweis \u2013 kostenfrei Theaterschauen im JES). Wir werden im Laufe der Spielzeit ca. 10-11 Auff\u00fchrungen gemeinsam besuchen.<br><br>*In der Teilnahmegeb\u00fchr sind alle Eintrittskarten bereits enthalten. Die Teilnahmegeb\u00fchr ist f\u00fcr dich zu teuer oder ein Hindernis? Melde dich gerne bei uns und wir finden auf jeden Fall eine L\u00f6sung!<\/p>\n<!-- \/wp:paragraph -->","post_title":"Club der Schaulustigen","post_excerpt":"","post_status":"publish","comment_status":"closed","ping_status":"closed","post_password":"","post_name":"club-der-schaulustigen","to_ping":"","pinged":"","post_modified":"2025-10-14 14:10:39","post_modified_gmt":"2025-10-14 12:10:39","post_content_filtered":"","post_parent":0,"guid":"https:\/\/www.jes-stuttgart.de\/?post_type=event&#038;p=4946","menu_order":2,"post_type":"post","post_mime_type":"","comment_count":"0","filter":"raw"}]},"_links":{"self":[{"href":"https:\/\/www.jes-stuttgart.de\/en\/wp-json\/wp\/v2\/person\/26451","targetHints":{"allow":["GET"]}}],"collection":[{"href":"https:\/\/www.jes-stuttgart.de\/en\/wp-json\/wp\/v2\/person"}],"about":[{"href":"https:\/\/www.jes-stuttgart.de\/en\/wp-json\/wp\/v2\/types\/person"}],"wp:attachment":[{"href":"https:\/\/www.jes-stuttgart.de\/en\/wp-json\/wp\/v2\/media?parent=26451"}],"wp:term":[{"taxonomy":"position","embeddable":true,"href":"https:\/\/www.jes-stuttgart.de\/en\/wp-json\/wp\/v2\/position?post=26451"}],"curies":[{"name":"wp","href":"https:\/\/api.w.org\/{rel}","templated":true}]}}