{"id":5275,"date":"2022-07-20T20:50:16","date_gmt":"2022-07-20T18:50:16","guid":{"rendered":"https:\/\/www.jes-stuttgart.de\/person\/lee-muelders\/"},"modified":"2026-01-19T14:05:28","modified_gmt":"2026-01-19T13:05:28","slug":"lee-muelders","status":"publish","type":"person","link":"https:\/\/www.jes-stuttgart.de\/en\/person\/lee-muelders\/","title":{"rendered":"Lee M\u00fclders"},"content":{"rendered":"\n<figure class=\"wp-block-image size-full\"><img loading=\"lazy\" decoding=\"async\" width=\"1068\" height=\"1453\" src=\"https:\/\/www.jes-stuttgart.de\/wp-content\/uploads\/lee-bewerbungsfoto-levi-hammes.jpg\" alt=\"\" class=\"wp-image-31693\" srcset=\"https:\/\/www.jes-stuttgart.de\/wp-content\/uploads\/lee-bewerbungsfoto-levi-hammes.jpg 1068w, https:\/\/www.jes-stuttgart.de\/wp-content\/uploads\/lee-bewerbungsfoto-levi-hammes-941x1280.jpg 941w, https:\/\/www.jes-stuttgart.de\/wp-content\/uploads\/lee-bewerbungsfoto-levi-hammes-147x200.jpg 147w, https:\/\/www.jes-stuttgart.de\/wp-content\/uploads\/lee-bewerbungsfoto-levi-hammes-768x1045.jpg 768w, https:\/\/www.jes-stuttgart.de\/wp-content\/uploads\/lee-bewerbungsfoto-levi-hammes-1024x1393.jpg 1024w, https:\/\/www.jes-stuttgart.de\/wp-content\/uploads\/lee-bewerbungsfoto-levi-hammes-640x871.jpg 640w, https:\/\/www.jes-stuttgart.de\/wp-content\/uploads\/lee-bewerbungsfoto-levi-hammes-320x435.jpg 320w\" sizes=\"auto, (max-width: 1068px) 100vw, 1068px\" \/><figcaption class=\"wp-element-caption\">Foto: Levi Hammes<\/figcaption><\/figure>\n\n\n\n<p class=\"has-normal-font-size\" style=\"text-transform:uppercase\">Education<\/p>\n\n\n\n<p class=\"has-medium-font-size\">I was born in Wuppertal in 2003 and grew up in Stuttgart. I graduated from high school in Stuttgart in spring 2021.<\/p>\n\n\n\n<div style=\"height:20px\" aria-hidden=\"true\" class=\"wp-block-spacer\"><\/div>\n\n\n\n<p class=\"has-normal-font-size\" style=\"text-transform:uppercase\">JES! And Me<\/p>\n\n\n\n<p class=\"has-medium-font-size\">JES has been a part of my life since I was eight years old. As a child and teenager, I participated in numerous play clubs and was part of the productions \u201cR.E.S.P.E.C.T.\u201d from 2017 to 2019 and \u201cIdentity\u201d from 2019 to 2020.<br>In autumn 2021, I did my first assistant directing at JES for the production \u201cArchive der K\u00f6rper\u201d and have been permanently engaged as an assistant director since the 2022\/23 season, starting with the production \u201cHier ist noch alles m\u00f6glich\u201d.<\/p>\n\n\n\n<div style=\"height:20px\" aria-hidden=\"true\" class=\"wp-block-spacer\"><\/div>\n","protected":false},"template":"","position":[238,179,108],"class_list":["post-5275","person","type-person","status-publish","hentry","position-assistance","position-assistant-director","position-assistenz"],"acf":{"person_sort":"M\u00fclders","person_pronoun":"","relation_posts":[{"ID":5340,"post_author":"2","post_date":"2022-06-29 17:36:08","post_date_gmt":"2022-06-29 15:36:08","post_content":"<!-- wp:acf\/subtitle {\"name\":\"acf\/subtitle\",\"data\":{\"subtitle\":\"A classroom play\",\"_subtitle\":\"field_62fbf1f7c4e58\"},\"mode\":\"preview\"} \/-->\n\n<!-- wp:spacer {\"height\":\"20px\"} -->\n<div style=\"height:20px\" aria-hidden=\"true\" class=\"wp-block-spacer\"><\/div>\n<!-- \/wp:spacer -->\n\n<!-- wp:acf\/gallery {\"name\":\"acf\/gallery\",\"mode\":\"preview\"} -->\n<!-- wp:acf\/slide {\"name\":\"acf\/slide\",\"align\":\"center\",\"mode\":\"preview\"} -->\n<!-- wp:image {\"id\":8188,\"sizeSlug\":\"full\",\"linkDestination\":\"none\",\"align\":\"center\",\"className\":\"is-style-default\"} -->\n<figure class=\"wp-block-image aligncenter size-full is-style-default\"><img src=\"https:\/\/www.jes-stuttgart.de\/wp-content\/uploads\/22-jes-klassenfahrt-foto-verena-ecker-3.jpg\" alt=\"\" class=\"wp-image-8188\"\/><figcaption class=\"wp-element-caption\"> Photo: Verena Ecker<\/figcaption><\/figure>\n<!-- \/wp:image -->\n<!-- \/wp:acf\/slide -->\n\n<!-- wp:acf\/slide {\"name\":\"acf\/slide\",\"align\":\"center\",\"mode\":\"preview\"} -->\n<!-- wp:image {\"id\":8196,\"sizeSlug\":\"full\",\"linkDestination\":\"none\",\"align\":\"center\",\"className\":\"is-style-default\"} -->\n<figure class=\"wp-block-image aligncenter size-full is-style-default\"><img src=\"https:\/\/www.jes-stuttgart.de\/wp-content\/uploads\/22-jes-klassenfahrt-foto-verena-ecker-11.jpg\" alt=\"\" class=\"wp-image-8196\"\/><figcaption class=\"wp-element-caption\"> Photo: Verena Ecker<\/figcaption><\/figure>\n<!-- \/wp:image -->\n<!-- \/wp:acf\/slide -->\n\n<!-- wp:acf\/slide {\"name\":\"acf\/slide\",\"align\":\"center\",\"mode\":\"preview\"} -->\n<!-- wp:image {\"id\":8190,\"sizeSlug\":\"full\",\"linkDestination\":\"none\",\"align\":\"center\",\"className\":\"is-style-default\"} -->\n<figure class=\"wp-block-image aligncenter size-full is-style-default\"><img src=\"https:\/\/www.jes-stuttgart.de\/wp-content\/uploads\/22-jes-klassenfahrt-foto-verena-ecker-7.jpg\" alt=\"\" class=\"wp-image-8190\"\/><figcaption class=\"wp-element-caption\"> Photo: Verena Ecker<\/figcaption><\/figure>\n<!-- \/wp:image -->\n<!-- \/wp:acf\/slide -->\n\n<!-- wp:acf\/slide {\"name\":\"acf\/slide\",\"align\":\"center\",\"mode\":\"preview\"} -->\n<!-- wp:image {\"id\":8194,\"sizeSlug\":\"full\",\"linkDestination\":\"none\",\"align\":\"center\",\"className\":\"is-style-default\"} -->\n<figure class=\"wp-block-image aligncenter size-full is-style-default\"><img src=\"https:\/\/www.jes-stuttgart.de\/wp-content\/uploads\/22-jes-klassenfahrt-foto-verena-ecker-9.jpg\" alt=\"\" class=\"wp-image-8194\"\/><figcaption class=\"wp-element-caption\"> Photo: Verena Ecker<\/figcaption><\/figure>\n<!-- \/wp:image -->\n<!-- \/wp:acf\/slide -->\n\n<!-- wp:acf\/slide {\"name\":\"acf\/slide\",\"align\":\"center\",\"mode\":\"preview\"} -->\n<!-- wp:image {\"id\":8192,\"sizeSlug\":\"full\",\"linkDestination\":\"none\",\"align\":\"center\",\"className\":\"is-style-default\"} -->\n<figure class=\"wp-block-image aligncenter size-full is-style-default\"><img src=\"https:\/\/www.jes-stuttgart.de\/wp-content\/uploads\/22-jes-klassenfahrt-foto-verena-ecker-8.jpg\" alt=\"\" class=\"wp-image-8192\"\/><figcaption class=\"wp-element-caption\"> Photo: Verena Ecker<\/figcaption><\/figure>\n<!-- \/wp:image -->\n<!-- \/wp:acf\/slide -->\n<!-- \/wp:acf\/gallery -->\n\n<!-- wp:spacer {\"height\":\"20px\"} -->\n<div style=\"height:20px\" aria-hidden=\"true\" class=\"wp-block-spacer\"><\/div>\n<!-- \/wp:spacer -->\n\n<!-- wp:paragraph {\"fontSize\":\"medium\"} -->\n<p class=\"has-medium-font-size\">They are supposed to be best friends. For four years they experienced and did everything together, even had the same schoolbag. But now everything is different: the way to school is longer, the building is much bigger, teachers and classmates are new, students on the playground are no longer all smaller, but all bigger again. And challenges grow with the number of different subjects.<br><br>Soon they notice that they hardly have the same interests anymore. More and more often, they don't understand each other, with arguments building over time between the two friends \u2013 that is, if they are still friends at all. They don\u2019t talk much anymore That\u2019s difficult enough as it is, but then there\u2019s the school trip that is set to last several days. Here, they can no longer avoid each other. Rather reluctantly, they have to set off together, on an unexpectedly adventurous forest excursion.<br><br>With theatre at school the classroom becomes the stage: with our two new ensemble members Estelle and Lola we are developing a mobile play about friendship and the challenges of a new beginning at the intersection between primary and secondary school.<\/p>\n<!-- \/wp:paragraph -->\n\n<!-- wp:spacer {\"height\":\"20px\"} -->\n<div style=\"height:20px\" aria-hidden=\"true\" class=\"wp-block-spacer\"><\/div>\n<!-- \/wp:spacer -->\n\n<!-- wp:paragraph {\"fontSize\":\"medium\"} -->\n<p class=\"has-medium-font-size\">More information can be found <strong><a href=\"https:\/\/www.jes-stuttgart.de\/wp-content\/uploads\/infos_klassenfahrt_mobil-2.pdf\" data-type=\"URL\" data-id=\"https:\/\/www.jes-stuttgart.de\/wp-content\/uploads\/infos_klassenfahrt_mobil-2.pdf\">here<\/a><\/strong><mark style=\"background-color:rgba(0, 0, 0, 0)\" class=\"has-inline-color has-black-color\">.<\/mark><\/p>\n<!-- \/wp:paragraph -->\n\n<!-- wp:spacer {\"height\":\"50px\"} -->\n<div style=\"height:50px\" aria-hidden=\"true\" class=\"wp-block-spacer\"><\/div>\n<!-- \/wp:spacer -->\n\n<!-- wp:paragraph {\"textColor\":\"primary\",\"fontSize\":\"medium\"} -->\n<p class=\"has-primary-color has-text-color has-medium-font-size\">Grades 4-5<br>Duration: 45 minutes<br>Price: \u20ac7.50 per student<\/p>\n<!-- \/wp:paragraph -->\n\n<!-- wp:group {\"layout\":{\"type\":\"constrained\"}} -->\n<div class=\"wp-block-group\"><!-- wp:columns -->\n<div class=\"wp-block-columns\"><!-- wp:column -->\n<div class=\"wp-block-column\"><!-- wp:pb\/accordion-item {\"uuid\":53400} -->\n<div class=\"wp-block-pb-accordion-item c-accordion__item js-accordion-item no-js\" data-initially-open=\"false\" data-click-to-close=\"true\" data-auto-close=\"true\" data-scroll=\"false\" data-scroll-offset=\"0\"><h2 id=\"at-53400\" class=\"c-accordion__title js-accordion-controller\" role=\"button\">Notes on sensory stimuli<\/h2><div id=\"ac-53400\" class=\"c-accordion__content\"><!-- wp:paragraph {\"fontSize\":\"medium\"} -->\n<p class=\"has-medium-font-size\">The following sensory stimuli appear <strong>in places<\/strong> in the production:<br><br>- At the beginning of the play, the actors run into the room quickly and without announcement.<br>- The actors sit down on the tables between the pupils. They run over the tables and crawl under them. They run through the whole classroom.<br>- The actors disguise their voices and play different roles.<br>- The pupils are played directly.<br><br>If you have any concerns or questions, please contact us at <a href=\"mailto:ticket@jes-stuttgart.de\">ticket@jes-stuttgart.de<\/a>.<br>We will be happy to advise you and work out together how we can help.<\/p>\n<!-- \/wp:paragraph --><\/div><\/div>\n<!-- \/wp:pb\/accordion-item --><\/div>\n<!-- \/wp:column --><\/div>\n<!-- \/wp:columns --><\/div>\n<!-- \/wp:group -->\n\n<!-- wp:spacer {\"height\":\"50px\"} -->\n<div style=\"height:50px\" aria-hidden=\"true\" class=\"wp-block-spacer\"><\/div>\n<!-- \/wp:spacer -->\n\n<!-- wp:embed {\"url\":\"https:\/\/www.youtube.com\/watch?v=pGs0RuSTV48\",\"type\":\"video\",\"providerNameSlug\":\"youtube\",\"responsive\":true,\"className\":\"wp-embed-aspect-16-9 wp-has-aspect-ratio\"} -->\n<figure class=\"wp-block-embed is-type-video is-provider-youtube wp-block-embed-youtube wp-embed-aspect-16-9 wp-has-aspect-ratio\"><div class=\"wp-block-embed__wrapper\">\nhttps:\/\/www.youtube.com\/watch?v=pGs0RuSTV48\n<\/div><figcaption class=\"wp-element-caption\">Video: Adrian Schmidt<\/figcaption><\/figure>\n<!-- \/wp:embed -->\n\n<!-- wp:spacer {\"height\":\"20px\"} -->\n<div style=\"height:20px\" aria-hidden=\"true\" class=\"wp-block-spacer\"><\/div>\n<!-- \/wp:spacer -->","post_title":"Klassenfahrt","post_excerpt":"","post_status":"publish","comment_status":"closed","ping_status":"closed","post_password":"","post_name":"ein-neues-klassenzimmerstueck","to_ping":"","pinged":"","post_modified":"2024-04-16 19:12:29","post_modified_gmt":"2024-04-16 17:12:29","post_content_filtered":"","post_parent":0,"guid":"https:\/\/www.jes-stuttgart.de\/ein-neues-klassenzimmerstueck\/","menu_order":0,"post_type":"post","post_mime_type":"","comment_count":"0","filter":"raw"},{"ID":5343,"post_author":"2","post_date":"2022-06-29 17:46:00","post_date_gmt":"2022-06-29 15:46:00","post_content":"<!-- wp:spacer {\"height\":\"0px\"} -->\n<div style=\"height:0px\" aria-hidden=\"true\" class=\"wp-block-spacer\"><\/div>\n<!-- \/wp:spacer -->\n\n<!-- wp:acf\/subtitle {\"name\":\"acf\/subtitle\",\"data\":{\"subtitle\":\"Dance theatre\",\"_subtitle\":\"field_62fbf1f7c4e58\"},\"mode\":\"preview\"} \/-->\n\n<!-- wp:spacer {\"height\":\"20px\"} -->\n<div style=\"height:20px\" aria-hidden=\"true\" class=\"wp-block-spacer\"><\/div>\n<!-- \/wp:spacer -->\n\n<!-- wp:acf\/gallery {\"name\":\"acf\/gallery\",\"mode\":\"preview\"} -->\n<!-- wp:acf\/slide {\"name\":\"acf\/slide\",\"mode\":\"preview\"} -->\n<!-- wp:image {\"id\":11997,\"sizeSlug\":\"large\",\"linkDestination\":\"none\"} -->\n<figure class=\"wp-block-image size-large\"><img src=\"https:\/\/www.jes-stuttgart.de\/wp-content\/uploads\/jes-nach-dem-ende-von-allem-foto-andreas-etter-3000x2000-5-2560x1703.jpg\" alt=\"\" class=\"wp-image-11997\"\/><figcaption class=\"wp-element-caption\">Photo: Andreas Etter<\/figcaption><\/figure>\n<!-- \/wp:image -->\n<!-- \/wp:acf\/slide -->\n\n<!-- wp:acf\/slide {\"name\":\"acf\/slide\",\"mode\":\"preview\"} -->\n<!-- wp:image {\"id\":11999,\"sizeSlug\":\"large\",\"linkDestination\":\"none\"} -->\n<figure class=\"wp-block-image size-large\"><img src=\"https:\/\/www.jes-stuttgart.de\/wp-content\/uploads\/jes-nach-dem-ende-von-allem-foto-andreas-etter-3000x2000-21-2560x1707.jpg\" alt=\"\" class=\"wp-image-11999\"\/><figcaption class=\"wp-element-caption\">Photo: Andreas Etter<\/figcaption><\/figure>\n<!-- \/wp:image -->\n<!-- \/wp:acf\/slide -->\n\n<!-- wp:acf\/slide {\"name\":\"acf\/slide\",\"mode\":\"preview\"} -->\n<!-- wp:image {\"id\":12001,\"sizeSlug\":\"large\",\"linkDestination\":\"none\"} -->\n<figure class=\"wp-block-image size-large\"><img src=\"https:\/\/www.jes-stuttgart.de\/wp-content\/uploads\/jes-nach-dem-ende-von-allem-foto-andreas-etter-3000x2000-33-2560x1707.jpg\" alt=\"\" class=\"wp-image-12001\"\/><figcaption class=\"wp-element-caption\">Photo: Andreas Etter<\/figcaption><\/figure>\n<!-- \/wp:image -->\n<!-- \/wp:acf\/slide -->\n\n<!-- wp:acf\/slide {\"name\":\"acf\/slide\",\"mode\":\"preview\"} -->\n<!-- wp:image {\"id\":12003,\"sizeSlug\":\"large\",\"linkDestination\":\"none\"} -->\n<figure class=\"wp-block-image size-large\"><img src=\"https:\/\/www.jes-stuttgart.de\/wp-content\/uploads\/jes-nach-dem-ende-von-allem-foto-andreas-etter-3000x2000-24-2560x1707.jpg\" alt=\"\" class=\"wp-image-12003\"\/><figcaption class=\"wp-element-caption\">Photo: Andreas Etter<\/figcaption><\/figure>\n<!-- \/wp:image -->\n<!-- \/wp:acf\/slide -->\n\n<!-- wp:acf\/slide {\"name\":\"acf\/slide\",\"mode\":\"preview\"} -->\n<!-- wp:image {\"id\":12007,\"sizeSlug\":\"large\",\"linkDestination\":\"none\"} -->\n<figure class=\"wp-block-image size-large\"><img src=\"https:\/\/www.jes-stuttgart.de\/wp-content\/uploads\/jes-nach-dem-ende-von-allem-foto-andreas-etter-3000x2000-28-1-2560x1707.jpg\" alt=\"\" class=\"wp-image-12007\"\/><figcaption class=\"wp-element-caption\">Photo: Andreas Etter<\/figcaption><\/figure>\n<!-- \/wp:image -->\n<!-- \/wp:acf\/slide -->\n<!-- \/wp:acf\/gallery -->\n\n<!-- wp:spacer {\"height\":\"50px\"} -->\n<div style=\"height:50px\" aria-hidden=\"true\" class=\"wp-block-spacer\"><\/div>\n<!-- \/wp:spacer -->\n\n<!-- wp:pb\/accordion-item {\"uuid\":53430,\"className\":\"is-style-default\"} -->\n<div class=\"wp-block-pb-accordion-item c-accordion__item js-accordion-item no-js is-style-default\" data-initially-open=\"false\" data-click-to-close=\"true\" data-auto-close=\"true\" data-scroll=\"false\" data-scroll-offset=\"0\"><h2 id=\"at-53430\" class=\"c-accordion__title js-accordion-controller\" role=\"button\"><strong>Content<\/strong><\/h2><div id=\"ac-53430\" class=\"c-accordion__content\"><!-- wp:paragraph {\"textColor\":\"black\",\"fontSize\":\"medium\"} -->\n<p class=\"has-black-color has-text-color has-medium-font-size\">Five strangers meet in a laundrette. Where they are coming from or what they are looking for remains uncertain at first. The only vague promise hangs as a neon sign above the entrance that reads \"Wash your troubles away.\"<br><br>Alternating between waiting and running, with and against each other, above and straight through, this dance theatre piece by choreographer Beatrix Simk\u00f3 examines moments of being overwhelmed and the unity of the community. The ensemble uses the laundrette as a playground for encounters and negotiations. They climb on washing machines, step over benches and move through the space on rollerskates. They want to know why the world sometimes feels so heavy and whether there is a world behind the washing machine drum. <br><br>A performance with few words about being alone, staying together and enduring uncertainty - mixed with a touch of magic and a big secret.<\/p>\n<!-- \/wp:paragraph --><\/div><\/div>\n<!-- \/wp:pb\/accordion-item -->\n\n<!-- wp:pb\/accordion-item {\"uuid\":53431,\"className\":\"is-style-default\"} -->\n<div class=\"wp-block-pb-accordion-item c-accordion__item js-accordion-item no-js is-style-default\" data-initially-open=\"false\" data-click-to-close=\"true\" data-auto-close=\"true\" data-scroll=\"false\" data-scroll-offset=\"0\"><h2 id=\"at-53431\" class=\"c-accordion__title js-accordion-controller\" role=\"button\"><strong>Notes on sensory stimuli<\/strong><\/h2><div id=\"ac-53431\" class=\"c-accordion__content\"><!-- wp:paragraph {\"fontSize\":\"medium\"} -->\n<p class=\"has-medium-font-size\">Sensory impressions such as bright light, loud noises or sudden events can be overstimulating or overwhelming for some people. That's why you'll find a list of sensory stimuli in \"Nach dem Ende von allem\" here. They may be good to be aware of for you or someone who is attending the performance with you.<br><br>- There is bright and colourful light and dim light and darkness.<br><br>- There is a lot of electronic music with low sounds. Sometimes the music is loud and very fast.<br><br>- The actors climb over the stage set and hide behind it.<br><br>- The actors often make different movements at the same time.<br><br>- One actor enters and leaves the stage through the audience entrance.<br><br>- An actor skates onto the stage.<br><br>- The actors enter and leave the stage behind the set and through a washing machine drum<br><br>- There is a section where the players move very quickly and run across the stage.<br><br>- At one point there are strong emotions. For example, the actors are desperate, excited and overwhelmed<br><br>- The audience should be able to sit quietly throughout to be able to follow what is happening on stage. The benches are made of wood.<br><br>If you have any concerns or questions, please contact us at <a href=\"mailto:ticket@jes-stuttgart.de\"><strong>ticket@jes-stuttgart.de<\/strong><\/a>. We are happy to work out how we can help together with you.<\/p>\n<!-- \/wp:paragraph --><\/div><\/div>\n<!-- \/wp:pb\/accordion-item -->\n\n<!-- wp:spacer {\"height\":\"50px\"} -->\n<div style=\"height:50px\" aria-hidden=\"true\" class=\"wp-block-spacer\"><\/div>\n<!-- \/wp:spacer -->\n\n<!-- wp:paragraph {\"textColor\":\"black\",\"fontSize\":\"medium\"} -->\n<p class=\"has-black-color has-text-color has-medium-font-size\">Ages 8 and up, Grades 3 and up<br>Duration: approx. 45 minutes<br>Prices: Children\/young adults \u20ac5.50, adults \u20ac8.00<br>Venue: Hall (Seating Capacity: 180)<\/p>\n<!-- \/wp:paragraph -->\n\n<!-- wp:spacer {\"height\":\"50px\"} -->\n<div style=\"height:50px\" aria-hidden=\"true\" class=\"wp-block-spacer\"><\/div>\n<!-- \/wp:spacer -->\n\n<!-- wp:columns -->\n<div class=\"wp-block-columns\"><!-- wp:column -->\n<div class=\"wp-block-column\"><!-- wp:image {\"id\":10987,\"width\":\"126px\",\"height\":\"123px\",\"sizeSlug\":\"full\",\"linkDestination\":\"none\",\"align\":\"right\"} -->\n<figure class=\"wp-block-image alignright size-full is-resized\"><img src=\"https:\/\/www.jes-stuttgart.de\/wp-content\/uploads\/bkm-neustart-kultur-wortmarke-pos-cmyk-rz.jpg\" alt=\"\" class=\"wp-image-10987\" style=\"width:126px;height:123px\"\/><\/figure>\n<!-- \/wp:image --><\/div>\n<!-- \/wp:column -->\n\n<!-- wp:column -->\n<div class=\"wp-block-column\"><!-- wp:image {\"id\":10991,\"width\":\"299px\",\"height\":\"122px\",\"sizeSlug\":\"full\",\"linkDestination\":\"none\",\"align\":\"center\"} -->\n<figure class=\"wp-block-image aligncenter size-full is-resized\"><img src=\"https:\/\/www.jes-stuttgart.de\/wp-content\/uploads\/bkm-dtp-cmyk-de.jpg\" alt=\"\" class=\"wp-image-10991\" style=\"width:299px;height:122px\"\/><\/figure>\n<!-- \/wp:image --><\/div>\n<!-- \/wp:column -->\n\n<!-- wp:column -->\n<div class=\"wp-block-column\"><!-- wp:image {\"id\":10989,\"width\":\"248px\",\"height\":\"124px\",\"sizeSlug\":\"full\",\"linkDestination\":\"none\",\"align\":\"left\"} -->\n<figure class=\"wp-block-image alignleft size-full is-resized\"><img src=\"https:\/\/www.jes-stuttgart.de\/wp-content\/uploads\/dtdlogodrgb.png\" alt=\"\" class=\"wp-image-10989\" style=\"width:248px;height:124px\"\/><\/figure>\n<!-- \/wp:image --><\/div>\n<!-- \/wp:column --><\/div>\n<!-- \/wp:columns -->\n\n<!-- wp:spacer {\"height\":\"50px\"} -->\n<div style=\"height:50px\" aria-hidden=\"true\" class=\"wp-block-spacer\"><\/div>\n<!-- \/wp:spacer -->\n\n<!-- wp:embed {\"url\":\"https:\/\/www.youtube.com\/watch?v=7V35CxIIwXM\",\"type\":\"video\",\"providerNameSlug\":\"youtube\",\"responsive\":true,\"className\":\"wp-embed-aspect-16-9 wp-has-aspect-ratio\"} -->\n<figure class=\"wp-block-embed is-type-video is-provider-youtube wp-block-embed-youtube wp-embed-aspect-16-9 wp-has-aspect-ratio\"><div class=\"wp-block-embed__wrapper\">\nhttps:\/\/www.youtube.com\/watch?v=7V35CxIIwXM\n<\/div><\/figure>\n<!-- \/wp:embed -->","post_title":"Nach dem Ende von allem","post_excerpt":"","post_status":"publish","comment_status":"closed","ping_status":"closed","post_password":"","post_name":"mentsvar-zuflucht-ua","to_ping":"","pinged":"","post_modified":"2024-07-22 14:21:31","post_modified_gmt":"2024-07-22 12:21:31","post_content_filtered":"","post_parent":0,"guid":"https:\/\/www.jes-stuttgart.de\/mentsvar-zuflucht-ua\/","menu_order":0,"post_type":"post","post_mime_type":"","comment_count":"0","filter":"raw"},{"ID":5349,"post_author":"2","post_date":"2022-06-29 18:32:43","post_date_gmt":"2022-06-29 16:32:43","post_content":"<!-- wp:acf\/subtitle {\"name\":\"acf\/subtitle\",\"data\":{\"subtitle\":\"Based on the novel by Aglaja Veteranyi\",\"_subtitle\":\"field_66166790ba20b\"},\"mode\":\"edit\"} \/-->\n\n<!-- wp:spacer {\"height\":\"20px\"} -->\n<div style=\"height:20px\" aria-hidden=\"true\" class=\"wp-block-spacer\"><\/div>\n<!-- \/wp:spacer -->\n\n<!-- wp:acf\/gallery {\"name\":\"acf\/gallery\",\"mode\":\"preview\"} -->\n<!-- wp:acf\/slide {\"name\":\"acf\/slide\",\"mode\":\"preview\"} -->\n<!-- wp:image {\"id\":10735,\"sizeSlug\":\"full\",\"linkDestination\":\"none\"} -->\n<figure class=\"wp-block-image size-full\"><img src=\"https:\/\/www.jes-stuttgart.de\/wp-content\/uploads\/jes-polenta-mittel-foto-andreas-etter-13.jpg\" alt=\"\" class=\"wp-image-10735\"\/><figcaption class=\"wp-element-caption\">Photo: Andreas Etter<\/figcaption><\/figure>\n<!-- \/wp:image -->\n<!-- \/wp:acf\/slide -->\n\n<!-- wp:acf\/slide {\"name\":\"acf\/slide\",\"mode\":\"preview\"} -->\n<!-- wp:image {\"id\":10723,\"sizeSlug\":\"full\",\"linkDestination\":\"none\"} -->\n<figure class=\"wp-block-image size-full\"><img src=\"https:\/\/www.jes-stuttgart.de\/wp-content\/uploads\/jes-polenta-mittel-foto-andreas-etter-1.jpg\" alt=\"\" class=\"wp-image-10723\"\/><figcaption class=\"wp-element-caption\">Photo: Andreas Etter<\/figcaption><\/figure>\n<!-- \/wp:image -->\n<!-- \/wp:acf\/slide -->\n\n<!-- wp:acf\/slide {\"name\":\"acf\/slide\",\"mode\":\"preview\"} -->\n<!-- wp:image {\"id\":10733,\"sizeSlug\":\"full\",\"linkDestination\":\"none\"} -->\n<figure class=\"wp-block-image size-full\"><img src=\"https:\/\/www.jes-stuttgart.de\/wp-content\/uploads\/jes-polenta-mittel-foto-andreas-etter-12.jpg\" alt=\"\" class=\"wp-image-10733\"\/><figcaption class=\"wp-element-caption\">Photo: Andreas Etter<\/figcaption><\/figure>\n<!-- \/wp:image -->\n<!-- \/wp:acf\/slide -->\n\n<!-- wp:acf\/slide {\"name\":\"acf\/slide\",\"mode\":\"preview\"} -->\n<!-- wp:image {\"id\":10731,\"sizeSlug\":\"full\",\"linkDestination\":\"none\"} -->\n<figure class=\"wp-block-image size-full\"><img src=\"https:\/\/www.jes-stuttgart.de\/wp-content\/uploads\/jes-polenta-mittel-foto-andreas-etter-11.jpg\" alt=\"\" class=\"wp-image-10731\"\/><figcaption class=\"wp-element-caption\">Photo: Andreas Etter<\/figcaption><\/figure>\n<!-- \/wp:image -->\n<!-- \/wp:acf\/slide -->\n\n<!-- wp:acf\/slide {\"name\":\"acf\/slide\",\"mode\":\"preview\"} -->\n<!-- wp:image {\"id\":10729,\"sizeSlug\":\"full\",\"linkDestination\":\"none\"} -->\n<figure class=\"wp-block-image size-full\"><img src=\"https:\/\/www.jes-stuttgart.de\/wp-content\/uploads\/jes-polenta-mittel-foto-andreas-etter-8.jpg\" alt=\"\" class=\"wp-image-10729\"\/><figcaption class=\"wp-element-caption\">Photo: Andreas Etter<\/figcaption><\/figure>\n<!-- \/wp:image -->\n<!-- \/wp:acf\/slide -->\n\n<!-- wp:acf\/slide {\"name\":\"acf\/slide\",\"mode\":\"preview\"} -->\n<!-- wp:image {\"id\":10727,\"sizeSlug\":\"full\",\"linkDestination\":\"none\"} -->\n<figure class=\"wp-block-image size-full\"><img src=\"https:\/\/www.jes-stuttgart.de\/wp-content\/uploads\/jes-polenta-mittel-foto-andreas-etter-6.jpg\" alt=\"\" class=\"wp-image-10727\"\/><figcaption class=\"wp-element-caption\">Photo: Andreas Etter<\/figcaption><\/figure>\n<!-- \/wp:image -->\n<!-- \/wp:acf\/slide -->\n\n<!-- wp:acf\/slide {\"name\":\"acf\/slide\",\"mode\":\"preview\"} -->\n<!-- wp:image {\"id\":10725,\"sizeSlug\":\"full\",\"linkDestination\":\"none\"} -->\n<figure class=\"wp-block-image size-full\"><img src=\"https:\/\/www.jes-stuttgart.de\/wp-content\/uploads\/jes-polenta-mittel-foto-andreas-etter-5.jpg\" alt=\"\" class=\"wp-image-10725\"\/><figcaption class=\"wp-element-caption\">Photo: Andreas Etter<\/figcaption><\/figure>\n<!-- \/wp:image -->\n<!-- \/wp:acf\/slide -->\n<!-- \/wp:acf\/gallery -->\n\n<!-- wp:spacer {\"height\":\"20px\"} -->\n<div style=\"height:20px\" aria-hidden=\"true\" class=\"wp-block-spacer\"><\/div>\n<!-- \/wp:spacer -->\n\n<!-- wp:pb\/accordion-item {\"uuid\":53490,\"className\":\"is-style-default\"} -->\n<div class=\"wp-block-pb-accordion-item c-accordion__item js-accordion-item no-js is-style-default\" data-initially-open=\"false\" data-click-to-close=\"true\" data-auto-close=\"true\" data-scroll=\"false\" data-scroll-offset=\"0\"><h2 id=\"at-53490\" class=\"c-accordion__title js-accordion-controller\" role=\"button\"><strong>Content<\/strong><\/h2><div id=\"ac-53490\" class=\"c-accordion__content\"><!-- wp:paragraph {\"fontSize\":\"medium\"} -->\n<p class=\"has-medium-font-size\">\"I only know my country by smell. It smells like my mother's food. My father says you remember the smell of your country everywhere, but you only recognise it when you're far away.\" <br><br>\"Warum das Kind in der Polenta kocht\" is the story of a young girl growing up between two worlds: the colourfully transfigured homeland of circus and caravan and the harsh reality of being a constant stranger on the road.<br><br>An actress and a young girl on stage at JES confront the story of Agalja Veteranyi. Together with director Ye\u015fim Schaub, they search for the multi-layered<em>, <\/em>sometimes contradictory multilayered feeling of being a stranger via the opposing views of the characters, which are repeatedly interrupted by precise imagery, and deal with it impressively. <br><br>How is it possible to share the experience of homelessness despite different histories, ages and backgrounds? Especially in times of ongoing wars and refugee movements, Aglaja's search for a place she can finally settle intersects inseparably with the reality that surrounds us.<br><br>\u00a9 1999 by DVA Verlag, in the Penguin Random House Verlagsgruppe.<\/p>\n<!-- \/wp:paragraph --><\/div><\/div>\n<!-- \/wp:pb\/accordion-item -->\n\n<!-- wp:pb\/accordion-item {\"uuid\":53491,\"className\":\"is-style-default\"} -->\n<div class=\"wp-block-pb-accordion-item c-accordion__item js-accordion-item no-js is-style-default\" data-initially-open=\"false\" data-click-to-close=\"true\" data-auto-close=\"true\" data-scroll=\"false\" data-scroll-offset=\"0\"><h2 id=\"at-53491\" class=\"c-accordion__title js-accordion-controller\" role=\"button\"><strong>Notes on sensory stimuli<\/strong><\/h2><div id=\"ac-53491\" class=\"c-accordion__content\"><!-- wp:paragraph {\"fontSize\":\"medium\"} -->\n<p class=\"has-medium-font-size\">Sensory impressions such as bright light, loud noises or sudden events can be overstimulating or overwhelming for some people. That's why you'll find a list of sensory stimuli in \"Warum das Kind in der Polenta kocht\" here. They may be good to be aware of for you or someone who is attending the performance with you.<br><br>- A few minutes after the performance begins, the light flickers and several points of light move through the room. The light briefly shines into the auditorium. The effect lasts approx. 15 seconds.<br><br>- Use of music and dripping noises.<br><br>- Weak light, darkness, rapid light changes and flickering light tubes. Attention: Stroboscope-like effects will be used for a brief moment. Feel free to contact us!<br><br>- Feathers and water fall\/drip from the ceiling onto the stage.<br><br>- A raw onion is eaten, which produces a strong, typical odor.<br><br>- Use of a wind machine to the right of the stage set, causing a curtain to move slightly back and forth.<br><br>- On stage, artificial hair hangs around a scaffold, which the players climb up, hang down and disappear into. Sometimes they can only be seen with individual body parts.<br><br>- The players show big emotions.<br><br>- The players speak to the audience and occasionally play to them.<br><br>- In one scene, a player scratches her thigh audibly and quickly for about 10 seconds.<br><br>- A player washes her hair with a white, milky liquid.<br><br>- In one scene, the two players spit into a bathtub. Later, they show the audience the saliva stains.<br><br>If you have any concerns or questions, please contact us at <a href=\"mailto:ticket@jes-stuttgart.de\"><strong>ticket@jes-stuttgart.de<\/strong><\/a><strong>.<\/strong> We will be happy to advise you and work out together how we can help.<\/p>\n<!-- \/wp:paragraph --><\/div><\/div>\n<!-- \/wp:pb\/accordion-item -->\n\n<!-- wp:pb\/accordion-item {\"uuid\":53492,\"className\":\"is-style-default\"} -->\n<div class=\"wp-block-pb-accordion-item c-accordion__item js-accordion-item no-js is-style-default\" data-initially-open=\"false\" data-click-to-close=\"true\" data-auto-close=\"true\" data-scroll=\"false\" data-scroll-offset=\"0\"><h2 id=\"at-53492\" class=\"c-accordion__title js-accordion-controller\" role=\"button\"><strong>Content Notes<\/strong><\/h2><div id=\"ac-53492\" class=\"c-accordion__content\"><!-- wp:paragraph {\"fontSize\":\"medium\"} -->\n<p class=\"has-medium-font-size\">This play deals with themes of homelessness and abandonment by parents. Stories from life in a children's home are retold.<br>In one scene in the play, thoughts of self-harm and suicide are alluded to for a moment.<\/p>\n<!-- \/wp:paragraph --><\/div><\/div>\n<!-- \/wp:pb\/accordion-item -->\n\n<!-- wp:spacer {\"height\":\"20px\"} -->\n<div style=\"height:20px\" aria-hidden=\"true\" class=\"wp-block-spacer\"><\/div>\n<!-- \/wp:spacer -->\n\n<!-- wp:paragraph {\"style\":{\"elements\":{\"link\":{\"color\":{\"text\":\"var:preset|color|black\"}}}},\"textColor\":\"black\",\"fontSize\":\"medium\"} -->\n<p class=\"has-black-color has-text-color has-link-color has-medium-font-size\">Ages 12 and up, grades 6\u20139<br>Duration: approx. 65 minutes<br>Prices: Children\/young adults \u20ac7.00, adults \u20ac12.00<br>Venue: Upper Foyer (Seating capacity 60)<\/p>\n<!-- \/wp:paragraph -->\n\n<!-- wp:spacer {\"height\":\"20px\"} -->\n<div style=\"height:20px\" aria-hidden=\"true\" class=\"wp-block-spacer\"><\/div>\n<!-- \/wp:spacer -->\n\n<!-- wp:embed {\"url\":\"https:\/\/www.youtube.com\/watch?v=hiKgT1esp3g\",\"type\":\"video\",\"providerNameSlug\":\"youtube\",\"responsive\":true,\"className\":\"wp-embed-aspect-16-9 wp-has-aspect-ratio\"} -->\n<figure class=\"wp-block-embed is-type-video is-provider-youtube wp-block-embed-youtube wp-embed-aspect-16-9 wp-has-aspect-ratio\"><div class=\"wp-block-embed__wrapper\">\nhttps:\/\/www.youtube.com\/watch?v=hiKgT1esp3g\n<\/div><figcaption class=\"wp-element-caption\">Video: Adrian Schmidt<\/figcaption><\/figure>\n<!-- \/wp:embed -->","post_title":"Warum das Kind in der Polenta kocht","post_excerpt":"\u201cWarum das Kind in der Polenta kocht\u201d is the story of a young girl growing up between two worlds: the colourfully transfigured home of the circus and caravans and the harsh reality of being a constant stranger on the road.","post_status":"publish","comment_status":"closed","ping_status":"closed","post_password":"","post_name":"warum-das-kind-in-der-polenta-kocht-2","to_ping":"","pinged":"","post_modified":"2024-07-22 14:24:27","post_modified_gmt":"2024-07-22 12:24:27","post_content_filtered":"","post_parent":0,"guid":"https:\/\/www.jes-stuttgart.de\/warum-das-kind-in-der-polenta-kocht\/","menu_order":0,"post_type":"post","post_mime_type":"","comment_count":"0","filter":"raw"},{"ID":17105,"post_author":"2","post_date":"2022-06-29 17:33:41","post_date_gmt":"2022-06-29 15:33:41","post_content":"<!-- wp:acf\/subtitle {\"name\":\"acf\/subtitle\",\"data\":{\"subtitle\":\"A family play based on the fairy tale by the Brothers Grimm\\r\\nWith audio description and tactile tour\",\"_subtitle\":\"field_66166790ba20b\"},\"mode\":\"preview\"} \/-->\n\n<!-- wp:spacer {\"height\":\"20px\"} -->\n<div style=\"height:20px\" aria-hidden=\"true\" class=\"wp-block-spacer\"><\/div>\n<!-- \/wp:spacer -->\n\n<!-- wp:acf\/gallery {\"name\":\"acf\/gallery\",\"mode\":\"preview\"} -->\n<!-- wp:acf\/slide {\"name\":\"acf\/slide\",\"mode\":\"preview\"} -->\n<!-- wp:image {\"id\":10130,\"sizeSlug\":\"full\",\"linkDestination\":\"none\"} -->\n<figure class=\"wp-block-image size-full\"><img src=\"https:\/\/www.jes-stuttgart.de\/wp-content\/uploads\/jes-die-bremer-stadtmusiktiere-foto-andreas-etter-01-1.jpg\" alt=\"\" class=\"wp-image-10130\"\/><figcaption class=\"wp-element-caption\">Photo: Andreas Etter<\/figcaption><\/figure>\n<!-- \/wp:image -->\n<!-- \/wp:acf\/slide -->\n\n<!-- wp:acf\/slide {\"name\":\"acf\/slide\",\"mode\":\"preview\"} -->\n<!-- wp:image {\"id\":10132,\"sizeSlug\":\"full\",\"linkDestination\":\"none\"} -->\n<figure class=\"wp-block-image size-full\"><img src=\"https:\/\/www.jes-stuttgart.de\/wp-content\/uploads\/jes-die-bremer-stadtmusiktiere-foto-andreas-etter-02.jpg\" alt=\"\" class=\"wp-image-10132\"\/><figcaption class=\"wp-element-caption\">Photo: Andreas Etter<\/figcaption><\/figure>\n<!-- \/wp:image -->\n<!-- \/wp:acf\/slide -->\n\n<!-- wp:acf\/slide {\"name\":\"acf\/slide\",\"mode\":\"preview\"} -->\n<!-- wp:image {\"id\":10134,\"sizeSlug\":\"full\",\"linkDestination\":\"none\"} -->\n<figure class=\"wp-block-image size-full\"><img src=\"https:\/\/www.jes-stuttgart.de\/wp-content\/uploads\/jes-die-bremer-stadtmusiktiere-foto-andreas-etter-03.jpg\" alt=\"\" class=\"wp-image-10134\"\/><figcaption class=\"wp-element-caption\">Photo: Andreas Etter<\/figcaption><\/figure>\n<!-- \/wp:image -->\n<!-- \/wp:acf\/slide -->\n\n<!-- wp:acf\/slide {\"name\":\"acf\/slide\",\"mode\":\"preview\"} -->\n<!-- wp:image {\"id\":10136,\"sizeSlug\":\"full\",\"linkDestination\":\"none\"} -->\n<figure class=\"wp-block-image size-full\"><img src=\"https:\/\/www.jes-stuttgart.de\/wp-content\/uploads\/jes-die-bremer-stadtmusiktiere-foto-andreas-etter-16.jpg\" alt=\"\" class=\"wp-image-10136\"\/><figcaption class=\"wp-element-caption\">Photo: Andreas Etter<\/figcaption><\/figure>\n<!-- \/wp:image -->\n<!-- \/wp:acf\/slide -->\n\n<!-- wp:acf\/slide {\"name\":\"acf\/slide\",\"mode\":\"preview\"} -->\n<!-- wp:image {\"id\":10138,\"sizeSlug\":\"full\",\"linkDestination\":\"none\"} -->\n<figure class=\"wp-block-image size-full\"><img src=\"https:\/\/www.jes-stuttgart.de\/wp-content\/uploads\/jes-die-bremer-stadtmusiktiere-foto-andreas-etter-43.jpg\" alt=\"\" class=\"wp-image-10138\"\/><figcaption class=\"wp-element-caption\">Photo: Andreas Etter<\/figcaption><\/figure>\n<!-- \/wp:image -->\n<!-- \/wp:acf\/slide -->\n\n<!-- wp:acf\/slide {\"name\":\"acf\/slide\",\"mode\":\"preview\"} -->\n<!-- wp:image {\"id\":10140,\"sizeSlug\":\"full\",\"linkDestination\":\"none\"} -->\n<figure class=\"wp-block-image size-full\"><img src=\"https:\/\/www.jes-stuttgart.de\/wp-content\/uploads\/jes-die-bremer-stadtmusiktiere-foto-andreas-etter-56.jpg\" alt=\"\" class=\"wp-image-10140\"\/><figcaption class=\"wp-element-caption\">Photo: Andreas Etter<\/figcaption><\/figure>\n<!-- \/wp:image -->\n<!-- \/wp:acf\/slide -->\n<!-- \/wp:acf\/gallery -->\n\n<!-- wp:spacer {\"height\":\"20px\"} -->\n<div style=\"height:20px\" aria-hidden=\"true\" class=\"wp-block-spacer\"><\/div>\n<!-- \/wp:spacer -->\n\n<!-- wp:pb\/accordion-item {\"uuid\":171050,\"className\":\"is-style-default\"} -->\n<div class=\"wp-block-pb-accordion-item c-accordion__item js-accordion-item no-js is-style-default\" data-initially-open=\"false\" data-click-to-close=\"true\" data-auto-close=\"true\" data-scroll=\"false\" data-scroll-offset=\"0\"><h2 id=\"at-171050\" class=\"c-accordion__title js-accordion-controller\" role=\"button\"><strong>Content<\/strong><\/h2><div id=\"ac-171050\" class=\"c-accordion__content\"><!-- wp:paragraph {\"align\":\"left\",\"textColor\":\"black\",\"fontSize\":\"medium\"} -->\n<p class=\"has-text-align-left has-black-color has-text-color has-medium-font-size\">They agreed on one thing from the beginning: they would definitely find something better than death. But what did the donkey, the dog, the cat and the rooster actually find after they chased the robbers out of their hut? Just a protective roof over their heads? Or a new home? Or community? How do you live together when you are so different and have different needs?<br><br>Because music almost always helps, the four \"city music animals\" take Donkey by their word and grab microphones and instruments. The stories are their own, but what kind of music is appropriate? And does it rather take a good choreography, a fresh band name or simply lots of practice to actually make a name for oneself?<br><br>The JES Ensemble tells the Brothers Grimm fairy tale from a special perspective, with lots of live music.<\/p>\n<!-- \/wp:paragraph --><\/div><\/div>\n<!-- \/wp:pb\/accordion-item -->\n\n<!-- wp:pb\/accordion-item {\"uuid\":171051,\"className\":\"is-style-default\"} -->\n<div class=\"wp-block-pb-accordion-item c-accordion__item js-accordion-item no-js is-style-default\" data-initially-open=\"false\" data-click-to-close=\"true\" data-auto-close=\"true\" data-scroll=\"false\" data-scroll-offset=\"0\"><h2 id=\"at-171051\" class=\"c-accordion__title js-accordion-controller\" role=\"button\"><strong>Notes on accessibility<\/strong><\/h2><div id=\"ac-171051\" class=\"c-accordion__content\"><!-- wp:paragraph {\"align\":\"left\",\"textColor\":\"black\",\"fontSize\":\"medium\"} -->\n<p class=\"has-text-align-left has-black-color has-text-color has-medium-font-size\">In the <strong>audio description<\/strong> the stage set, the costumes and the visible course of the action are described for people with visual impairments. The descriptions are spoken live during the performance and can be heard by the audience via transmitters with headphones.<br><br>For people with visual impairments, we regularly offer screenings with <strong>tactile guidance and audio description <\/strong>an.<br><br>The <strong>tactile tour<\/strong> takes place in the stage area approximately one hour before the performance begins. Here you can feel parts of the stage set, props and costume pieces. The actors introduce themselves and describe themselves. In addition, particularly visual scenes of the production are described.<br><br>A number of tickets is available for people who require audio description. Even if the performance is sold out in the webshop, you can still reserve tickets by e-mail: <a href=\"mailto:ticket@jes-stuttgart.de\"><strong>ticket@jes-stuttgart.de<\/strong><\/a><br><br>For better planning, please register for the <strong>audio description and\/or tactile tour. <\/strong>By mail to <a href=\"mailto:ticket@jes-stuttgart.de\"><strong>ticket@jes-stuttgart.d<\/strong>e<\/a>.<\/p>\n<!-- \/wp:paragraph --><\/div><\/div>\n<!-- \/wp:pb\/accordion-item -->\n\n<!-- wp:pb\/accordion-item {\"uuid\":171052,\"className\":\"is-style-default\"} -->\n<div class=\"wp-block-pb-accordion-item c-accordion__item js-accordion-item no-js is-style-default\" data-initially-open=\"false\" data-click-to-close=\"true\" data-auto-close=\"true\" data-scroll=\"false\" data-scroll-offset=\"0\"><h2 id=\"at-171052\" class=\"c-accordion__title js-accordion-controller\" role=\"button\"><strong>Notes on sensory stimuli<\/strong><\/h2><div id=\"ac-171052\" class=\"c-accordion__content\"><!-- wp:paragraph {\"fontSize\":\"medium\"} -->\n<p class=\"has-medium-font-size\">Sensory impressions such as bright light, loud noises or sudden events can be overstimulating or overwhelming for some people. That's why you'll find a list of sensory stimuli in \"Die Bremer Stadtmusiktiere\" here. They may be good to be aware of for you or someone who is attending the performance with you.<br><br>- At the beginning of the performance, the actors suddenly appear, shouting loudly.<br><br>- The actors stand on raised platforms and on a suspended ladder.<br>- Music with amplified instruments (guitar, bass, drums, keyboard and microphone) and everyday objects such as pots and tin cans.<br><br>- Short flickering of neon tubes as well as weak light, darkness and rapid light changes.<br><br>- At some points, the actors wear masks and helmets that cover their faces for a brief moment.<br><br>- Use of fog and shadow theater towards the end of the performance.<br><br>If you have any concerns or questions, please contact us at <a href=\"mailto:ticket@jes-stuttgart.de\"><strong>ticket@jes-stuttgart.de<\/strong><\/a>. We will be happy to advise you and work out together how we can help you.<\/p>\n<!-- \/wp:paragraph --><\/div><\/div>\n<!-- \/wp:pb\/accordion-item -->\n\n<!-- wp:spacer {\"height\":\"50px\"} -->\n<div style=\"height:50px\" aria-hidden=\"true\" class=\"wp-block-spacer\"><\/div>\n<!-- \/wp:spacer -->\n\n<!-- wp:paragraph {\"textColor\":\"black\",\"fontSize\":\"medium\"} -->\n<p class=\"has-black-color has-text-color has-medium-font-size\">Ages 6 and up, Daycare, grades 1\u20134<br>Duration: 70 minutes<br>Prices: Children\/young people \u20ac5.50, adults \u20ac8.00<br>Venue: Hall (Seating Capacity: 180)<\/p>\n<!-- \/wp:paragraph -->\n\n<!-- wp:spacer {\"height\":\"50px\"} -->\n<div style=\"height:50px\" aria-hidden=\"true\" class=\"wp-block-spacer\"><\/div>\n<!-- \/wp:spacer -->\n\n<!-- wp:embed {\"url\":\"https:\/\/soundcloud.com\/user-127403425\/die-bremer-stadtmusiktiere-hortrailer?si=0aa6cd74dbed4be38b28341dbbaaa2ff\\u0026utm_source=clipboard\\u0026utm_medium=text\\u0026utm_campaign=social_sharing\",\"type\":\"rich\",\"providerNameSlug\":\"soundcloud\",\"responsive\":true} -->\n<figure class=\"wp-block-embed is-type-rich is-provider-soundcloud wp-block-embed-soundcloud\"><div class=\"wp-block-embed__wrapper\">\nhttps:\/\/soundcloud.com\/user-127403425\/die-bremer-stadtmusiktiere-hortrailer?si=0aa6cd74dbed4be38b28341dbbaaa2ff&amp;utm_source=clipboard&amp;utm_medium=text&amp;utm_campaign=social_sharing\n<\/div><\/figure>\n<!-- \/wp:embed -->\n\n<!-- wp:spacer {\"height\":\"20px\"} -->\n<div style=\"height:20px\" aria-hidden=\"true\" class=\"wp-block-spacer\"><\/div>\n<!-- \/wp:spacer -->\n\n<!-- wp:embed {\"url\":\"https:\/\/www.youtube.com\/watch?v=VuubzS7BH0A\",\"type\":\"video\",\"providerNameSlug\":\"youtube\",\"responsive\":true,\"className\":\"wp-embed-aspect-16-9 wp-has-aspect-ratio\"} -->\n<figure class=\"wp-block-embed is-type-video is-provider-youtube wp-block-embed-youtube wp-embed-aspect-16-9 wp-has-aspect-ratio\"><div class=\"wp-block-embed__wrapper\">\nhttps:\/\/www.youtube.com\/watch?v=VuubzS7BH0A\n<\/div><\/figure>\n<!-- \/wp:embed -->","post_title":"Die Bremer Stadtmusiktiere","post_excerpt":"","post_status":"publish","comment_status":"closed","ping_status":"closed","post_password":"","post_name":"die-bremer-stadtmusiktiere-2","to_ping":"","pinged":"","post_modified":"2024-07-22 14:18:31","post_modified_gmt":"2024-07-22 12:18:31","post_content_filtered":"","post_parent":0,"guid":"https:\/\/www.jes-stuttgart.de\/die-bremer-stadtmusiktiere\/","menu_order":0,"post_type":"post","post_mime_type":"","comment_count":"0","filter":"raw"},{"ID":12702,"post_author":"13","post_date":"2023-07-24 11:12:19","post_date_gmt":"2023-07-24 09:12:19","post_content":"<!-- wp:acf\/subtitle {\"name\":\"acf\/subtitle\",\"data\":{\"subtitle\":\"A fantasy play\\r\\nBased on a story of Laurence Cook and Josie Dale-Jones\",\"_subtitle\":\"field_66166790ba20b\"},\"mode\":\"edit\"} \/-->\n\n<!-- wp:spacer {\"height\":\"20px\",\"className\":\"wp-embed-aspect-16-9 wp-has-aspect-ratio\"} -->\n<div style=\"height:20px\" aria-hidden=\"true\" class=\"wp-block-spacer wp-embed-aspect-16-9 wp-has-aspect-ratio\"><\/div>\n<!-- \/wp:spacer -->\n\n<!-- wp:acf\/gallery {\"name\":\"acf\/gallery\",\"mode\":\"preview\"} -->\n<!-- wp:acf\/slide {\"name\":\"acf\/slide\",\"mode\":\"preview\"} -->\n<!-- wp:image {\"id\":15318,\"sizeSlug\":\"full\",\"linkDestination\":\"none\"} -->\n<figure class=\"wp-block-image size-full\"><img src=\"https:\/\/www.jes-stuttgart.de\/wp-content\/uploads\/jes-land-behind-the-curtain-foto-andreas-etter-1200x800px-10-1.jpg\" alt=\"\" class=\"wp-image-15318\"\/><figcaption class=\"wp-element-caption\">Photo: Andreas Etter<\/figcaption><\/figure>\n<!-- \/wp:image -->\n<!-- \/wp:acf\/slide -->\n\n<!-- wp:acf\/slide {\"name\":\"acf\/slide\",\"mode\":\"preview\"} -->\n<!-- wp:image {\"id\":15320,\"sizeSlug\":\"full\",\"linkDestination\":\"none\"} -->\n<figure class=\"wp-block-image size-full\"><img src=\"https:\/\/www.jes-stuttgart.de\/wp-content\/uploads\/jes-land-behind-the-curtain-foto-andreas-etter-1200x800px-12-1.jpg\" alt=\"\" class=\"wp-image-15320\"\/><figcaption class=\"wp-element-caption\">Photo: Andreas Etter<\/figcaption><\/figure>\n<!-- \/wp:image -->\n<!-- \/wp:acf\/slide -->\n\n<!-- wp:acf\/slide {\"name\":\"acf\/slide\",\"mode\":\"preview\"} -->\n<!-- wp:image {\"id\":15322,\"sizeSlug\":\"full\",\"linkDestination\":\"none\"} -->\n<figure class=\"wp-block-image size-full\"><img src=\"https:\/\/www.jes-stuttgart.de\/wp-content\/uploads\/jes-land-behind-the-curtain-foto-andreas-etter-1200x800px-22-1.jpg\" alt=\"\" class=\"wp-image-15322\"\/><figcaption class=\"wp-element-caption\">Photo: Andreas Etter<\/figcaption><\/figure>\n<!-- \/wp:image -->\n<!-- \/wp:acf\/slide -->\n\n<!-- wp:acf\/slide {\"name\":\"acf\/slide\",\"mode\":\"preview\"} -->\n<!-- wp:image {\"id\":15324,\"sizeSlug\":\"full\",\"linkDestination\":\"none\"} -->\n<figure class=\"wp-block-image size-full\"><img src=\"https:\/\/www.jes-stuttgart.de\/wp-content\/uploads\/jes-land-behind-the-curtain-foto-andreas-etter-1200x800px-30-1.jpg\" alt=\"\" class=\"wp-image-15324\"\/><figcaption class=\"wp-element-caption\">Photo: Andreas Etter<\/figcaption><\/figure>\n<!-- \/wp:image -->\n<!-- \/wp:acf\/slide -->\n\n<!-- wp:acf\/slide {\"name\":\"acf\/slide\",\"mode\":\"preview\"} -->\n<!-- wp:image {\"id\":15330,\"sizeSlug\":\"full\",\"linkDestination\":\"none\"} -->\n<figure class=\"wp-block-image size-full\"><img src=\"https:\/\/www.jes-stuttgart.de\/wp-content\/uploads\/jes-land-behind-the-curtain-foto-andreas-etter-1200x800px-39-2.jpg\" alt=\"\" class=\"wp-image-15330\"\/><figcaption class=\"wp-element-caption\">Photo: Andreas Etter<\/figcaption><\/figure>\n<!-- \/wp:image -->\n<!-- \/wp:acf\/slide -->\n<!-- \/wp:acf\/gallery -->\n\n<!-- wp:spacer {\"height\":\"20px\",\"className\":\"wp-embed-aspect-16-9 wp-has-aspect-ratio\"} -->\n<div style=\"height:20px\" aria-hidden=\"true\" class=\"wp-block-spacer wp-embed-aspect-16-9 wp-has-aspect-ratio\"><\/div>\n<!-- \/wp:spacer -->\n\n<!-- wp:pb\/accordion-item {\"uuid\":127020,\"className\":\"is-style-default\"} -->\n<div class=\"wp-block-pb-accordion-item c-accordion__item js-accordion-item no-js is-style-default\" data-initially-open=\"false\" data-click-to-close=\"true\" data-auto-close=\"true\" data-scroll=\"false\" data-scroll-offset=\"0\"><h2 id=\"at-127020\" class=\"c-accordion__title js-accordion-controller\" role=\"button\"><strong>Content<\/strong><\/h2><div id=\"ac-127020\" class=\"c-accordion__content\"><!-- wp:paragraph {\"fontSize\":\"medium\"} -->\n<p class=\"has-medium-font-size\">Hero has been waiting for a long time. A really long time. For an adventure, for an exciting journey full of challenges, dangers and dragons! Then he finally gets a call that changes everything. Hero is suddenly in a land that has fallen out of balance: Exclamation Face has stolen Questionhead's hat. Since then, no one has been able to ask questions anymore and everything is in chaos. Together with Sidekick, Hero sets out to find the hat - but not everything works out the way Hero had always imagined an adventure would...<br><br>With \"Land behind the Curtain\", JES invites you to immerse yourself: Into an imaginative world full of surprises and funny twists, but also full of dangers and doubts that have to be overcome. We ask ourselves the big questions of all fantasy tales: <br><br>What is worth fighting for? Does it even make sense to fight? Is there no other way? And does one person always have to save the world alone, or does it not take at least two, or even many more?<\/p>\n<!-- \/wp:paragraph --><\/div><\/div>\n<!-- \/wp:pb\/accordion-item -->\n\n<!-- wp:pb\/accordion-item {\"uuid\":127021,\"className\":\"is-style-default\"} -->\n<div class=\"wp-block-pb-accordion-item c-accordion__item js-accordion-item no-js is-style-default\" data-initially-open=\"false\" data-click-to-close=\"true\" data-auto-close=\"true\" data-scroll=\"false\" data-scroll-offset=\"0\"><h2 id=\"at-127021\" class=\"c-accordion__title js-accordion-controller\" role=\"button\"><strong>Notes on sensory stimuli<\/strong><\/h2><div id=\"ac-127021\" class=\"c-accordion__content\"><!-- wp:paragraph {\"fontSize\":\"medium\"} -->\n<p class=\"has-medium-font-size\">Sensory impressions such as bright light, loud noises or sudden events can be overstimulating or overwhelming for some people. That's why you'll find a list of sensory stimuli in \"Land behind the Curtain\" here. They may be good to be aware of for you or someone who is attending the performance with you.<br><br>- Loud music and individual sounds as well as quivering noises.<br><br>- Use of colorful, moving lights, bright light and a signal light.<br><br>- Low light and darkness as well as rapid light changes.<br><br>- Use of fog.<br><br>- Stage elements are shifted and suddenly appear and disappear.<br><br>- The actors play several characters and often change their costumes.<br><br>- The actors show great emotion.<br><br>If you would like more information about the piece, you can take a look at our <strong>Visual Story Board<\/strong> . Here you can find out what to expect in the individual scenes. You will receive information about the most important events and scenes in the play as well as the sensory stimuli it contains. The Visual Story Board, a kind of picture story, is written in German simple language.<br><br><strong><a href=\"https:\/\/www.jes-stuttgart.de\/wp-content\/uploads\/visual_storyboard_land-behind-the-curtain-komprimiert.pdf\">Download Visual Story Board PDF<\/a><\/strong><br><br>If you have any concerns or questions, please contact us at <a href=\"mailto:ticket@jes-stuttgart.de\"><strong>ticket@jes-stuttgart.de<\/strong><\/a>. We are happy to work out how we can help together with you.<\/p>\n<!-- \/wp:paragraph --><\/div><\/div>\n<!-- \/wp:pb\/accordion-item -->\n\n<!-- wp:spacer {\"height\":\"20px\",\"className\":\"wp-embed-aspect-16-9 wp-has-aspect-ratio\"} -->\n<div style=\"height:20px\" aria-hidden=\"true\" class=\"wp-block-spacer wp-embed-aspect-16-9 wp-has-aspect-ratio\"><\/div>\n<!-- \/wp:spacer -->\n\n<!-- wp:paragraph {\"style\":{\"elements\":{\"link\":{\"color\":{\"text\":\"var:preset|color|black\"}}}},\"textColor\":\"black\",\"fontSize\":\"medium\"} -->\n<p class=\"has-black-color has-text-color has-link-color has-medium-font-size\">Ages 11 and up, grades 5\u20138<br>Duration: approx. 80 minutes (without a break)<br>Prices: Children\/young adults \u20ac7.00, adults \u20ac12.00<br>Venue: Hall (Seating Capacity: 165)<\/p>\n<!-- \/wp:paragraph -->\n\n<!-- wp:spacer {\"height\":\"20px\",\"className\":\"wp-embed-aspect-16-9 wp-has-aspect-ratio\"} -->\n<div style=\"height:20px\" aria-hidden=\"true\" class=\"wp-block-spacer wp-embed-aspect-16-9 wp-has-aspect-ratio\"><\/div>\n<!-- \/wp:spacer -->\n\n<!-- wp:embed {\"url\":\"https:\/\/youtu.be\/T3f7EMx50_s\",\"type\":\"video\",\"providerNameSlug\":\"youtube\",\"responsive\":true,\"className\":\"wp-embed-aspect-16-9 wp-has-aspect-ratio\"} -->\n<figure class=\"wp-block-embed is-type-video is-provider-youtube wp-block-embed-youtube wp-embed-aspect-16-9 wp-has-aspect-ratio\"><div class=\"wp-block-embed__wrapper\">\nhttps:\/\/youtu.be\/T3f7EMx50_s\n<\/div><\/figure>\n<!-- \/wp:embed -->","post_title":"Land behind the Curtain","post_excerpt":"","post_status":"publish","comment_status":"closed","ping_status":"closed","post_password":"","post_name":"land-behind-the-curtain","to_ping":"","pinged":"","post_modified":"2024-12-09 12:49:00","post_modified_gmt":"2024-12-09 11:49:00","post_content_filtered":"","post_parent":0,"guid":"https:\/\/www.jes-stuttgart.de\/?p=12702","menu_order":0,"post_type":"post","post_mime_type":"","comment_count":"0","filter":"raw"},{"ID":16244,"post_author":"5","post_date":"2024-01-04 12:30:45","post_date_gmt":"2024-01-04 11:30:45","post_content":"<!-- wp:acf\/subtitle {\"name\":\"acf\/subtitle\",\"data\":{\"subtitle\":\"Versuch einer Empowerung\",\"_subtitle\":\"field_62d65515609a6\"},\"mode\":\"edit\"} \/-->\n\n<!-- wp:spacer {\"height\":\"20px\",\"className\":\"wp-embed-aspect-16-9 wp-has-aspect-ratio\"} -->\n<div style=\"height:20px\" aria-hidden=\"true\" class=\"wp-block-spacer wp-embed-aspect-16-9 wp-has-aspect-ratio\"><\/div>\n<!-- \/wp:spacer -->\n\n<!-- wp:paragraph {\"fontSize\":\"normal\"} -->\n<p class=\"has-normal-font-size\">Spielclub-Pr\u00e4sentation<br><br>\"Wer nie w\u00fctend ist, akzeptiert die Welt, wie sie ist. Die Folge von unterdr\u00fcckter Wut ist Stillstand.\" \u2013 Ciani-Sophia Hoeder<br><br>Wie f\u00fchlt sich meine Wut an? Wo sp\u00fcre ich sie in meinem K\u00f6rper? Warum sch\u00e4me ich mich manchmal f\u00fcr meine Wut? Und warum d\u00fcrfen Jungs w\u00fctend sein, M\u00e4dchen aber nicht? Warum bin ich manchmal traurig, wenn ich eigentlich w\u00fctend sein sollte und kann Wut eigentlich auch ein sch\u00f6nes Gef\u00fchl sein?<br><br>Wut empfinden wir oft als negativ, st\u00f6rend, unangebracht. Gemeinsam wollen wir der eigenen Wut auf die Spur gehen, ihre Urspr\u00fcnge ergr\u00fcnden, sie kennenlernen, anerkennen und herausfinden, wie wir sie am besten rauslassen und benutzen k\u00f6nnen. Denn auch wenn die Wut zerst\u00f6rerische Elemente mit sich bringt, kann sie uns helfen, Ungerechtigkeiten aufzudecken und zu ver\u00e4ndern: beautiful destruction.<br><br>In den letzten Wochen haben wir uns im Rahmen von mehrt\u00e4gigen Workshops intensiv mit diesem Thema auseinander gesetzt und pr\u00e4sentieren nun unsere Ergebnisse in Form einer einmaligen Ausstellung.<br><br><br>Mit: <a href=\"https:\/\/www.jes-stuttgart.de\/personen\/#estelle-schmidlin\"><strong>Estelle<\/strong><\/a> &amp; <a href=\"https:\/\/www.jes-stuttgart.de\/personen\/#lee-muelders\"><strong>Lee<\/strong><\/a><\/p>\n<!-- \/wp:paragraph -->\n\n<!-- wp:spacer {\"height\":\"20px\",\"className\":\"wp-embed-aspect-16-9 wp-has-aspect-ratio\"} -->\n<div style=\"height:20px\" aria-hidden=\"true\" class=\"wp-block-spacer wp-embed-aspect-16-9 wp-has-aspect-ratio\"><\/div>\n<!-- \/wp:spacer -->","post_title":"Beautiful Destruction","post_excerpt":"","post_status":"publish","comment_status":"closed","ping_status":"closed","post_password":"","post_name":"beautiful-destruction","to_ping":"","pinged":"","post_modified":"2024-01-05 11:02:22","post_modified_gmt":"2024-01-05 10:02:22","post_content_filtered":"","post_parent":0,"guid":"https:\/\/www.jes-stuttgart.de\/?p=16244","menu_order":0,"post_type":"post","post_mime_type":"","comment_count":"0","filter":"raw"},{"ID":12832,"post_author":"13","post_date":"2023-07-24 11:13:29","post_date_gmt":"2023-07-24 09:13:29","post_content":"<!-- wp:acf\/subtitle {\"name\":\"acf\/subtitle\",\"data\":{\"subtitle\":\"by Kirsten Fuchs and David Pagan\\r\\nWith audio description and tactile tour\",\"_subtitle\":\"field_66166790ba20b\"},\"mode\":\"edit\"} \/-->\n\n<!-- wp:paragraph {\"className\":\"wp-embed-aspect-16-9 wp-has-aspect-ratio\",\"textColor\":\"primary3\",\"fontSize\":\"medium\"} -->\n<p class=\"wp-embed-aspect-16-9 wp-has-aspect-ratio has-primary-3-color has-text-color has-medium-font-size\">PREMIERE: 24.02.2024<\/p>\n<!-- \/wp:paragraph -->\n\n<!-- wp:spacer {\"height\":\"20px\",\"className\":\"wp-embed-aspect-16-9 wp-has-aspect-ratio\"} -->\n<div style=\"height:20px\" aria-hidden=\"true\" class=\"wp-block-spacer wp-embed-aspect-16-9 wp-has-aspect-ratio\"><\/div>\n<!-- \/wp:spacer -->\n\n<!-- wp:acf\/gallery {\"name\":\"acf\/gallery\",\"mode\":\"preview\"} -->\n<!-- wp:acf\/slide {\"name\":\"acf\/slide\",\"mode\":\"preview\"} -->\n<!-- wp:image {\"id\":17482,\"sizeSlug\":\"full\",\"linkDestination\":\"none\"} -->\n<figure class=\"wp-block-image size-full\"><img src=\"https:\/\/www.jes-stuttgart.de\/wp-content\/uploads\/shame-21022024-2005.jpg\" alt=\"\" class=\"wp-image-17482\"\/><\/figure>\n<!-- \/wp:image -->\n<!-- \/wp:acf\/slide -->\n\n<!-- wp:acf\/slide {\"name\":\"acf\/slide\",\"mode\":\"preview\"} -->\n<!-- wp:image {\"id\":17464,\"sizeSlug\":\"full\",\"linkDestination\":\"none\"} -->\n<figure class=\"wp-block-image size-full\"><img src=\"https:\/\/www.jes-stuttgart.de\/wp-content\/uploads\/shame-21022024-0225.jpg\" alt=\"\" class=\"wp-image-17464\"\/><\/figure>\n<!-- \/wp:image -->\n<!-- \/wp:acf\/slide -->\n\n<!-- wp:acf\/slide {\"name\":\"acf\/slide\",\"mode\":\"preview\"} -->\n<!-- wp:image {\"id\":17466,\"sizeSlug\":\"full\",\"linkDestination\":\"none\"} -->\n<figure class=\"wp-block-image size-full\"><img src=\"https:\/\/www.jes-stuttgart.de\/wp-content\/uploads\/shame-21022024-0245.jpg\" alt=\"\" class=\"wp-image-17466\"\/><\/figure>\n<!-- \/wp:image -->\n<!-- \/wp:acf\/slide -->\n\n<!-- wp:acf\/slide {\"name\":\"acf\/slide\",\"mode\":\"preview\"} -->\n<!-- wp:image {\"id\":17468,\"sizeSlug\":\"full\",\"linkDestination\":\"none\"} -->\n<figure class=\"wp-block-image size-full\"><img src=\"https:\/\/www.jes-stuttgart.de\/wp-content\/uploads\/shame-21022024-0494.jpg\" alt=\"\" class=\"wp-image-17468\"\/><\/figure>\n<!-- \/wp:image -->\n<!-- \/wp:acf\/slide -->\n\n<!-- wp:acf\/slide {\"name\":\"acf\/slide\",\"mode\":\"preview\"} -->\n<!-- wp:image {\"id\":17470,\"sizeSlug\":\"full\",\"linkDestination\":\"none\"} -->\n<figure class=\"wp-block-image size-full\"><img src=\"https:\/\/www.jes-stuttgart.de\/wp-content\/uploads\/shame-21022024-0719.jpg\" alt=\"\" class=\"wp-image-17470\"\/><\/figure>\n<!-- \/wp:image -->\n<!-- \/wp:acf\/slide -->\n\n<!-- wp:acf\/slide {\"name\":\"acf\/slide\",\"mode\":\"preview\"} -->\n<!-- wp:image {\"id\":17474,\"sizeSlug\":\"full\",\"linkDestination\":\"none\"} -->\n<figure class=\"wp-block-image size-full\"><img src=\"https:\/\/www.jes-stuttgart.de\/wp-content\/uploads\/shame-21022024-0782.jpg\" alt=\"\" class=\"wp-image-17474\"\/><\/figure>\n<!-- \/wp:image -->\n<!-- \/wp:acf\/slide -->\n\n<!-- wp:acf\/slide {\"name\":\"acf\/slide\",\"mode\":\"preview\"} -->\n<!-- wp:image {\"id\":17476,\"sizeSlug\":\"full\",\"linkDestination\":\"none\"} -->\n<figure class=\"wp-block-image size-full\"><img src=\"https:\/\/www.jes-stuttgart.de\/wp-content\/uploads\/shame-21022024-1304.jpg\" alt=\"\" class=\"wp-image-17476\"\/><\/figure>\n<!-- \/wp:image -->\n<!-- \/wp:acf\/slide -->\n\n<!-- wp:acf\/slide {\"name\":\"acf\/slide\",\"mode\":\"preview\"} -->\n<!-- wp:image {\"id\":17478,\"sizeSlug\":\"full\",\"linkDestination\":\"none\"} -->\n<figure class=\"wp-block-image size-full\"><img src=\"https:\/\/www.jes-stuttgart.de\/wp-content\/uploads\/shame-21022024-1478.jpg\" alt=\"\" class=\"wp-image-17478\"\/><\/figure>\n<!-- \/wp:image -->\n<!-- \/wp:acf\/slide -->\n\n<!-- wp:acf\/slide {\"name\":\"acf\/slide\",\"mode\":\"preview\"} -->\n<!-- wp:image {\"id\":17480,\"sizeSlug\":\"full\",\"linkDestination\":\"none\"} -->\n<figure class=\"wp-block-image size-full\"><img src=\"https:\/\/www.jes-stuttgart.de\/wp-content\/uploads\/shame-21022024-1522.jpg\" alt=\"\" class=\"wp-image-17480\"\/><\/figure>\n<!-- \/wp:image -->\n<!-- \/wp:acf\/slide -->\n<!-- \/wp:acf\/gallery -->\n\n<!-- wp:spacer {\"height\":\"20px\"} -->\n<div style=\"height:20px\" aria-hidden=\"true\" class=\"wp-block-spacer\"><\/div>\n<!-- \/wp:spacer -->\n\n<!-- wp:pb\/accordion-item {\"uuid\":128320,\"className\":\"is-style-default\"} -->\n<div class=\"wp-block-pb-accordion-item c-accordion__item js-accordion-item no-js is-style-default\" data-initially-open=\"false\" data-click-to-close=\"true\" data-auto-close=\"true\" data-scroll=\"false\" data-scroll-offset=\"0\"><h2 id=\"at-128320\" class=\"c-accordion__title js-accordion-controller\" role=\"button\"><strong>Content<\/strong><\/h2><div id=\"ac-128320\" class=\"c-accordion__content\"><!-- wp:paragraph {\"fontSize\":\"medium\"} -->\n<p class=\"has-medium-font-size\">For this performance, JES will be loud, colourful, emotional - and embarrassing. Because shame is the theme of the first musical in JES history. With everything that goes with it: emotional songs, a pop band, a large cast, dance choreography and a love story.<br><br>Even if it's not talked about much, shame is a defining issue in many people's everyday lives. To find out more about it, we send four young characters to an art museum. Their task, set by the school, is to enter into a dialogue with a work of art. By attempting this (more or less seriously), they not only encounter very different perspectives on ways of life and boundaries of shame. Above all, they are confronted with themselves and then also with the shamefully hidden secrets of their classmates.<br><br>In cooperation with the Popakademie Mannheim, which has put together a pop band consisting its students, and the PH Ludwigsburg, whose students are in charge of developing this educational programme.<br><br>Supported by Fonds Jupiter Fund of the German Federal Cultural Foundation<\/p>\n<!-- \/wp:paragraph --><\/div><\/div>\n<!-- \/wp:pb\/accordion-item -->\n\n<!-- wp:pb\/accordion-item {\"uuid\":128321,\"className\":\"is-style-default\"} -->\n<div class=\"wp-block-pb-accordion-item c-accordion__item js-accordion-item no-js is-style-default\" data-initially-open=\"false\" data-click-to-close=\"true\" data-auto-close=\"true\" data-scroll=\"false\" data-scroll-offset=\"0\"><h2 id=\"at-128321\" class=\"c-accordion__title js-accordion-controller\" role=\"button\"><strong>Notes on accessability<\/strong><\/h2><div id=\"ac-128321\" class=\"c-accordion__content\"><!-- wp:paragraph {\"fontSize\":\"medium\"} -->\n<p class=\"has-medium-font-size\"><strong>With audio description and tactile tours<\/strong><br><br>With audio description, the stage set, costumes and the visible course of the action are made accessible to people with visual impairments via live description. The explanations and descriptions are spoken live during the performance. The commentaries are received via transmitters with headphones. The audio description will be in german.<br><br>The tactile tour takes place in the stage area approximately one hour before the performance begins. Here you can feel parts of the stage set, props and costume pieces. There is a tactile model in which the stage set is modelled. In addition, particularly visual scenes of the production are described.<br><br>Tickets are always available for people who require audio description. Even if the performance is sold out in the webshop, you can still reserve tickets by e-mail: <a href=\"mailto:ticket@jes-stuttgart.de\"><strong>ticket@jes-stuttgart.de<\/strong><\/a>.<br><br>For better planning, please register for the audio description and\/or the tactile tour. By mail to <a href=\"mailto:ticket@jes-stuttgart.de\">ticket@jes-stuttgart.de<\/a>.<\/p>\n<!-- \/wp:paragraph --><\/div><\/div>\n<!-- \/wp:pb\/accordion-item -->\n\n<!-- wp:pb\/accordion-item {\"uuid\":128322,\"className\":\"is-style-default\"} -->\n<div class=\"wp-block-pb-accordion-item c-accordion__item js-accordion-item no-js is-style-default\" data-initially-open=\"false\" data-click-to-close=\"true\" data-auto-close=\"true\" data-scroll=\"false\" data-scroll-offset=\"0\"><h2 id=\"at-128322\" class=\"c-accordion__title js-accordion-controller\" role=\"button\"><strong>Notes on sensory stimuli<\/strong><\/h2><div id=\"ac-128322\" class=\"c-accordion__content\"><!-- wp:paragraph {\"fontSize\":\"medium\"} -->\n<p class=\"has-medium-font-size\">Sensory impressions such as bright light, loud noises or sudden events can be overstimulating or overwhelming for some people. That's why you'll find a list of sensory stimuli in \"SHAME \u2013 The Musical\" here. They may be good to be aware of for you or someone who is attending the performance with you.<br><br>- There is live music. A band plays on stage. There are sudden changes in the music.<br><br>- There are bright, colourful lights. There are strobe lights. This means there are very fast, bright flashes of light. There are moments when it is partially or completely dark.<br><br>- The actors enter and leave the stage through the set. They go to the gallery. The gallery is above the stage and looks like a balcony. The actors disappear and appear through doors at the back of the stage.<br><br>- One of the actors enters and leaves the stage through a folding door in the set.<br><br>- At one point, an actress walks towards the audience.<br><br>- An actress steps out of a painting.<br><br>- There are strong feelings of shame and escalating emotions on stage.<br><br>- There is fog.<br><br>- The audience should be able to sit quietly during the performance in order to follow the play well.<br><br>If you have any concerns or questions, please contact us at <a href=\"mailto:ticket@jes-stuttgart.de\">ticket@jes-stuttgart.de<\/a>. We are happy to work out how we can help together with you.<\/p>\n<!-- \/wp:paragraph --><\/div><\/div>\n<!-- \/wp:pb\/accordion-item -->\n\n<!-- wp:spacer {\"height\":\"20px\",\"className\":\"wp-embed-aspect-16-9 wp-has-aspect-ratio\"} -->\n<div style=\"height:20px\" aria-hidden=\"true\" class=\"wp-block-spacer wp-embed-aspect-16-9 wp-has-aspect-ratio\"><\/div>\n<!-- \/wp:spacer -->\n\n<!-- wp:columns -->\n<div class=\"wp-block-columns\"><!-- wp:column -->\n<div class=\"wp-block-column\"><!-- wp:image {\"id\":13712,\"width\":\"393px\",\"height\":\"auto\",\"sizeSlug\":\"full\",\"linkDestination\":\"none\"} -->\n<figure class=\"wp-block-image size-full is-resized\"><img src=\"https:\/\/www.jes-stuttgart.de\/wp-content\/uploads\/07-logo-ksb-jupiter-digital-black.png\" alt=\"\" class=\"wp-image-13712\" style=\"width:393px;height:auto\"\/><\/figure>\n<!-- \/wp:image --><\/div>\n<!-- \/wp:column -->\n\n<!-- wp:column -->\n<div class=\"wp-block-column\"><!-- wp:image {\"id\":16790,\"width\":\"393px\",\"height\":\"auto\",\"sizeSlug\":\"full\",\"linkDestination\":\"none\",\"align\":\"center\"} -->\n<figure class=\"wp-block-image aligncenter size-full is-resized\"><img src=\"https:\/\/www.jes-stuttgart.de\/wp-content\/uploads\/bkm-2017-office-farbe-de.png\" alt=\"\" class=\"wp-image-16790\" style=\"width:393px;height:auto\"\/><\/figure>\n<!-- \/wp:image --><\/div>\n<!-- \/wp:column -->\n\n<!-- wp:column -->\n<div class=\"wp-block-column\"><!-- wp:image {\"id\":16792,\"sizeSlug\":\"full\",\"linkDestination\":\"none\",\"align\":\"center\"} -->\n<figure class=\"wp-block-image aligncenter size-full\"><img src=\"https:\/\/www.jes-stuttgart.de\/wp-content\/uploads\/pabw-logo-rgb-1.jpg\" alt=\"\" class=\"wp-image-16792\"\/><\/figure>\n<!-- \/wp:image --><\/div>\n<!-- \/wp:column --><\/div>\n<!-- \/wp:columns -->\n\n<!-- wp:spacer {\"height\":\"20px\",\"className\":\"wp-embed-aspect-16-9 wp-has-aspect-ratio\"} -->\n<div style=\"height:20px\" aria-hidden=\"true\" class=\"wp-block-spacer wp-embed-aspect-16-9 wp-has-aspect-ratio\"><\/div>\n<!-- \/wp:spacer -->\n\n<!-- wp:paragraph {\"style\":{\"elements\":{\"link\":{\"color\":{\"text\":\"var:preset|color|black\"}}}},\"textColor\":\"black\",\"fontSize\":\"medium\"} -->\n<p class=\"has-black-color has-text-color has-link-color has-medium-font-size\">Ages 12 and up, grades 6 and up<br>Duration: 60 minutes<br>Prices: Children\/young adults \u20ac7.00, adults \u20ac12.00<br>Venue: Hall (Seating Capacity: 165)<\/p>\n<!-- \/wp:paragraph -->\n\n<!-- wp:spacer {\"height\":\"20px\",\"className\":\"wp-embed-aspect-16-9 wp-has-aspect-ratio\"} -->\n<div style=\"height:20px\" aria-hidden=\"true\" class=\"wp-block-spacer wp-embed-aspect-16-9 wp-has-aspect-ratio\"><\/div>\n<!-- \/wp:spacer -->\n\n<!-- wp:embed {\"url\":\"https:\/\/youtu.be\/4qzZA654eWU?si=dDciBCnO\\u002d\\u002drie33p\",\"type\":\"video\",\"providerNameSlug\":\"youtube\",\"responsive\":true,\"className\":\"wp-embed-aspect-16-9 wp-has-aspect-ratio\"} -->\n<figure class=\"wp-block-embed is-type-video is-provider-youtube wp-block-embed-youtube wp-embed-aspect-16-9 wp-has-aspect-ratio\"><div class=\"wp-block-embed__wrapper\">\nhttps:\/\/youtu.be\/4qzZA654eWU?si=dDciBCnO--rie33p\n<\/div><figcaption class=\"wp-element-caption\">Video: Adrian Schmidt<\/figcaption><\/figure>\n<!-- \/wp:embed -->\n\n<!-- wp:spacer {\"height\":\"50px\",\"className\":\"wp-embed-aspect-16-9 wp-has-aspect-ratio\"} -->\n<div style=\"height:50px\" aria-hidden=\"true\" class=\"wp-block-spacer wp-embed-aspect-16-9 wp-has-aspect-ratio\"><\/div>\n<!-- \/wp:spacer -->\n\n<!-- wp:embed {\"url\":\"https:\/\/soundcloud.com\/user-127403425\/hortrailer-shame-the-musical?si=adf36700173c4b78a39161051a25dc0a\\u0026utm_source=clipboard\\u0026utm_medium=text\\u0026utm_campaign=social_sharing\",\"type\":\"rich\",\"providerNameSlug\":\"soundcloud\",\"responsive\":true} -->\n<figure class=\"wp-block-embed is-type-rich is-provider-soundcloud wp-block-embed-soundcloud\"><div class=\"wp-block-embed__wrapper\">\nhttps:\/\/soundcloud.com\/user-127403425\/hortrailer-shame-the-musical?si=adf36700173c4b78a39161051a25dc0a&amp;utm_source=clipboard&amp;utm_medium=text&amp;utm_campaign=social_sharing\n<\/div><\/figure>\n<!-- \/wp:embed -->","post_title":"SHAME \u2013 The Musical","post_excerpt":"","post_status":"publish","comment_status":"closed","ping_status":"closed","post_password":"","post_name":"shame-the-musical","to_ping":"","pinged":"","post_modified":"2024-07-22 14:23:06","post_modified_gmt":"2024-07-22 12:23:06","post_content_filtered":"","post_parent":0,"guid":"https:\/\/www.jes-stuttgart.de\/?p=12832","menu_order":0,"post_type":"post","post_mime_type":"","comment_count":"0","filter":"raw"},{"ID":17818,"post_author":"11","post_date":"2024-03-07 15:41:14","post_date_gmt":"2024-03-07 14:41:14","post_content":"<!-- wp:acf\/subtitle {\"name\":\"acf\/subtitle\",\"data\":{\"subtitle\":\"Nach dem gleichnamigen Roman von Gianna Molinari\",\"_subtitle\":\"field_62d65515609a6\"},\"mode\":\"edit\"} \/-->\n\n<!-- wp:spacer {\"height\":\"20px\",\"className\":\"wp-embed-aspect-16-9 wp-has-aspect-ratio\"} -->\n<div style=\"height:20px\" aria-hidden=\"true\" class=\"wp-block-spacer wp-embed-aspect-16-9 wp-has-aspect-ratio\"><\/div>\n<!-- \/wp:spacer -->\n\n<!-- wp:acf\/gallery {\"name\":\"acf\/gallery\",\"mode\":\"preview\"} -->\n<!-- wp:acf\/slide {\"name\":\"acf\/slide\",\"mode\":\"preview\"} -->\n<!-- wp:image {\"id\":7206,\"sizeSlug\":\"full\",\"linkDestination\":\"none\"} -->\n<figure class=\"wp-block-image size-full\"><img src=\"https:\/\/www.jes-stuttgart.de\/wp-content\/uploads\/jes-hier-ist-noch-alles-moeglich-buehne-kostuem-anka-bernstetter-foto-andreas-etter-14.jpg\" alt=\"\" class=\"wp-image-7206\"\/><figcaption class=\"wp-element-caption\">Foto: Andreas Etter<\/figcaption><\/figure>\n<!-- \/wp:image -->\n<!-- \/wp:acf\/slide -->\n\n<!-- wp:acf\/slide {\"name\":\"acf\/slide\",\"mode\":\"preview\"} -->\n<!-- wp:image {\"id\":7208,\"scale\":\"cover\",\"sizeSlug\":\"full\",\"linkDestination\":\"none\"} -->\n<figure class=\"wp-block-image size-full\"><img src=\"https:\/\/www.jes-stuttgart.de\/wp-content\/uploads\/jes-hier-ist-noch-alles-moeglich-buehne-kostuem-anka-bernstetter-foto-andreas-etter-18.jpg\" alt=\"\" class=\"wp-image-7208\" style=\"object-fit:cover\"\/><figcaption class=\"wp-element-caption\">Foto: Andreas Etter<\/figcaption><\/figure>\n<!-- \/wp:image -->\n<!-- \/wp:acf\/slide -->\n\n<!-- wp:acf\/slide {\"name\":\"acf\/slide\",\"mode\":\"preview\"} -->\n<!-- wp:image {\"id\":7210,\"sizeSlug\":\"full\",\"linkDestination\":\"none\"} -->\n<figure class=\"wp-block-image size-full\"><img src=\"https:\/\/www.jes-stuttgart.de\/wp-content\/uploads\/jes-hier-ist-noch-alles-moeglich-buehne-kostuem-anka-bernstetter-foto-andreas-etter-22.jpg\" alt=\"\" class=\"wp-image-7210\"\/><figcaption class=\"wp-element-caption\">Foto: Andreas Etter<\/figcaption><\/figure>\n<!-- \/wp:image -->\n<!-- \/wp:acf\/slide -->\n\n<!-- wp:acf\/slide {\"name\":\"acf\/slide\",\"mode\":\"preview\"} -->\n<!-- wp:image {\"id\":7212,\"sizeSlug\":\"full\",\"linkDestination\":\"none\"} -->\n<figure class=\"wp-block-image size-full\"><img src=\"https:\/\/www.jes-stuttgart.de\/wp-content\/uploads\/jes-hier-ist-noch-alles-moeglich-buehne-kostuem-anka-bernstetter-foto-andreas-etter-39.jpg\" alt=\"\" class=\"wp-image-7212\"\/><figcaption class=\"wp-element-caption\">Foto Andreas Etter<\/figcaption><\/figure>\n<!-- \/wp:image -->\n<!-- \/wp:acf\/slide -->\n\n<!-- wp:acf\/slide {\"name\":\"acf\/slide\",\"mode\":\"preview\"} -->\n<!-- wp:image {\"id\":7214,\"sizeSlug\":\"full\",\"linkDestination\":\"none\"} -->\n<figure class=\"wp-block-image size-full\"><img src=\"https:\/\/www.jes-stuttgart.de\/wp-content\/uploads\/jes-hier-ist-noch-alles-moeglich-buehne-kostuem-anka-bernstetter-foto-andreas-etter-41.jpg\" alt=\"\" class=\"wp-image-7214\"\/><figcaption class=\"wp-element-caption\">Foto: Andreas Etter<\/figcaption><\/figure>\n<!-- \/wp:image -->\n<!-- \/wp:acf\/slide -->\n\n<!-- wp:acf\/slide {\"name\":\"acf\/slide\",\"mode\":\"preview\"} -->\n<!-- wp:image {\"id\":7216,\"sizeSlug\":\"full\",\"linkDestination\":\"none\"} -->\n<figure class=\"wp-block-image size-full\"><img src=\"https:\/\/www.jes-stuttgart.de\/wp-content\/uploads\/jes-hier-ist-noch-alles-moeglich-buehne-kostuem-anka-bernstetter-foto-andreas-etter-49.jpg\" alt=\"\" class=\"wp-image-7216\"\/><figcaption class=\"wp-element-caption\">Foto: Andreas Etter<\/figcaption><\/figure>\n<!-- \/wp:image -->\n<!-- \/wp:acf\/slide -->\n\n<!-- wp:acf\/slide {\"name\":\"acf\/slide\",\"mode\":\"preview\"} -->\n<!-- wp:image {\"id\":7218,\"sizeSlug\":\"full\",\"linkDestination\":\"none\"} -->\n<figure class=\"wp-block-image size-full\"><img src=\"https:\/\/www.jes-stuttgart.de\/wp-content\/uploads\/jes-hier-ist-noch-alles-moeglich-buehne-kostuem-anka-bernstetter-foto-andreas-etter-57.jpg\" alt=\"\" class=\"wp-image-7218\"\/><figcaption class=\"wp-element-caption\">Foto: Andreas Etter<\/figcaption><\/figure>\n<!-- \/wp:image -->\n<!-- \/wp:acf\/slide -->\n<!-- \/wp:acf\/gallery -->\n\n<!-- wp:spacer {\"height\":\"44px\"} -->\n<div style=\"height:44px\" aria-hidden=\"true\" class=\"wp-block-spacer\"><\/div>\n<!-- \/wp:spacer -->\n\n<!-- wp:pb\/accordion-item {\"uuid\":178180} -->\n<div class=\"wp-block-pb-accordion-item c-accordion__item js-accordion-item no-js\" data-initially-open=\"false\" data-click-to-close=\"true\" data-auto-close=\"true\" data-scroll=\"false\" data-scroll-offset=\"0\"><h2 id=\"at-178180\" class=\"c-accordion__title js-accordion-controller\" role=\"button\"><strong>Infos zum St\u00fcck<\/strong><\/h2><div id=\"ac-178180\" class=\"c-accordion__content\"><!-- wp:paragraph {\"fontSize\":\"medium\"} -->\n<p class=\"has-medium-font-size\"> Eine junge Frau als Nachtw\u00e4chterin in einer Verpackungsfabrik, die kurz davor steht, endg\u00fcltig stillgelegt zu werden. Eine r\u00e4tselhaft-morbide Umwelt. Dazu ein Nachtw\u00e4chterkollege, der einst einen Mann vom Himmel hat fallen sehen. Die Frau ist auf der Suche nach einem Wolf, der gesichtet worden ist, aber mehr noch auf der Suche nach sich selbst und nach einer Geschichte, von der sie Teil werden k\u00f6nnte. Die bilderstarke Vermessung einer (Innen-)Welt, zwischen utopischen M\u00f6glichkeiten und wachsender Selbstisolation.<br><br>\u201eHier ist noch alles m\u00f6glich\u201c ist der mehrfach ausgezeichnete Deb\u00fctroman der Schweizer Literatin Gianna Molinari. Ihn hat sich Julia Skof als Vorlage ausgesucht f\u00fcr ihre erste Regiearbeit am JES. Sie untersucht in ihren Inszenierungen die Entstehung von Bildern \u2014 von fremden, unbekannten, aber auch denen, die wir sehen, und \u00fcber die wir sprechen, ebenso wie denen, die wir uns einbilden. Welche Grenzziehungen t\u00e4tigen wir, um das zu bewahren, woran wir glauben?&nbsp;<br><br>Julia Skof studierte Philosophie und Soziologie an der Universit\u00e4t Basel und Regie an der Z\u00fcrcher Hochschule der K\u00fcnste. Ihre Abschlussarbeit \u201eAntigone\u201c wurde an das K\u00f6rber Studio f\u00fcr Junge Regie ans Thalia Theater in Hamburg eingeladen und erreichte die Shortlist.<br><br>F\u00fcr Schulklassen und Kurse empfehlen wir eine Vorbereitung oder eine kurze Einf\u00fchrung vor der Vorstellung.<\/p>\n<!-- \/wp:paragraph -->\n\n<!-- wp:paragraph {\"fontSize\":\"medium\"} -->\n<p class=\"has-medium-font-size\">Das St\u00fcck basiert auf dem Roman&nbsp;\u201eHier ist noch alles m\u00f6glich\u201c&nbsp;von&nbsp;Gianna Molinari, der 2018 im Aufbau Verlag erschien und im Buchhandel erh\u00e4ltlich ist.<br>\u00a9 Aufbau Verlage GmbH &amp; Co. KG, Berlin 2018<\/p>\n<!-- \/wp:paragraph -->\n\n<!-- wp:spacer {\"height\":\"63px\"} -->\n<div style=\"height:63px\" aria-hidden=\"true\" class=\"wp-block-spacer\"><\/div>\n<!-- \/wp:spacer -->\n\n<!-- wp:pb\/accordion-item {\"uuid\":178181} -->\n<div class=\"wp-block-pb-accordion-item c-accordion__item js-accordion-item no-js\" data-initially-open=\"false\" data-click-to-close=\"true\" data-auto-close=\"true\" data-scroll=\"false\" data-scroll-offset=\"0\"><h2 id=\"at-178181\" class=\"c-accordion__title js-accordion-controller\" role=\"button\"><strong>Eine Kritik zum St\u00fcck<br>von Luk Bornhak<\/strong><\/h2><div id=\"ac-178181\" class=\"c-accordion__content\"><!-- wp:paragraph {\"fontSize\":\"medium\"} -->\n<p class=\"has-medium-font-size\"><strong>Eine Frau h\u00e4ngt in der Luft, was hat das zu bedeuten?<\/strong> <br><br>Am 15.10.2022 hat das Theaterst\u00fcck \u201cHier ist noch alles m\u00f6glich\u201c seine Premiere im JES gefeiert.<br><br>Ein St\u00fcck, welches Kopf und Geist auf Trapp h\u00e4lt.<br>Eine Geschichte, die vielleicht eine Vision erz\u00e4hlt, aber vielleicht auch nicht?<br>Eine Geschichte, die viele Interpretationsm\u00f6glichkeiten offen h\u00e4lt.<br><br>Als ich in den kleinen Theatersaal gegangen bin, prasselten viele verschiedene Eindr\u00fccke auf mich ein.<br>Ein B\u00fchnenbild, das bereits die ganze Aufmerksamkeit auf sich zieht und eine Frau, die in der Luft h\u00e4ngt.<br><br>Was hat das zu bedeuten?<br>Das war die erste Frage, die mir in den Kopf kam.<br><br>Ein Theaterst\u00fcck nach einem Roman, der auf die B\u00fchne gebracht und sehr gut gespielt wurde und eine Geschichte erz\u00e4hlt, die sehr viele unterschiedliche Themen behandelt.<br><br>Ein bisschen Politik, ein bisschen Spannung und ein bisschen Nichtwissen, wo man hingeh\u00f6rt.<br><br>Ein Wolf, den man nicht so richtig zuordnen kann, Tonaufnahmen, die einen zwingen, sich auf das Organ Ohr zu konzentrieren und pl\u00f6tzlich muss man sich wieder auf die Augen konzentrieren.<br><br>Das ganze St\u00fcck war mitrei\u00dfend und sehr toll gespielt.<br><br>Die Autorin, die auch anwesend war, kam mit einem breiten Grinsen aus dem Saal und war sehr begeistert!<br><br><strong>Zur Person:<br><\/strong>Hey, ich bin Luk und 18 Jahre alt.<br>Ich hatte die Ehre, mir das St\u00fcck \u201eHier ist noch alles m\u00f6glich\u201d anschauen zu d\u00fcrfen.<br>Seit 2019 bin ich Aktivist f\u00fcr die Belange von Menschen mit Behinderungen und bin auf Instagram unter dem Namen <a href=\"https:\/\/www.instagram.com\/all_inklusiv\/\">@all_inklusiv<\/a><strong> <\/strong>zu finden.<\/p>\n<!-- \/wp:paragraph --><\/div><\/div>\n<!-- \/wp:pb\/accordion-item --><\/div><\/div>\n<!-- \/wp:pb\/accordion-item -->\n\n<!-- wp:pb\/accordion-item {\"uuid\":178182} -->\n<div class=\"wp-block-pb-accordion-item c-accordion__item js-accordion-item no-js\" data-initially-open=\"false\" data-click-to-close=\"true\" data-auto-close=\"true\" data-scroll=\"false\" data-scroll-offset=\"0\"><h2 id=\"at-178182\" class=\"c-accordion__title js-accordion-controller\" role=\"button\"><strong>In Einfacher Sprache<\/strong><\/h2><div id=\"ac-178182\" class=\"c-accordion__content\"><!-- wp:paragraph {\"fontSize\":\"medium\"} -->\n<p class=\"has-medium-font-size\">In dem St\u00fcck geht es um eine junge Frau, die als Nachtw\u00e4chterin in einer Verpackungsfabrik arbeitet. Das hei\u00dft, sie passt nachts auf die Fabrik auf. Die Fabrik soll bald f\u00fcr immer geschlossen werden. In der Welt in dem St\u00fcck gibt es viele R\u00e4tsel. Die Welt zerf\u00e4llt.<br><br>Die junge Frau hat einen Kollegen. Er hat einmal einen Mann vom Himmel fallen sehen. Die junge Frau ist auf der Suche nach einem Wolf. Der Wolf wurde von anderen in der N\u00e4he der Fabrik gesehen. Die junge Frau sucht auch nach sich selbst. Und die junge Frau sucht nach einer Geschichte, von der sie Teil werden k\u00f6nnte.<br><br>In dem St\u00fcck gibt es viele Situationen, die die Innenwelt der jungen Frau zeigen und untersuchen. Da sieht man traumhafte M\u00f6glichkeiten, was in der Zukunft passieren k\u00f6nnte. Aber man sieht auch immer mehr die Einsamkeit, die die junge Frau sich freiwillig ausgesucht hat. \u201eHier ist noch alles m\u00f6glich\u201c ist der erste Roman der Schweizer Autorin Gianna Molinari. Der Roman hat mehrere Preise gewonnen. Die Regisseurin Julia Skof hat den Roman als Vorlage f\u00fcr ihre erste Theaterarbeit am JES ausgesucht. Julia Skof untersucht in dem St\u00fcck, wie Bilder entstehen. Sie untersucht fremde und unbekannte Bilder. Und Bilder, die wir sehen, \u00fcber die wir sprechen. Und sie untersucht Bilder, die wir uns einbilden. Wo ziehen wir eine Grenze, wenn wir etwas bewahren wollen, woran wir glauben?<br><br>Julia Skof studierte Philosophie und Soziologie an der Universit\u00e4t Basel. Und sie studierte Regie an der Z\u00fcrcher Hochschule der K\u00fcnste. Ihre Abschlussarbeit \u201eAntigone\u201c hat eine Einladung an das K\u00f6rber Studio f\u00fcr Junge Regie in Hamburg bekommen. Das K\u00f6rber Studio ist ein Festival f\u00fcr junge Theatermacher*innen. \u201eAntigone\u201c war auf der \u201eShortlist\u201c. Das sind die besten drei Inszenierungen.<br><br>F\u00fcr Schulklassen und Kurse empfehlen wir eine Vorbereitung oder eine kurze Einf\u00fchrung vor der Vorstellung.<\/p>\n<!-- \/wp:paragraph --><\/div><\/div>\n<!-- \/wp:pb\/accordion-item -->\n\n<!-- wp:pb\/accordion-item {\"uuid\":178183} -->\n<div class=\"wp-block-pb-accordion-item c-accordion__item js-accordion-item no-js\" data-initially-open=\"false\" data-click-to-close=\"true\" data-auto-close=\"true\" data-scroll=\"false\" data-scroll-offset=\"0\"><h2 id=\"at-178183\" class=\"c-accordion__title js-accordion-controller\" role=\"button\"><strong><strong>Infos zu sensorischen Reizen<\/strong><\/strong><\/h2><div id=\"ac-178183\" class=\"c-accordion__content\"><!-- wp:paragraph {\"fontSize\":\"medium\"} -->\n<p class=\"has-medium-font-size\">Sinneseindr\u00fccke wie helles Licht, laute Ger\u00e4usche oder pl\u00f6tzliche Ereignisse k\u00f6nnen f\u00fcr manche Menschen aufregend oder \u00fcberfordernd sein. Deswegen findest du hier sensorische Reize, die in \u201eHier ist noch alles m\u00f6glich\u201c stellenweise vorkommen. Vielleicht sind sie gut zu wissen f\u00fcr dich oder jemanden, der mit dir die Vorstellung besucht.<br><br>- Zu Beginn des St\u00fcckes schwebt eine Schauspielerin an einem Klettergurt befestigt in der Luft.<br><br>- Es gibt blendende Lichter und Taschenlampen, schwaches Licht und Dunkelheit.<br><br>- Es werden Videos auf die hintere Wand der B\u00fchne projiziert. Manchmal ist das Video auch auf den Gesichtern der Schauspieler*innen zu sehen.<br><br>- Es gibt eingespielte Musik und Tonaufnahmen.<br><br>- Die Schauspieler*innen verschwinden hinter einer Rampe auf der B\u00fchne und kommen pl\u00f6tzlich wieder hervor. Teilweise treten sie in neuen Kost\u00fcmen auf.<br><br>- Die Schauspieler*innen zeigen gro\u00dfe Gef\u00fchle: Sie schreien und rufen laut und unerwartet.<br><br>- Ein Schauspieler spricht an einer Stelle im St\u00fcck eine Person im Publikum direkt an.<br><br>- Es gibt eine Per\u00fccke, die an ein totes Tier erinnert.<br><br>- Es gibt Salzpulver auf der B\u00fchne.<br><br>- Die Zuschauer*innen sollten immer ruhig sitzen, um dem St\u00fcck gut folgen zu k\u00f6nnen. Die Sitzb\u00e4nke bestehen aus Holz.<\/p>\n<!-- \/wp:paragraph --><\/div><\/div>\n<!-- \/wp:pb\/accordion-item -->\n\n<!-- wp:pb\/accordion-item {\"uuid\":178184} -->\n<div class=\"wp-block-pb-accordion-item c-accordion__item js-accordion-item no-js\" data-initially-open=\"false\" data-click-to-close=\"true\" data-auto-close=\"true\" data-scroll=\"false\" data-scroll-offset=\"0\"><h2 id=\"at-178184\" class=\"c-accordion__title js-accordion-controller\" role=\"button\"><strong>Content Notes<\/strong><\/h2><div id=\"ac-178184\" class=\"c-accordion__content\"><!-- wp:paragraph {\"fontSize\":\"medium\"} -->\n<p class=\"has-medium-font-size\">In dem St\u00fcck geht es unter anderem um das Thema Tod. Ein Todesfall wird genau erz\u00e4hlt.<\/p>\n<!-- \/wp:paragraph --><\/div><\/div>\n<!-- \/wp:pb\/accordion-item -->\n\n<!-- wp:spacer {\"height\":\"50px\",\"className\":\"wp-embed-aspect-16-9 wp-has-aspect-ratio\"} -->\n<div style=\"height:50px\" aria-hidden=\"true\" class=\"wp-block-spacer wp-embed-aspect-16-9 wp-has-aspect-ratio\"><\/div>\n<!-- \/wp:spacer -->\n\n<!-- wp:paragraph {\"textColor\":\"primary\",\"className\":\"wp-embed-aspect-16-9 wp-has-aspect-ratio\",\"fontSize\":\"medium\"} -->\n<p class=\"wp-embed-aspect-16-9 wp-has-aspect-ratio has-primary-color has-text-color has-medium-font-size\">Ab 14 Jahren, ab Klasse 8<br>Dauer: ca. 70 Minuten<br>Preise: Kinder\/Jugendliche 7,00 \u20ac, Erwachsene 12,00 \u20ac<br>Spielort: Oberes Foyer (Kapazit\u00e4t 55 Pl\u00e4tze)<\/p>\n<!-- \/wp:paragraph -->\n\n<!-- wp:spacer {\"height\":\"50px\",\"className\":\"wp-embed-aspect-16-9 wp-has-aspect-ratio\"} -->\n<div style=\"height:50px\" aria-hidden=\"true\" class=\"wp-block-spacer wp-embed-aspect-16-9 wp-has-aspect-ratio\"><\/div>\n<!-- \/wp:spacer -->\n\n<!-- wp:embed {\"url\":\"https:\/\/youtu.be\/OY0uTDCF7pY?si=1eihBdVpbcjzbgip\",\"type\":\"video\",\"providerNameSlug\":\"youtube\",\"responsive\":true,\"className\":\"wp-embed-aspect-16-9 wp-has-aspect-ratio\"} -->\n<figure class=\"wp-block-embed is-type-video is-provider-youtube wp-block-embed-youtube wp-embed-aspect-16-9 wp-has-aspect-ratio\"><div class=\"wp-block-embed__wrapper\">\nhttps:\/\/youtu.be\/OY0uTDCF7pY?si=1eihBdVpbcjzbgip\n<\/div><figcaption class=\"wp-element-caption\">Video: Adrian Schmidt<\/figcaption><\/figure>\n<!-- \/wp:embed -->","post_title":"Hier ist noch alles m\u00f6glich","post_excerpt":"","post_status":"publish","comment_status":"closed","ping_status":"closed","post_password":"","post_name":"hier-ist-noch-alles-moeglich","to_ping":"","pinged":"","post_modified":"2024-05-28 16:04:38","post_modified_gmt":"2024-05-28 14:04:38","post_content_filtered":"","post_parent":0,"guid":"https:\/\/www.jes-stuttgart.de\/?p=17818","menu_order":0,"post_type":"post","post_mime_type":"","comment_count":"0","filter":"raw"},{"ID":12718,"post_author":"13","post_date":"2023-07-24 11:13:11","post_date_gmt":"2023-07-24 09:13:11","post_content":"<!-- wp:acf\/subtitle {\"name\":\"acf\/subtitle\",\"data\":{\"subtitle\":\"Play by Lutz H\u00fcbner\",\"_subtitle\":\"field_66166790ba20b\"},\"mode\":\"edit\"} \/-->\n\n<!-- wp:spacer {\"height\":\"44px\",\"className\":\"wp-embed-aspect-16-9 wp-has-aspect-ratio\"} -->\n<div style=\"height:44px\" aria-hidden=\"true\" class=\"wp-block-spacer wp-embed-aspect-16-9 wp-has-aspect-ratio\"><\/div>\n<!-- \/wp:spacer -->\n\n<!-- wp:paragraph {\"className\":\"wp-embed-aspect-16-9 wp-has-aspect-ratio\",\"textColor\":\"primary3\",\"fontSize\":\"medium\"} -->\n<p class=\"wp-embed-aspect-16-9 wp-has-aspect-ratio has-primary-3-color has-text-color has-medium-font-size\">PREMIERE: May 11, 2024<\/p>\n<!-- \/wp:paragraph -->\n\n<!-- wp:spacer {\"height\":\"34px\",\"className\":\"wp-embed-aspect-16-9 wp-has-aspect-ratio\"} -->\n<div style=\"height:34px\" aria-hidden=\"true\" class=\"wp-block-spacer wp-embed-aspect-16-9 wp-has-aspect-ratio\"><\/div>\n<!-- \/wp:spacer -->\n\n<!-- wp:acf\/gallery {\"name\":\"acf\/gallery\",\"mode\":\"preview\"} -->\n<!-- wp:acf\/slide {\"name\":\"acf\/slide\",\"mode\":\"preview\"} -->\n<!-- wp:image {\"id\":21635,\"sizeSlug\":\"full\",\"linkDestination\":\"none\"} -->\n<figure class=\"wp-block-image size-full\"><img src=\"https:\/\/www.jes-stuttgart.de\/wp-content\/uploads\/das-herz-eines-boxers-06-1.jpg\" alt=\"\" class=\"wp-image-21635\"\/><figcaption class=\"wp-element-caption\">Photo: Andreas Etter<\/figcaption><\/figure>\n<!-- \/wp:image -->\n<!-- \/wp:acf\/slide -->\n\n<!-- wp:acf\/slide {\"name\":\"acf\/slide\",\"mode\":\"preview\"} -->\n<!-- wp:image {\"id\":21637,\"sizeSlug\":\"full\",\"linkDestination\":\"none\"} -->\n<figure class=\"wp-block-image size-full\"><img src=\"https:\/\/www.jes-stuttgart.de\/wp-content\/uploads\/das-herz-eines-boxers-14-1.jpg\" alt=\"\" class=\"wp-image-21637\"\/><figcaption class=\"wp-element-caption\">Photo: Andreas Etter<\/figcaption><\/figure>\n<!-- \/wp:image -->\n<!-- \/wp:acf\/slide -->\n\n<!-- wp:acf\/slide {\"name\":\"acf\/slide\",\"mode\":\"preview\"} -->\n<!-- wp:image {\"id\":21639,\"sizeSlug\":\"full\",\"linkDestination\":\"none\"} -->\n<figure class=\"wp-block-image size-full\"><img src=\"https:\/\/www.jes-stuttgart.de\/wp-content\/uploads\/das-herz-eines-boxers-15-1.jpg\" alt=\"\" class=\"wp-image-21639\"\/><figcaption class=\"wp-element-caption\">Photo: Andreas Etter<\/figcaption><\/figure>\n<!-- \/wp:image -->\n<!-- \/wp:acf\/slide -->\n\n<!-- wp:acf\/slide {\"name\":\"acf\/slide\",\"mode\":\"preview\"} -->\n<!-- wp:image {\"id\":21641,\"sizeSlug\":\"full\",\"linkDestination\":\"none\"} -->\n<figure class=\"wp-block-image size-full\"><img src=\"https:\/\/www.jes-stuttgart.de\/wp-content\/uploads\/das-herz-eines-boxers-32-1.jpg\" alt=\"\" class=\"wp-image-21641\"\/><figcaption class=\"wp-element-caption\">Photo: Andreas Etter<\/figcaption><\/figure>\n<!-- \/wp:image -->\n<!-- \/wp:acf\/slide -->\n\n<!-- wp:acf\/slide {\"name\":\"acf\/slide\",\"mode\":\"preview\"} -->\n<!-- wp:image {\"id\":21643,\"sizeSlug\":\"full\",\"linkDestination\":\"none\"} -->\n<figure class=\"wp-block-image size-full\"><img src=\"https:\/\/www.jes-stuttgart.de\/wp-content\/uploads\/das-herz-eines-boxers-41-1.jpg\" alt=\"\" class=\"wp-image-21643\"\/><figcaption class=\"wp-element-caption\">Photo: Andreas Etter<\/figcaption><\/figure>\n<!-- \/wp:image -->\n<!-- \/wp:acf\/slide -->\n\n<!-- wp:acf\/slide {\"name\":\"acf\/slide\",\"mode\":\"preview\"} -->\n<!-- wp:image {\"id\":21645,\"sizeSlug\":\"full\",\"linkDestination\":\"none\"} -->\n<figure class=\"wp-block-image size-full\"><img src=\"https:\/\/www.jes-stuttgart.de\/wp-content\/uploads\/das-herz-eines-boxers-49-1.jpg\" alt=\"\" class=\"wp-image-21645\"\/><figcaption class=\"wp-element-caption\">Photo: Andreas Etter<\/figcaption><\/figure>\n<!-- \/wp:image -->\n<!-- \/wp:acf\/slide -->\n<!-- \/wp:acf\/gallery -->\n\n<!-- wp:spacer {\"height\":\"20px\",\"className\":\"wp-embed-aspect-16-9 wp-has-aspect-ratio\"} -->\n<div style=\"height:20px\" aria-hidden=\"true\" class=\"wp-block-spacer wp-embed-aspect-16-9 wp-has-aspect-ratio\"><\/div>\n<!-- \/wp:spacer -->\n\n<!-- wp:pb\/accordion-item {\"uuid\":127180,\"className\":\"is-style-default\"} -->\n<div class=\"wp-block-pb-accordion-item c-accordion__item js-accordion-item no-js is-style-default\" data-initially-open=\"false\" data-click-to-close=\"true\" data-auto-close=\"true\" data-scroll=\"false\" data-scroll-offset=\"0\"><h2 id=\"at-127180\" class=\"c-accordion__title js-accordion-controller\" role=\"button\"><strong>Content<\/strong><\/h2><div id=\"ac-127180\" class=\"c-accordion__content\"><!-- wp:paragraph {\"fontSize\":\"medium\"} -->\n<p class=\"has-medium-font-size\">Jojo has been sentenced by juvenile court. The punishment: painting walls in an old age home. Jojo ends up in Leo's room in a bad mood, who doesn't utter a word \u2013 until it turns out that Jojo isn't actually guilty. Leo begins to talk about himself and admits that he is only keeping quiet so that the nurses will leave him alone. And it turns out: he used to be a boxing legend! Jojo tells Leo about friends who are not really friends at all and about the major insecurities regarding his future. Expectations begin to crumble on both sides and conversations about being excluded, about trust and the courage to take responsibility for one another develop. A friendship develops that challenges Leo and Jojo to jump over their shadows.<br><br>\u201eDas Herz eines Boxers\u201c by Lutz H\u00fcbner, Hartmann &amp; Stauffacher Verlag, Cologne.<\/p>\n<!-- \/wp:paragraph --><\/div><\/div>\n<!-- \/wp:pb\/accordion-item -->\n\n<!-- wp:pb\/accordion-item {\"uuid\":127181,\"className\":\"is-style-default\"} -->\n<div class=\"wp-block-pb-accordion-item c-accordion__item js-accordion-item no-js is-style-default\" data-initially-open=\"false\" data-click-to-close=\"true\" data-auto-close=\"true\" data-scroll=\"false\" data-scroll-offset=\"0\"><h2 id=\"at-127181\" class=\"c-accordion__title js-accordion-controller\" role=\"button\"><strong><strong>Notes on sensory stimuli<\/strong><\/strong><\/h2><div id=\"ac-127181\" class=\"c-accordion__content\"><!-- wp:paragraph {\"fontSize\":\"medium\"} -->\n<p class=\"has-medium-font-size\">Sensory impressions such as bright light, loud noises or sudden events can be overstimulating or overwhelming for some people. That's why you'll find a list of sensory stimuli in \"Das Herz eines Boxers\" here. They may be good to be aware of for you or someone who is attending the performance with you.<br><br>- There is bright and colourful light, rapid light changes, weak light and complete darkness. There is a moment when several spotlights with red light change rapidly. This creates a flickering effect.<br><br>- Loud music is played. At one point, sombre electronic music is played.<br><br>- There is an oversized rocking chair on the stage on which the actors sit. Sometimes they rock back and forth or jump down.<br><br>- The actors show big emotions such as despair, anger and joy.<br><br>- At one point, an actor falls from a small stepladder onto the floor.<br><br>- At one point, an actor takes a sip of tea. The person spits the tea straight back out in a fountain.<br><br>- At one point, an actor suddenly hits a picture on a pillar. The middle of the picture falls down and lands on the floor with a loud crash.<br><br>- From the second half of the play onwards, an actor has a painted black eye.<br><br>- In one scene, a knife falls out of an actor's pocket. Later, the person holds it in their hand and looks at it for a long time.<br><br>- In one scene, an actor enters the stage in a full-body clown costume. The person is wearing a face mask. The face is unrecognisable for a few minutes.<br><br>If you have any concerns or questions, please contact us at <a href=\"mailto:ticket@jes-stuttgart.de\"><strong>ticket@jes-stuttgart.de<\/strong><\/a>. We are happy to work out how we can help together with you.<\/p>\n<!-- \/wp:paragraph --><\/div><\/div>\n<!-- \/wp:pb\/accordion-item -->\n\n<!-- wp:pb\/accordion-item {\"uuid\":127182,\"className\":\"is-style-default\"} -->\n<div class=\"wp-block-pb-accordion-item c-accordion__item js-accordion-item no-js is-style-default\" data-initially-open=\"false\" data-click-to-close=\"true\" data-auto-close=\"true\" data-scroll=\"false\" data-scroll-offset=\"0\"><h2 id=\"at-127182\" class=\"c-accordion__title js-accordion-controller\" role=\"button\"><strong>Content Note<\/strong><\/h2><div id=\"ac-127182\" class=\"c-accordion__content\"><!-- wp:paragraph {\"fontSize\":\"medium\"} -->\n<p class=\"has-medium-font-size\">The play deals with sensitive topics such as ageism and racism. There are moments in which violence is described. Offensive language is also used in places. In one scene in the play, thoughts of suicide are hinted at.<\/p>\n<!-- \/wp:paragraph --><\/div><\/div>\n<!-- \/wp:pb\/accordion-item -->\n\n<!-- wp:spacer {\"height\":\"20px\",\"className\":\"wp-embed-aspect-16-9 wp-has-aspect-ratio\"} -->\n<div style=\"height:20px\" aria-hidden=\"true\" class=\"wp-block-spacer wp-embed-aspect-16-9 wp-has-aspect-ratio\"><\/div>\n<!-- \/wp:spacer -->\n\n<!-- wp:paragraph {\"className\":\"wp-embed-aspect-16-9 wp-has-aspect-ratio\",\"textColor\":\"black\",\"fontSize\":\"medium\"} -->\n<p class=\"wp-embed-aspect-16-9 wp-has-aspect-ratio has-black-color has-text-color has-medium-font-size\">Ages 12 and up, grades 7 an up<br>Dauer: ca. 80 Minuten<br>Prices: Children\/young adults \u20ac7.00, adults \u20ac12.00<br>Venue: Upper Foyer (Seating capacity 60)<\/p>\n<!-- \/wp:paragraph -->\n\n<!-- wp:spacer {\"height\":\"20px\",\"className\":\"wp-embed-aspect-16-9 wp-has-aspect-ratio\"} -->\n<div style=\"height:20px\" aria-hidden=\"true\" class=\"wp-block-spacer wp-embed-aspect-16-9 wp-has-aspect-ratio\"><\/div>\n<!-- \/wp:spacer -->\n\n<!-- wp:embed {\"url\":\"https:\/\/youtu.be\/ujvqjA0KTgQ\",\"type\":\"video\",\"providerNameSlug\":\"youtube\",\"responsive\":true,\"className\":\"wp-embed-aspect-16-9 wp-has-aspect-ratio\"} -->\n<figure class=\"wp-block-embed is-type-video is-provider-youtube wp-block-embed-youtube wp-embed-aspect-16-9 wp-has-aspect-ratio\"><div class=\"wp-block-embed__wrapper\">\nhttps:\/\/youtu.be\/ujvqjA0KTgQ\n<\/div><figcaption class=\"wp-element-caption\">Video: Adrian Schmidt<\/figcaption><\/figure>\n<!-- \/wp:embed -->","post_title":"Das Herz eines Boxers","post_excerpt":"","post_status":"publish","comment_status":"closed","ping_status":"closed","post_password":"","post_name":"das-herz-eines-boxers","to_ping":"","pinged":"","post_modified":"2024-07-22 14:25:04","post_modified_gmt":"2024-07-22 12:25:04","post_content_filtered":"","post_parent":0,"guid":"https:\/\/www.jes-stuttgart.de\/?p=12718","menu_order":0,"post_type":"post","post_mime_type":"","comment_count":"0","filter":"raw"},{"ID":5712,"post_author":"4","post_date":"2022-09-15 15:36:32","post_date_gmt":"2022-09-15 13:36:32","post_content":"<!-- wp:acf\/subtitle {\"name\":\"acf\/subtitle\",\"data\":{\"subtitle\":\"Based on the novel of the same name by Gianna Molinari\",\"_subtitle\":\"field_62fbf1f7c4e58\"},\"mode\":\"preview\"} \/-->\n\n<!-- wp:spacer {\"height\":\"20px\"} -->\n<div style=\"height:20px\" aria-hidden=\"true\" class=\"wp-block-spacer\"><\/div>\n<!-- \/wp:spacer -->\n\n<!-- wp:acf\/gallery {\"name\":\"acf\/gallery\",\"data\":[],\"mode\":\"preview\"} -->\n<!-- wp:acf\/slide {\"name\":\"acf\/slide\",\"data\":[],\"mode\":\"preview\"} -->\n<!-- wp:image {\"id\":7219,\"sizeSlug\":\"full\",\"linkDestination\":\"none\"} -->\n<figure class=\"wp-block-image size-full\"><img src=\"https:\/\/www.jes-stuttgart.de\/wp-content\/uploads\/jes-hier-ist-noch-alles-moeglich-buehne-kostuem-anka-bernstetter-foto-andreas-etter-57.jpg\" alt=\"\" class=\"wp-image-7219\"\/><figcaption class=\"wp-element-caption\">Foto: Andreas Etter<\/figcaption><\/figure>\n<!-- \/wp:image -->\n\n<!-- wp:image {\"id\":7217,\"sizeSlug\":\"full\",\"linkDestination\":\"none\"} -->\n<figure class=\"wp-block-image size-full\"><img src=\"https:\/\/www.jes-stuttgart.de\/wp-content\/uploads\/jes-hier-ist-noch-alles-moeglich-buehne-kostuem-anka-bernstetter-foto-andreas-etter-49.jpg\" alt=\"\" class=\"wp-image-7217\"\/><figcaption class=\"wp-element-caption\">Foto: Andreas Etter<\/figcaption><\/figure>\n<!-- \/wp:image -->\n\n<!-- wp:image {\"id\":7215,\"sizeSlug\":\"full\",\"linkDestination\":\"none\"} -->\n<figure class=\"wp-block-image size-full\"><img src=\"https:\/\/www.jes-stuttgart.de\/wp-content\/uploads\/jes-hier-ist-noch-alles-moeglich-buehne-kostuem-anka-bernstetter-foto-andreas-etter-41.jpg\" alt=\"\" class=\"wp-image-7215\"\/><figcaption class=\"wp-element-caption\">Foto: Andreas Etter<\/figcaption><\/figure>\n<!-- \/wp:image -->\n\n<!-- wp:image {\"id\":7213,\"sizeSlug\":\"full\",\"linkDestination\":\"none\"} -->\n<figure class=\"wp-block-image size-full\"><img src=\"https:\/\/www.jes-stuttgart.de\/wp-content\/uploads\/jes-hier-ist-noch-alles-moeglich-buehne-kostuem-anka-bernstetter-foto-andreas-etter-39.jpg\" alt=\"\" class=\"wp-image-7213\"\/><figcaption class=\"wp-element-caption\">Foto:Andreas Etter<\/figcaption><\/figure>\n<!-- \/wp:image -->\n\n<!-- wp:image {\"id\":7211,\"sizeSlug\":\"full\",\"linkDestination\":\"none\"} -->\n<figure class=\"wp-block-image size-full\"><img src=\"https:\/\/www.jes-stuttgart.de\/wp-content\/uploads\/jes-hier-ist-noch-alles-moeglich-buehne-kostuem-anka-bernstetter-foto-andreas-etter-22.jpg\" alt=\"\" class=\"wp-image-7211\"\/><figcaption class=\"wp-element-caption\">Foto:Andreas Etter<\/figcaption><\/figure>\n<!-- \/wp:image -->\n\n<!-- wp:image {\"id\":7209,\"sizeSlug\":\"full\",\"linkDestination\":\"none\"} -->\n<figure class=\"wp-block-image size-full\"><img src=\"https:\/\/www.jes-stuttgart.de\/wp-content\/uploads\/jes-hier-ist-noch-alles-moeglich-buehne-kostuem-anka-bernstetter-foto-andreas-etter-18.jpg\" alt=\"\" class=\"wp-image-7209\"\/><figcaption class=\"wp-element-caption\">Foto:Andreas Etter<\/figcaption><\/figure>\n<!-- \/wp:image -->\n\n<!-- wp:image {\"id\":7207,\"sizeSlug\":\"full\",\"linkDestination\":\"none\"} -->\n<figure class=\"wp-block-image size-full\"><img src=\"https:\/\/www.jes-stuttgart.de\/wp-content\/uploads\/jes-hier-ist-noch-alles-moeglich-buehne-kostuem-anka-bernstetter-foto-andreas-etter-14.jpg\" alt=\"\" class=\"wp-image-7207\"\/><figcaption class=\"wp-element-caption\">Foto:Andreas Etter<\/figcaption><\/figure>\n<!-- \/wp:image -->\n<!-- \/wp:acf\/slide -->\n<!-- \/wp:acf\/gallery -->\n\n<!-- wp:paragraph {\"fontSize\":\"medium\"} -->\n<p class=\"has-medium-font-size\">Premiere: Saturday 15th October 2022, 19:00 PM<br><br>A young woman as a night guard in a packaging factory that is about to be shut down for good. The remaining staff has shrunk to a few men: the strangely apathetic owner, the night guard\u2019s colleague Clemens, Lose, who once saw a man fall from the sky and the cook who thinks he has discovered a wolf on the premises. Night after night, the young woman makes her rounds in these surroundings, as enigmatic as they are morbid, in search of the wolf, but even more so in search of herself. What is the core that needs to be discovered and protected?<br><br>\u201cHier ist noch alles m\u00f6glich\u201d is the multi-award-winning debut novel by Swiss writer Gianna Molinari. Julia Skof has chosen it as the basis for her first directing work at JES. In her productions, she examines the creation of images \u2013 those we see and talk about, as well as those in our heads.<br><br>Julia Skof studied philosophy and sociology at the University of Basel and directing at the Zurich University of the Arts. Her final project Antigone was invited to the K\u00f6rber Studio for Young Directors at the Thalia Theatre in Hamburg and reached the shortlist.<\/p>\n<!-- \/wp:paragraph -->\n\n<!-- wp:spacer {\"height\":\"20px\"} -->\n<div style=\"height:20px\" aria-hidden=\"true\" class=\"wp-block-spacer\"><\/div>\n<!-- \/wp:spacer -->\n\n<!-- wp:paragraph {\"fontSize\":\"normal\"} -->\n<p class=\"has-normal-font-size\">14+, Grades 8 and up<br>Price: Children\/Teenagers 5,50 \u20ac, Adults 7,00 \u20ac <\/p>\n<!-- \/wp:paragraph -->","post_title":"Hier ist noch alles m\u00f6glich","post_excerpt":"","post_status":"publish","comment_status":"open","ping_status":"open","post_password":"","post_name":"hier-ist-noch-alles-moglich-everything-is-still-possible-here","to_ping":"","pinged":"","post_modified":"2024-05-28 18:28:53","post_modified_gmt":"2024-05-28 16:28:53","post_content_filtered":"","post_parent":0,"guid":"https:\/\/www.jes-stuttgart.de\/?p=5712","menu_order":0,"post_type":"post","post_mime_type":"","comment_count":"0","filter":"raw"},{"ID":23960,"post_author":"13","post_date":"2024-07-18 14:04:08","post_date_gmt":"2024-07-18 12:04:08","post_content":"<!-- wp:acf\/subtitle {\"name\":\"acf\/subtitle\",\"data\":{\"subtitle\":\"Based on the novel by Kim de l'Horizon\",\"_subtitle\":\"field_66166790ba20b\"},\"mode\":\"edit\"} \/-->\n\n<!-- wp:spacer {\"height\":\"20px\"} -->\n<div style=\"height:20px\" aria-hidden=\"true\" class=\"wp-block-spacer\"><\/div>\n<!-- \/wp:spacer -->\n\n<!-- wp:paragraph {\"style\":{\"elements\":{\"link\":{\"color\":{\"text\":\"var:preset|color|primary3\"}}}},\"textColor\":\"primary3\",\"fontSize\":\"medium\"} -->\n<p class=\"has-primary-3-color has-text-color has-link-color has-medium-font-size\">PREMIERE: 23.05.2025<\/p>\n<!-- \/wp:paragraph -->\n\n<!-- wp:spacer {\"height\":\"20px\"} -->\n<div style=\"height:20px\" aria-hidden=\"true\" class=\"wp-block-spacer\"><\/div>\n<!-- \/wp:spacer -->\n\n<!-- wp:pb\/accordion-item {\"uuid\":239600,\"className\":\"is-style-colored-bg-primary2\"} -->\n<div class=\"wp-block-pb-accordion-item c-accordion__item js-accordion-item no-js is-style-colored-bg-primary2\" data-initially-open=\"false\" data-click-to-close=\"true\" data-auto-close=\"true\" data-scroll=\"false\" data-scroll-offset=\"0\"><h2 id=\"at-239600\" class=\"c-accordion__title js-accordion-controller\" role=\"button\"><strong>Content<\/strong><\/h2><div id=\"ac-239600\" class=\"c-accordion__content\"><!-- wp:paragraph {\"fontSize\":\"medium\"} -->\n<p class=\"has-medium-font-size\">Kim de l'Horizon's multi-award-winning debut novel is the starting point for this theatre piece. \u2018Blutbuch\u2019 is a collection of memories of things that seemed important to our ancestors, an honest struggle with a binary present and a tender dream of a place where everything could be different. This JES production invites you into a garden. The kind of garden we dream of: a place where we actually meet, where we can listen to each other honestly, argue relentlessly and rewrite stories.<br><br>The novel serves as a source of inspiration, a collection of texts and a centre for our own search about imprinting, anger, queerness and family.<br><br>schaefersphilippen\u2122, Theater und Medien GbR, K\u00f6ln.<\/p>\n<!-- \/wp:paragraph --><\/div><\/div>\n<!-- \/wp:pb\/accordion-item -->\n\n<!-- wp:spacer {\"height\":\"20px\"} -->\n<div style=\"height:20px\" aria-hidden=\"true\" class=\"wp-block-spacer\"><\/div>\n<!-- \/wp:spacer -->\n\n<!-- wp:paragraph {\"fontSize\":\"medium\"} -->\n<p class=\"has-medium-font-size\">15+, grades 10 and up<br>Prices: Children\/young people \u20ac7.00, adults \u20ac14.00<br>Venue: Rehearsal stage (capacity 60 seats)<\/p>\n<!-- \/wp:paragraph -->\n\n<!-- wp:paragraph -->\n<p><\/p>\n<!-- \/wp:paragraph -->","post_title":"Blutbuch","post_excerpt":"","post_status":"publish","comment_status":"closed","ping_status":"closed","post_password":"","post_name":"blutbuch","to_ping":"","pinged":"","post_modified":"2025-02-21 11:34:46","post_modified_gmt":"2025-02-21 10:34:46","post_content_filtered":"","post_parent":0,"guid":"https:\/\/www.jes-stuttgart.de\/?p=23960","menu_order":0,"post_type":"post","post_mime_type":"","comment_count":"0","filter":"raw"},{"ID":23951,"post_author":"13","post_date":"2024-07-18 10:04:53","post_date_gmt":"2024-07-18 08:04:53","post_content":"<!-- wp:acf\/subtitle {\"name\":\"acf\/subtitle\",\"data\":{\"subtitle\":\"by Kirsten Boie as a musical tale \\r\\nadapted by Christian Sch\u00f6nfelder and Grete Pagan\\r\\n\",\"_subtitle\":\"field_66166790ba20b\"},\"mode\":\"edit\"} \/-->\n\n<!-- wp:spacer {\"height\":\"20px\"} -->\n<div style=\"height:20px\" aria-hidden=\"true\" class=\"wp-block-spacer\"><\/div>\n<!-- \/wp:spacer -->\n\n<!-- wp:paragraph {\"style\":{\"elements\":{\"link\":{\"color\":{\"text\":\"var:preset|color|primary3\"}}}},\"textColor\":\"primary3\",\"fontSize\":\"medium\"} -->\n<p class=\"has-primary-3-color has-text-color has-link-color has-medium-font-size\">Premiere: 09.11.2024<\/p>\n<!-- \/wp:paragraph -->\n\n<!-- wp:spacer {\"height\":\"20px\"} -->\n<div style=\"height:20px\" aria-hidden=\"true\" class=\"wp-block-spacer\"><\/div>\n<!-- \/wp:spacer -->\n\n<!-- wp:pb\/accordion-item {\"uuid\":239510,\"className\":\"is-style-colored-bg-primary2\"} -->\n<div class=\"wp-block-pb-accordion-item c-accordion__item js-accordion-item no-js is-style-colored-bg-primary2\" data-initially-open=\"false\" data-click-to-close=\"true\" data-auto-close=\"true\" data-scroll=\"false\" data-scroll-offset=\"0\"><h2 id=\"at-239510\" class=\"c-accordion__title js-accordion-controller\" role=\"button\"><strong>Content<\/strong><\/h2><div id=\"ac-239510\" class=\"c-accordion__content\"><!-- wp:paragraph {\"fontSize\":\"medium\"} -->\n<p class=\"has-medium-font-size\">In the Happy Land, nothing is as it used to be: people are unhappy, they are sad, they are in a bad mood and only care about themselves. Is it because the bird of hope that gives everyone comfort and confidence with its song has disappeared? Jabu, the prince, sets off to find the bird despite his fears and doubts. Fortunately, he gets help from Alva, the lighthouse keeper's daughter, who at least knows how to steer a ship. Together, the two set off on their adventure - accompanied by an invigorating melody.<br><br>Together with musicians H\u00eaja Netirk and Carlos Rico, JES develops a light and sensual musical narrative about big questions: How do we want to live together? Do people lose their humanity when they no longer feel confident? Which melody gives you hope?<br><br>Performance rights B\u00fchnenverlag Weitendorf, Hamburg<\/p>\n<!-- \/wp:paragraph --><\/div><\/div>\n<!-- \/wp:pb\/accordion-item -->\n\n<!-- wp:pb\/accordion-item {\"uuid\":239511,\"className\":\"is-style-colored-bg-primary2\"} -->\n<div class=\"wp-block-pb-accordion-item c-accordion__item js-accordion-item no-js is-style-colored-bg-primary2\" data-initially-open=\"false\" data-click-to-close=\"true\" data-auto-close=\"true\" data-scroll=\"false\" data-scroll-offset=\"0\"><h2 id=\"at-239511\" class=\"c-accordion__title js-accordion-controller\" role=\"button\"><strong><strong>Notes on accessibility<\/strong><\/strong><\/h2><div id=\"ac-239511\" class=\"c-accordion__content\"><!-- wp:paragraph {\"fontSize\":\"medium\"} -->\n<p class=\"has-medium-font-size\">In the <strong>audio description<\/strong> the stage set, the costumes and the visible course of the action are described for people with visual impairments. The descriptions are spoken live during the performance and can be heard by the audience via transmitters with headphones.<br><br>For people with visual impairments, we regularly offer screenings with <strong>tactile guidance and audio description <\/strong>an.<br><br>The <strong>tactile tour<\/strong> takes place in the stage area approximately one hour before the performance begins. Here you can feel parts of the stage set, props and costume pieces. The actors introduce themselves and describe themselves. In addition, particularly visual scenes of the production are described.<br><br>A number of tickets is available for people who require audio description. Even if the performance is sold out in the webshop, you can still reserve tickets by e-mail: <a href=\"mailto:ticket@jes-stuttgart.de\"><strong>ticket@jes-stuttgart.de<\/strong><\/a><br><br>For better planning, please register for the <strong>audio description and\/or tactile tour. <\/strong>By mail to <a href=\"mailto:ticket@jes-stuttgart.de\"><strong>ticket@jes-stuttgart.de<\/strong><\/a>.<\/p>\n<!-- \/wp:paragraph --><\/div><\/div>\n<!-- \/wp:pb\/accordion-item -->\n\n<!-- wp:spacer {\"height\":\"20px\"} -->\n<div style=\"height:20px\" aria-hidden=\"true\" class=\"wp-block-spacer\"><\/div>\n<!-- \/wp:spacer -->\n\n<!-- wp:paragraph {\"fontSize\":\"medium\"} -->\n<p class=\"has-medium-font-size\">Ages 8 and up, grades 3-6<br>Venue: theatre hall (capacity 180 seats)<br>Duration: 80 minutes<br>With audio description and tactile guidance<\/p>\n<!-- \/wp:paragraph -->","post_title":"Der Hoffnungsvogel","post_excerpt":"","post_status":"publish","comment_status":"closed","ping_status":"closed","post_password":"","post_name":"der-hoffnungsvogel","to_ping":"","pinged":"","post_modified":"2025-01-31 16:27:14","post_modified_gmt":"2025-01-31 15:27:14","post_content_filtered":"","post_parent":0,"guid":"https:\/\/www.jes-stuttgart.de\/?p=23951","menu_order":0,"post_type":"post","post_mime_type":"","comment_count":"0","filter":"raw"},{"ID":23962,"post_author":"13","post_date":"2024-07-18 10:04:34","post_date_gmt":"2024-07-18 08:04:34","post_content":"<!-- wp:acf\/subtitle {\"name\":\"acf\/subtitle\",\"data\":{\"subtitle\":\"Play development by Milan Gather and ensemble\",\"_subtitle\":\"field_66166790ba20b\"},\"mode\":\"edit\"} \/-->\n\n<!-- wp:spacer {\"height\":\"20px\"} -->\n<div style=\"height:20px\" aria-hidden=\"true\" class=\"wp-block-spacer\"><\/div>\n<!-- \/wp:spacer -->\n\n<!-- wp:paragraph {\"style\":{\"elements\":{\"link\":{\"color\":{\"text\":\"var:preset|color|primary\"}}}},\"textColor\":\"primary\",\"fontSize\":\"medium\"} -->\n<p class=\"has-primary-color has-text-color has-link-color has-medium-font-size\">PREMIERE: 25.01.2025<\/p>\n<!-- \/wp:paragraph -->\n\n<!-- wp:spacer {\"height\":\"27px\"} -->\n<div style=\"height:27px\" aria-hidden=\"true\" class=\"wp-block-spacer\"><\/div>\n<!-- \/wp:spacer -->\n\n<!-- wp:acf\/gallery {\"name\":\"acf\/gallery\",\"mode\":\"preview\"} -->\n<!-- wp:acf\/slide {\"name\":\"acf\/slide\",\"mode\":\"preview\"} -->\n<!-- wp:image {\"id\":26339,\"sizeSlug\":\"full\",\"linkDestination\":\"none\"} -->\n<figure class=\"wp-block-image size-full\"><img src=\"https:\/\/www.jes-stuttgart.de\/wp-content\/uploads\/un-fair-foto-brummer-223.jpg\" alt=\"\" class=\"wp-image-26339\"\/><figcaption class=\"wp-element-caption\">Foto: Sebastian Brummer<\/figcaption><\/figure>\n<!-- \/wp:image -->\n<!-- \/wp:acf\/slide -->\n\n<!-- wp:acf\/slide {\"name\":\"acf\/slide\",\"mode\":\"preview\"} -->\n<!-- wp:image {\"id\":26325,\"sizeSlug\":\"full\",\"linkDestination\":\"none\"} -->\n<figure class=\"wp-block-image size-full\"><img src=\"https:\/\/www.jes-stuttgart.de\/wp-content\/uploads\/un-fair-foto-brummer-6.jpg\" alt=\"\" class=\"wp-image-26325\"\/><figcaption class=\"wp-element-caption\">Foto: Sebastian Brummer<\/figcaption><\/figure>\n<!-- \/wp:image -->\n<!-- \/wp:acf\/slide -->\n\n<!-- wp:acf\/slide {\"name\":\"acf\/slide\",\"mode\":\"preview\"} -->\n<!-- wp:image {\"id\":26327,\"sizeSlug\":\"large\",\"linkDestination\":\"none\"} -->\n<figure class=\"wp-block-image size-large\"><img src=\"https:\/\/www.jes-stuttgart.de\/wp-content\/uploads\/un-fair-foto-brummer-27-1707x2560.jpg\" alt=\"\" class=\"wp-image-26327\"\/><figcaption class=\"wp-element-caption\">Foto: Sebastian Brummer<\/figcaption><\/figure>\n<!-- \/wp:image -->\n<!-- \/wp:acf\/slide -->\n\n<!-- wp:acf\/slide {\"name\":\"acf\/slide\",\"mode\":\"preview\"} -->\n<!-- wp:image {\"id\":26329,\"sizeSlug\":\"full\",\"linkDestination\":\"none\"} -->\n<figure class=\"wp-block-image size-full\"><img src=\"https:\/\/www.jes-stuttgart.de\/wp-content\/uploads\/un-fair-foto-brummer-56.jpg\" alt=\"\" class=\"wp-image-26329\"\/><figcaption class=\"wp-element-caption\">Foto: Sebastian Brummer<\/figcaption><\/figure>\n<!-- \/wp:image -->\n<!-- \/wp:acf\/slide -->\n\n<!-- wp:acf\/slide {\"name\":\"acf\/slide\",\"mode\":\"preview\"} -->\n<!-- wp:image {\"id\":26331,\"sizeSlug\":\"full\",\"linkDestination\":\"none\"} -->\n<figure class=\"wp-block-image size-full\"><img src=\"https:\/\/www.jes-stuttgart.de\/wp-content\/uploads\/un-fair-foto-brummer-68.jpg\" alt=\"\" class=\"wp-image-26331\"\/><figcaption class=\"wp-element-caption\">Foto: Sebastian Brummer<\/figcaption><\/figure>\n<!-- \/wp:image -->\n<!-- \/wp:acf\/slide -->\n\n<!-- wp:acf\/slide {\"name\":\"acf\/slide\",\"mode\":\"preview\"} -->\n<!-- wp:image {\"id\":26333,\"sizeSlug\":\"full\",\"linkDestination\":\"none\"} -->\n<figure class=\"wp-block-image size-full\"><img src=\"https:\/\/www.jes-stuttgart.de\/wp-content\/uploads\/un-fair-foto-brummer-137.jpg\" alt=\"\" class=\"wp-image-26333\"\/><figcaption class=\"wp-element-caption\">Foto: Sebastian Brummer<\/figcaption><\/figure>\n<!-- \/wp:image -->\n<!-- \/wp:acf\/slide -->\n\n<!-- wp:acf\/slide {\"name\":\"acf\/slide\",\"mode\":\"preview\"} -->\n<!-- wp:image {\"id\":26335,\"sizeSlug\":\"full\",\"linkDestination\":\"none\"} -->\n<figure class=\"wp-block-image size-full\"><img src=\"https:\/\/www.jes-stuttgart.de\/wp-content\/uploads\/un-fair-foto-brummer-195.jpg\" alt=\"\" class=\"wp-image-26335\"\/><figcaption class=\"wp-element-caption\">Foto: Sebastian Brummer<\/figcaption><\/figure>\n<!-- \/wp:image -->\n<!-- \/wp:acf\/slide -->\n\n<!-- wp:acf\/slide {\"name\":\"acf\/slide\",\"mode\":\"preview\"} -->\n<!-- wp:image {\"id\":26337,\"sizeSlug\":\"full\",\"linkDestination\":\"none\"} -->\n<figure class=\"wp-block-image size-full\"><img src=\"https:\/\/www.jes-stuttgart.de\/wp-content\/uploads\/un-fair-foto-brummer-204.jpg\" alt=\"\" class=\"wp-image-26337\"\/><figcaption class=\"wp-element-caption\">Foto: Sebastian Brummer<\/figcaption><\/figure>\n<!-- \/wp:image -->\n<!-- \/wp:acf\/slide -->\n<!-- \/wp:acf\/gallery -->\n\n<!-- wp:pb\/accordion-item {\"uuid\":239620,\"className\":\"is-style-colored-bg-primary2\"} -->\n<div class=\"wp-block-pb-accordion-item c-accordion__item js-accordion-item no-js is-style-colored-bg-primary2\" data-initially-open=\"false\" data-click-to-close=\"true\" data-auto-close=\"true\" data-scroll=\"false\" data-scroll-offset=\"0\"><h2 id=\"at-239620\" class=\"c-accordion__title js-accordion-controller\" role=\"button\"><strong>Content<\/strong><\/h2><div id=\"ac-239620\" class=\"c-accordion__content\"><!-- wp:paragraph {\"fontSize\":\"medium\"} -->\n<p class=\"has-medium-font-size\">Life is not fair. Some people are allowed to stay up late, others can already reach the shelf with the sweets. It's usually the majority who decide which game to play. If just a few group members misbehave, is nobody allowed to have ice cream? And of course: Who is allowed to play with which toy?<br><br>The list could go on and on, as could the list of attempts to make everyone equal. How do you get someone to be fair and give up something when so many others give up nothing?<br><br>To develop the play, author and director Milan Gather and the JES ensemble first go on a research trip to schools and daycare centres to find out: When do we perceive something as unfair? How do we deal with unequal conditions? And how willing are we ourselves to compromise and show solidarity?<\/p>\n<!-- \/wp:paragraph --><\/div><\/div>\n<!-- \/wp:pb\/accordion-item -->\n\n<!-- wp:spacer {\"height\":\"20px\"} -->\n<div style=\"height:20px\" aria-hidden=\"true\" class=\"wp-block-spacer\"><\/div>\n<!-- \/wp:spacer -->\n\n<!-- wp:paragraph {\"fontSize\":\"medium\"} -->\n<p class=\"has-medium-font-size\">Ages 5 and up, daycare centre and primary school<br>Duration: approx. 50 minutes<br>Prices: Children\/young people \u20ac7.00, adults \u20ac14.00<br>Venue: Theatre hall (capacity 180 seats)<\/p>\n<!-- \/wp:paragraph -->","post_title":"un\/fair","post_excerpt":"","post_status":"publish","comment_status":"closed","ping_status":"closed","post_password":"","post_name":"un-fair","to_ping":"","pinged":"","post_modified":"2025-01-31 16:36:56","post_modified_gmt":"2025-01-31 15:36:56","post_content_filtered":"","post_parent":0,"guid":"https:\/\/www.jes-stuttgart.de\/?p=23962","menu_order":0,"post_type":"post","post_mime_type":"","comment_count":"0","filter":"raw"}]},"_links":{"self":[{"href":"https:\/\/www.jes-stuttgart.de\/en\/wp-json\/wp\/v2\/person\/5275","targetHints":{"allow":["GET"]}}],"collection":[{"href":"https:\/\/www.jes-stuttgart.de\/en\/wp-json\/wp\/v2\/person"}],"about":[{"href":"https:\/\/www.jes-stuttgart.de\/en\/wp-json\/wp\/v2\/types\/person"}],"wp:attachment":[{"href":"https:\/\/www.jes-stuttgart.de\/en\/wp-json\/wp\/v2\/media?parent=5275"}],"wp:term":[{"taxonomy":"position","embeddable":true,"href":"https:\/\/www.jes-stuttgart.de\/en\/wp-json\/wp\/v2\/position?post=5275"}],"curies":[{"name":"wp","href":"https:\/\/api.w.org\/{rel}","templated":true}]}}