{"id":5310,"date":"2022-07-07T16:13:15","date_gmt":"2022-07-07T14:13:15","guid":{"rendered":"https:\/\/www.jes-stuttgart.de\/person\/frederic-lilje\/"},"modified":"2024-10-24T11:32:49","modified_gmt":"2024-10-24T09:32:49","slug":"frederic-lilje","status":"publish","type":"person","link":"https:\/\/www.jes-stuttgart.de\/en\/person\/frederic-lilje\/","title":{"rendered":"Frederic Lilje (he\/him)"},"content":{"rendered":"\n<figure class=\"wp-block-image size-full\"><img loading=\"lazy\" decoding=\"async\" width=\"1280\" height=\"853\" src=\"https:\/\/www.jes-stuttgart.de\/wp-content\/uploads\/jsn3022-edited.jpg\" alt=\"\" class=\"wp-image-1219\" srcset=\"https:\/\/www.jes-stuttgart.de\/wp-content\/uploads\/jsn3022-edited.jpg 1280w, https:\/\/www.jes-stuttgart.de\/wp-content\/uploads\/jsn3022-edited-200x133.jpg 200w, https:\/\/www.jes-stuttgart.de\/wp-content\/uploads\/jsn3022-edited-768x512.jpg 768w, https:\/\/www.jes-stuttgart.de\/wp-content\/uploads\/jsn3022-edited-1024x682.jpg 1024w, https:\/\/www.jes-stuttgart.de\/wp-content\/uploads\/jsn3022-edited-640x427.jpg 640w, https:\/\/www.jes-stuttgart.de\/wp-content\/uploads\/jsn3022-edited-320x213.jpg 320w\" sizes=\"auto, (max-width: 1280px) 100vw, 1280px\" \/><\/figure>\n\n\n\n<p class=\"has-normal-font-size\" style=\"text-transform:uppercase\">Education<\/p>\n\n\n\n<p class=\"has-medium-font-size\">I completed my bachelor\u2019s degree at Zurich University of the Arts. In summer 2019, I completed my master\u2019s degree in performance studies at the University of Hamburg.<\/p>\n\n\n\n<p class=\"has-medium-font-size\">Elsewhere<\/p>\n\n\n\n<p class=\"has-medium-font-size\">After my first permanent job at JES, I was drawn to the independent scene and to the stage again and again as a performer. My projects intersect at the interface between performative experiments, especially for young audiences, and mediation work between theatre and real life. These projects have taken me to Gessnerallee Zurich, Kampnagel in Hamburg, Schlachthaustheater Bern, Schauspielhaus Hamburg and Junges Theater Konstanz, among others.<\/p>\n\n\n\n<p class=\"has-medium-font-size\">JES and me<\/p>\n\n\n\n<p class=\"has-medium-font-size\" style=\"text-transform:none\">After completing my bachelor&#8217;s degree, I was permanently employed as a theatre educator at the JES from 2012-2015. In the 2022\/23 season, I returned to JES as theatre educator, dramaturge and deputy artistic director.<\/p>\n\n\n\n<div style=\"height:20px\" aria-hidden=\"true\" class=\"wp-block-spacer\"><\/div>\n\n\n\n<p class=\"has-normal-font-size\">CONTACT<\/p>\n\n\n\n<p class=\"has-medium-font-size\"><a href=\"mailto:fredericlilje@jes-stuttgart.de\">fredericlilje@jes-stuttgart.de<\/a><\/p>\n","protected":false},"template":"","position":[187,184,164,160,27],"class_list":["post-5310","person","type-person","status-publish","hentry","position-deputy-artistic-direction","position-dramaturgy","position-acting","position-jes-employees","position-schauspiel"],"acf":{"person_sort":"Lilje","relation_posts":[{"ID":5347,"post_author":"2","post_date":"2022-06-29 18:23:29","post_date_gmt":"2022-06-29 16:23:29","post_content":"<!-- wp:acf\/subtitle {\"name\":\"acf\/subtitle\",\"data\":{\"subtitle\":\"A play about big feelings\\r\\nWith German Sign Language on stage\",\"_subtitle\":\"field_66166790ba20b\"},\"mode\":\"edit\"} \/-->\n\n<!-- wp:spacer {\"height\":\"20px\"} -->\n<div style=\"height:20px\" aria-hidden=\"true\" class=\"wp-block-spacer\"><\/div>\n<!-- \/wp:spacer -->\n\n<!-- wp:acf\/gallery {\"name\":\"acf\/gallery\",\"mode\":\"preview\"} -->\n<!-- wp:acf\/slide {\"name\":\"acf\/slide\",\"data\":[],\"mode\":\"edit\"} -->\n<!-- wp:image {\"id\":7139,\"width\":\"1248px\",\"height\":\"auto\",\"sizeSlug\":\"full\",\"linkDestination\":\"none\"} -->\n<figure class=\"wp-block-image size-full is-resized\"><img src=\"https:\/\/www.jes-stuttgart.de\/wp-content\/uploads\/jes-unbaendig-foto-alex-wunsch-6-ritter-josh-yuezbasioglu.jpg\" alt=\"\" class=\"wp-image-7139\" style=\"width:1248px;height:auto\"\/><figcaption class=\"wp-element-caption\">Photo: Alex Wunsch<\/figcaption><\/figure>\n<!-- \/wp:image -->\n<!-- \/wp:acf\/slide -->\n\n<!-- wp:acf\/slide {\"name\":\"acf\/slide\",\"mode\":\"preview\"} -->\n<!-- wp:image {\"id\":7576,\"sizeSlug\":\"full\",\"linkDestination\":\"none\"} -->\n<figure class=\"wp-block-image size-full\"><img src=\"https:\/\/www.jes-stuttgart.de\/wp-content\/uploads\/jes-unbaendig-foto-julia-sang-nguyen-18-scaled.jpg\" alt=\"\" class=\"wp-image-7576\"\/><figcaption class=\"wp-element-caption\">Photo: Julia Sang Nguyen<\/figcaption><\/figure>\n<!-- \/wp:image -->\n<!-- \/wp:acf\/slide -->\n\n<!-- wp:acf\/slide {\"name\":\"acf\/slide\",\"data\":[],\"mode\":\"edit\"} -->\n<!-- wp:image {\"id\":7571,\"sizeSlug\":\"full\",\"linkDestination\":\"none\"} -->\n<figure class=\"wp-block-image size-full\"><img src=\"https:\/\/www.jes-stuttgart.de\/wp-content\/uploads\/jes-unbaendig-foto-julia-sang-nguyen-11-scaled.jpg\" alt=\"\" class=\"wp-image-7571\"\/><figcaption class=\"wp-element-caption\">Photo: Julia Sang Nguyen<\/figcaption><\/figure>\n<!-- \/wp:image -->\n<!-- \/wp:acf\/slide -->\n\n<!-- wp:acf\/slide {\"name\":\"acf\/slide\",\"mode\":\"preview\"} -->\n<!-- wp:image {\"id\":7578,\"width\":\"1248px\",\"height\":\"auto\",\"sizeSlug\":\"full\",\"linkDestination\":\"none\"} -->\n<figure class=\"wp-block-image size-full is-resized\"><img src=\"https:\/\/www.jes-stuttgart.de\/wp-content\/uploads\/jes-unbaendig-foto-julia-sang-nguyen-48-scaled.jpg\" alt=\"\" class=\"wp-image-7578\" style=\"width:1248px;height:auto\"\/><figcaption class=\"wp-element-caption\">Photo: Julia Sang Nguyen<\/figcaption><\/figure>\n<!-- \/wp:image -->\n<!-- \/wp:acf\/slide -->\n<!-- \/wp:acf\/gallery -->\n\n<!-- wp:spacer {\"height\":\"20px\"} -->\n<div style=\"height:20px\" aria-hidden=\"true\" class=\"wp-block-spacer\"><\/div>\n<!-- \/wp:spacer -->\n\n<!-- wp:paragraph {\"fontSize\":\"medium\"} -->\n<p class=\"has-medium-font-size\">\u201cWelcome to the machine room. We examine feelings here \u2014 that is, we examine them.\u201d<br>Four people welcome you to their workplace at the beginning of their shift. They let you participate in their tests and experiments, you become a witness to their efforts to measure, compare and describe feelings. Does wanderlust come from far away? Is disappointment greater than homesickness? How much is too much?<br><br>A dance, musical and performative approach to what concerns us all, what determines our personal but also social lives so much \u2014 and what nevertheless gets so little space. For all people from the age of 5. Colourful, wild and exciting: UNB\u00c4NDIG is a celebration of great feelings, the encouragement to befriend them, because: \u201cSometimes they come. Most of the time they leave. That\u2019s okay.\u201d<br><br>The production was supported by the programme \u201cKunst trotz Abstand\u201d by the Ministry of Science, Research and the Arts.<\/p>\n<!-- \/wp:paragraph -->\n\n<!-- wp:spacer {\"height\":\"20px\"} -->\n<div style=\"height:20px\" aria-hidden=\"true\" class=\"wp-block-spacer\"><\/div>\n<!-- \/wp:spacer -->\n\n<!-- wp:pb\/accordion-item {\"uuid\":53470,\"className\":\"is-style-default\"} -->\n<div class=\"wp-block-pb-accordion-item c-accordion__item js-accordion-item no-js is-style-default\" data-initially-open=\"false\" data-click-to-close=\"true\" data-auto-close=\"true\" data-scroll=\"false\" data-scroll-offset=\"0\"><h2 id=\"at-53470\" class=\"c-accordion__title js-accordion-controller\" role=\"button\"><strong>Notes on accessibility<\/strong><\/h2><div id=\"ac-53470\" class=\"c-accordion__content\"><!-- wp:paragraph {\"fontSize\":\"medium\"} -->\n<p class=\"has-medium-font-size\">\"Unb\u00e4ndig\" takes place on stage in German sign language. The play is accessible for hearing and deaf children and families. (Deaf includes different identities and lived realities such as deaf, hard of hearing, Ci wearers and later-deaf).<br><br>\"Unb\u00e4ndig\" contains integrated interpreting into German sign language. \"Integrated interpreting\" means that the interpreter does not stand at the edge of the stage, but is visible to on stage with the other actors. She translates a large part of the spoken and sung text by other actors. The interpreter also plays a role in the play. She stands on stage in a way that the audience can easily follow the translation and the plot of the play. Individual words and sentences are signed by the other actors. The interpreter and the actors are all hearing.<br><br>You can find more information about attending performances with German Sign Language on stage <strong><a href=\"https:\/\/www.jes-stuttgart.de\/en\/accessibility-inclusive-offers\/\">here<\/a><\/strong>.<br><br>Concept and interpretation: Hannah H\u00e4berle, Christian Pflugfelder (Consulting)<\/p>\n<!-- \/wp:paragraph --><\/div><\/div>\n<!-- \/wp:pb\/accordion-item -->\n\n<!-- wp:pb\/accordion-item {\"uuid\":53471,\"className\":\"is-style-default\"} -->\n<div class=\"wp-block-pb-accordion-item c-accordion__item js-accordion-item no-js is-style-default\" data-initially-open=\"false\" data-click-to-close=\"true\" data-auto-close=\"true\" data-scroll=\"false\" data-scroll-offset=\"0\"><h2 id=\"at-53471\" class=\"c-accordion__title js-accordion-controller\" role=\"button\"><strong>Notes on sensory stimuli<\/strong><\/h2><div id=\"ac-53471\" class=\"c-accordion__content\"><!-- wp:paragraph {\"fontSize\":\"medium\"} -->\n<p class=\"has-medium-font-size\">Sensory impressions such as bright light, loud noises or sudden events can be overstimulating or overwhelming for some people. That's why you'll find a list of sensory stimuli in \"Unb\u00e4ndig\" here. They may be good to be aware of for you or someone who is attending the performance with you.<br><br>- There is loud, shrill music and the performance contains live instruments. The instruments are an accordion, a cello, an oboe and drums. There are pulsating sounds.<br><br>- There is loud, shrill music and the performance contains live instruments. The instruments are an accordion, a cello, an oboe and drums. There are pulsating sounds.<br><br>- There are quick changes between light and darkness. There are also small, colourful columns of light that flash constantly.<br><br>- There is fog.<br><br>- The actors occasionally wear costumes in which their faces are unrecognisable.<br><br>- Sometimes the actors and objects appear suddenly. For example, there are balls that fall out of pipes onto the stage. They do <strong>not<\/strong> fall into the audience space.<br><br>- The audience is addressed and is allowed to make contact with the actors at specific points.<br><br>- Big emotions are shown, which can be transferred onto the audience. Frequent reactions are loud laughter, cheering and screaming.<br><br>If you have any concerns or questions, please contact us at <a href=\"mailto:ticket@jes-stuttgart.de\">ticket@jes-stuttgart.de<\/a>. We are happy to work out how we can help together with you.<\/p>\n<!-- \/wp:paragraph --><\/div><\/div>\n<!-- \/wp:pb\/accordion-item -->\n\n<!-- wp:spacer {\"height\":\"20px\"} -->\n<div style=\"height:20px\" aria-hidden=\"true\" class=\"wp-block-spacer\"><\/div>\n<!-- \/wp:spacer -->\n\n<!-- wp:paragraph {\"style\":{\"elements\":{\"link\":{\"color\":{\"text\":\"var:preset|color|black\"}}}},\"textColor\":\"black\",\"fontSize\":\"medium\"} -->\n<p class=\"has-black-color has-text-color has-link-color has-medium-font-size\">Ages 5 and up, Kindergarten, Elementary School<br>Duration: 60 minutes<br>Price: Children\/Teenagers \u20ac5,50, Adults \u20ac8,00<br>Venue: Hall (Seating Capacity: 180)<\/p>\n<!-- \/wp:paragraph -->\n\n<!-- wp:spacer {\"height\":\"20px\"} -->\n<div style=\"height:20px\" aria-hidden=\"true\" class=\"wp-block-spacer\"><\/div>\n<!-- \/wp:spacer -->\n\n<!-- wp:embed {\"url\":\"https:\/\/youtube.com\/shorts\/BHsYaQGOvg8?feature=share\",\"type\":\"video\",\"providerNameSlug\":\"youtube\",\"responsive\":true,\"className\":\"wp-embed-aspect-16-9 wp-has-aspect-ratio\"} -->\n<figure class=\"wp-block-embed is-type-video is-provider-youtube wp-block-embed-youtube wp-embed-aspect-16-9 wp-has-aspect-ratio\"><div class=\"wp-block-embed__wrapper\">\nhttps:\/\/youtube.com\/shorts\/BHsYaQGOvg8?feature=share\n<\/div><\/figure>\n<!-- \/wp:embed -->\n\n<!-- wp:spacer {\"height\":\"38px\"} -->\n<div style=\"height:38px\" aria-hidden=\"true\" class=\"wp-block-spacer\"><\/div>\n<!-- \/wp:spacer -->\n\n<!-- wp:embed {\"url\":\"https:\/\/youtu.be\/AZ-FO_qqTkU\",\"type\":\"video\",\"providerNameSlug\":\"youtube\",\"responsive\":true,\"className\":\"wp-embed-aspect-16-9 wp-has-aspect-ratio\"} -->\n<figure class=\"wp-block-embed is-type-video is-provider-youtube wp-block-embed-youtube wp-embed-aspect-16-9 wp-has-aspect-ratio\"><div class=\"wp-block-embed__wrapper\">\nhttps:\/\/youtu.be\/AZ-FO_qqTkU\n<\/div><figcaption class=\"wp-element-caption\">Video: Adrian Schmidt<\/figcaption><\/figure>\n<!-- \/wp:embed -->","post_title":"Unb\u00e4ndig","post_excerpt":"Four people greet you at the beginning of your shift at their workplace. They share their experiments with you, you witness their efforts to measure, compare and describe feelings. Does wanderlust come from far away? Is disappointment greater than homesickness? How much is too much?","post_status":"publish","comment_status":"closed","ping_status":"closed","post_password":"","post_name":"unbaendig","to_ping":"","pinged":"","post_modified":"2024-07-22 14:17:15","post_modified_gmt":"2024-07-22 12:17:15","post_content_filtered":"","post_parent":0,"guid":"https:\/\/www.jes-stuttgart.de\/unbaendig\/","menu_order":0,"post_type":"post","post_mime_type":"","comment_count":"0","filter":"raw"},{"ID":34839,"post_author":"13","post_date":"2025-01-13 12:38:56","post_date_gmt":"2025-01-13 11:38:56","post_content":"<!-- wp:paragraph {\"fontSize\":\"medium\"} -->\n<p class=\"has-medium-font-size\">Performative Installation [in German and English spoken language]<\/p>\n<!-- \/wp:paragraph -->\n\n<!-- wp:acf\/subtitle {\"name\":\"acf\/subtitle\",\"data\":{\"subtitle\":\"\",\"_subtitle\":\"field_62d65515609a6\"},\"mode\":\"edit\"} \/-->\n\n<!-- wp:spacer {\"height\":\"23px\"} -->\n<div style=\"height:23px\" aria-hidden=\"true\" class=\"wp-block-spacer\"><\/div>\n<!-- \/wp:spacer -->\n\n<!-- wp:acf\/gallery {\"name\":\"acf\/gallery\",\"mode\":\"preview\"} -->\n<!-- wp:acf\/slide {\"name\":\"acf\/slide\",\"mode\":\"preview\"} -->\n<!-- wp:image {\"id\":28545,\"sizeSlug\":\"full\",\"linkDestination\":\"none\"} -->\n<figure class=\"wp-block-image size-full\"><img src=\"https:\/\/www.jes-stuttgart.de\/wp-content\/uploads\/114-dsc04670.jpg\" alt=\"\" class=\"wp-image-28545\"\/><figcaption class=\"wp-element-caption\">Photo: Alicia Hoffmann<\/figcaption><\/figure>\n<!-- \/wp:image -->\n<!-- \/wp:acf\/slide -->\n\n<!-- wp:acf\/slide {\"name\":\"acf\/slide\",\"mode\":\"preview\"} -->\n<!-- wp:image {\"id\":28549,\"sizeSlug\":\"full\",\"linkDestination\":\"none\"} -->\n<figure class=\"wp-block-image size-full\"><img src=\"https:\/\/www.jes-stuttgart.de\/wp-content\/uploads\/129-dsc04731.jpg\" alt=\"\" class=\"wp-image-28549\"\/><figcaption class=\"wp-element-caption\">Photo: Alicia Hoffmann<\/figcaption><\/figure>\n<!-- \/wp:image -->\n<!-- \/wp:acf\/slide -->\n\n<!-- wp:acf\/slide {\"name\":\"acf\/slide\",\"mode\":\"preview\"} -->\n<!-- wp:image {\"id\":28578,\"sizeSlug\":\"full\",\"linkDestination\":\"none\"} -->\n<figure class=\"wp-block-image size-full\"><img src=\"https:\/\/www.jes-stuttgart.de\/wp-content\/uploads\/119-dsc04700.jpg\" alt=\"\" class=\"wp-image-28578\"\/><figcaption class=\"wp-element-caption\">Photo: Alicia Hoffmann<\/figcaption><\/figure>\n<!-- \/wp:image -->\n<!-- \/wp:acf\/slide -->\n\n<!-- wp:acf\/slide {\"name\":\"acf\/slide\",\"mode\":\"preview\"} -->\n<!-- wp:image {\"id\":28551,\"sizeSlug\":\"full\",\"linkDestination\":\"none\"} -->\n<figure class=\"wp-block-image size-full\"><img src=\"https:\/\/www.jes-stuttgart.de\/wp-content\/uploads\/120-dsc04711.jpg\" alt=\"\" class=\"wp-image-28551\"\/><figcaption class=\"wp-element-caption\">Photo: Alicia Hoffmann<\/figcaption><\/figure>\n<!-- \/wp:image -->\n<!-- \/wp:acf\/slide -->\n\n<!-- wp:acf\/slide {\"name\":\"acf\/slide\",\"mode\":\"preview\"} -->\n<!-- wp:image {\"id\":28553,\"sizeSlug\":\"full\",\"linkDestination\":\"none\"} -->\n<figure class=\"wp-block-image size-full\"><img src=\"https:\/\/www.jes-stuttgart.de\/wp-content\/uploads\/117-dsc04697.jpg\" alt=\"\" class=\"wp-image-28553\"\/><figcaption class=\"wp-element-caption\">Photo: Alicia Hoffmann<\/figcaption><\/figure>\n<!-- \/wp:image -->\n<!-- \/wp:acf\/slide -->\n\n<!-- wp:acf\/slide {\"name\":\"acf\/slide\",\"mode\":\"preview\"} -->\n<!-- wp:image {\"id\":28555,\"sizeSlug\":\"full\",\"linkDestination\":\"none\"} -->\n<figure class=\"wp-block-image size-full\"><img src=\"https:\/\/www.jes-stuttgart.de\/wp-content\/uploads\/52-dsc04467.jpg\" alt=\"\" class=\"wp-image-28555\"\/><figcaption class=\"wp-element-caption\">Photo: Alicia Hoffmann<\/figcaption><\/figure>\n<!-- \/wp:image -->\n<!-- \/wp:acf\/slide -->\n\n<!-- wp:acf\/slide {\"name\":\"acf\/slide\",\"mode\":\"preview\"} -->\n<!-- wp:image {\"id\":28582,\"sizeSlug\":\"full\",\"linkDestination\":\"none\"} -->\n<figure class=\"wp-block-image size-full\"><img src=\"https:\/\/www.jes-stuttgart.de\/wp-content\/uploads\/40-dsc04434-1.jpg\" alt=\"\" class=\"wp-image-28582\"\/><figcaption class=\"wp-element-caption\">Photo: Alicia Hoffmann<\/figcaption><\/figure>\n<!-- \/wp:image -->\n<!-- \/wp:acf\/slide -->\n\n<!-- wp:acf\/slide {\"name\":\"acf\/slide\",\"mode\":\"preview\"} -->\n<!-- wp:image {\"id\":28557,\"sizeSlug\":\"full\",\"linkDestination\":\"none\"} -->\n<figure class=\"wp-block-image size-full\"><img src=\"https:\/\/www.jes-stuttgart.de\/wp-content\/uploads\/128-dsc04729.jpg\" alt=\"\" class=\"wp-image-28557\"\/><figcaption class=\"wp-element-caption\">Photo: Alicia Hoffmann<\/figcaption><\/figure>\n<!-- \/wp:image -->\n<!-- \/wp:acf\/slide -->\n\n<!-- wp:acf\/slide {\"name\":\"acf\/slide\",\"mode\":\"preview\"} -->\n<!-- wp:image {\"id\":28566,\"sizeSlug\":\"full\",\"linkDestination\":\"none\"} -->\n<figure class=\"wp-block-image size-full\"><img src=\"https:\/\/www.jes-stuttgart.de\/wp-content\/uploads\/118-dsc04699-1.jpg\" alt=\"\" class=\"wp-image-28566\"\/><figcaption class=\"wp-element-caption\">Photo: Alicia Hoffmann<\/figcaption><\/figure>\n<!-- \/wp:image -->\n<!-- \/wp:acf\/slide -->\n<!-- \/wp:acf\/gallery -->\n\n<!-- wp:spacer {\"height\":\"23px\"} -->\n<div style=\"height:23px\" aria-hidden=\"true\" class=\"wp-block-spacer\"><\/div>\n<!-- \/wp:spacer -->\n\n<!-- wp:pb\/accordion-item {\"uuid\":348390,\"className\":\"is-style-colored-bg-primary2\"} -->\n<div class=\"wp-block-pb-accordion-item c-accordion__item js-accordion-item no-js is-style-colored-bg-primary2\" data-initially-open=\"false\" data-click-to-close=\"true\" data-auto-close=\"true\" data-scroll=\"false\" data-scroll-offset=\"0\"><h2 id=\"at-348390\" class=\"c-accordion__title js-accordion-controller\" role=\"button\"><strong>Content<\/strong><\/h2><div id=\"ac-348390\" class=\"c-accordion__content\"><!-- wp:paragraph {\"fontSize\":\"medium\"} -->\n<p class=\"has-medium-font-size\">The OFFICE FOR APPROPRIATE RESPONSES is a space for negotiating failed, delayed and missed responses. The young employees, aged between 9 and 16, work on and archive your case studies together with you.<\/p>\n<!-- \/wp:paragraph --><\/div><\/div>\n<!-- \/wp:pb\/accordion-item -->\n\n<!-- wp:pb\/accordion-item {\"uuid\":348391,\"className\":\"is-style-colored-bg-primary2\"} -->\n<div class=\"wp-block-pb-accordion-item c-accordion__item js-accordion-item no-js is-style-colored-bg-primary2\" data-initially-open=\"false\" data-click-to-close=\"true\" data-auto-close=\"true\" data-scroll=\"false\" data-scroll-offset=\"0\"><h2 id=\"at-348391\" class=\"c-accordion__title js-accordion-controller\" role=\"button\"><strong><strong>Notes on accessibility<\/strong><\/strong><\/h2><div id=\"ac-348391\" class=\"c-accordion__content\"><!-- wp:paragraph {\"fontSize\":\"medium\"} -->\n<p class=\"has-medium-font-size\">\u2022&nbsp;&nbsp;&nbsp; There are several wheelchair spaces available.<\/p>\n<!-- \/wp:paragraph -->\n\n<!-- wp:paragraph {\"fontSize\":\"medium\"} -->\n<p class=\"has-medium-font-size\">\u2022&nbsp;&nbsp;&nbsp; There is also an accessible toilet in front of the JES studios (entrance C, 1st floor), which can be reached via lift.<\/p>\n<!-- \/wp:paragraph -->\n\n<!-- wp:paragraph {\"fontSize\":\"medium\"} -->\n<p class=\"has-medium-font-size\">\u2022&nbsp;&nbsp;&nbsp; The nearest disabled parking spaces are located on Eberhardstra\u00dfe, Breite Stra\u00dfe and Christophstra\u00dfe.<\/p>\n<!-- \/wp:paragraph -->\n\n<!-- wp:paragraph {\"fontSize\":\"medium\"} -->\n<p class=\"has-medium-font-size\">\u2022&nbsp;&nbsp;&nbsp; We are happy to pick you up at the nearest bus or train stop.<\/p>\n<!-- \/wp:paragraph -->\n\n<!-- wp:paragraph {\"fontSize\":\"medium\"} -->\n<p class=\"has-medium-font-size\">\u2022&nbsp;&nbsp;&nbsp; Your assistance dog is welcome.<\/p>\n<!-- \/wp:paragraph -->\n\n<!-- wp:paragraph {\"fontSize\":\"medium\"} -->\n<p class=\"has-medium-font-size\">\u2022&nbsp;&nbsp;&nbsp; There is free seating during the performance. Please let us know if you would benefit from early boarding.<\/p>\n<!-- \/wp:paragraph -->\n\n<!-- wp:paragraph {\"fontSize\":\"medium\"} -->\n<p class=\"has-medium-font-size\">Detailed information on accessibility and inclusion at JES can be found <a href=\"https:\/\/www.jes-stuttgart.de\/en\/accessibility-inclusive-offers\/\" target=\"_blank\" rel=\"noreferrer noopener\"><strong>here<\/strong><\/a>!<\/p>\n<!-- \/wp:paragraph --><\/div><\/div>\n<!-- \/wp:pb\/accordion-item -->\n\n<!-- wp:spacer {\"height\":\"50px\"} -->\n<div style=\"height:50px\" aria-hidden=\"true\" class=\"wp-block-spacer\"><\/div>\n<!-- \/wp:spacer -->\n\n<!-- wp:embed {\"url\":\"https:\/\/youtu.be\/YLaVCHOp-YA\",\"type\":\"video\",\"providerNameSlug\":\"youtube\",\"responsive\":true,\"className\":\"wp-embed-aspect-16-9 wp-has-aspect-ratio\"} -->\n<figure class=\"wp-block-embed is-type-video is-provider-youtube wp-block-embed-youtube wp-embed-aspect-16-9 wp-has-aspect-ratio\"><div class=\"wp-block-embed__wrapper\">\nhttps:\/\/youtu.be\/YLaVCHOp-YA\n<\/div><figcaption class=\"wp-element-caption\">Video: Adrian Schmidt<\/figcaption><\/figure>\n<!-- \/wp:embed -->\n\n<!-- wp:paragraph {\"fontSize\":\"medium\"} -->\n<p class=\"has-medium-font-size\">Ab 8 Jahren<br>Dauer: ca. 45 Minuten<br>kostenfrei, mit Anmeldung<br>Spielort: Torstra\u00dfe 15<\/p>\n<!-- \/wp:paragraph -->","post_title":"B\u00dcRO F\u00dcR ANGEMESSENE REAKTIONEN","post_excerpt":"","post_status":"publish","comment_status":"closed","ping_status":"closed","post_password":"","post_name":"buro-fur-angemessene-reaktionen","to_ping":"","pinged":"","post_modified":"2026-04-10 16:35:06","post_modified_gmt":"2026-04-10 14:35:06","post_content_filtered":"","post_parent":0,"guid":"https:\/\/www.jes-stuttgart.de\/?p=34839","menu_order":0,"post_type":"post","post_mime_type":"","comment_count":"0","filter":"raw"},{"ID":5337,"post_author":"2","post_date":"2022-06-29 17:14:59","post_date_gmt":"2022-06-29 15:14:59","post_content":"<!-- wp:acf\/subtitle {\"name\":\"acf\/subtitle\",\"data\":{\"subtitle\":\"An interactive adventure based on motifs by Valerie Wyatt\",\"_subtitle\":\"field_66166790ba20b\"},\"mode\":\"preview\"} \/-->\n\n<!-- wp:spacer {\"height\":\"20px\"} -->\n<div style=\"height:20px\" aria-hidden=\"true\" class=\"wp-block-spacer\"><\/div>\n<!-- \/wp:spacer -->\n\n<!-- wp:acf\/gallery {\"name\":\"acf\/gallery\",\"mode\":\"preview\"} -->\n<!-- wp:acf\/slide {\"name\":\"acf\/slide\",\"mode\":\"preview\"} -->\n<!-- wp:image {\"id\":9378,\"sizeSlug\":\"full\",\"linkDestination\":\"none\"} -->\n<figure class=\"wp-block-image size-full\"><img src=\"https:\/\/www.jes-stuttgart.de\/wp-content\/uploads\/jes-bademattenrepublik-foto-julia-sang-nguyen-72dpi-9.jpg\" alt=\"\" class=\"wp-image-9378\"\/><figcaption class=\"wp-element-caption\">Photo: Julia Sang Nguyen<\/figcaption><\/figure>\n<!-- \/wp:image -->\n<!-- \/wp:acf\/slide -->\n\n<!-- wp:acf\/slide {\"name\":\"acf\/slide\",\"mode\":\"preview\"} -->\n<!-- wp:image {\"id\":9376,\"sizeSlug\":\"full\",\"linkDestination\":\"none\"} -->\n<figure class=\"wp-block-image size-full\"><img src=\"https:\/\/www.jes-stuttgart.de\/wp-content\/uploads\/jes-bademattenrepublik-foto-julia-sang-nguyen-72dpi-7.jpg\" alt=\"\" class=\"wp-image-9376\"\/><figcaption class=\"wp-element-caption\">Photo: Julia Sang Nguyen<\/figcaption><\/figure>\n<!-- \/wp:image -->\n<!-- \/wp:acf\/slide -->\n\n<!-- wp:acf\/slide {\"name\":\"acf\/slide\",\"mode\":\"preview\"} -->\n<!-- wp:image {\"id\":9372,\"sizeSlug\":\"full\",\"linkDestination\":\"none\"} -->\n<figure class=\"wp-block-image size-full\"><img src=\"https:\/\/www.jes-stuttgart.de\/wp-content\/uploads\/jes-bademattenrepublik-foto-julia-sang-nguyen-72-dpi-14.jpg\" alt=\"\" class=\"wp-image-9372\"\/><figcaption class=\"wp-element-caption\">Photo: Julia Sang Nguyen<\/figcaption><\/figure>\n<!-- \/wp:image -->\n<!-- \/wp:acf\/slide -->\n\n<!-- wp:acf\/slide {\"name\":\"acf\/slide\",\"mode\":\"preview\"} -->\n<!-- wp:image {\"id\":9374,\"sizeSlug\":\"full\",\"linkDestination\":\"none\"} -->\n<figure class=\"wp-block-image size-full\"><img src=\"https:\/\/www.jes-stuttgart.de\/wp-content\/uploads\/jes-bademattenrepublik-foto-julia-sang-nguyen-72dpi-3.jpg\" alt=\"\" class=\"wp-image-9374\"\/><figcaption class=\"wp-element-caption\">Photo: Julia Sang Nguyen<\/figcaption><\/figure>\n<!-- \/wp:image -->\n<!-- \/wp:acf\/slide -->\n<!-- \/wp:acf\/gallery -->\n\n<!-- wp:spacer {\"height\":\"20px\"} -->\n<div style=\"height:20px\" aria-hidden=\"true\" class=\"wp-block-spacer\"><\/div>\n<!-- \/wp:spacer -->\n\n<!-- wp:pb\/accordion-item {\"uuid\":53370,\"className\":\"is-style-default\"} -->\n<div class=\"wp-block-pb-accordion-item c-accordion__item js-accordion-item no-js is-style-default\" data-initially-open=\"false\" data-click-to-close=\"true\" data-auto-close=\"true\" data-scroll=\"false\" data-scroll-offset=\"0\"><h2 id=\"at-53370\" class=\"c-accordion__title js-accordion-controller\" role=\"button\"><strong>Content<\/strong><\/h2><div id=\"ac-53370\" class=\"c-accordion__content\"><!-- wp:paragraph {\"fontSize\":\"medium\"} -->\n<p class=\"has-medium-font-size\">Raising your voice, making it heard What happens when this basic right is suddenly lost? Two actors have founded a state to defy a monstrous danger and invite children to become its first citizens.<br><br>Together they dive into an adventure of intergalactic proportions, playfully testing social coexistence and determining who decides, and thus take on the small issue of saving the world.<br><br>Playfully and embedded in an exciting story, the children experience the encouraging feeling that they are a serious part of society.That it is worthwhile to raise one's own voice - and to fight for this fundamental right.<br><br>This play can also be booked on-site for classrooms. The performance venue is the school gymnasium. Information in German can be found <mark style=\"background-color:rgba(0, 0, 0, 0)\" class=\"has-inline-color has-orange-color\"><a href=\"https:\/\/www.jes-stuttgart.de\/wp-content\/uploads\/infos_die-bademattenrepublik_mobil-4.pdf\">HERE<\/a>.<\/mark><\/p>\n<!-- \/wp:paragraph --><\/div><\/div>\n<!-- \/wp:pb\/accordion-item -->\n\n<!-- wp:pb\/accordion-item {\"uuid\":53371,\"className\":\"is-style-default\"} -->\n<div class=\"wp-block-pb-accordion-item c-accordion__item js-accordion-item no-js is-style-default\" data-initially-open=\"false\" data-click-to-close=\"true\" data-auto-close=\"true\" data-scroll=\"false\" data-scroll-offset=\"0\"><h2 id=\"at-53371\" class=\"c-accordion__title js-accordion-controller\" role=\"button\"><strong>Notes on sensory stimuli<\/strong><\/h2><div id=\"ac-53371\" class=\"c-accordion__content\"><!-- wp:paragraph {\"fontSize\":\"medium\"} -->\n<p class=\"has-medium-font-size\">Sensory impressions such as bright light, loud noises or sudden events can be overstimulating or overwhelming for some people. That's why you'll find a list of sensory stimuli in \"Die Bademattenrepublik\" here. They may be good to be aware of for you or someone who is attending the performance with you.<br><br>- The performance contains loud music and pulsating, technical noises, some of which occur suddenly.<br><br>- Distorted voices are played as sound recordings.<br><br>- There is a flashing signal light that briefly generates loud noises.<br><br>- The audience is on stage with the actors and is actively involved in the play. The audience is asked to change their position in the room and take on small roles and tasks. The audience is asked to answer questions.<br><br>- At one point in the play, some audience members are asked to make loud noises with objects.<br><br>- At one point in the play, the audience is asked to shout something out loud. It gets very loud in the room for about a minute.<br><br>- The audience sits on bath mats on the floor. Sometimes the audience is asked to stand.<br><br>- The actors move quickly around the room and walk through the audience. Sometimes they stand elevated on a windowsill or a platform.<br><br>- The actors show big emotions. For example, they are excited, desperate or happy. Sometimes they speak very quickly and frantically.<br><br>If you have any concerns or questions, please contact us at <a href=\"mailto:ticket@jes-stuttgart.de\"><strong>ticket@jes-stuttgart.de<\/strong><\/a>. We are happy to work out how we can help together with you.<\/p>\n<!-- \/wp:paragraph --><\/div><\/div>\n<!-- \/wp:pb\/accordion-item -->\n\n<!-- wp:spacer {\"height\":\"20px\"} -->\n<div style=\"height:20px\" aria-hidden=\"true\" class=\"wp-block-spacer\"><\/div>\n<!-- \/wp:spacer -->\n\n<!-- wp:paragraph {\"textColor\":\"black\",\"fontSize\":\"medium\"} -->\n<p class=\"has-black-color has-text-color has-medium-font-size\">Ages 8 and up, Grades 3\u20134.<br>Duration: approx. 70 minutes<br>Prices: Children\/young adults \u20ac5.50, adults \u20ac8.00<br>Seating capacity: 50<br><br>Mobile Performances: Prices: 10.00 \u20ac per student<\/p>\n<!-- \/wp:paragraph -->\n\n<!-- wp:spacer {\"height\":\"20px\"} -->\n<div style=\"height:20px\" aria-hidden=\"true\" class=\"wp-block-spacer\"><\/div>\n<!-- \/wp:spacer -->\n\n<!-- wp:embed {\"url\":\"https:\/\/www.youtube.com\/watch?v=rP3y8ehn3as\",\"type\":\"video\",\"providerNameSlug\":\"youtube\",\"responsive\":true,\"align\":\"full\",\"className\":\"wp-embed-aspect-16-9 wp-has-aspect-ratio\"} -->\n<figure class=\"wp-block-embed alignfull is-type-video is-provider-youtube wp-block-embed-youtube wp-embed-aspect-16-9 wp-has-aspect-ratio\"><div class=\"wp-block-embed__wrapper\">\nhttps:\/\/www.youtube.com\/watch?v=rP3y8ehn3as\n<\/div><\/figure>\n<!-- \/wp:embed -->","post_title":"Die Bademattenrepublik","post_excerpt":"","post_status":"publish","comment_status":"closed","ping_status":"closed","post_password":"","post_name":"die-bademattenrepublik","to_ping":"","pinged":"","post_modified":"2024-07-22 14:21:16","post_modified_gmt":"2024-07-22 12:21:16","post_content_filtered":"","post_parent":0,"guid":"https:\/\/www.jes-stuttgart.de\/die-bademattenrepublik\/","menu_order":0,"post_type":"post","post_mime_type":"","comment_count":"0","filter":"raw"},{"ID":5349,"post_author":"2","post_date":"2022-06-29 18:32:43","post_date_gmt":"2022-06-29 16:32:43","post_content":"<!-- wp:acf\/subtitle {\"name\":\"acf\/subtitle\",\"data\":{\"subtitle\":\"Based on the novel by Aglaja Veteranyi\",\"_subtitle\":\"field_66166790ba20b\"},\"mode\":\"edit\"} \/-->\n\n<!-- wp:spacer {\"height\":\"20px\"} -->\n<div style=\"height:20px\" aria-hidden=\"true\" class=\"wp-block-spacer\"><\/div>\n<!-- \/wp:spacer -->\n\n<!-- wp:acf\/gallery {\"name\":\"acf\/gallery\",\"mode\":\"preview\"} -->\n<!-- wp:acf\/slide {\"name\":\"acf\/slide\",\"mode\":\"preview\"} -->\n<!-- wp:image {\"id\":10735,\"sizeSlug\":\"full\",\"linkDestination\":\"none\"} -->\n<figure class=\"wp-block-image size-full\"><img src=\"https:\/\/www.jes-stuttgart.de\/wp-content\/uploads\/jes-polenta-mittel-foto-andreas-etter-13.jpg\" alt=\"\" class=\"wp-image-10735\"\/><figcaption class=\"wp-element-caption\">Photo: Andreas Etter<\/figcaption><\/figure>\n<!-- \/wp:image -->\n<!-- \/wp:acf\/slide -->\n\n<!-- wp:acf\/slide {\"name\":\"acf\/slide\",\"mode\":\"preview\"} -->\n<!-- wp:image {\"id\":10723,\"sizeSlug\":\"full\",\"linkDestination\":\"none\"} -->\n<figure class=\"wp-block-image size-full\"><img src=\"https:\/\/www.jes-stuttgart.de\/wp-content\/uploads\/jes-polenta-mittel-foto-andreas-etter-1.jpg\" alt=\"\" class=\"wp-image-10723\"\/><figcaption class=\"wp-element-caption\">Photo: Andreas Etter<\/figcaption><\/figure>\n<!-- \/wp:image -->\n<!-- \/wp:acf\/slide -->\n\n<!-- wp:acf\/slide {\"name\":\"acf\/slide\",\"mode\":\"preview\"} -->\n<!-- wp:image {\"id\":10733,\"sizeSlug\":\"full\",\"linkDestination\":\"none\"} -->\n<figure class=\"wp-block-image size-full\"><img src=\"https:\/\/www.jes-stuttgart.de\/wp-content\/uploads\/jes-polenta-mittel-foto-andreas-etter-12.jpg\" alt=\"\" class=\"wp-image-10733\"\/><figcaption class=\"wp-element-caption\">Photo: Andreas Etter<\/figcaption><\/figure>\n<!-- \/wp:image -->\n<!-- \/wp:acf\/slide -->\n\n<!-- wp:acf\/slide {\"name\":\"acf\/slide\",\"mode\":\"preview\"} -->\n<!-- wp:image {\"id\":10731,\"sizeSlug\":\"full\",\"linkDestination\":\"none\"} -->\n<figure class=\"wp-block-image size-full\"><img src=\"https:\/\/www.jes-stuttgart.de\/wp-content\/uploads\/jes-polenta-mittel-foto-andreas-etter-11.jpg\" alt=\"\" class=\"wp-image-10731\"\/><figcaption class=\"wp-element-caption\">Photo: Andreas Etter<\/figcaption><\/figure>\n<!-- \/wp:image -->\n<!-- \/wp:acf\/slide -->\n\n<!-- wp:acf\/slide {\"name\":\"acf\/slide\",\"mode\":\"preview\"} -->\n<!-- wp:image {\"id\":10729,\"sizeSlug\":\"full\",\"linkDestination\":\"none\"} -->\n<figure class=\"wp-block-image size-full\"><img src=\"https:\/\/www.jes-stuttgart.de\/wp-content\/uploads\/jes-polenta-mittel-foto-andreas-etter-8.jpg\" alt=\"\" class=\"wp-image-10729\"\/><figcaption class=\"wp-element-caption\">Photo: Andreas Etter<\/figcaption><\/figure>\n<!-- \/wp:image -->\n<!-- \/wp:acf\/slide -->\n\n<!-- wp:acf\/slide {\"name\":\"acf\/slide\",\"mode\":\"preview\"} -->\n<!-- wp:image {\"id\":10727,\"sizeSlug\":\"full\",\"linkDestination\":\"none\"} -->\n<figure class=\"wp-block-image size-full\"><img src=\"https:\/\/www.jes-stuttgart.de\/wp-content\/uploads\/jes-polenta-mittel-foto-andreas-etter-6.jpg\" alt=\"\" class=\"wp-image-10727\"\/><figcaption class=\"wp-element-caption\">Photo: Andreas Etter<\/figcaption><\/figure>\n<!-- \/wp:image -->\n<!-- \/wp:acf\/slide -->\n\n<!-- wp:acf\/slide {\"name\":\"acf\/slide\",\"mode\":\"preview\"} -->\n<!-- wp:image {\"id\":10725,\"sizeSlug\":\"full\",\"linkDestination\":\"none\"} -->\n<figure class=\"wp-block-image size-full\"><img src=\"https:\/\/www.jes-stuttgart.de\/wp-content\/uploads\/jes-polenta-mittel-foto-andreas-etter-5.jpg\" alt=\"\" class=\"wp-image-10725\"\/><figcaption class=\"wp-element-caption\">Photo: Andreas Etter<\/figcaption><\/figure>\n<!-- \/wp:image -->\n<!-- \/wp:acf\/slide -->\n<!-- \/wp:acf\/gallery -->\n\n<!-- wp:spacer {\"height\":\"20px\"} -->\n<div style=\"height:20px\" aria-hidden=\"true\" class=\"wp-block-spacer\"><\/div>\n<!-- \/wp:spacer -->\n\n<!-- wp:pb\/accordion-item {\"uuid\":53490,\"className\":\"is-style-default\"} -->\n<div class=\"wp-block-pb-accordion-item c-accordion__item js-accordion-item no-js is-style-default\" data-initially-open=\"false\" data-click-to-close=\"true\" data-auto-close=\"true\" data-scroll=\"false\" data-scroll-offset=\"0\"><h2 id=\"at-53490\" class=\"c-accordion__title js-accordion-controller\" role=\"button\"><strong>Content<\/strong><\/h2><div id=\"ac-53490\" class=\"c-accordion__content\"><!-- wp:paragraph {\"fontSize\":\"medium\"} -->\n<p class=\"has-medium-font-size\">\"I only know my country by smell. It smells like my mother's food. My father says you remember the smell of your country everywhere, but you only recognise it when you're far away.\" <br><br>\"Warum das Kind in der Polenta kocht\" is the story of a young girl growing up between two worlds: the colourfully transfigured homeland of circus and caravan and the harsh reality of being a constant stranger on the road.<br><br>An actress and a young girl on stage at JES confront the story of Agalja Veteranyi. Together with director Ye\u015fim Schaub, they search for the multi-layered<em>, <\/em>sometimes contradictory multilayered feeling of being a stranger via the opposing views of the characters, which are repeatedly interrupted by precise imagery, and deal with it impressively. <br><br>How is it possible to share the experience of homelessness despite different histories, ages and backgrounds? Especially in times of ongoing wars and refugee movements, Aglaja's search for a place she can finally settle intersects inseparably with the reality that surrounds us.<br><br>\u00a9 1999 by DVA Verlag, in the Penguin Random House Verlagsgruppe.<\/p>\n<!-- \/wp:paragraph --><\/div><\/div>\n<!-- \/wp:pb\/accordion-item -->\n\n<!-- wp:pb\/accordion-item {\"uuid\":53491,\"className\":\"is-style-default\"} -->\n<div class=\"wp-block-pb-accordion-item c-accordion__item js-accordion-item no-js is-style-default\" data-initially-open=\"false\" data-click-to-close=\"true\" data-auto-close=\"true\" data-scroll=\"false\" data-scroll-offset=\"0\"><h2 id=\"at-53491\" class=\"c-accordion__title js-accordion-controller\" role=\"button\"><strong>Notes on sensory stimuli<\/strong><\/h2><div id=\"ac-53491\" class=\"c-accordion__content\"><!-- wp:paragraph {\"fontSize\":\"medium\"} -->\n<p class=\"has-medium-font-size\">Sensory impressions such as bright light, loud noises or sudden events can be overstimulating or overwhelming for some people. That's why you'll find a list of sensory stimuli in \"Warum das Kind in der Polenta kocht\" here. They may be good to be aware of for you or someone who is attending the performance with you.<br><br>- A few minutes after the performance begins, the light flickers and several points of light move through the room. The light briefly shines into the auditorium. The effect lasts approx. 15 seconds.<br><br>- Use of music and dripping noises.<br><br>- Weak light, darkness, rapid light changes and flickering light tubes. Attention: Stroboscope-like effects will be used for a brief moment. Feel free to contact us!<br><br>- Feathers and water fall\/drip from the ceiling onto the stage.<br><br>- A raw onion is eaten, which produces a strong, typical odor.<br><br>- Use of a wind machine to the right of the stage set, causing a curtain to move slightly back and forth.<br><br>- On stage, artificial hair hangs around a scaffold, which the players climb up, hang down and disappear into. Sometimes they can only be seen with individual body parts.<br><br>- The players show big emotions.<br><br>- The players speak to the audience and occasionally play to them.<br><br>- In one scene, a player scratches her thigh audibly and quickly for about 10 seconds.<br><br>- A player washes her hair with a white, milky liquid.<br><br>- In one scene, the two players spit into a bathtub. Later, they show the audience the saliva stains.<br><br>If you have any concerns or questions, please contact us at <a href=\"mailto:ticket@jes-stuttgart.de\"><strong>ticket@jes-stuttgart.de<\/strong><\/a><strong>.<\/strong> We will be happy to advise you and work out together how we can help.<\/p>\n<!-- \/wp:paragraph --><\/div><\/div>\n<!-- \/wp:pb\/accordion-item -->\n\n<!-- wp:pb\/accordion-item {\"uuid\":53492,\"className\":\"is-style-default\"} -->\n<div class=\"wp-block-pb-accordion-item c-accordion__item js-accordion-item no-js is-style-default\" data-initially-open=\"false\" data-click-to-close=\"true\" data-auto-close=\"true\" data-scroll=\"false\" data-scroll-offset=\"0\"><h2 id=\"at-53492\" class=\"c-accordion__title js-accordion-controller\" role=\"button\"><strong>Content Notes<\/strong><\/h2><div id=\"ac-53492\" class=\"c-accordion__content\"><!-- wp:paragraph {\"fontSize\":\"medium\"} -->\n<p class=\"has-medium-font-size\">This play deals with themes of homelessness and abandonment by parents. Stories from life in a children's home are retold.<br>In one scene in the play, thoughts of self-harm and suicide are alluded to for a moment.<\/p>\n<!-- \/wp:paragraph --><\/div><\/div>\n<!-- \/wp:pb\/accordion-item -->\n\n<!-- wp:spacer {\"height\":\"20px\"} -->\n<div style=\"height:20px\" aria-hidden=\"true\" class=\"wp-block-spacer\"><\/div>\n<!-- \/wp:spacer -->\n\n<!-- wp:paragraph {\"style\":{\"elements\":{\"link\":{\"color\":{\"text\":\"var:preset|color|black\"}}}},\"textColor\":\"black\",\"fontSize\":\"medium\"} -->\n<p class=\"has-black-color has-text-color has-link-color has-medium-font-size\">Ages 12 and up, grades 6\u20139<br>Duration: approx. 65 minutes<br>Prices: Children\/young adults \u20ac7.00, adults \u20ac12.00<br>Venue: Upper Foyer (Seating capacity 60)<\/p>\n<!-- \/wp:paragraph -->\n\n<!-- wp:spacer {\"height\":\"20px\"} -->\n<div style=\"height:20px\" aria-hidden=\"true\" class=\"wp-block-spacer\"><\/div>\n<!-- \/wp:spacer -->\n\n<!-- wp:embed {\"url\":\"https:\/\/www.youtube.com\/watch?v=hiKgT1esp3g\",\"type\":\"video\",\"providerNameSlug\":\"youtube\",\"responsive\":true,\"className\":\"wp-embed-aspect-16-9 wp-has-aspect-ratio\"} -->\n<figure class=\"wp-block-embed is-type-video is-provider-youtube wp-block-embed-youtube wp-embed-aspect-16-9 wp-has-aspect-ratio\"><div class=\"wp-block-embed__wrapper\">\nhttps:\/\/www.youtube.com\/watch?v=hiKgT1esp3g\n<\/div><figcaption class=\"wp-element-caption\">Video: Adrian Schmidt<\/figcaption><\/figure>\n<!-- \/wp:embed -->","post_title":"Warum das Kind in der Polenta kocht","post_excerpt":"\u201cWarum das Kind in der Polenta kocht\u201d is the story of a young girl growing up between two worlds: the colourfully transfigured home of the circus and caravans and the harsh reality of being a constant stranger on the road.","post_status":"publish","comment_status":"closed","ping_status":"closed","post_password":"","post_name":"warum-das-kind-in-der-polenta-kocht-2","to_ping":"","pinged":"","post_modified":"2024-07-22 14:24:27","post_modified_gmt":"2024-07-22 12:24:27","post_content_filtered":"","post_parent":0,"guid":"https:\/\/www.jes-stuttgart.de\/warum-das-kind-in-der-polenta-kocht\/","menu_order":0,"post_type":"post","post_mime_type":"","comment_count":"0","filter":"raw"},{"ID":5343,"post_author":"2","post_date":"2022-06-29 17:46:00","post_date_gmt":"2022-06-29 15:46:00","post_content":"<!-- wp:spacer {\"height\":\"0px\"} -->\n<div style=\"height:0px\" aria-hidden=\"true\" class=\"wp-block-spacer\"><\/div>\n<!-- \/wp:spacer -->\n\n<!-- wp:acf\/subtitle {\"name\":\"acf\/subtitle\",\"data\":{\"subtitle\":\"Dance theatre\",\"_subtitle\":\"field_62fbf1f7c4e58\"},\"mode\":\"preview\"} \/-->\n\n<!-- wp:spacer {\"height\":\"20px\"} -->\n<div style=\"height:20px\" aria-hidden=\"true\" class=\"wp-block-spacer\"><\/div>\n<!-- \/wp:spacer -->\n\n<!-- wp:acf\/gallery {\"name\":\"acf\/gallery\",\"mode\":\"preview\"} -->\n<!-- wp:acf\/slide {\"name\":\"acf\/slide\",\"mode\":\"preview\"} -->\n<!-- wp:image {\"id\":11997,\"sizeSlug\":\"large\",\"linkDestination\":\"none\"} -->\n<figure class=\"wp-block-image size-large\"><img src=\"https:\/\/www.jes-stuttgart.de\/wp-content\/uploads\/jes-nach-dem-ende-von-allem-foto-andreas-etter-3000x2000-5-2560x1703.jpg\" alt=\"\" class=\"wp-image-11997\"\/><figcaption class=\"wp-element-caption\">Photo: Andreas Etter<\/figcaption><\/figure>\n<!-- \/wp:image -->\n<!-- \/wp:acf\/slide -->\n\n<!-- wp:acf\/slide {\"name\":\"acf\/slide\",\"mode\":\"preview\"} -->\n<!-- wp:image {\"id\":11999,\"sizeSlug\":\"large\",\"linkDestination\":\"none\"} -->\n<figure class=\"wp-block-image size-large\"><img src=\"https:\/\/www.jes-stuttgart.de\/wp-content\/uploads\/jes-nach-dem-ende-von-allem-foto-andreas-etter-3000x2000-21-2560x1707.jpg\" alt=\"\" class=\"wp-image-11999\"\/><figcaption class=\"wp-element-caption\">Photo: Andreas Etter<\/figcaption><\/figure>\n<!-- \/wp:image -->\n<!-- \/wp:acf\/slide -->\n\n<!-- wp:acf\/slide {\"name\":\"acf\/slide\",\"mode\":\"preview\"} -->\n<!-- wp:image {\"id\":12001,\"sizeSlug\":\"large\",\"linkDestination\":\"none\"} -->\n<figure class=\"wp-block-image size-large\"><img src=\"https:\/\/www.jes-stuttgart.de\/wp-content\/uploads\/jes-nach-dem-ende-von-allem-foto-andreas-etter-3000x2000-33-2560x1707.jpg\" alt=\"\" class=\"wp-image-12001\"\/><figcaption class=\"wp-element-caption\">Photo: Andreas Etter<\/figcaption><\/figure>\n<!-- \/wp:image -->\n<!-- \/wp:acf\/slide -->\n\n<!-- wp:acf\/slide {\"name\":\"acf\/slide\",\"mode\":\"preview\"} -->\n<!-- wp:image {\"id\":12003,\"sizeSlug\":\"large\",\"linkDestination\":\"none\"} -->\n<figure class=\"wp-block-image size-large\"><img src=\"https:\/\/www.jes-stuttgart.de\/wp-content\/uploads\/jes-nach-dem-ende-von-allem-foto-andreas-etter-3000x2000-24-2560x1707.jpg\" alt=\"\" class=\"wp-image-12003\"\/><figcaption class=\"wp-element-caption\">Photo: Andreas Etter<\/figcaption><\/figure>\n<!-- \/wp:image -->\n<!-- \/wp:acf\/slide -->\n\n<!-- wp:acf\/slide {\"name\":\"acf\/slide\",\"mode\":\"preview\"} -->\n<!-- wp:image {\"id\":12007,\"sizeSlug\":\"large\",\"linkDestination\":\"none\"} -->\n<figure class=\"wp-block-image size-large\"><img src=\"https:\/\/www.jes-stuttgart.de\/wp-content\/uploads\/jes-nach-dem-ende-von-allem-foto-andreas-etter-3000x2000-28-1-2560x1707.jpg\" alt=\"\" class=\"wp-image-12007\"\/><figcaption class=\"wp-element-caption\">Photo: Andreas Etter<\/figcaption><\/figure>\n<!-- \/wp:image -->\n<!-- \/wp:acf\/slide -->\n<!-- \/wp:acf\/gallery -->\n\n<!-- wp:spacer {\"height\":\"50px\"} -->\n<div style=\"height:50px\" aria-hidden=\"true\" class=\"wp-block-spacer\"><\/div>\n<!-- \/wp:spacer -->\n\n<!-- wp:pb\/accordion-item {\"uuid\":53430,\"className\":\"is-style-default\"} -->\n<div class=\"wp-block-pb-accordion-item c-accordion__item js-accordion-item no-js is-style-default\" data-initially-open=\"false\" data-click-to-close=\"true\" data-auto-close=\"true\" data-scroll=\"false\" data-scroll-offset=\"0\"><h2 id=\"at-53430\" class=\"c-accordion__title js-accordion-controller\" role=\"button\"><strong>Content<\/strong><\/h2><div id=\"ac-53430\" class=\"c-accordion__content\"><!-- wp:paragraph {\"textColor\":\"black\",\"fontSize\":\"medium\"} -->\n<p class=\"has-black-color has-text-color has-medium-font-size\">Five strangers meet in a laundrette. Where they are coming from or what they are looking for remains uncertain at first. The only vague promise hangs as a neon sign above the entrance that reads \"Wash your troubles away.\"<br><br>Alternating between waiting and running, with and against each other, above and straight through, this dance theatre piece by choreographer Beatrix Simk\u00f3 examines moments of being overwhelmed and the unity of the community. The ensemble uses the laundrette as a playground for encounters and negotiations. They climb on washing machines, step over benches and move through the space on rollerskates. They want to know why the world sometimes feels so heavy and whether there is a world behind the washing machine drum. <br><br>A performance with few words about being alone, staying together and enduring uncertainty - mixed with a touch of magic and a big secret.<\/p>\n<!-- \/wp:paragraph --><\/div><\/div>\n<!-- \/wp:pb\/accordion-item -->\n\n<!-- wp:pb\/accordion-item {\"uuid\":53431,\"className\":\"is-style-default\"} -->\n<div class=\"wp-block-pb-accordion-item c-accordion__item js-accordion-item no-js is-style-default\" data-initially-open=\"false\" data-click-to-close=\"true\" data-auto-close=\"true\" data-scroll=\"false\" data-scroll-offset=\"0\"><h2 id=\"at-53431\" class=\"c-accordion__title js-accordion-controller\" role=\"button\"><strong>Notes on sensory stimuli<\/strong><\/h2><div id=\"ac-53431\" class=\"c-accordion__content\"><!-- wp:paragraph {\"fontSize\":\"medium\"} -->\n<p class=\"has-medium-font-size\">Sensory impressions such as bright light, loud noises or sudden events can be overstimulating or overwhelming for some people. That's why you'll find a list of sensory stimuli in \"Nach dem Ende von allem\" here. They may be good to be aware of for you or someone who is attending the performance with you.<br><br>- There is bright and colourful light and dim light and darkness.<br><br>- There is a lot of electronic music with low sounds. Sometimes the music is loud and very fast.<br><br>- The actors climb over the stage set and hide behind it.<br><br>- The actors often make different movements at the same time.<br><br>- One actor enters and leaves the stage through the audience entrance.<br><br>- An actor skates onto the stage.<br><br>- The actors enter and leave the stage behind the set and through a washing machine drum<br><br>- There is a section where the players move very quickly and run across the stage.<br><br>- At one point there are strong emotions. For example, the actors are desperate, excited and overwhelmed<br><br>- The audience should be able to sit quietly throughout to be able to follow what is happening on stage. The benches are made of wood.<br><br>If you have any concerns or questions, please contact us at <a href=\"mailto:ticket@jes-stuttgart.de\"><strong>ticket@jes-stuttgart.de<\/strong><\/a>. We are happy to work out how we can help together with you.<\/p>\n<!-- \/wp:paragraph --><\/div><\/div>\n<!-- \/wp:pb\/accordion-item -->\n\n<!-- wp:spacer {\"height\":\"50px\"} -->\n<div style=\"height:50px\" aria-hidden=\"true\" class=\"wp-block-spacer\"><\/div>\n<!-- \/wp:spacer -->\n\n<!-- wp:paragraph {\"textColor\":\"black\",\"fontSize\":\"medium\"} -->\n<p class=\"has-black-color has-text-color has-medium-font-size\">Ages 8 and up, Grades 3 and up<br>Duration: approx. 45 minutes<br>Prices: Children\/young adults \u20ac5.50, adults \u20ac8.00<br>Venue: Hall (Seating Capacity: 180)<\/p>\n<!-- \/wp:paragraph -->\n\n<!-- wp:spacer {\"height\":\"50px\"} -->\n<div style=\"height:50px\" aria-hidden=\"true\" class=\"wp-block-spacer\"><\/div>\n<!-- \/wp:spacer -->\n\n<!-- wp:columns -->\n<div class=\"wp-block-columns\"><!-- wp:column -->\n<div class=\"wp-block-column\"><!-- wp:image {\"id\":10987,\"width\":\"126px\",\"height\":\"123px\",\"sizeSlug\":\"full\",\"linkDestination\":\"none\",\"align\":\"right\"} -->\n<figure class=\"wp-block-image alignright size-full is-resized\"><img src=\"https:\/\/www.jes-stuttgart.de\/wp-content\/uploads\/bkm-neustart-kultur-wortmarke-pos-cmyk-rz.jpg\" alt=\"\" class=\"wp-image-10987\" style=\"width:126px;height:123px\"\/><\/figure>\n<!-- \/wp:image --><\/div>\n<!-- \/wp:column -->\n\n<!-- wp:column -->\n<div class=\"wp-block-column\"><!-- wp:image {\"id\":10991,\"width\":\"299px\",\"height\":\"122px\",\"sizeSlug\":\"full\",\"linkDestination\":\"none\",\"align\":\"center\"} -->\n<figure class=\"wp-block-image aligncenter size-full is-resized\"><img src=\"https:\/\/www.jes-stuttgart.de\/wp-content\/uploads\/bkm-dtp-cmyk-de.jpg\" alt=\"\" class=\"wp-image-10991\" style=\"width:299px;height:122px\"\/><\/figure>\n<!-- \/wp:image --><\/div>\n<!-- \/wp:column -->\n\n<!-- wp:column -->\n<div class=\"wp-block-column\"><!-- wp:image {\"id\":10989,\"width\":\"248px\",\"height\":\"124px\",\"sizeSlug\":\"full\",\"linkDestination\":\"none\",\"align\":\"left\"} -->\n<figure class=\"wp-block-image alignleft size-full is-resized\"><img src=\"https:\/\/www.jes-stuttgart.de\/wp-content\/uploads\/dtdlogodrgb.png\" alt=\"\" class=\"wp-image-10989\" style=\"width:248px;height:124px\"\/><\/figure>\n<!-- \/wp:image --><\/div>\n<!-- \/wp:column --><\/div>\n<!-- \/wp:columns -->\n\n<!-- wp:spacer {\"height\":\"50px\"} -->\n<div style=\"height:50px\" aria-hidden=\"true\" class=\"wp-block-spacer\"><\/div>\n<!-- \/wp:spacer -->\n\n<!-- wp:embed {\"url\":\"https:\/\/www.youtube.com\/watch?v=7V35CxIIwXM\",\"type\":\"video\",\"providerNameSlug\":\"youtube\",\"responsive\":true,\"className\":\"wp-embed-aspect-16-9 wp-has-aspect-ratio\"} -->\n<figure class=\"wp-block-embed is-type-video is-provider-youtube wp-block-embed-youtube wp-embed-aspect-16-9 wp-has-aspect-ratio\"><div class=\"wp-block-embed__wrapper\">\nhttps:\/\/www.youtube.com\/watch?v=7V35CxIIwXM\n<\/div><\/figure>\n<!-- \/wp:embed -->","post_title":"Nach dem Ende von allem","post_excerpt":"","post_status":"publish","comment_status":"closed","ping_status":"closed","post_password":"","post_name":"mentsvar-zuflucht-ua","to_ping":"","pinged":"","post_modified":"2024-07-22 14:21:31","post_modified_gmt":"2024-07-22 12:21:31","post_content_filtered":"","post_parent":0,"guid":"https:\/\/www.jes-stuttgart.de\/mentsvar-zuflucht-ua\/","menu_order":0,"post_type":"post","post_mime_type":"","comment_count":"0","filter":"raw"},{"ID":12706,"post_author":"13","post_date":"2023-07-24 11:12:43","post_date_gmt":"2023-07-24 09:12:43","post_content":"<!-- wp:acf\/subtitle {\"name\":\"acf\/subtitle\",\"data\":{\"subtitle\":\"Solo piece with audience by Duncan Macmillan; German by Corinna Brocher\",\"_subtitle\":\"field_66166790ba20b\"},\"mode\":\"edit\"} \/-->\n\n<!-- wp:paragraph {\"fontSize\":\"normal\"} -->\n<p class=\"has-normal-font-size\">Rowohl Theatre Publishers, Duncan Macmillan<\/p>\n<!-- \/wp:paragraph -->\n\n<!-- wp:spacer {\"height\":\"20px\",\"className\":\"wp-embed-aspect-16-9 wp-has-aspect-ratio\"} -->\n<div style=\"height:20px\" aria-hidden=\"true\" class=\"wp-block-spacer wp-embed-aspect-16-9 wp-has-aspect-ratio\"><\/div>\n<!-- \/wp:spacer -->\n\n<!-- wp:paragraph {\"className\":\"wp-embed-aspect-16-9 wp-has-aspect-ratio\",\"textColor\":\"primary3\",\"fontSize\":\"medium\"} -->\n<p class=\"wp-embed-aspect-16-9 wp-has-aspect-ratio has-primary-3-color has-text-color has-medium-font-size\">PREMIERE: February 3, 2024<\/p>\n<!-- \/wp:paragraph -->\n\n<!-- wp:spacer {\"height\":\"20px\",\"className\":\"wp-embed-aspect-16-9 wp-has-aspect-ratio\"} -->\n<div style=\"height:20px\" aria-hidden=\"true\" class=\"wp-block-spacer wp-embed-aspect-16-9 wp-has-aspect-ratio\"><\/div>\n<!-- \/wp:spacer -->\n\n<!-- wp:acf\/gallery {\"name\":\"acf\/gallery\",\"mode\":\"preview\"} -->\n<!-- wp:acf\/slide {\"name\":\"acf\/slide\",\"mode\":\"preview\"} -->\n<!-- wp:image {\"id\":16550,\"sizeSlug\":\"full\",\"linkDestination\":\"none\"} -->\n<figure class=\"wp-block-image size-full\"><img src=\"https:\/\/www.jes-stuttgart.de\/wp-content\/uploads\/web-2024-01-jes-all-das-schone-jsn055-scaled.jpg\" alt=\"\" class=\"wp-image-16550\"\/><figcaption class=\"wp-element-caption\">Photo: Julia Sang Nguyen<\/figcaption><\/figure>\n<!-- \/wp:image -->\n<!-- \/wp:acf\/slide -->\n\n<!-- wp:acf\/slide {\"name\":\"acf\/slide\",\"mode\":\"preview\"} -->\n<!-- wp:image {\"id\":16554,\"scale\":\"cover\",\"sizeSlug\":\"full\",\"linkDestination\":\"none\"} -->\n<figure class=\"wp-block-image size-full\"><img src=\"https:\/\/www.jes-stuttgart.de\/wp-content\/uploads\/web-2024-01-jes-all-das-schone-jsn014-scaled.jpg\" alt=\"\" class=\"wp-image-16554\" style=\"object-fit:cover\"\/><figcaption class=\"wp-element-caption\">Photo: Julia Sang Nguyen<\/figcaption><\/figure>\n<!-- \/wp:image -->\n<!-- \/wp:acf\/slide -->\n\n<!-- wp:acf\/slide {\"name\":\"acf\/slide\",\"mode\":\"preview\"} -->\n<!-- wp:image {\"id\":16556,\"sizeSlug\":\"full\",\"linkDestination\":\"none\"} -->\n<figure class=\"wp-block-image size-full\"><img src=\"https:\/\/www.jes-stuttgart.de\/wp-content\/uploads\/web-2024-01-jes-all-das-schone-jsn034-scaled.jpg\" alt=\"\" class=\"wp-image-16556\"\/><figcaption class=\"wp-element-caption\">Photo: Julia Sang Nguyen<\/figcaption><\/figure>\n<!-- \/wp:image -->\n<!-- \/wp:acf\/slide -->\n\n<!-- wp:acf\/slide {\"name\":\"acf\/slide\",\"mode\":\"preview\"} -->\n<!-- wp:image {\"id\":16558,\"sizeSlug\":\"full\",\"linkDestination\":\"none\"} -->\n<figure class=\"wp-block-image size-full\"><img src=\"https:\/\/www.jes-stuttgart.de\/wp-content\/uploads\/web-2024-01-jes-all-das-schone-jsn041-scaled.jpg\" alt=\"\" class=\"wp-image-16558\"\/><figcaption class=\"wp-element-caption\">Foto Julia Sang Nguyen<\/figcaption><\/figure>\n<!-- \/wp:image -->\n<!-- \/wp:acf\/slide -->\n\n<!-- wp:acf\/slide {\"name\":\"acf\/slide\",\"mode\":\"preview\"} -->\n<!-- wp:image {\"id\":16560,\"sizeSlug\":\"full\",\"linkDestination\":\"none\"} -->\n<figure class=\"wp-block-image size-full\"><img src=\"https:\/\/www.jes-stuttgart.de\/wp-content\/uploads\/web-2024-01-jes-all-das-schone-jsn047-scaled.jpg\" alt=\"\" class=\"wp-image-16560\"\/><figcaption class=\"wp-element-caption\">Photo: Julia Sang Nguyen<\/figcaption><\/figure>\n<!-- \/wp:image -->\n<!-- \/wp:acf\/slide -->\n\n<!-- wp:acf\/slide {\"name\":\"acf\/slide\",\"mode\":\"preview\"} -->\n<!-- wp:image {\"id\":16562,\"sizeSlug\":\"full\",\"linkDestination\":\"none\"} -->\n<figure class=\"wp-block-image size-full\"><img src=\"https:\/\/www.jes-stuttgart.de\/wp-content\/uploads\/web-2024-01-jes-all-das-schone-jsn065-scaled.jpg\" alt=\"\" class=\"wp-image-16562\"\/><figcaption class=\"wp-element-caption\">Photo: Julia Sang Nguyen<\/figcaption><\/figure>\n<!-- \/wp:image -->\n<!-- \/wp:acf\/slide -->\n<!-- \/wp:acf\/gallery -->\n\n<!-- wp:spacer {\"height\":\"50px\",\"className\":\"wp-embed-aspect-16-9 wp-has-aspect-ratio\"} -->\n<div style=\"height:50px\" aria-hidden=\"true\" class=\"wp-block-spacer wp-embed-aspect-16-9 wp-has-aspect-ratio\"><\/div>\n<!-- \/wp:spacer -->\n\n<!-- wp:pb\/accordion-item {\"uuid\":127060,\"className\":\"is-style-default\"} -->\n<div class=\"wp-block-pb-accordion-item c-accordion__item js-accordion-item no-js is-style-default\" data-initially-open=\"false\" data-click-to-close=\"true\" data-auto-close=\"true\" data-scroll=\"false\" data-scroll-offset=\"0\"><h2 id=\"at-127060\" class=\"c-accordion__title js-accordion-controller\" role=\"button\"><strong>Content<\/strong><\/h2><div id=\"ac-127060\" class=\"c-accordion__content\"><!-- wp:paragraph {\"fontSize\":\"medium\"} -->\n<p class=\"has-medium-font-size\">1. Lemon ice cream, 2. water fights, 3. staying up later than usual and watching TV, 4. Die Farbe Gelb: the colour yellow... With everything that is beautiful about the world. <br><br>The protagonist of this solo piece, which can only be told together with the audience, begins making a list of all things nice in the world for his mother in the hope that this will end her depression and life will go on. In a way, it does. But not everything automatically becomes good. There is always a strange sadness lurking, there are crashes, embarrassing situations and injuries. The list has grown and grown over the years, approaching a million: 999,997. The alphabet, 999,9998. Inappropriate songs in emotional moments, 999,999. Completing a task....<br><br>A courageous, life-affirming and thought-provoking play about absent parents, faithful companions and big and small life decisions. The play deals with themes of depression as well as the suicide of the protagonist's mother.<br><br>If you or someone close to you is in a crisis, sees no hope and is perhaps thinking about no longer wanting to live, you can find help from the following places:<br><br>Arbeitskreis Leben Stuttgart e.V.: 0711 600620&nbsp; <a href=\"http:\/\/www.ak-leben.de\"><strong>www.ak-leben.de<\/strong><\/a><br><br>Anonymous online counseling by young people for young people:<br><a href=\"http:\/\/www.youth-life-line.de\"><strong>www.youth-life-line.de<\/strong><\/a>, <a href=\"http:\/\/www.u25-freiburg.de\"><strong>www.u25-freiburg.de<\/strong><\/a> and&nbsp; <a href=\"http:\/\/www.nethelp4u.de\"><strong>www.nethelp4u.de<\/strong><\/a><br><br>Crisis and emergency service Stuttgart: 0180 511 0 444<br>Telephone counseling: 0800 111 0 111 or 0800 111 0 222<br>Police and rescue service: 110 and 112<\/p>\n<!-- \/wp:paragraph --><\/div><\/div>\n<!-- \/wp:pb\/accordion-item -->\n\n<!-- wp:pb\/accordion-item {\"uuid\":127061,\"className\":\"is-style-default\"} -->\n<div class=\"wp-block-pb-accordion-item c-accordion__item js-accordion-item no-js is-style-default\" data-initially-open=\"false\" data-click-to-close=\"true\" data-auto-close=\"true\" data-scroll=\"false\" data-scroll-offset=\"0\"><h2 id=\"at-127061\" class=\"c-accordion__title js-accordion-controller\" role=\"button\"><strong>Notes on sensory stimuli<\/strong><\/h2><div id=\"ac-127061\" class=\"c-accordion__content\"><!-- wp:paragraph {\"fontSize\":\"medium\"} -->\n<p class=\"has-medium-font-size\">Sensory impressions such as bright light, loud noises or sudden events can be overstimulating or overwhelming for some people. That's why you'll find a list of sensory stimuli in \"All das Sch\u00f6ne\" here. They may be good to be aware of for you or someone who is attending the performance with you.<br><br>- During the performance, the audience sits in the same room as the actor. The room is separated from a larger room by a curtain made of paper strips.<br><br>- The actor plays and speaks in front of, next to and behind the audience. At times, he sits close to the audience.<br><br>- The audience sits on benches without backrests during the performance. (You can ask for a chair with a backrest if you need one).<br><br>- There is music with a noticeable bass and a quiet, high, continuous tone.<br><br>- There is a loud leaf blower. There is wind from the leaf blower. The paper strips are whirled up at that moment.<br><br>- There is a movable spotlight that can briefly dazzle the audience.<br><br>- The audience and the actor can always see each other.<br><br>- The &nbsp;actor makes direct eye contact with some members of the audience. The actor addresses the audience directly at times. Individual audience members are invited to take on roles or tasks in the play. (You can decline the invitation by shaking your head or denying it. This is not specifically stated in the play).<br><br>- The piece can trigger great emotions. The actor also shows strong emotions at times, such as great joy, infatuation, anger and a feeling of confinement.<br><br>If you have any concerns or questions, please contact us at <a href=\"mailto:ticket@jes-stuttgart.de\"><strong>ticket@jes-stuttgart.de<\/strong><\/a>. We are happy to work out how we can help together with you.<\/p>\n<!-- \/wp:paragraph --><\/div><\/div>\n<!-- \/wp:pb\/accordion-item -->\n\n<!-- wp:pb\/accordion-item {\"uuid\":127062,\"className\":\"is-style-default\"} -->\n<div class=\"wp-block-pb-accordion-item c-accordion__item js-accordion-item no-js is-style-default\" data-initially-open=\"false\" data-click-to-close=\"true\" data-auto-close=\"true\" data-scroll=\"false\" data-scroll-offset=\"0\"><h2 id=\"at-127062\" class=\"c-accordion__title js-accordion-controller\" role=\"button\"><strong>Content Note<\/strong><\/h2><div id=\"ac-127062\" class=\"c-accordion__content\"><!-- wp:paragraph {\"fontSize\":\"medium\"} -->\n<p class=\"has-medium-font-size\">The play deals with topics such as depression, the suicide of a family member and the death of a pet. It also deals with child neglect and separation.<\/p>\n<!-- \/wp:paragraph --><\/div><\/div>\n<!-- \/wp:pb\/accordion-item -->\n\n<!-- wp:spacer {\"height\":\"20px\",\"className\":\"wp-embed-aspect-16-9 wp-has-aspect-ratio\"} -->\n<div style=\"height:20px\" aria-hidden=\"true\" class=\"wp-block-spacer wp-embed-aspect-16-9 wp-has-aspect-ratio\"><\/div>\n<!-- \/wp:spacer -->\n\n<!-- wp:paragraph {\"style\":{\"elements\":{\"link\":{\"color\":{\"text\":\"var:preset|color|black\"}}}},\"textColor\":\"black\",\"fontSize\":\"medium\"} -->\n<p class=\"has-black-color has-text-color has-link-color has-medium-font-size\">Ages 14 and up, grades 8 and up<br>Prices: Children\/young adults \u20ac7.00, adults \u20ac12.00<br>Venue: Rehearsal Stage (Seating capacity 60)<\/p>\n<!-- \/wp:paragraph -->\n\n<!-- wp:spacer {\"height\":\"20px\",\"className\":\"wp-embed-aspect-16-9 wp-has-aspect-ratio\"} -->\n<div style=\"height:20px\" aria-hidden=\"true\" class=\"wp-block-spacer wp-embed-aspect-16-9 wp-has-aspect-ratio\"><\/div>\n<!-- \/wp:spacer -->\n\n<!-- wp:embed {\"url\":\"https:\/\/youtu.be\/nMucg71Oqc4\",\"type\":\"video\",\"providerNameSlug\":\"youtube\",\"responsive\":true,\"className\":\"wp-embed-aspect-16-9 wp-has-aspect-ratio\"} -->\n<figure class=\"wp-block-embed is-type-video is-provider-youtube wp-block-embed-youtube wp-embed-aspect-16-9 wp-has-aspect-ratio\"><div class=\"wp-block-embed__wrapper\">\nhttps:\/\/youtu.be\/nMucg71Oqc4\n<\/div><figcaption class=\"wp-element-caption\">Video: Adrian Schmidt<\/figcaption><\/figure>\n<!-- \/wp:embed -->","post_title":"All das Sch\u00f6ne","post_excerpt":"","post_status":"publish","comment_status":"closed","ping_status":"closed","post_password":"","post_name":"__trashed-23","to_ping":"","pinged":"","post_modified":"2024-07-22 14:26:05","post_modified_gmt":"2024-07-22 12:26:05","post_content_filtered":"","post_parent":0,"guid":"https:\/\/www.jes-stuttgart.de\/?p=12706","menu_order":0,"post_type":"post","post_mime_type":"","comment_count":"0","filter":"raw"},{"ID":17061,"post_author":"5","post_date":"2024-02-06 11:31:51","post_date_gmt":"2024-02-06 10:31:51","post_content":"<!-- wp:acf\/subtitle {\"name\":\"acf\/subtitle\",\"data\":{\"subtitle\":\"Fortbildung f\u00fcr Theatermacher*innen und P\u00e4dagog*innen\",\"_subtitle\":\"field_62d65515609a6\"},\"mode\":\"edit\"} \/-->\n\n<!-- wp:spacer {\"height\":\"50px\"} -->\n<div style=\"height:50px\" aria-hidden=\"true\" class=\"wp-block-spacer\"><\/div>\n<!-- \/wp:spacer -->\n\n<!-- wp:image {\"id\":17232,\"sizeSlug\":\"full\",\"linkDestination\":\"none\"} -->\n<figure class=\"wp-block-image size-full\"><img src=\"https:\/\/www.jes-stuttgart.de\/wp-content\/uploads\/heater-als-performativer-aushandlungsraum.jpg\" alt=\"\" class=\"wp-image-17232\"\/><\/figure>\n<!-- \/wp:image -->\n\n<!-- wp:spacer {\"height\":\"50px\"} -->\n<div style=\"height:50px\" aria-hidden=\"true\" class=\"wp-block-spacer\"><\/div>\n<!-- \/wp:spacer -->\n\n<!-- wp:paragraph {\"fontSize\":\"medium\"} -->\n<p class=\"has-medium-font-size\">In dieser Fortbildung f\u00fcr Theatermacher*innen<em> <\/em>und P\u00e4dagog*innen stellen wir \u00dcbungen, Konzepte und Strategien vor, wie Theater zum performativen Aushandlungsraum wird. Wichtiger denn je scheint es mit Kindern und Jugendlichen in einen Dialog, in eine Auseinandersetzung mit der Welt, gesellschaftlichen Entwicklungen und Fragestellungen zu kommen. \u00dcber die Prinzipien der Behauptung, der Intervention und der Fremdheitserfahrung kommen wir in ein praktisches Ausprobieren, um Themen spielerisch erlebbar zu machen.<br><br>Die performativen Strategien k\u00f6nnen nutzbar gemacht werden f\u00fcr die Erarbeitung eines&nbsp;Theaterprojekts, die thematische Suche im Unterricht und politische\/gesellschaftliche Aushandlungsr\u00e4ume. In der Fortbildung probieren wir gemeinsam praktische \u00dcbungen aus und tauschen uns \u00fcber den theoretischen Hintergrund von Performance, Intervention und Theater au\u00dferhalb des B\u00fchnenraumes aus.<\/p>\n<!-- \/wp:paragraph -->\n\n<!-- wp:paragraph {\"fontSize\":\"medium\"} -->\n<p class=\"has-medium-font-size\">29. April 2024, 18:00-21:00 Uhr<\/p>\n<!-- \/wp:paragraph -->\n\n<!-- wp:spacer {\"height\":\"50px\"} -->\n<div style=\"height:50px\" aria-hidden=\"true\" class=\"wp-block-spacer\"><\/div>\n<!-- \/wp:spacer -->\n\n<!-- wp:paragraph {\"fontSize\":\"medium\"} -->\n<p class=\"has-medium-font-size\">Teilnahmegeb\u00fchr: 20,00 Euro (50% Erm\u00e4\u00dfigung f\u00fcr Partnerschulen\/Partnerlehrer*innen<\/p>\n<!-- \/wp:paragraph -->","post_title":"Theater als performativer Aushandlungsraum\u00a0","post_excerpt":"","post_status":"publish","comment_status":"closed","ping_status":"closed","post_password":"","post_name":"theater-als-performativer-aushandlungsraum","to_ping":"","pinged":"","post_modified":"2024-02-12 13:03:21","post_modified_gmt":"2024-02-12 12:03:21","post_content_filtered":"","post_parent":0,"guid":"https:\/\/www.jes-stuttgart.de\/?p=17061","menu_order":0,"post_type":"post","post_mime_type":"","comment_count":"0","filter":"raw"},{"ID":12718,"post_author":"13","post_date":"2023-07-24 11:13:11","post_date_gmt":"2023-07-24 09:13:11","post_content":"<!-- wp:acf\/subtitle {\"name\":\"acf\/subtitle\",\"data\":{\"subtitle\":\"Play by Lutz H\u00fcbner\",\"_subtitle\":\"field_66166790ba20b\"},\"mode\":\"edit\"} \/-->\n\n<!-- wp:spacer {\"height\":\"44px\",\"className\":\"wp-embed-aspect-16-9 wp-has-aspect-ratio\"} -->\n<div style=\"height:44px\" aria-hidden=\"true\" class=\"wp-block-spacer wp-embed-aspect-16-9 wp-has-aspect-ratio\"><\/div>\n<!-- \/wp:spacer -->\n\n<!-- wp:paragraph {\"className\":\"wp-embed-aspect-16-9 wp-has-aspect-ratio\",\"textColor\":\"primary3\",\"fontSize\":\"medium\"} -->\n<p class=\"wp-embed-aspect-16-9 wp-has-aspect-ratio has-primary-3-color has-text-color has-medium-font-size\">PREMIERE: May 11, 2024<\/p>\n<!-- \/wp:paragraph -->\n\n<!-- wp:spacer {\"height\":\"34px\",\"className\":\"wp-embed-aspect-16-9 wp-has-aspect-ratio\"} -->\n<div style=\"height:34px\" aria-hidden=\"true\" class=\"wp-block-spacer wp-embed-aspect-16-9 wp-has-aspect-ratio\"><\/div>\n<!-- \/wp:spacer -->\n\n<!-- wp:acf\/gallery {\"name\":\"acf\/gallery\",\"mode\":\"preview\"} -->\n<!-- wp:acf\/slide {\"name\":\"acf\/slide\",\"mode\":\"preview\"} -->\n<!-- wp:image {\"id\":21635,\"sizeSlug\":\"full\",\"linkDestination\":\"none\"} -->\n<figure class=\"wp-block-image size-full\"><img src=\"https:\/\/www.jes-stuttgart.de\/wp-content\/uploads\/das-herz-eines-boxers-06-1.jpg\" alt=\"\" class=\"wp-image-21635\"\/><figcaption class=\"wp-element-caption\">Photo: Andreas Etter<\/figcaption><\/figure>\n<!-- \/wp:image -->\n<!-- \/wp:acf\/slide -->\n\n<!-- wp:acf\/slide {\"name\":\"acf\/slide\",\"mode\":\"preview\"} -->\n<!-- wp:image {\"id\":21637,\"sizeSlug\":\"full\",\"linkDestination\":\"none\"} -->\n<figure class=\"wp-block-image size-full\"><img src=\"https:\/\/www.jes-stuttgart.de\/wp-content\/uploads\/das-herz-eines-boxers-14-1.jpg\" alt=\"\" class=\"wp-image-21637\"\/><figcaption class=\"wp-element-caption\">Photo: Andreas Etter<\/figcaption><\/figure>\n<!-- \/wp:image -->\n<!-- \/wp:acf\/slide -->\n\n<!-- wp:acf\/slide {\"name\":\"acf\/slide\",\"mode\":\"preview\"} -->\n<!-- wp:image {\"id\":21639,\"sizeSlug\":\"full\",\"linkDestination\":\"none\"} -->\n<figure class=\"wp-block-image size-full\"><img src=\"https:\/\/www.jes-stuttgart.de\/wp-content\/uploads\/das-herz-eines-boxers-15-1.jpg\" alt=\"\" class=\"wp-image-21639\"\/><figcaption class=\"wp-element-caption\">Photo: Andreas Etter<\/figcaption><\/figure>\n<!-- \/wp:image -->\n<!-- \/wp:acf\/slide -->\n\n<!-- wp:acf\/slide {\"name\":\"acf\/slide\",\"mode\":\"preview\"} -->\n<!-- wp:image {\"id\":21641,\"sizeSlug\":\"full\",\"linkDestination\":\"none\"} -->\n<figure class=\"wp-block-image size-full\"><img src=\"https:\/\/www.jes-stuttgart.de\/wp-content\/uploads\/das-herz-eines-boxers-32-1.jpg\" alt=\"\" class=\"wp-image-21641\"\/><figcaption class=\"wp-element-caption\">Photo: Andreas Etter<\/figcaption><\/figure>\n<!-- \/wp:image -->\n<!-- \/wp:acf\/slide -->\n\n<!-- wp:acf\/slide {\"name\":\"acf\/slide\",\"mode\":\"preview\"} -->\n<!-- wp:image {\"id\":21643,\"sizeSlug\":\"full\",\"linkDestination\":\"none\"} -->\n<figure class=\"wp-block-image size-full\"><img src=\"https:\/\/www.jes-stuttgart.de\/wp-content\/uploads\/das-herz-eines-boxers-41-1.jpg\" alt=\"\" class=\"wp-image-21643\"\/><figcaption class=\"wp-element-caption\">Photo: Andreas Etter<\/figcaption><\/figure>\n<!-- \/wp:image -->\n<!-- \/wp:acf\/slide -->\n\n<!-- wp:acf\/slide {\"name\":\"acf\/slide\",\"mode\":\"preview\"} -->\n<!-- wp:image {\"id\":21645,\"sizeSlug\":\"full\",\"linkDestination\":\"none\"} -->\n<figure class=\"wp-block-image size-full\"><img src=\"https:\/\/www.jes-stuttgart.de\/wp-content\/uploads\/das-herz-eines-boxers-49-1.jpg\" alt=\"\" class=\"wp-image-21645\"\/><figcaption class=\"wp-element-caption\">Photo: Andreas Etter<\/figcaption><\/figure>\n<!-- \/wp:image -->\n<!-- \/wp:acf\/slide -->\n<!-- \/wp:acf\/gallery -->\n\n<!-- wp:spacer {\"height\":\"20px\",\"className\":\"wp-embed-aspect-16-9 wp-has-aspect-ratio\"} -->\n<div style=\"height:20px\" aria-hidden=\"true\" class=\"wp-block-spacer wp-embed-aspect-16-9 wp-has-aspect-ratio\"><\/div>\n<!-- \/wp:spacer -->\n\n<!-- wp:pb\/accordion-item {\"uuid\":127180,\"className\":\"is-style-default\"} -->\n<div class=\"wp-block-pb-accordion-item c-accordion__item js-accordion-item no-js is-style-default\" data-initially-open=\"false\" data-click-to-close=\"true\" data-auto-close=\"true\" data-scroll=\"false\" data-scroll-offset=\"0\"><h2 id=\"at-127180\" class=\"c-accordion__title js-accordion-controller\" role=\"button\"><strong>Content<\/strong><\/h2><div id=\"ac-127180\" class=\"c-accordion__content\"><!-- wp:paragraph {\"fontSize\":\"medium\"} -->\n<p class=\"has-medium-font-size\">Jojo has been sentenced by juvenile court. The punishment: painting walls in an old age home. Jojo ends up in Leo's room in a bad mood, who doesn't utter a word \u2013 until it turns out that Jojo isn't actually guilty. Leo begins to talk about himself and admits that he is only keeping quiet so that the nurses will leave him alone. And it turns out: he used to be a boxing legend! Jojo tells Leo about friends who are not really friends at all and about the major insecurities regarding his future. Expectations begin to crumble on both sides and conversations about being excluded, about trust and the courage to take responsibility for one another develop. A friendship develops that challenges Leo and Jojo to jump over their shadows.<br><br>\u201eDas Herz eines Boxers\u201c by Lutz H\u00fcbner, Hartmann &amp; Stauffacher Verlag, Cologne.<\/p>\n<!-- \/wp:paragraph --><\/div><\/div>\n<!-- \/wp:pb\/accordion-item -->\n\n<!-- wp:pb\/accordion-item {\"uuid\":127181,\"className\":\"is-style-default\"} -->\n<div class=\"wp-block-pb-accordion-item c-accordion__item js-accordion-item no-js is-style-default\" data-initially-open=\"false\" data-click-to-close=\"true\" data-auto-close=\"true\" data-scroll=\"false\" data-scroll-offset=\"0\"><h2 id=\"at-127181\" class=\"c-accordion__title js-accordion-controller\" role=\"button\"><strong><strong>Notes on sensory stimuli<\/strong><\/strong><\/h2><div id=\"ac-127181\" class=\"c-accordion__content\"><!-- wp:paragraph {\"fontSize\":\"medium\"} -->\n<p class=\"has-medium-font-size\">Sensory impressions such as bright light, loud noises or sudden events can be overstimulating or overwhelming for some people. That's why you'll find a list of sensory stimuli in \"Das Herz eines Boxers\" here. They may be good to be aware of for you or someone who is attending the performance with you.<br><br>- There is bright and colourful light, rapid light changes, weak light and complete darkness. There is a moment when several spotlights with red light change rapidly. This creates a flickering effect.<br><br>- Loud music is played. At one point, sombre electronic music is played.<br><br>- There is an oversized rocking chair on the stage on which the actors sit. Sometimes they rock back and forth or jump down.<br><br>- The actors show big emotions such as despair, anger and joy.<br><br>- At one point, an actor falls from a small stepladder onto the floor.<br><br>- At one point, an actor takes a sip of tea. The person spits the tea straight back out in a fountain.<br><br>- At one point, an actor suddenly hits a picture on a pillar. The middle of the picture falls down and lands on the floor with a loud crash.<br><br>- From the second half of the play onwards, an actor has a painted black eye.<br><br>- In one scene, a knife falls out of an actor's pocket. Later, the person holds it in their hand and looks at it for a long time.<br><br>- In one scene, an actor enters the stage in a full-body clown costume. The person is wearing a face mask. The face is unrecognisable for a few minutes.<br><br>If you have any concerns or questions, please contact us at <a href=\"mailto:ticket@jes-stuttgart.de\"><strong>ticket@jes-stuttgart.de<\/strong><\/a>. We are happy to work out how we can help together with you.<\/p>\n<!-- \/wp:paragraph --><\/div><\/div>\n<!-- \/wp:pb\/accordion-item -->\n\n<!-- wp:pb\/accordion-item {\"uuid\":127182,\"className\":\"is-style-default\"} -->\n<div class=\"wp-block-pb-accordion-item c-accordion__item js-accordion-item no-js is-style-default\" data-initially-open=\"false\" data-click-to-close=\"true\" data-auto-close=\"true\" data-scroll=\"false\" data-scroll-offset=\"0\"><h2 id=\"at-127182\" class=\"c-accordion__title js-accordion-controller\" role=\"button\"><strong>Content Note<\/strong><\/h2><div id=\"ac-127182\" class=\"c-accordion__content\"><!-- wp:paragraph {\"fontSize\":\"medium\"} -->\n<p class=\"has-medium-font-size\">The play deals with sensitive topics such as ageism and racism. There are moments in which violence is described. Offensive language is also used in places. In one scene in the play, thoughts of suicide are hinted at.<\/p>\n<!-- \/wp:paragraph --><\/div><\/div>\n<!-- \/wp:pb\/accordion-item -->\n\n<!-- wp:spacer {\"height\":\"20px\",\"className\":\"wp-embed-aspect-16-9 wp-has-aspect-ratio\"} -->\n<div style=\"height:20px\" aria-hidden=\"true\" class=\"wp-block-spacer wp-embed-aspect-16-9 wp-has-aspect-ratio\"><\/div>\n<!-- \/wp:spacer -->\n\n<!-- wp:paragraph {\"className\":\"wp-embed-aspect-16-9 wp-has-aspect-ratio\",\"textColor\":\"black\",\"fontSize\":\"medium\"} -->\n<p class=\"wp-embed-aspect-16-9 wp-has-aspect-ratio has-black-color has-text-color has-medium-font-size\">Ages 12 and up, grades 7 an up<br>Dauer: ca. 80 Minuten<br>Prices: Children\/young adults \u20ac7.00, adults \u20ac12.00<br>Venue: Upper Foyer (Seating capacity 60)<\/p>\n<!-- \/wp:paragraph -->\n\n<!-- wp:spacer {\"height\":\"20px\",\"className\":\"wp-embed-aspect-16-9 wp-has-aspect-ratio\"} -->\n<div style=\"height:20px\" aria-hidden=\"true\" class=\"wp-block-spacer wp-embed-aspect-16-9 wp-has-aspect-ratio\"><\/div>\n<!-- \/wp:spacer -->\n\n<!-- wp:embed {\"url\":\"https:\/\/youtu.be\/ujvqjA0KTgQ\",\"type\":\"video\",\"providerNameSlug\":\"youtube\",\"responsive\":true,\"className\":\"wp-embed-aspect-16-9 wp-has-aspect-ratio\"} -->\n<figure class=\"wp-block-embed is-type-video is-provider-youtube wp-block-embed-youtube wp-embed-aspect-16-9 wp-has-aspect-ratio\"><div class=\"wp-block-embed__wrapper\">\nhttps:\/\/youtu.be\/ujvqjA0KTgQ\n<\/div><figcaption class=\"wp-element-caption\">Video: Adrian Schmidt<\/figcaption><\/figure>\n<!-- \/wp:embed -->","post_title":"Das Herz eines Boxers","post_excerpt":"","post_status":"publish","comment_status":"closed","ping_status":"closed","post_password":"","post_name":"das-herz-eines-boxers","to_ping":"","pinged":"","post_modified":"2024-07-22 14:25:04","post_modified_gmt":"2024-07-22 12:25:04","post_content_filtered":"","post_parent":0,"guid":"https:\/\/www.jes-stuttgart.de\/?p=12718","menu_order":0,"post_type":"post","post_mime_type":"","comment_count":"0","filter":"raw"},{"ID":12832,"post_author":"13","post_date":"2023-07-24 11:13:29","post_date_gmt":"2023-07-24 09:13:29","post_content":"<!-- wp:acf\/subtitle {\"name\":\"acf\/subtitle\",\"data\":{\"subtitle\":\"by Kirsten Fuchs and David Pagan\\r\\nWith audio description and tactile tour\",\"_subtitle\":\"field_66166790ba20b\"},\"mode\":\"edit\"} \/-->\n\n<!-- wp:paragraph {\"className\":\"wp-embed-aspect-16-9 wp-has-aspect-ratio\",\"textColor\":\"primary3\",\"fontSize\":\"medium\"} -->\n<p class=\"wp-embed-aspect-16-9 wp-has-aspect-ratio has-primary-3-color has-text-color has-medium-font-size\">PREMIERE: 24.02.2024<\/p>\n<!-- \/wp:paragraph -->\n\n<!-- wp:spacer {\"height\":\"20px\",\"className\":\"wp-embed-aspect-16-9 wp-has-aspect-ratio\"} -->\n<div style=\"height:20px\" aria-hidden=\"true\" class=\"wp-block-spacer wp-embed-aspect-16-9 wp-has-aspect-ratio\"><\/div>\n<!-- \/wp:spacer -->\n\n<!-- wp:acf\/gallery {\"name\":\"acf\/gallery\",\"mode\":\"preview\"} -->\n<!-- wp:acf\/slide {\"name\":\"acf\/slide\",\"mode\":\"preview\"} -->\n<!-- wp:image {\"id\":17482,\"sizeSlug\":\"full\",\"linkDestination\":\"none\"} -->\n<figure class=\"wp-block-image size-full\"><img src=\"https:\/\/www.jes-stuttgart.de\/wp-content\/uploads\/shame-21022024-2005.jpg\" alt=\"\" class=\"wp-image-17482\"\/><\/figure>\n<!-- \/wp:image -->\n<!-- \/wp:acf\/slide -->\n\n<!-- wp:acf\/slide {\"name\":\"acf\/slide\",\"mode\":\"preview\"} -->\n<!-- wp:image {\"id\":17464,\"sizeSlug\":\"full\",\"linkDestination\":\"none\"} -->\n<figure class=\"wp-block-image size-full\"><img src=\"https:\/\/www.jes-stuttgart.de\/wp-content\/uploads\/shame-21022024-0225.jpg\" alt=\"\" class=\"wp-image-17464\"\/><\/figure>\n<!-- \/wp:image -->\n<!-- \/wp:acf\/slide -->\n\n<!-- wp:acf\/slide {\"name\":\"acf\/slide\",\"mode\":\"preview\"} -->\n<!-- wp:image {\"id\":17466,\"sizeSlug\":\"full\",\"linkDestination\":\"none\"} -->\n<figure class=\"wp-block-image size-full\"><img src=\"https:\/\/www.jes-stuttgart.de\/wp-content\/uploads\/shame-21022024-0245.jpg\" alt=\"\" class=\"wp-image-17466\"\/><\/figure>\n<!-- \/wp:image -->\n<!-- \/wp:acf\/slide -->\n\n<!-- wp:acf\/slide {\"name\":\"acf\/slide\",\"mode\":\"preview\"} -->\n<!-- wp:image {\"id\":17468,\"sizeSlug\":\"full\",\"linkDestination\":\"none\"} -->\n<figure class=\"wp-block-image size-full\"><img src=\"https:\/\/www.jes-stuttgart.de\/wp-content\/uploads\/shame-21022024-0494.jpg\" alt=\"\" class=\"wp-image-17468\"\/><\/figure>\n<!-- \/wp:image -->\n<!-- \/wp:acf\/slide -->\n\n<!-- wp:acf\/slide {\"name\":\"acf\/slide\",\"mode\":\"preview\"} -->\n<!-- wp:image {\"id\":17470,\"sizeSlug\":\"full\",\"linkDestination\":\"none\"} -->\n<figure class=\"wp-block-image size-full\"><img src=\"https:\/\/www.jes-stuttgart.de\/wp-content\/uploads\/shame-21022024-0719.jpg\" alt=\"\" class=\"wp-image-17470\"\/><\/figure>\n<!-- \/wp:image -->\n<!-- \/wp:acf\/slide -->\n\n<!-- wp:acf\/slide {\"name\":\"acf\/slide\",\"mode\":\"preview\"} -->\n<!-- wp:image {\"id\":17474,\"sizeSlug\":\"full\",\"linkDestination\":\"none\"} -->\n<figure class=\"wp-block-image size-full\"><img src=\"https:\/\/www.jes-stuttgart.de\/wp-content\/uploads\/shame-21022024-0782.jpg\" alt=\"\" class=\"wp-image-17474\"\/><\/figure>\n<!-- \/wp:image -->\n<!-- \/wp:acf\/slide -->\n\n<!-- wp:acf\/slide {\"name\":\"acf\/slide\",\"mode\":\"preview\"} -->\n<!-- wp:image {\"id\":17476,\"sizeSlug\":\"full\",\"linkDestination\":\"none\"} -->\n<figure class=\"wp-block-image size-full\"><img src=\"https:\/\/www.jes-stuttgart.de\/wp-content\/uploads\/shame-21022024-1304.jpg\" alt=\"\" class=\"wp-image-17476\"\/><\/figure>\n<!-- \/wp:image -->\n<!-- \/wp:acf\/slide -->\n\n<!-- wp:acf\/slide {\"name\":\"acf\/slide\",\"mode\":\"preview\"} -->\n<!-- wp:image {\"id\":17478,\"sizeSlug\":\"full\",\"linkDestination\":\"none\"} -->\n<figure class=\"wp-block-image size-full\"><img src=\"https:\/\/www.jes-stuttgart.de\/wp-content\/uploads\/shame-21022024-1478.jpg\" alt=\"\" class=\"wp-image-17478\"\/><\/figure>\n<!-- \/wp:image -->\n<!-- \/wp:acf\/slide -->\n\n<!-- wp:acf\/slide {\"name\":\"acf\/slide\",\"mode\":\"preview\"} -->\n<!-- wp:image {\"id\":17480,\"sizeSlug\":\"full\",\"linkDestination\":\"none\"} -->\n<figure class=\"wp-block-image size-full\"><img src=\"https:\/\/www.jes-stuttgart.de\/wp-content\/uploads\/shame-21022024-1522.jpg\" alt=\"\" class=\"wp-image-17480\"\/><\/figure>\n<!-- \/wp:image -->\n<!-- \/wp:acf\/slide -->\n<!-- \/wp:acf\/gallery -->\n\n<!-- wp:spacer {\"height\":\"20px\"} -->\n<div style=\"height:20px\" aria-hidden=\"true\" class=\"wp-block-spacer\"><\/div>\n<!-- \/wp:spacer -->\n\n<!-- wp:pb\/accordion-item {\"uuid\":128320,\"className\":\"is-style-default\"} -->\n<div class=\"wp-block-pb-accordion-item c-accordion__item js-accordion-item no-js is-style-default\" data-initially-open=\"false\" data-click-to-close=\"true\" data-auto-close=\"true\" data-scroll=\"false\" data-scroll-offset=\"0\"><h2 id=\"at-128320\" class=\"c-accordion__title js-accordion-controller\" role=\"button\"><strong>Content<\/strong><\/h2><div id=\"ac-128320\" class=\"c-accordion__content\"><!-- wp:paragraph {\"fontSize\":\"medium\"} -->\n<p class=\"has-medium-font-size\">For this performance, JES will be loud, colourful, emotional - and embarrassing. Because shame is the theme of the first musical in JES history. With everything that goes with it: emotional songs, a pop band, a large cast, dance choreography and a love story.<br><br>Even if it's not talked about much, shame is a defining issue in many people's everyday lives. To find out more about it, we send four young characters to an art museum. Their task, set by the school, is to enter into a dialogue with a work of art. By attempting this (more or less seriously), they not only encounter very different perspectives on ways of life and boundaries of shame. Above all, they are confronted with themselves and then also with the shamefully hidden secrets of their classmates.<br><br>In cooperation with the Popakademie Mannheim, which has put together a pop band consisting its students, and the PH Ludwigsburg, whose students are in charge of developing this educational programme.<br><br>Supported by Fonds Jupiter Fund of the German Federal Cultural Foundation<\/p>\n<!-- \/wp:paragraph --><\/div><\/div>\n<!-- \/wp:pb\/accordion-item -->\n\n<!-- wp:pb\/accordion-item {\"uuid\":128321,\"className\":\"is-style-default\"} -->\n<div class=\"wp-block-pb-accordion-item c-accordion__item js-accordion-item no-js is-style-default\" data-initially-open=\"false\" data-click-to-close=\"true\" data-auto-close=\"true\" data-scroll=\"false\" data-scroll-offset=\"0\"><h2 id=\"at-128321\" class=\"c-accordion__title js-accordion-controller\" role=\"button\"><strong>Notes on accessability<\/strong><\/h2><div id=\"ac-128321\" class=\"c-accordion__content\"><!-- wp:paragraph {\"fontSize\":\"medium\"} -->\n<p class=\"has-medium-font-size\"><strong>With audio description and tactile tours<\/strong><br><br>With audio description, the stage set, costumes and the visible course of the action are made accessible to people with visual impairments via live description. The explanations and descriptions are spoken live during the performance. The commentaries are received via transmitters with headphones. The audio description will be in german.<br><br>The tactile tour takes place in the stage area approximately one hour before the performance begins. Here you can feel parts of the stage set, props and costume pieces. There is a tactile model in which the stage set is modelled. In addition, particularly visual scenes of the production are described.<br><br>Tickets are always available for people who require audio description. Even if the performance is sold out in the webshop, you can still reserve tickets by e-mail: <a href=\"mailto:ticket@jes-stuttgart.de\"><strong>ticket@jes-stuttgart.de<\/strong><\/a>.<br><br>For better planning, please register for the audio description and\/or the tactile tour. By mail to <a href=\"mailto:ticket@jes-stuttgart.de\">ticket@jes-stuttgart.de<\/a>.<\/p>\n<!-- \/wp:paragraph --><\/div><\/div>\n<!-- \/wp:pb\/accordion-item -->\n\n<!-- wp:pb\/accordion-item {\"uuid\":128322,\"className\":\"is-style-default\"} -->\n<div class=\"wp-block-pb-accordion-item c-accordion__item js-accordion-item no-js is-style-default\" data-initially-open=\"false\" data-click-to-close=\"true\" data-auto-close=\"true\" data-scroll=\"false\" data-scroll-offset=\"0\"><h2 id=\"at-128322\" class=\"c-accordion__title js-accordion-controller\" role=\"button\"><strong>Notes on sensory stimuli<\/strong><\/h2><div id=\"ac-128322\" class=\"c-accordion__content\"><!-- wp:paragraph {\"fontSize\":\"medium\"} -->\n<p class=\"has-medium-font-size\">Sensory impressions such as bright light, loud noises or sudden events can be overstimulating or overwhelming for some people. That's why you'll find a list of sensory stimuli in \"SHAME \u2013 The Musical\" here. They may be good to be aware of for you or someone who is attending the performance with you.<br><br>- There is live music. A band plays on stage. There are sudden changes in the music.<br><br>- There are bright, colourful lights. There are strobe lights. This means there are very fast, bright flashes of light. There are moments when it is partially or completely dark.<br><br>- The actors enter and leave the stage through the set. They go to the gallery. The gallery is above the stage and looks like a balcony. The actors disappear and appear through doors at the back of the stage.<br><br>- One of the actors enters and leaves the stage through a folding door in the set.<br><br>- At one point, an actress walks towards the audience.<br><br>- An actress steps out of a painting.<br><br>- There are strong feelings of shame and escalating emotions on stage.<br><br>- There is fog.<br><br>- The audience should be able to sit quietly during the performance in order to follow the play well.<br><br>If you have any concerns or questions, please contact us at <a href=\"mailto:ticket@jes-stuttgart.de\">ticket@jes-stuttgart.de<\/a>. We are happy to work out how we can help together with you.<\/p>\n<!-- \/wp:paragraph --><\/div><\/div>\n<!-- \/wp:pb\/accordion-item -->\n\n<!-- wp:spacer {\"height\":\"20px\",\"className\":\"wp-embed-aspect-16-9 wp-has-aspect-ratio\"} -->\n<div style=\"height:20px\" aria-hidden=\"true\" class=\"wp-block-spacer wp-embed-aspect-16-9 wp-has-aspect-ratio\"><\/div>\n<!-- \/wp:spacer -->\n\n<!-- wp:columns -->\n<div class=\"wp-block-columns\"><!-- wp:column -->\n<div class=\"wp-block-column\"><!-- wp:image {\"id\":13712,\"width\":\"393px\",\"height\":\"auto\",\"sizeSlug\":\"full\",\"linkDestination\":\"none\"} -->\n<figure class=\"wp-block-image size-full is-resized\"><img src=\"https:\/\/www.jes-stuttgart.de\/wp-content\/uploads\/07-logo-ksb-jupiter-digital-black.png\" alt=\"\" class=\"wp-image-13712\" style=\"width:393px;height:auto\"\/><\/figure>\n<!-- \/wp:image --><\/div>\n<!-- \/wp:column -->\n\n<!-- wp:column -->\n<div class=\"wp-block-column\"><!-- wp:image {\"id\":16790,\"width\":\"393px\",\"height\":\"auto\",\"sizeSlug\":\"full\",\"linkDestination\":\"none\",\"align\":\"center\"} -->\n<figure class=\"wp-block-image aligncenter size-full is-resized\"><img src=\"https:\/\/www.jes-stuttgart.de\/wp-content\/uploads\/bkm-2017-office-farbe-de.png\" alt=\"\" class=\"wp-image-16790\" style=\"width:393px;height:auto\"\/><\/figure>\n<!-- \/wp:image --><\/div>\n<!-- \/wp:column -->\n\n<!-- wp:column -->\n<div class=\"wp-block-column\"><!-- wp:image {\"id\":16792,\"sizeSlug\":\"full\",\"linkDestination\":\"none\",\"align\":\"center\"} -->\n<figure class=\"wp-block-image aligncenter size-full\"><img src=\"https:\/\/www.jes-stuttgart.de\/wp-content\/uploads\/pabw-logo-rgb-1.jpg\" alt=\"\" class=\"wp-image-16792\"\/><\/figure>\n<!-- \/wp:image --><\/div>\n<!-- \/wp:column --><\/div>\n<!-- \/wp:columns -->\n\n<!-- wp:spacer {\"height\":\"20px\",\"className\":\"wp-embed-aspect-16-9 wp-has-aspect-ratio\"} -->\n<div style=\"height:20px\" aria-hidden=\"true\" class=\"wp-block-spacer wp-embed-aspect-16-9 wp-has-aspect-ratio\"><\/div>\n<!-- \/wp:spacer -->\n\n<!-- wp:paragraph {\"style\":{\"elements\":{\"link\":{\"color\":{\"text\":\"var:preset|color|black\"}}}},\"textColor\":\"black\",\"fontSize\":\"medium\"} -->\n<p class=\"has-black-color has-text-color has-link-color has-medium-font-size\">Ages 12 and up, grades 6 and up<br>Duration: 60 minutes<br>Prices: Children\/young adults \u20ac7.00, adults \u20ac12.00<br>Venue: Hall (Seating Capacity: 165)<\/p>\n<!-- \/wp:paragraph -->\n\n<!-- wp:spacer {\"height\":\"20px\",\"className\":\"wp-embed-aspect-16-9 wp-has-aspect-ratio\"} -->\n<div style=\"height:20px\" aria-hidden=\"true\" class=\"wp-block-spacer wp-embed-aspect-16-9 wp-has-aspect-ratio\"><\/div>\n<!-- \/wp:spacer -->\n\n<!-- wp:embed {\"url\":\"https:\/\/youtu.be\/4qzZA654eWU?si=dDciBCnO\\u002d\\u002drie33p\",\"type\":\"video\",\"providerNameSlug\":\"youtube\",\"responsive\":true,\"className\":\"wp-embed-aspect-16-9 wp-has-aspect-ratio\"} -->\n<figure class=\"wp-block-embed is-type-video is-provider-youtube wp-block-embed-youtube wp-embed-aspect-16-9 wp-has-aspect-ratio\"><div class=\"wp-block-embed__wrapper\">\nhttps:\/\/youtu.be\/4qzZA654eWU?si=dDciBCnO--rie33p\n<\/div><figcaption class=\"wp-element-caption\">Video: Adrian Schmidt<\/figcaption><\/figure>\n<!-- \/wp:embed -->\n\n<!-- wp:spacer {\"height\":\"50px\",\"className\":\"wp-embed-aspect-16-9 wp-has-aspect-ratio\"} -->\n<div style=\"height:50px\" aria-hidden=\"true\" class=\"wp-block-spacer wp-embed-aspect-16-9 wp-has-aspect-ratio\"><\/div>\n<!-- \/wp:spacer -->\n\n<!-- wp:embed {\"url\":\"https:\/\/soundcloud.com\/user-127403425\/hortrailer-shame-the-musical?si=adf36700173c4b78a39161051a25dc0a\\u0026utm_source=clipboard\\u0026utm_medium=text\\u0026utm_campaign=social_sharing\",\"type\":\"rich\",\"providerNameSlug\":\"soundcloud\",\"responsive\":true} -->\n<figure class=\"wp-block-embed is-type-rich is-provider-soundcloud wp-block-embed-soundcloud\"><div class=\"wp-block-embed__wrapper\">\nhttps:\/\/soundcloud.com\/user-127403425\/hortrailer-shame-the-musical?si=adf36700173c4b78a39161051a25dc0a&amp;utm_source=clipboard&amp;utm_medium=text&amp;utm_campaign=social_sharing\n<\/div><\/figure>\n<!-- \/wp:embed -->","post_title":"SHAME \u2013 The Musical","post_excerpt":"","post_status":"publish","comment_status":"closed","ping_status":"closed","post_password":"","post_name":"shame-the-musical","to_ping":"","pinged":"","post_modified":"2024-07-22 14:23:06","post_modified_gmt":"2024-07-22 12:23:06","post_content_filtered":"","post_parent":0,"guid":"https:\/\/www.jes-stuttgart.de\/?p=12832","menu_order":0,"post_type":"post","post_mime_type":"","comment_count":"0","filter":"raw"},{"ID":23754,"post_author":"13","post_date":"2024-09-16 12:20:42","post_date_gmt":"2024-09-16 10:20:42","post_content":"<!-- wp:paragraph {\"fontSize\":\"medium\"} -->\n<p class=\"has-medium-font-size\">Club der Senior*innen<\/p>\n<!-- \/wp:paragraph -->\n\n<!-- wp:spacer {\"height\":\"20px\"} -->\n<div style=\"height:20px\" aria-hidden=\"true\" class=\"wp-block-spacer\"><\/div>\n<!-- \/wp:spacer -->\n\n<!-- wp:acf\/gallery {\"name\":\"acf\/gallery\",\"mode\":\"preview\"} -->\n<!-- wp:acf\/slide {\"name\":\"acf\/slide\",\"mode\":\"preview\"} -->\n<!-- wp:image {\"id\":24450,\"sizeSlug\":\"full\",\"linkDestination\":\"none\"} -->\n<figure class=\"wp-block-image size-full\"><img src=\"https:\/\/www.jes-stuttgart.de\/wp-content\/uploads\/123-dsc03980.jpg\" alt=\"\" class=\"wp-image-24450\"\/><figcaption class=\"wp-element-caption\">Foto: Alicia Hoffmann<\/figcaption><\/figure>\n<!-- \/wp:image -->\n<!-- \/wp:acf\/slide -->\n\n<!-- wp:acf\/slide {\"name\":\"acf\/slide\",\"mode\":\"preview\"} -->\n<!-- wp:image {\"id\":24448,\"sizeSlug\":\"full\",\"linkDestination\":\"none\"} -->\n<figure class=\"wp-block-image size-full\"><img src=\"https:\/\/www.jes-stuttgart.de\/wp-content\/uploads\/128-dsc04050.jpg\" alt=\"\" class=\"wp-image-24448\"\/><figcaption class=\"wp-element-caption\">Foto: Alicia Hoffmann<\/figcaption><\/figure>\n<!-- \/wp:image -->\n<!-- \/wp:acf\/slide -->\n\n<!-- wp:acf\/slide {\"name\":\"acf\/slide\",\"mode\":\"preview\"} -->\n<!-- wp:image {\"id\":24452,\"scale\":\"cover\",\"sizeSlug\":\"full\",\"linkDestination\":\"none\"} -->\n<figure class=\"wp-block-image size-full\"><img src=\"https:\/\/www.jes-stuttgart.de\/wp-content\/uploads\/118-dsc03931.jpg\" alt=\"\" class=\"wp-image-24452\" style=\"object-fit:cover\"\/><figcaption class=\"wp-element-caption\">Foto: Alicia Hoffmann<\/figcaption><\/figure>\n<!-- \/wp:image -->\n<!-- \/wp:acf\/slide -->\n\n<!-- wp:acf\/slide {\"name\":\"acf\/slide\",\"mode\":\"preview\"} -->\n<!-- wp:image {\"id\":24454,\"sizeSlug\":\"full\",\"linkDestination\":\"none\"} -->\n<figure class=\"wp-block-image size-full\"><img src=\"https:\/\/www.jes-stuttgart.de\/wp-content\/uploads\/108-dsc03838.jpg\" alt=\"\" class=\"wp-image-24454\"\/><figcaption class=\"wp-element-caption\">Foto: Alicia Hoffmann<\/figcaption><\/figure>\n<!-- \/wp:image -->\n<!-- \/wp:acf\/slide -->\n\n<!-- wp:acf\/slide {\"name\":\"acf\/slide\",\"mode\":\"preview\"} -->\n<!-- wp:image {\"id\":24458,\"sizeSlug\":\"full\",\"linkDestination\":\"none\"} -->\n<figure class=\"wp-block-image size-full\"><img src=\"https:\/\/www.jes-stuttgart.de\/wp-content\/uploads\/16-dsc03243.jpg\" alt=\"\" class=\"wp-image-24458\"\/><figcaption class=\"wp-element-caption\">Foto: Alicia Hoffmann<\/figcaption><\/figure>\n<!-- \/wp:image -->\n<!-- \/wp:acf\/slide -->\n<!-- \/wp:acf\/gallery -->\n\n<!-- wp:pb\/accordion-item {\"titleTag\":\"h1\",\"uuid\":237540} -->\n<div class=\"wp-block-pb-accordion-item c-accordion__item js-accordion-item no-js\" data-initially-open=\"false\" data-click-to-close=\"true\" data-auto-close=\"true\" data-scroll=\"false\" data-scroll-offset=\"0\"><h1 id=\"at-237540\" class=\"c-accordion__title js-accordion-controller\" role=\"button\"><strong>Infos zum St\u00fcck<\/strong><\/h1><div id=\"ac-237540\" class=\"c-accordion__content\"><!-- wp:paragraph {\"fontSize\":\"medium\"} -->\n<p class=\"has-medium-font-size\">Sie warten: 10 Menschen begegnen sich auf unbestimmte Dauer in einem Warte-Zeit-Raum. Nicht nur eine gute Gelegenheit, die anderen kennenzulernen, sondern auch Zeit mit sich selbst zu verbringen. Bin ich geduldig beim Warten? Habe ich meine bisherige Zeit denn gut genutzt und gab es <em>FOMO<\/em> eigentlich schon immer? Also die Angst, jetzt im Moment etwas zu verpassen\u2026<\/p>\n<!-- \/wp:paragraph -->\n\n<!-- wp:spacer {\"height\":\"20px\"} -->\n<div style=\"height:20px\" aria-hidden=\"true\" class=\"wp-block-spacer\"><\/div>\n<!-- \/wp:spacer -->\n\n<!-- wp:paragraph {\"fontSize\":\"medium\"} -->\n<p class=\"has-medium-font-size\"><br>Der Club der Senior*innen hat sich die Zeit genommen und sich auf die Suche nach kleinen Zeitfenstern, gro\u00dfen Zeitfressern und der ungreifbaren Ewigkeit gemacht. Und wof\u00fcr g\u00f6nnst du dir Zeit?<\/p>\n<!-- \/wp:paragraph --><\/div><\/div>\n<!-- \/wp:pb\/accordion-item -->\n\n<!-- wp:pb\/accordion-item {\"titleTag\":\"h1\",\"uuid\":237541} -->\n<div class=\"wp-block-pb-accordion-item c-accordion__item js-accordion-item no-js\" data-initially-open=\"false\" data-click-to-close=\"true\" data-auto-close=\"true\" data-scroll=\"false\" data-scroll-offset=\"0\"><h1 id=\"at-237541\" class=\"c-accordion__title js-accordion-controller\" role=\"button\">Infos zu sensorischen Reizen<\/h1><div id=\"ac-237541\" class=\"c-accordion__content\"><!-- wp:paragraph {\"fontSize\":\"medium\"} -->\n<p class=\"has-medium-font-size\">Sinneseindr\u00fccke wie helles Licht, laute Ger\u00e4usche oder pl\u00f6tzliche Ereignisse k\u00f6nnen f\u00fcr manche Menschen aufregend oder \u00fcberfordernd sein. Deswegen findest du hier eine Liste mit sensorischen Reizen, die in \u201eZEIT.EIT..IT...T\u201c stellenweise vorkommen. Vielleicht sind sie gut zu wissen f\u00fcr dich oder jemanden, der mit dir die Vorstellung besucht.<br><br>- Das Publikum sitzt rund um die Spielfl\u00e4che. Das Publikum kann sich gegenseitig sehen.<br><br>- Die Schauspieler*innen sitzen zwischen den Zuschauer*innen im Publikum und nehmen Blickkontakt zu diesen auf.<br><br>- Eine Person aus dem Publikum wird von einer Schauspielerin angesprochen und aufgefordert den Platz mit ihr zu tauschen.<br><br>- Gegen Ende des St\u00fcckes fallen unerwartet viele kleine, bunte B\u00e4lle von der Decke in die Mitte der Spielfl\u00e4che.<br><br>- Es gibt Toneinspielungen und Lichtwechsel.<\/p>\n<!-- \/wp:paragraph --><\/div><\/div>\n<!-- \/wp:pb\/accordion-item -->\n\n<!-- wp:spacer {\"height\":\"20px\"} -->\n<div style=\"height:20px\" aria-hidden=\"true\" class=\"wp-block-spacer\"><\/div>\n<!-- \/wp:spacer -->\n\n<!-- wp:paragraph {\"fontSize\":\"medium\"} -->\n<p class=\"has-medium-font-size\">Ab 10 Jahren<br>Dauer: ca. 60 Minuten<br>Preise: Kinder\/Jugendliche 5,50 \u20ac, Erwachsene 8,00 \u20ac<br>Spielort: Studio 1<strong><em><br><br><\/em><\/strong><\/p>\n<!-- \/wp:paragraph -->\n\n<!-- wp:paragraph -->\n<p><\/p>\n<!-- \/wp:paragraph -->","post_title":"ZEIT.EIT..IT...T","post_excerpt":"","post_status":"publish","comment_status":"closed","ping_status":"closed","post_password":"","post_name":"zeit-eit-it-t","to_ping":"","pinged":"","post_modified":"2024-10-21 10:27:39","post_modified_gmt":"2024-10-21 08:27:39","post_content_filtered":"","post_parent":0,"guid":"https:\/\/www.jes-stuttgart.de\/?p=23754","menu_order":0,"post_type":"post","post_mime_type":"","comment_count":"0","filter":"raw"},{"ID":21342,"post_author":"5","post_date":"2024-04-22 14:11:14","post_date_gmt":"2024-04-22 12:11:14","post_content":"<!-- wp:spacer {\"height\":\"1px\",\"className\":\"wp-embed-aspect-16-9 wp-has-aspect-ratio\"} -->\n<div style=\"height:1px\" aria-hidden=\"true\" class=\"wp-block-spacer wp-embed-aspect-16-9 wp-has-aspect-ratio\"><\/div>\n<!-- \/wp:spacer -->\n\n<!-- wp:acf\/subtitle {\"name\":\"acf\/subtitle\",\"data\":{\"subtitle\":\"Ein Theaterst\u00fcck mit Jugendlichen und jungen Erwachsenen\",\"_subtitle\":\"field_62d65515609a6\"},\"mode\":\"edit\"} \/-->\n\n<!-- wp:acf\/gallery {\"name\":\"acf\/gallery\",\"data\":[],\"mode\":\"preview\"} -->\n<!-- wp:acf\/slide {\"name\":\"acf\/slide\",\"data\":[],\"mode\":\"preview\"} -->\n<!-- wp:image {\"id\":24202,\"sizeSlug\":\"full\",\"linkDestination\":\"none\"} -->\n<figure class=\"wp-block-image size-full\"><img src=\"https:\/\/www.jes-stuttgart.de\/wp-content\/uploads\/p6880042.jpg\" alt=\"\" class=\"wp-image-24202\"\/><figcaption class=\"wp-element-caption\">Foto: Ace Riebenstahl<\/figcaption><\/figure>\n<!-- \/wp:image -->\n<!-- \/wp:acf\/slide -->\n\n<!-- wp:acf\/slide {\"name\":\"acf\/slide\",\"data\":[],\"mode\":\"preview\"} -->\n<!-- wp:image {\"id\":24205,\"sizeSlug\":\"full\",\"linkDestination\":\"none\"} -->\n<figure class=\"wp-block-image size-full\"><img src=\"https:\/\/www.jes-stuttgart.de\/wp-content\/uploads\/p6870430-website.jpg\" alt=\"\" class=\"wp-image-24205\"\/><figcaption class=\"wp-element-caption\">Foto: Ace Riebenstahl<\/figcaption><\/figure>\n<!-- \/wp:image -->\n<!-- \/wp:acf\/slide -->\n\n<!-- wp:acf\/slide {\"name\":\"acf\/slide\",\"data\":[],\"mode\":\"preview\"} -->\n<!-- wp:image {\"id\":24208,\"sizeSlug\":\"full\",\"linkDestination\":\"none\"} -->\n<figure class=\"wp-block-image size-full\"><img src=\"https:\/\/www.jes-stuttgart.de\/wp-content\/uploads\/p6870679-website.jpg\" alt=\"\" class=\"wp-image-24208\"\/><figcaption class=\"wp-element-caption\">Foto: Ace Riebenstahl<\/figcaption><\/figure>\n<!-- \/wp:image -->\n<!-- \/wp:acf\/slide -->\n<!-- \/wp:acf\/gallery -->\n\n<!-- wp:spacer {\"height\":\"50px\",\"className\":\"wp-embed-aspect-16-9 wp-has-aspect-ratio\"} -->\n<div style=\"height:50px\" aria-hidden=\"true\" class=\"wp-block-spacer wp-embed-aspect-16-9 wp-has-aspect-ratio\"><\/div>\n<!-- \/wp:spacer -->\n\n<!-- wp:paragraph {\"fontSize\":\"medium\"} -->\n<p class=\"has-medium-font-size\">\"Vor langer, langer Zeit lebte eine Frau, ihr Name war Boudica. Das bin ich. Ich hatte einen Mann. Er war der K\u00f6nig eines Stammes. Des Stammes der Icini. Eines Tages starb er. Er hinterlie\u00df die eine H\u00e4lfte seines Verm\u00f6gens Nero, dem Kaiser, und die andere seinen T\u00f6chtern. Meinen T\u00f6chtern. Ich glaube, an den Rest will ich mich nicht mehr erinnern.\"<\/p>\n<!-- \/wp:paragraph -->\n\n<!-- wp:paragraph {\"fontSize\":\"medium\"} -->\n<p class=\"has-medium-font-size\">Boudica war eine K\u00f6nigin, eine Kriegerin, eine brutale M\u00f6derin. In England ist sie Symbol f\u00fcr den Kampf f\u00fcr Freiheit und Gerechtigkeit. Aber es scheint komplizierter als das. Wir fragen uns: Kann eine Person gut sein und gleichzeitig B\u00f6ses tun? Ist Rache jemals gerechtfertigt? Welches Geheimnis \u00fcber mich solltest du niemals wissen? Und wer bin ich, \u00fcber dich zu urteilen?<br><br>13 junge Erwachsene stellen sich der gro\u00dfen Frage, was gut und b\u00f6se ist und landen in der komplizierten Grauzone zwischendrin.<\/p>\n<!-- \/wp:paragraph -->\n\n<!-- wp:spacer {\"height\":\"20px\"} -->\n<div style=\"height:20px\" aria-hidden=\"true\" class=\"wp-block-spacer\"><\/div>\n<!-- \/wp:spacer -->\n\n<!-- wp:paragraph {\"fontSize\":\"medium\"} -->\n<p class=\"has-medium-font-size\">Leitung: <a href=\"https:\/\/www.jes-stuttgart.de\/person\/josie-dale-jones\/\" data-type=\"person\" data-id=\"12744\">Josie Dale-Jones<\/a>, <a href=\"https:\/\/www.jes-stuttgart.de\/person\/frederic-lilje\/\" data-type=\"person\" data-id=\"556\">Frederic Lilje<\/a>, <a href=\"https:\/\/www.jes-stuttgart.de\/person\/sezin-onay\/\" data-type=\"person\" data-id=\"561\">Sezin Onay<\/a><br>Assistenz: Ace Riebenstahl<br>Mit: Ezgi Ak\u015fener, Gustavo Duarte, Sean Friedrich, Charls F\u00fcrni\u00df, Jonas Gerlich, Lucia Hecht, Hannah Henle, Carolina Martens, Birte Peter, Mara Probst, Sophia Teklap<\/p>\n<!-- \/wp:paragraph -->\n\n<!-- wp:spacer {\"height\":\"20px\"} -->\n<div style=\"height:20px\" aria-hidden=\"true\" class=\"wp-block-spacer\"><\/div>\n<!-- \/wp:spacer -->\n\n<!-- wp:paragraph {\"fontSize\":\"medium\"} -->\n<p class=\"has-medium-font-size\">ab 16 Jahren<br>Vorstellungen am 30. und 31. Mai, jeweils 19:00 Uhr<br>Spielort: Theatersaal (Kapazit\u00e4t 180 Pl\u00e4tze)<\/p>\n<!-- \/wp:paragraph -->\n\n<!-- wp:spacer {\"height\":\"20px\"} -->\n<div style=\"height:20px\" aria-hidden=\"true\" class=\"wp-block-spacer\"><\/div>\n<!-- \/wp:spacer -->\n\n<!-- wp:embed {\"url\":\"https:\/\/youtu.be\/grWdVtc0qa8\",\"type\":\"video\",\"providerNameSlug\":\"youtube\",\"responsive\":true,\"className\":\"wp-embed-aspect-16-9 wp-has-aspect-ratio\"} -->\n<figure class=\"wp-block-embed is-type-video is-provider-youtube wp-block-embed-youtube wp-embed-aspect-16-9 wp-has-aspect-ratio\"><div class=\"wp-block-embed__wrapper\">\nhttps:\/\/youtu.be\/grWdVtc0qa8\n<\/div><figcaption class=\"wp-element-caption\">Video: Adrian Schmidt<\/figcaption><\/figure>\n<!-- \/wp:embed -->\n\n<!-- wp:spacer {\"height\":\"1px\",\"className\":\"wp-embed-aspect-16-9 wp-has-aspect-ratio\"} -->\n<div style=\"height:1px\" aria-hidden=\"true\" class=\"wp-block-spacer wp-embed-aspect-16-9 wp-has-aspect-ratio\"><\/div>\n<!-- \/wp:spacer -->","post_title":"about good and bad, but probably mostly about the complicated mess in between","post_excerpt":"","post_status":"publish","comment_status":"closed","ping_status":"closed","post_password":"","post_name":"about-good-and-bad-but-probably-mostly-about-the-complicated-mess-in-between","to_ping":"","pinged":"","post_modified":"2024-10-01 09:46:16","post_modified_gmt":"2024-10-01 07:46:16","post_content_filtered":"","post_parent":0,"guid":"https:\/\/www.jes-stuttgart.de\/?p=21342","menu_order":0,"post_type":"post","post_mime_type":"","comment_count":"0","filter":"raw"},{"ID":23960,"post_author":"13","post_date":"2024-07-18 14:04:08","post_date_gmt":"2024-07-18 12:04:08","post_content":"<!-- wp:acf\/subtitle {\"name\":\"acf\/subtitle\",\"data\":{\"subtitle\":\"Based on the novel by Kim de l'Horizon\",\"_subtitle\":\"field_66166790ba20b\"},\"mode\":\"edit\"} \/-->\n\n<!-- wp:spacer {\"height\":\"20px\"} -->\n<div style=\"height:20px\" aria-hidden=\"true\" class=\"wp-block-spacer\"><\/div>\n<!-- \/wp:spacer -->\n\n<!-- wp:paragraph {\"style\":{\"elements\":{\"link\":{\"color\":{\"text\":\"var:preset|color|primary3\"}}}},\"textColor\":\"primary3\",\"fontSize\":\"medium\"} -->\n<p class=\"has-primary-3-color has-text-color has-link-color has-medium-font-size\">PREMIERE: 23.05.2025<\/p>\n<!-- \/wp:paragraph -->\n\n<!-- wp:spacer {\"height\":\"20px\"} -->\n<div style=\"height:20px\" aria-hidden=\"true\" class=\"wp-block-spacer\"><\/div>\n<!-- \/wp:spacer -->\n\n<!-- wp:pb\/accordion-item {\"uuid\":239600,\"className\":\"is-style-colored-bg-primary2\"} -->\n<div class=\"wp-block-pb-accordion-item c-accordion__item js-accordion-item no-js is-style-colored-bg-primary2\" data-initially-open=\"false\" data-click-to-close=\"true\" data-auto-close=\"true\" data-scroll=\"false\" data-scroll-offset=\"0\"><h2 id=\"at-239600\" class=\"c-accordion__title js-accordion-controller\" role=\"button\"><strong>Content<\/strong><\/h2><div id=\"ac-239600\" class=\"c-accordion__content\"><!-- wp:paragraph {\"fontSize\":\"medium\"} -->\n<p class=\"has-medium-font-size\">Kim de l'Horizon's multi-award-winning debut novel is the starting point for this theatre piece. \u2018Blutbuch\u2019 is a collection of memories of things that seemed important to our ancestors, an honest struggle with a binary present and a tender dream of a place where everything could be different. This JES production invites you into a garden. The kind of garden we dream of: a place where we actually meet, where we can listen to each other honestly, argue relentlessly and rewrite stories.<br><br>The novel serves as a source of inspiration, a collection of texts and a centre for our own search about imprinting, anger, queerness and family.<br><br>schaefersphilippen\u2122, Theater und Medien GbR, K\u00f6ln.<\/p>\n<!-- \/wp:paragraph --><\/div><\/div>\n<!-- \/wp:pb\/accordion-item -->\n\n<!-- wp:spacer {\"height\":\"20px\"} -->\n<div style=\"height:20px\" aria-hidden=\"true\" class=\"wp-block-spacer\"><\/div>\n<!-- \/wp:spacer -->\n\n<!-- wp:paragraph {\"fontSize\":\"medium\"} -->\n<p class=\"has-medium-font-size\">15+, grades 10 and up<br>Prices: Children\/young people \u20ac7.00, adults \u20ac14.00<br>Venue: Rehearsal stage (capacity 60 seats)<\/p>\n<!-- \/wp:paragraph -->\n\n<!-- wp:paragraph -->\n<p><\/p>\n<!-- \/wp:paragraph -->","post_title":"Blutbuch","post_excerpt":"","post_status":"publish","comment_status":"closed","ping_status":"closed","post_password":"","post_name":"blutbuch","to_ping":"","pinged":"","post_modified":"2025-02-21 11:34:46","post_modified_gmt":"2025-02-21 10:34:46","post_content_filtered":"","post_parent":0,"guid":"https:\/\/www.jes-stuttgart.de\/?p=23960","menu_order":0,"post_type":"post","post_mime_type":"","comment_count":"0","filter":"raw"},{"ID":28760,"post_author":"13","post_date":"2025-07-30 10:36:00","post_date_gmt":"2025-07-30 08:36:00","post_content":"<!-- wp:acf\/subtitle {\"name\":\"acf\/subtitle\",\"data\":{\"subtitle\":\"Solo with audience\",\"_subtitle\":\"field_66166790ba20b\"},\"mode\":\"edit\"} \/-->\n\n<!-- wp:spacer {\"height\":\"20px\"} -->\n<div style=\"height:20px\" aria-hidden=\"true\" class=\"wp-block-spacer\"><\/div>\n<!-- \/wp:spacer -->\n\n<!-- wp:paragraph {\"style\":{\"elements\":{\"link\":{\"color\":{\"text\":\"var:preset|color|primary3\"}}}},\"textColor\":\"primary3\",\"fontSize\":\"medium\"} -->\n<p class=\"has-primary-3-color has-text-color has-link-color has-medium-font-size\">PREMIERE: 31.01.2026<\/p>\n<!-- \/wp:paragraph -->\n\n<!-- wp:spacer {\"height\":\"20px\"} -->\n<div style=\"height:20px\" aria-hidden=\"true\" class=\"wp-block-spacer\"><\/div>\n<!-- \/wp:spacer -->\n\n<!-- wp:pb\/accordion-item {\"uuid\":287600,\"className\":\"is-style-colored-bg-primary2\"} -->\n<div class=\"wp-block-pb-accordion-item c-accordion__item js-accordion-item no-js is-style-colored-bg-primary2\" data-initially-open=\"false\" data-click-to-close=\"true\" data-auto-close=\"true\" data-scroll=\"false\" data-scroll-offset=\"0\"><h2 id=\"at-287600\" class=\"c-accordion__title js-accordion-controller\" role=\"button\"><strong>Content<\/strong><\/h2><div id=\"ac-287600\" class=\"c-accordion__content\"><!-- wp:paragraph {\"fontSize\":\"medium\"} -->\n<p class=\"has-medium-font-size\">It starts with a construction plan and a kit of 1,000 pieces. Instructions to build a machine, perhaps? Which is piece is the first? Which is the best connecting piece? What do we do if the most important piece is missing? And how does it end?\u00a0A performer forms a partnership with the children in the audience. Together, they try to decipher the blueprint and set things in motion. All the while they ask themselves: Who can contribute what knowledge, who can come up with a solution, and how do we cope when everything collapses? A play with little dialogue about self-efficacy, dealing with failure, and the question of whether and how everything could be completely different.<\/p>\n<!-- \/wp:paragraph -->\n\n<!-- wp:separator -->\n<hr class=\"wp-block-separator has-alpha-channel-opacity\"\/>\n<!-- \/wp:separator -->\n\n<!-- wp:paragraph -->\n<p><a id=\"_msocom_1\"><\/a><\/p>\n<!-- \/wp:paragraph -->\n\n<!-- wp:paragraph {\"fontSize\":\"medium\"} -->\n<p class=\"has-medium-font-size\">\u00a0<\/p>\n<!-- \/wp:paragraph --><\/div><\/div>\n<!-- \/wp:pb\/accordion-item -->\n\n<!-- wp:spacer {\"height\":\"20px\"} -->\n<div style=\"height:20px\" aria-hidden=\"true\" class=\"wp-block-spacer\"><\/div>\n<!-- \/wp:spacer -->\n\n<!-- wp:paragraph {\"fontSize\":\"medium\"} -->\n<p class=\"has-medium-font-size\">3+, daycare<br>Prices: Children\/young people \u20ac5.50, adults \u20ac8.00<br>Venue: Upper Foyer (Seating Capacity: 60)<\/p>\n<!-- \/wp:paragraph -->\n\n<!-- wp:paragraph -->\n<p><\/p>\n<!-- \/wp:paragraph -->","post_title":"Der Lauf der Dinge","post_excerpt":"","post_status":"publish","comment_status":"closed","ping_status":"closed","post_password":"","post_name":"derlaufderdinge","to_ping":"","pinged":"","post_modified":"2025-09-26 14:49:43","post_modified_gmt":"2025-09-26 12:49:43","post_content_filtered":"","post_parent":0,"guid":"https:\/\/www.jes-stuttgart.de\/?p=28760","menu_order":0,"post_type":"post","post_mime_type":"","comment_count":"0","filter":"raw"},{"ID":28767,"post_author":"13","post_date":"2025-07-30 10:26:05","post_date_gmt":"2025-07-30 08:26:05","post_content":"<!-- wp:acf\/subtitle {\"name\":\"acf\/subtitle\",\"data\":{\"subtitle\":\"A Dance Theater\",\"_subtitle\":\"field_66166790ba20b\"},\"mode\":\"edit\"} \/-->\n\n<!-- wp:spacer {\"height\":\"20px\"} -->\n<div style=\"height:20px\" aria-hidden=\"true\" class=\"wp-block-spacer\"><\/div>\n<!-- \/wp:spacer -->\n\n<!-- wp:paragraph {\"style\":{\"elements\":{\"link\":{\"color\":{\"text\":\"var:preset|color|primary3\"}}}},\"textColor\":\"primary3\",\"fontSize\":\"medium\"} -->\n<p class=\"has-primary-3-color has-text-color has-link-color has-medium-font-size\">PREMIERE: 13.06.2026<\/p>\n<!-- \/wp:paragraph -->\n\n<!-- wp:spacer {\"height\":\"20px\"} -->\n<div style=\"height:20px\" aria-hidden=\"true\" class=\"wp-block-spacer\"><\/div>\n<!-- \/wp:spacer -->\n\n<!-- wp:pb\/accordion-item {\"uuid\":287670,\"className\":\"is-style-colored-bg-primary2\"} -->\n<div class=\"wp-block-pb-accordion-item c-accordion__item js-accordion-item no-js is-style-colored-bg-primary2\" data-initially-open=\"false\" data-click-to-close=\"true\" data-auto-close=\"true\" data-scroll=\"false\" data-scroll-offset=\"0\"><h2 id=\"at-287670\" class=\"c-accordion__title js-accordion-controller\" role=\"button\"><strong>Content<\/strong><\/h2><div id=\"ac-287670\" class=\"c-accordion__content\"><!-- wp:paragraph {\"fontSize\":\"medium\"} -->\n<p class=\"has-medium-font-size\">Loneliness is a widespread feeling, even if hardly anyone likes to talk about it. Experts have found out that one in three people in industrialised countries is affected by loneliness. Neither age, money, gender nor ethnicity can protect us from loneliness. The condition is even supposedly contagious.<\/p>\n<!-- \/wp:paragraph -->\n\n<!-- wp:paragraph {\"fontSize\":\"medium\"} -->\n<p class=\"has-medium-font-size\">This season, JES is working with Tabea Martin for the first time. Martin is an established choreographer who has created groundbreaking works for both evening performances and dance for young audiences. She explores big themes in a courageous, unconventional and extremely accessible way, like in the new dance theatre piece at JES: loneliness. In this dance theatre piece, three performers dare to confront this topic, not to be afraid to address it and free it from shame.<\/p>\n<!-- \/wp:paragraph -->\n\n<!-- wp:paragraph {\"fontSize\":\"medium\"} -->\n<p class=\"has-medium-font-size\">A sparse use of spoken language encounters strong and expressive imagery. This makes the piece highly accessible even for audiences unfamiliar with dance.<\/p>\n<!-- \/wp:paragraph -->\n\n<!-- wp:separator -->\n<hr class=\"wp-block-separator has-alpha-channel-opacity\"\/>\n<!-- \/wp:separator --><\/div><\/div>\n<!-- \/wp:pb\/accordion-item -->\n\n<!-- wp:spacer {\"height\":\"20px\"} -->\n<div style=\"height:20px\" aria-hidden=\"true\" class=\"wp-block-spacer\"><\/div>\n<!-- \/wp:spacer -->\n\n<!-- wp:paragraph {\"fontSize\":\"medium\"} -->\n<p class=\"has-medium-font-size\">12+, grades 7 and up<br>Prices: Children\/young people \u20ac7.00, adults \u20ac12.00<br>Venue: Theatre hall (capacity 180 seats)<\/p>\n<!-- \/wp:paragraph -->\n\n<!-- wp:paragraph -->\n<p><\/p>\n<!-- \/wp:paragraph -->","post_title":"Dance Theater","post_excerpt":"","post_status":"publish","comment_status":"closed","ping_status":"closed","post_password":"","post_name":"dancetheater","to_ping":"","pinged":"","post_modified":"2025-09-26 15:16:00","post_modified_gmt":"2025-09-26 13:16:00","post_content_filtered":"","post_parent":0,"guid":"https:\/\/www.jes-stuttgart.de\/?p=28767","menu_order":0,"post_type":"post","post_mime_type":"","comment_count":"0","filter":"raw"}]},"_links":{"self":[{"href":"https:\/\/www.jes-stuttgart.de\/en\/wp-json\/wp\/v2\/person\/5310","targetHints":{"allow":["GET"]}}],"collection":[{"href":"https:\/\/www.jes-stuttgart.de\/en\/wp-json\/wp\/v2\/person"}],"about":[{"href":"https:\/\/www.jes-stuttgart.de\/en\/wp-json\/wp\/v2\/types\/person"}],"wp:attachment":[{"href":"https:\/\/www.jes-stuttgart.de\/en\/wp-json\/wp\/v2\/media?parent=5310"}],"wp:term":[{"taxonomy":"position","embeddable":true,"href":"https:\/\/www.jes-stuttgart.de\/en\/wp-json\/wp\/v2\/position?post=5310"}],"curies":[{"name":"wp","href":"https:\/\/api.w.org\/{rel}","templated":true}]}}